{"id":10050,"date":"2016-08-10T12:06:27","date_gmt":"2016-08-10T12:06:27","guid":{"rendered":"http:\/\/www.adrianwood.ch\/?page_id=10050"},"modified":"2016-08-10T12:21:44","modified_gmt":"2016-08-10T12:21:44","slug":"10050-2","status":"publish","type":"page","link":"https:\/\/www.adrianwood.ch\/?page_id=10050","title":{"rendered":"05-11 Santa Cruz"},"content":{"rendered":"<h2><span style=\"font-family: Times New Roman;\">11.Mai,<\/span><span style=\"font-family: Times New Roman;\"> \u00dcberfahrt nach Teneriffa<\/span><\/h2>\n<table class=\"TableGrid-T\" style=\"border-collapse: collapse;\" cellspacing=\"0\">\n<tbody>\n<tr class=\"-R\">\n<td class=\"-C\" style=\"width: 464.3pt; border: none windowtext 0pt;\" colspan=\"2\">\n<p class=\"Normal-P\" style=\"margin-bottom: 6pt; direction: ltr; unicode-bidi: normal; text-align: justify;\"><span class=\"Normal-H\"><span style=\"font-size: 11pt;\">Obwohl dieser Tag mit dem Beginn der R\u00fcckreise verkn\u00fcpft war, beschlossen wir die letzen Ferienstunden in vollen Z\u00fcgen zu geniessen. Nichtsdestotrotz war diese<\/span><span style=\"font-size: 11pt;\">r<\/span><span style=\"font-size: 11pt;\"> Tag von einer einzigartigen P\u00fcnktlichkeit und Diszipliniertheit unsererseits gepr\u00e4gt, was einen reibungslosen Ablauf erwarten lassen h\u00e4tte k\u00f6nnen &#8230;.<\/span><\/span><\/p>\n<p class=\"BodyText-P\" style=\"margin-bottom: 6pt; direction: ltr; unicode-bidi: normal; text-align: justify;\"><span class=\"BodyText-H\"><span style=\"font-family: Times New Roman;\">Der Tag startete absolut nach Plan. P\u00fcnktlich um 9 Uhr verliess der Bus unser Luxushotel f\u00fcr die einst\u00fcndige Fahrt nach Santa Cruz, der Hauptstadt der Insel. Wir genossen den Blick auf das azurblaue Meer und die unz\u00e4hligen Bananenplantagen. Von dort war geplant, per F\u00e4hre auf Teneriffa \u00fcberzusetzen<\/span><span style=\"font-family: Times New Roman;\">, wo gut einen Tag sp\u00e4ter um 16:35 unser Flugzeug nach Z\u00fcrich starten sollte. Mir pers\u00f6nlich war zuerst nicht klar, warum die knapp dreist\u00fcndige \u00dcberfuhr nicht am Tag des Fluges stattfindet, aber ich sollte rasch dazulernen<\/span><span style=\"font-family: Times New Roman;\">. <\/span><span style=\"font-family: Times New Roman;\">Der Stadtbummel in St<\/span><span style=\"font-family: Times New Roman;\">a<\/span><span style=\"font-family: Times New Roman;\">. Cruz war hochinteressant. Wir schlenderten durch die Touristenstrasse, ges\u00e4umt von wundersch\u00f6nen Fassaden und idyllischen Innenh\u00f6fen. Vor der Kirche stand eine Statue von Manuel Hern\u00e0ndez Diaz, eines Pfarrers, der zu Beginn des 19. Jahrhunderts sich f\u00fcr eine liberale Verfassung und kostenlose Schulen eingesetzt hatte und daf\u00fcr vor ein Kirchengericht gestellt worden war. Die Kirche selber beeindruckte durch Glasfenster und die im Mudejar-Stil gehaltenen Holzdecken, die Markthalle durch eine Vielfalt von einheimischen Fr\u00fcchten &#8211; zu erw\u00e4hnen sind die \u00fcberdimensionierten Papayas und die unterdimensionierten Bananen, beide von k\u00f6stlich intensivem Geschmack. Der Rundgang endete bei einem riesigen Betonschiff, der Barco de la Virgen auf dem Plaza de la Alameda, wo wir uns in der Bar El Encuentro den letzten Cortado (Kaffee mit ges\u00fcsster Kondensmilch) schmecken liessen.<\/span><\/span><\/p>\n<p class=\"Normal-P\" style=\"margin-bottom: 6pt; text-align: justify; text-justify: inter-ideograph; direction: ltr; unicode-bidi: normal;\"><span class=\"Normal-H\"><img loading=\"lazy\" decoding=\"async\" class=\"\" src=\"http:\/\/www.adrianwood.ch\/wp-content\/uploads\/2016\/08\/1470830311_image1.jpeg\" width=\"178\" height=\"236\" data-link=\"\" \/><img loading=\"lazy\" decoding=\"async\" class=\"\" src=\"http:\/\/www.adrianwood.ch\/wp-content\/uploads\/2016\/08\/1470830311_image2.jpeg\" width=\"177\" height=\"236\" data-link=\"\" \/><img loading=\"lazy\" decoding=\"async\" class=\"\" src=\"http:\/\/www.adrianwood.ch\/wp-content\/uploads\/2016\/08\/1470830311_image3.jpeg\" width=\"177\" height=\"236\" data-link=\"\" \/><img loading=\"lazy\" decoding=\"async\" class=\"\" src=\"http:\/\/www.adrianwood.ch\/wp-content\/uploads\/2016\/08\/1470830311_image4.jpeg\" width=\"177\" height=\"236\" data-link=\"\" \/><\/span><\/p>\n<\/td>\n<\/tr>\n<tr class=\"-R\">\n<td class=\"-C\" style=\"width: 464.3pt; border: none windowtext 0pt;\" colspan=\"2\">\n<p class=\"BodyText-P\" style=\"margin-bottom: 6pt; text-align: center; direction: ltr; unicode-bidi: normal;\"><span class=\"BodyText-H\"><span style=\"font-family: Times New Roman;\">Bilder: Impressionen von Santa Cruz<\/span><\/span><\/p>\n<\/td>\n<\/tr>\n<tr class=\"-R\">\n<td class=\"-C\" style=\"width: 464.3pt; border: none windowtext 0pt;\" colspan=\"2\">\n<p class=\"BodyText-P\" style=\"margin-bottom: 6pt; direction: ltr; unicode-bidi: normal; text-align: justify;\"><span class=\"BodyText-H\"><span style=\"font-family: Times New Roman;\">P\u00fcnktlich um 11:50 fanden wir uns wieder beim Hafen ein, wo unsere F\u00e4hre um 12:30 Richtung Teneriffa starten sollte. Ich m\u00f6chte die Situation ganz kurz in ein Statement fassen \u2013 der Zeitpunkt 12:30 bedeutet lediglich, dass das Schiff nicht <\/span><span style=\"font-family: Times New Roman; text-decoration: underline; color: gray;\">vor<\/span><span style=\"font-family: Times New Roman;\"> 12:30 gehen wird. Soweit zu kanarischen Fahrpl\u00e4nen. Die praktische Umsetzung verlief folgendermassen: 25 Leute und circa 50 Gep\u00e4ckst\u00fccke sassen friedlich am Dock in der prallen Sonne und warteten geduldig bis 15:30, bis unser Schiff sich endlich am Horizont zeigte. Als einzige Unterhaltung konnte man den halben Kilometer zur klimatisierten B\u00fcrohalle zur\u00fcckgehen, und dort die Zeit absitzen. Ansonsten gab es nur Warten, Warten und Warten und f\u00fcr Adrian stundenlanges Sonnen auf Beton.<\/span><\/span><\/p>\n<\/td>\n<\/tr>\n<tr class=\"-R\">\n<td class=\"-C\" style=\"width: 232.15pt; border: none windowtext 0pt;\">\n<p class=\"BodyText-P\" style=\"margin-bottom: 6pt; direction: ltr; unicode-bidi: normal;\"><span class=\"BodyText-H\"><span style=\"font-family: Times New Roman;\"><img loading=\"lazy\" decoding=\"async\" class=\"\" src=\"http:\/\/www.adrianwood.ch\/wp-content\/uploads\/2016\/08\/1470830311_image5.jpeg\" width=\"347\" height=\"229\" data-link=\"\" \/><\/span><\/span><\/p>\n<\/td>\n<td class=\"-C\" style=\"width: 232.15pt; border: none windowtext 0pt;\">\n<p class=\"BodyText-P\" style=\"margin-bottom: 6pt; direction: ltr; unicode-bidi: normal;\"><span class=\"BodyText-H\"><span style=\"font-family: Times New Roman;\"><img loading=\"lazy\" decoding=\"async\" class=\"\" src=\"http:\/\/www.adrianwood.ch\/wp-content\/uploads\/2016\/08\/1470830311_image6.jpeg\" width=\"347\" height=\"239\" data-link=\"\" \/><\/span><\/span><\/p>\n<\/td>\n<\/tr>\n<tr class=\"-R\">\n<td class=\"-C\" style=\"width: 464.3pt; border: none windowtext 0pt;\" colspan=\"2\">\n<p class=\"BodyText-P\" style=\"margin-bottom: 6pt; text-align: center; direction: ltr; unicode-bidi: normal;\"><span class=\"BodyText-H\"><span style=\"font-family: Times New Roman;\">Bilder: die Wartenden<\/span><\/span><\/p>\n<\/td>\n<\/tr>\n<tr class=\"-R\">\n<td class=\"-C\" style=\"width: 464.3pt; border: none windowtext 0pt;\" colspan=\"2\">\n<p class=\"BodyText-P\" style=\"margin-bottom: 3pt; direction: ltr; unicode-bidi: normal; text-align: justify;\"><span class=\"BodyText-H\"><span style=\"font-family: Times New Roman;\">Ich n\u00fctzte die Zeit, um die letzten zwei Wochen gedanklich Revue passieren zu lassen. Folgende Elemente betrachte ich als ein absolutes Muss f\u00fcr La Palma Reisende:<\/span><\/span><\/p>\n<p class=\"xa-P\" style=\"margin-bottom: 3pt; text-align: justify; text-justify: inter-ideograph; direction: ltr; unicode-bidi: normal; margin-left: 35.7pt; text-indent: -17.85pt;\"><span class=\"xa-H\"><span style=\"font-size: 11pt;\">die Vulkantour im S\u00fcden der Insel, wo man auf feink\u00f6rniger Asche die Berge hinuntersegeln kann<\/span><\/span><\/p>\n<p class=\"xa-P\" style=\"margin-bottom: 3pt; text-align: justify; text-justify: inter-ideograph; direction: ltr; unicode-bidi: normal; margin-left: 35.7pt; text-indent: -17.85pt;\"><span class=\"xa-H\"><span style=\"font-size: 11pt;\">den Roque de las Muchachas, wo Europas gr\u00f6sstes Observatorium steht und von wo aus man einen herrlichen Blick \u00fcber La Palma und bis zu den anderen Inseln hat<\/span><\/span><\/p>\n<p class=\"xa-P\" style=\"margin-bottom: 3pt; text-align: justify; text-justify: inter-ideograph; direction: ltr; unicode-bidi: normal; margin-left: 35.7pt; text-indent: -17.85pt;\"><span class=\"xa-H\"><span style=\"font-size: 11pt;\">die Meerwasserbecken bei La Fajana zum gefahrlosen Baden im k\u00fchlen Wasser<\/span><\/span><\/p>\n<p class=\"xa-P\" style=\"margin-bottom: 3pt; text-align: justify; text-justify: inter-ideograph; direction: ltr; unicode-bidi: normal; margin-left: 35.7pt; text-indent: -17.85pt;\"><span class=\"xa-H\"><span style=\"font-size: 11pt;\">Bienmesabe \u2013 das k\u00f6stliche Mandeldessert<\/span><\/span><\/p>\n<p class=\"xa-P\" style=\"margin-bottom: 3pt; text-align: justify; text-justify: inter-ideograph; direction: ltr; unicode-bidi: normal; margin-left: 35.7pt; text-indent: -17.85pt;\"><span class=\"xa-H\"><span style=\"font-size: 11pt;\">Musik von den Los Sabadenos aus Teneriffa, um die dreist\u00fcndige Wartezeit am F\u00e4hrhafen zu verk\u00fcrzen.<\/span><\/span><\/p>\n<\/td>\n<\/tr>\n<tr class=\"-R\">\n<td class=\"-C\" style=\"width: 464.3pt; border: none windowtext 0pt;\" colspan=\"2\">\n<p class=\"BodyText-P\" style=\"margin-bottom: 6pt; direction: ltr; unicode-bidi: normal; text-align: justify;\"><span class=\"BodyText-H\"><span style=\"font-family: Times New Roman;\">Schliesslich sahen wir unser Schiff, ein riesiger Trimaran der norwegischen Gesellschaft Fred Olsen. Dieser Trimaran ist der gr\u00f6sste seiner Klasse \u2013 das Traumschiff fasst 350 Fahrzeuge und 1350 Passagiere. Er ist funknagelneu, wurde in Australien gebaut und kam \u00fcber S\u00fcdafrika Anfang April nach Teneriffa, wo zwei blinde Passagiere aus Burundi per Flugzeug zur\u00fcckgeschickt wurden. Dementsprechend misstrauisch war die Besatzung \u2013 beim Boarden wurde Vreni Ceresoli beim Betreten r\u00fcde zur\u00fcckgewiesen, weil sie nur das Gruppenfreiticket vorweisen konnte. Doch Vreni hat in k\u00e4mpferischer Manier die Situation rasch geregelt, mit Unterst\u00fctzung von Adrian, der selbst kein besseres Ticket vorweisen konnte. Die \u00dcberfuhr war ruhig und ereignislos, einige sahen sogar Delphine, andere verschliefen die gesamte Fahrt. <\/span><\/span><\/p>\n<p class=\"Normal-P\" style=\"margin-bottom: 6pt; text-align: justify; text-justify: inter-ideograph; direction: ltr; unicode-bidi: normal;\"><span class=\"Normal-H\"><img loading=\"lazy\" decoding=\"async\" class=\"\" src=\"http:\/\/www.adrianwood.ch\/wp-content\/uploads\/2016\/08\/1470830311_image7.jpeg\" width=\"235\" height=\"176\" data-link=\"\" \/><img loading=\"lazy\" decoding=\"async\" class=\"\" src=\"http:\/\/www.adrianwood.ch\/wp-content\/uploads\/2016\/08\/1470830311_image8.jpeg\" width=\"235\" height=\"176\" data-link=\"\" \/><img loading=\"lazy\" decoding=\"async\" class=\"\" src=\"http:\/\/www.adrianwood.ch\/wp-content\/uploads\/2016\/08\/1470830311_image9.jpeg\" width=\"236\" height=\"179\" data-link=\"\" \/><\/span><\/p>\n<\/td>\n<\/tr>\n<tr class=\"-R\">\n<td class=\"-C\" style=\"width: 464.3pt; border: none windowtext 0pt;\" colspan=\"2\">\n<p class=\"BodyText-P\" style=\"margin-bottom: 6pt; text-align: center; direction: ltr; unicode-bidi: normal;\"><span class=\"BodyText-H\"><span style=\"font-family: Times New Roman;\">Bilder: Barca de la Virgen in St. Cruz \/ die Schlafenden \/ das langersehnte F\u00e4hrschiff<\/span><\/span><\/p>\n<\/td>\n<\/tr>\n<tr class=\"-R\">\n<td class=\"-C\" style=\"width: 464.3pt; border: none windowtext 0pt;\" colspan=\"2\">\n<p class=\"BodyText-P\" style=\"margin-bottom: 6pt; direction: ltr; unicode-bidi: normal; text-align: justify;\"><span class=\"BodyText-H\"><span style=\"font-family: Times New Roman;\">Nach knapp drei Stunden erreichten wir am sp\u00e4ten Nachmittag Los Cristianos auf Teneriffa, ein Ort von abgrundtiefer H\u00e4sslichkeit, der erste Schritt zur\u00fcck in die Zivilisation. Immerhin lag ein sch\u00f6nes altes Schiff im Hafen. Per Bus ging es dann nach M\u00e9dano, knapp 15 km n\u00f6rdlich von Los Cristianos, in unser Hotel Playa sul Tenerife, ein flughafennahes Hotel mit Hintert\u00fcr direkt zum Strand (Vorsicht: Schiebet\u00fcrmechanismus). Trotz vorgeschrittener Stunde beschloss ich, noch im ruhigen Meer zu baden &#8211; der Strand war flach und das Baden absolut ungef\u00e4hrlich. Pl\u00e4tschernd im lauen Wasser beobachtete ich die vielen gelben Bojen und die eine rote Boje, die pl\u00f6tzlich mit englischem Akzent zu sprechen begann und sich schliesslich als der rotgesonnte Adrian identifizierte. Der Tag endete f\u00fcr einige in Hotel mit einem preiswerten (und guten) Abendessen, andere gingen in den kleinen Ort, wo sie kulinarische K\u00f6stlichkeiten erwarteten.<\/span><\/span><\/p>\n<p class=\"Normal-P\" style=\"margin-bottom: 6pt; text-align: justify; text-justify: inter-ideograph; direction: ltr; unicode-bidi: normal;\"><span class=\"Normal-H\"><img loading=\"lazy\" decoding=\"async\" class=\"\" src=\"http:\/\/www.adrianwood.ch\/wp-content\/uploads\/2016\/08\/1470830311_image10.jpeg\" width=\"235\" height=\"176\" data-link=\"\" \/><img loading=\"lazy\" decoding=\"async\" class=\"\" src=\"http:\/\/www.adrianwood.ch\/wp-content\/uploads\/2016\/08\/1470830311_image11.jpeg\" width=\"235\" height=\"176\" data-link=\"\" \/><img loading=\"lazy\" decoding=\"async\" class=\"\" src=\"http:\/\/www.adrianwood.ch\/wp-content\/uploads\/2016\/08\/1470830311_image12.jpeg\" width=\"235\" height=\"175\" data-link=\"\" \/><\/span><\/p>\n<\/td>\n<\/tr>\n<tr class=\"-R\">\n<td class=\"-C\" style=\"width: 464.3pt; border: none windowtext 0pt;\" colspan=\"2\">\n<p class=\"BodyText-P\" style=\"margin-bottom: 6pt; text-align: center; direction: ltr; unicode-bidi: normal;\"><span class=\"BodyText-H\"><span style=\"font-family: Times New Roman;\">Wandbemalung auf dem Schiff \/ Hafen Los Cristianos \/ Sonnenaufgang auf dem Montana Roja<\/span><\/span><\/p>\n<\/td>\n<\/tr>\n<tr class=\"-R\">\n<td class=\"-C\" style=\"width: 464.3pt; border: none windowtext 0pt;\" colspan=\"2\">\n<p class=\"BodyText-P\" style=\"margin-bottom: 6pt; direction: ltr; unicode-bidi: normal; text-align: justify;\"><span class=\"BodyText-H\"><span style=\"font-family: Times New Roman;\">Als Abschluss m\u00f6chte ich noch kurz unsere fr\u00fchmorgendliche Tour auf den Montana Roja erw\u00e4hnen, gleich neben dem Hotel. Wir starten um 6:45 auf den 171 m hohen Berg, wo wir mit einem spektakul\u00e4ren Sonnenaufgang und einem tollen Weitblick nach allen Seiten belohnt wurden.<\/span><\/span><\/p>\n<p class=\"BodyText-P\" style=\"direction: ltr; unicode-bidi: normal; text-align: justify;\"><span class=\"BodyText-H\"><span style=\"font-family: Times New Roman;\">Christine<\/span><\/span><\/p>\n<\/td>\n<\/tr>\n<p><!-- [if !supportMisalignedColumns]--><\/tbody>\n<\/table>\n","protected":false},"excerpt":{"rendered":"<p>11.Mai, \u00dcberfahrt nach Teneriffa Obwohl dieser Tag mit dem Beginn der R\u00fcckreise verkn\u00fcpft war, beschlossen wir die letzen Ferienstunden in vollen Z\u00fcgen zu geniessen. Nichtsdestotrotz war dieser Tag von einer einzigartigen P\u00fcnktlichkeit und Diszipliniertheit unsererseits gepr\u00e4gt, was einen reibungslosen Ablauf erwarten lassen h\u00e4tte k\u00f6nnen &#8230;. Der Tag startete absolut nach Plan. P\u00fcnktlich um 9 Uhr &hellip; <a href=\"https:\/\/www.adrianwood.ch\/?page_id=10050\" class=\"more-link\">Continue reading <span class=\"screen-reader-text\">05-11 Santa Cruz<\/span> <span class=\"meta-nav\">&rarr;<\/span><\/a><\/p>\n","protected":false},"author":1,"featured_media":0,"parent":9478,"menu_order":2236,"comment_status":"closed","ping_status":"closed","template":"","meta":{"ngg_post_thumbnail":0,"footnotes":""},"class_list":["post-10050","page","type-page","status-publish","hentry"],"_links":{"self":[{"href":"https:\/\/www.adrianwood.ch\/index.php?rest_route=\/wp\/v2\/pages\/10050","targetHints":{"allow":["GET"]}}],"collection":[{"href":"https:\/\/www.adrianwood.ch\/index.php?rest_route=\/wp\/v2\/pages"}],"about":[{"href":"https:\/\/www.adrianwood.ch\/index.php?rest_route=\/wp\/v2\/types\/page"}],"author":[{"embeddable":true,"href":"https:\/\/www.adrianwood.ch\/index.php?rest_route=\/wp\/v2\/users\/1"}],"replies":[{"embeddable":true,"href":"https:\/\/www.adrianwood.ch\/index.php?rest_route=%2Fwp%2Fv2%2Fcomments&post=10050"}],"version-history":[{"count":15,"href":"https:\/\/www.adrianwood.ch\/index.php?rest_route=\/wp\/v2\/pages\/10050\/revisions"}],"predecessor-version":[{"id":10078,"href":"https:\/\/www.adrianwood.ch\/index.php?rest_route=\/wp\/v2\/pages\/10050\/revisions\/10078"}],"up":[{"embeddable":true,"href":"https:\/\/www.adrianwood.ch\/index.php?rest_route=\/wp\/v2\/pages\/9478"}],"wp:attachment":[{"href":"https:\/\/www.adrianwood.ch\/index.php?rest_route=%2Fwp%2Fv2%2Fmedia&parent=10050"}],"curies":[{"name":"wp","href":"https:\/\/api.w.org\/{rel}","templated":true}]}}