{"id":12405,"date":"2017-07-03T08:32:47","date_gmt":"2017-07-03T08:32:47","guid":{"rendered":"http:\/\/www.adrianwood.ch\/?page_id=12405"},"modified":"2017-07-03T08:32:47","modified_gmt":"2017-07-03T08:32:47","slug":"05-07-los-ajaches","status":"publish","type":"page","link":"https:\/\/www.adrianwood.ch\/?page_id=12405","title":{"rendered":"05-07 Los Ajaches"},"content":{"rendered":"<div class=\"pmdi_content_wrapper\">\n<p class=\"Normal-P\" style=\"margin-bottom: 6pt; text-align: justify; text-justify: inter-ideograph; direction: ltr; unicode-bidi: normal;\"><span class=\"Normal-H\"><span style=\"font-weight: bold; font-size: 11pt;\">Sonntag, <\/span><span style=\"font-weight: bold; font-size: 11pt;\">7. Mai 2017: <\/span><span style=\"font-weight: bold; font-size: 11pt;\">Durch das alte Gebirge <\/span><span style=\"font-weight: bold; font-size: 11pt;\">Los <\/span><span style=\"font-weight: bold; font-size: 11pt;\">Ajaches<\/span><span style=\"font-weight: bold; font-size: 11pt;\">: von <\/span><span style=\"font-weight: bold; font-size: 11pt;\">Fem\u00e9s<\/span><span style=\"font-weight: bold; font-size: 11pt;\"> \u2013 nach Playa <\/span><span style=\"font-weight: bold; font-size: 11pt;\">Quemada<\/span><\/span><\/p>\n<p class=\"Normal-P\" style=\"margin-bottom: 6pt; text-align: justify; text-justify: inter-ideograph; direction: ltr; unicode-bidi: normal;\"><span class=\"Normal-H\"><\/span><\/p>\n<table class=\"TableGrid-T\" style=\"border-collapse: collapse;\" cellspacing=\"0\">\n<tbody>\n<tr class=\"-R\">\n<td class=\"-C\" style=\"width: 481.4pt; border: none windowtext 0pt;\" colspan=\"2\">\n<p class=\"Normal-P\" style=\"margin-bottom: 6pt; text-align: justify; text-justify: inter-ideograph; direction: ltr; unicode-bidi: normal;\"><span class=\"Normal-H\"><span style=\"font-size: 11pt;\">P\u00fcnktlich um 9.16 Uhr fahren wir mit unserem Bus beim Hotel ab. Nach einer Fahrt von einer halbe<\/span><span style=\"font-size: 11pt;\"> Stunde gegen Westen erreichen wir das kleine Bergdorf <\/span><span style=\"font-size: 11pt;\">Fem\u00e9s<\/span><span style=\"font-size: 11pt;\">. Nach der Erledigung verschiedener Kleinigkeiten beginnen wir kurz vor 10 Uhr den Aufstieg auf einem Bergstr\u00e4sschen. <\/span><\/span><\/p>\n<\/td>\n<\/tr>\n<tr class=\"-R\">\n<td class=\"-C\" style=\"width: 239.95pt; border: none windowtext 0pt;\">\n<p class=\"Normal-P\" style=\"margin-bottom: 6pt; text-align: justify; text-justify: inter-ideograph; direction: ltr; unicode-bidi: normal;\"><span class=\"Normal-H\"><span style=\"font-size: 11pt;\"><img loading=\"lazy\" decoding=\"async\" class=\"\" src=\"http:\/\/www.adrianwood.ch\/wp-content\/uploads\/2017\/07\/1499070332_image1.jpeg\" data-link=\"\" width=\"347\" height=\"231\"><\/span><\/span><\/p>\n<\/td>\n<td class=\"-C\" style=\"width: 241.45pt; border: none windowtext 0pt;\">\n<p class=\"Normal-P\" style=\"margin-bottom: 6pt; text-align: justify; text-justify: inter-ideograph; direction: ltr; unicode-bidi: normal;\"><span class=\"Normal-H\"><span style=\"font-size: 11pt;\"><img loading=\"lazy\" decoding=\"async\" class=\"\" src=\"http:\/\/www.adrianwood.ch\/wp-content\/uploads\/2017\/07\/1499070332_image2.jpeg\" data-link=\"\" width=\"349\" height=\"232\"><\/span><\/span><\/p>\n<\/td>\n<\/tr>\n<tr class=\"-R\">\n<td class=\"-C\" style=\"width: 481.4pt; border: none windowtext 0pt;\" colspan=\"2\">\n<p class=\"Normal-P\" style=\"margin-bottom: 6pt; text-align: justify; text-justify: inter-ideograph; direction: ltr; unicode-bidi: normal;\"><span class=\"Normal-H\"><span style=\"font-size: 11pt;\">Nach etwa 10 min erreichen wir die Krete, auf der uns bei einer K\u00e4serei viele Ziegen begr\u00fcssen. Von hier aus haben wir einen guten Blick auf den weiteren Verlauf unserer Wanderroute. Leicht ansteigend geht es nun auf schmalem Weg weiter in der Flanke des Pico de la <\/span><span style=\"font-size: 11pt;\">Aceituna<\/span><span style=\"font-size: 11pt;\">. Bald erreichen wir einen Bergsattel und k\u00f6nnen von dort aus die ca. 400 m tiefer liegende grosse Ebene \u00fcberblicken, an deren Ende der Badeort Playa Blanca am Meer liegt, von dem aus auch die F\u00e4hre nach Fuerteventura ablegt. Nun folgt w\u00e4hrend ca. 800 m ein mehr oder weniger horizontales Wegst\u00fcck, auf dem wir einen guten Einblick in die Blumenwelt der Insel erhalten. <\/span><\/span><\/p>\n<\/td>\n<\/tr>\n<tr class=\"-R\">\n<td class=\"-C\" style=\"width: 239.95pt; border: none windowtext 0pt;\">\n<p class=\"Normal-P\" style=\"margin-bottom: 6pt; text-align: justify; text-justify: inter-ideograph; direction: ltr; unicode-bidi: normal;\"><span class=\"Normal-H\"><span style=\"font-size: 11pt;\"><img loading=\"lazy\" decoding=\"async\" class=\"\" src=\"http:\/\/www.adrianwood.ch\/wp-content\/uploads\/2017\/07\/1499070332_image3.jpeg\" data-link=\"\" width=\"348\" height=\"232\"><\/span><\/span><\/p>\n<\/td>\n<td class=\"-C\" style=\"width: 241.45pt; border: none windowtext 0pt;\">\n<p class=\"Normal-P\" style=\"margin-bottom: 6pt; text-align: justify; text-justify: inter-ideograph; direction: ltr; unicode-bidi: normal;\"><span class=\"Normal-H\"><span style=\"font-size: 11pt;\"><img loading=\"lazy\" decoding=\"async\" class=\"\" src=\"http:\/\/www.adrianwood.ch\/wp-content\/uploads\/2017\/07\/1499070332_image4.jpeg\" data-link=\"\" width=\"349\" height=\"232\"><\/span><\/span><\/p>\n<\/td>\n<\/tr>\n<tr class=\"-R\">\n<td class=\"-C\" style=\"width: 481.4pt; border: none windowtext 0pt;\" colspan=\"2\">\n<p class=\"Normal-P\" style=\"margin-bottom: 6pt; text-align: justify; text-justify: inter-ideograph; direction: ltr; unicode-bidi: normal;\"><span class=\"Normal-H\"><span style=\"font-size: 11pt;\">Nach einem Sattel folgt ein Abstieg, w\u00e4hrend dem wir einen Trinkhalt einlegen. Wir steigen nun in den <\/span><span style=\"font-size: 11pt;\">Barranco<\/span><span style=\"font-size: 11pt;\"> de la <\/span><span style=\"font-size: 11pt;\">Casita<\/span><span style=\"font-size: 11pt;\"> hinab und auf <\/span><span style=\"font-size: 11pt;\">der andern Seite<\/span><span style=\"font-size: 11pt;\"> wieder hinauf bis zu einer Betonstruktur, die sich als rechteckiger Brunnen mit Windschutzmauer herausstellt. Hier l\u00f6schen V\u00f6gel ihren Durst. <\/span><span style=\"font-size: 11pt;\">Nach der Mittagsrast teilt sich unsere Gruppe in drei. Der Badeexpress, bestehend aus Adrian, Brigitte D. und Vreni, zieht bald los. Dann folgt ein Achterteam, das noch einen Abstecher von 40 H\u00f6henmetern zum Gipfel des <\/span><span style=\"font-size: 11pt;\">Morro<\/span><span style=\"font-size: 11pt;\"> da la Loma del <\/span><span style=\"font-size: 11pt;\">Pozo<\/span><span style=\"font-size: 11pt;\"> macht, und schliesslich der Rest, der ohne Umweg zum Strand wandert.<\/span><\/span><\/p>\n<\/td>\n<\/tr>\n<tr class=\"-R\">\n<td class=\"-C\" style=\"width: 239.95pt; border: none windowtext 0pt;\">\n<p class=\"Normal-P\" style=\"margin-bottom: 6pt; text-align: justify; text-justify: inter-ideograph; direction: ltr; unicode-bidi: normal;\"><span class=\"Normal-H\"><span style=\"font-size: 11pt;\"><img loading=\"lazy\" decoding=\"async\" class=\"\" src=\"http:\/\/www.adrianwood.ch\/wp-content\/uploads\/2017\/07\/1499070332_image5.jpeg\" data-link=\"\" width=\"348\" height=\"232\"><\/span><\/span><\/p>\n<\/td>\n<td class=\"-C\" style=\"width: 241.45pt; border: none windowtext 0pt;\">\n<p class=\"Normal-P\" style=\"margin-bottom: 6pt; text-align: justify; text-justify: inter-ideograph; direction: ltr; unicode-bidi: normal;\"><span class=\"Normal-H\"><span style=\"font-size: 11pt;\"><img loading=\"lazy\" decoding=\"async\" class=\"\" src=\"http:\/\/www.adrianwood.ch\/wp-content\/uploads\/2017\/07\/1499070332_image6.jpeg\" data-link=\"\" width=\"349\" height=\"232\"><\/span><\/span><\/p>\n<\/td>\n<\/tr>\n<tr class=\"-R\">\n<td class=\"-C\" style=\"width: 239.95pt; border: none windowtext 0pt;\">\n<p class=\"Normal-P\" style=\"margin-bottom: 6pt; text-align: justify; text-justify: inter-ideograph; direction: ltr; unicode-bidi: normal;\"><span class=\"Normal-H\"><span style=\"font-size: 11pt;\"><img loading=\"lazy\" decoding=\"async\" class=\"\" src=\"http:\/\/www.adrianwood.ch\/wp-content\/uploads\/2017\/07\/1499070332_image7.jpeg\" data-link=\"\" width=\"348\" height=\"232\"><\/span><\/span><\/p>\n<\/td>\n<td class=\"-C\" style=\"width: 241.45pt; border: none windowtext 0pt;\">\n<p class=\"Normal-P\" style=\"margin-bottom: 6pt; text-align: justify; text-justify: inter-ideograph; direction: ltr; unicode-bidi: normal;\"><span class=\"Normal-H\"><span style=\"font-size: 11pt;\"><img loading=\"lazy\" decoding=\"async\" class=\"\" src=\"http:\/\/www.adrianwood.ch\/wp-content\/uploads\/2017\/07\/1499070332_image8.jpeg\" data-link=\"\" width=\"349\" height=\"232\"><\/span><\/span><\/p>\n<\/td>\n<\/tr>\n<tr class=\"-R\">\n<td class=\"-C\" style=\"width: 481.4pt; border: none windowtext 0pt;\" colspan=\"2\">\n<p class=\"Normal-P\" style=\"margin-bottom: 6pt; text-align: justify; text-justify: inter-ideograph; direction: ltr; unicode-bidi: normal;\"><span class=\"Normal-H\"><span style=\"font-size: 11pt;\">Diese Strecke, f\u00fcr die wir 1 1\/2 Stunden brauchen, ist ziemlich trostlos. Wir finden nicht einmal den Feigenbaum, der dem Tal den Namen gegeben hat (Valle del <\/span><span style=\"font-size: 11pt;\">Higueral<\/span><span style=\"font-size: 11pt;\">). Selbst ein gemauerter Brunnenschacht ist v\u00f6llig trocken. In den W\u00e4nden dieses Tals soll es zahlreiche eingelassene Gr\u00e4ber geben, \u00fcber di<\/span><span style=\"font-size: 11pt;\">e aber fast nichts bekannt ist.<\/span><\/span><\/p>\n<\/td>\n<\/tr>\n<tr class=\"-R\">\n<td class=\"-C\" style=\"width: 239.95pt; border: none windowtext 0pt;\">\n<p class=\"Normal-P\" style=\"margin-bottom: 6pt; text-align: justify; text-justify: inter-ideograph; direction: ltr; unicode-bidi: normal;\"><span class=\"Normal-H\"><span style=\"font-size: 11pt;\"><img loading=\"lazy\" decoding=\"async\" class=\"\" src=\"http:\/\/www.adrianwood.ch\/wp-content\/uploads\/2017\/07\/1499070332_image9.jpeg\" data-link=\"\" width=\"348\" height=\"232\"><\/span><\/span><\/p>\n<\/td>\n<td class=\"-C\" style=\"width: 241.45pt; border: none windowtext 0pt;\">\n<p class=\"Normal-P\" style=\"margin-bottom: 6pt; text-align: justify; text-justify: inter-ideograph; direction: ltr; unicode-bidi: normal;\"><span class=\"Normal-H\"><span style=\"font-size: 11pt;\"><img loading=\"lazy\" decoding=\"async\" class=\"\" src=\"http:\/\/www.adrianwood.ch\/wp-content\/uploads\/2017\/07\/1499070332_image10.jpeg\" data-link=\"\" width=\"349\" height=\"232\"><\/span><\/span><\/p>\n<\/td>\n<\/tr>\n<tr class=\"-R\">\n<td class=\"-C\" style=\"width: 481.4pt; border: none windowtext 0pt;\" colspan=\"2\">\n<p class=\"Normal-P\" style=\"margin-bottom: 6pt; text-align: justify; text-justify: inter-ideograph; direction: ltr; unicode-bidi: normal;\"><span class=\"Normal-H\"><span style=\"font-size: 11pt;\">Der Strand, auf den wir uns alle gefreut haben, ist eine grosse Entt\u00e4uschung. Er besteht aus sehr grobem Kies, der das Barfussgehen m\u00fchsam macht. Das Durchqueren der Brandung macht auch keine Freude. Und so nutzt ausser dem Badeexpress und Bruni niemand die M\u00f6glichkeit, sich nach der Wanderung bei sehr heissem Wetter im Meer abzuk\u00fchlen.<\/span><\/span><\/p>\n<p class=\"Normal-P\" style=\"margin-bottom: 6pt; text-align: justify; text-justify: inter-ideograph; direction: ltr; unicode-bidi: normal;\"><span class=\"Normal-H\"><span style=\"font-size: 11pt;\">Unser Tagesziel, Playa <\/span><span style=\"font-size: 11pt;\">Quemada<\/span><span style=\"font-size: 11pt;\">, schaut hinter der Steilk\u00fcste hervor. Aber zuerst m\u00fcssen wir noch deren H\u00f6he (knapp 90 m) erklimmen und auf <\/span><span style=\"font-size: 11pt;\">der ander<\/span><span style=\"font-size: 11pt;\"> Seite<\/span><span style=\"font-size: 11pt;\"> wieder hinuntersteigen, damit wir dann auf der Terrasse des Restaurants \u201e7 Islas\u201c unseren Durst stillen k\u00f6nnen<\/span><span style=\"font-size: 11pt;\">. Hanspeter<\/span><\/span><\/p>\n<\/td>\n<\/tr>\n<tr class=\"-R\">\n<td class=\"-C\" style=\"width: 481.4pt; border: none windowtext 0pt;\" colspan=\"2\">\n<p class=\"Normal-P\" style=\"margin-bottom: 6pt; text-align: justify; text-justify: inter-ideograph; direction: ltr; unicode-bidi: normal;\"><span class=\"Normal-H\"><span style=\"font-size: 11pt;\"><img loading=\"lazy\" decoding=\"async\" class=\"\" src=\"http:\/\/www.adrianwood.ch\/wp-content\/uploads\/2017\/07\/1499070332_image11.jpeg\" data-link=\"\" width=\"756\" height=\"397\"><\/span><\/span><\/p>\n<\/td>\n<\/tr>\n<p><!-- [if !supportMisalignedColumns]--><\/tbody>\n<\/table>\n<\/div>\n","protected":false},"excerpt":{"rendered":"<p>Sonntag, 7. Mai 2017: Durch das alte Gebirge Los Ajaches: von Fem\u00e9s \u2013 nach Playa Quemada P\u00fcnktlich um 9.16 Uhr fahren wir mit unserem Bus beim Hotel ab. Nach einer Fahrt von einer halbe Stunde gegen Westen erreichen wir das kleine Bergdorf Fem\u00e9s. Nach der Erledigung verschiedener Kleinigkeiten beginnen wir kurz vor 10 Uhr den &hellip; <a href=\"https:\/\/www.adrianwood.ch\/?page_id=12405\" class=\"more-link\">Continue reading <span class=\"screen-reader-text\">05-07 Los Ajaches<\/span> <span class=\"meta-nav\">&rarr;<\/span><\/a><\/p>\n","protected":false},"author":1,"featured_media":0,"parent":12056,"menu_order":2575,"comment_status":"closed","ping_status":"closed","template":"","meta":{"ngg_post_thumbnail":0,"footnotes":""},"class_list":["post-12405","page","type-page","status-publish","hentry"],"_links":{"self":[{"href":"https:\/\/www.adrianwood.ch\/index.php?rest_route=\/wp\/v2\/pages\/12405","targetHints":{"allow":["GET"]}}],"collection":[{"href":"https:\/\/www.adrianwood.ch\/index.php?rest_route=\/wp\/v2\/pages"}],"about":[{"href":"https:\/\/www.adrianwood.ch\/index.php?rest_route=\/wp\/v2\/types\/page"}],"author":[{"embeddable":true,"href":"https:\/\/www.adrianwood.ch\/index.php?rest_route=\/wp\/v2\/users\/1"}],"replies":[{"embeddable":true,"href":"https:\/\/www.adrianwood.ch\/index.php?rest_route=%2Fwp%2Fv2%2Fcomments&post=12405"}],"version-history":[{"count":2,"href":"https:\/\/www.adrianwood.ch\/index.php?rest_route=\/wp\/v2\/pages\/12405\/revisions"}],"predecessor-version":[{"id":12418,"href":"https:\/\/www.adrianwood.ch\/index.php?rest_route=\/wp\/v2\/pages\/12405\/revisions\/12418"}],"up":[{"embeddable":true,"href":"https:\/\/www.adrianwood.ch\/index.php?rest_route=\/wp\/v2\/pages\/12056"}],"wp:attachment":[{"href":"https:\/\/www.adrianwood.ch\/index.php?rest_route=%2Fwp%2Fv2%2Fmedia&parent=12405"}],"curies":[{"name":"wp","href":"https:\/\/api.w.org\/{rel}","templated":true}]}}