{"id":1348,"date":"2011-07-25T10:14:45","date_gmt":"2011-07-25T09:14:45","guid":{"rendered":"http:\/\/adrianwood.ch\/?page_id=1348"},"modified":"2011-07-25T10:14:45","modified_gmt":"2011-07-25T09:14:45","slug":"05-20-sibenik-zadar","status":"publish","type":"page","link":"https:\/\/www.adrianwood.ch\/?page_id=1348","title":{"rendered":"05-20 Sibenik &#8211; Zadar"},"content":{"rendered":"<h2><span style=\"font-family: Times New Roman;\"><strong>20.Mai, <\/strong><strong>Trogir \u2013 Sibenik \u2013 Zadar \u2013 Starigrad-Paklenica<\/strong><\/span><\/h2>\n<table border=\"0\" cellspacing=\"0\" cellpadding=\"0\">\n<tbody>\n<tr>\n<td valign=\"top\" width=\"407\"><span style=\"font-family: Times New Roman;\">Vor einem Jahr schon durfte ich schreiben:<\/span><span style=\"font-family: Times New Roman;\">\u201eHeute ist Reisetag angesagt. Wir z\u00fcgeln aus dem Lake District (war wundersch\u00f6n) in die Yorkshire Dales (wird wundersch\u00f6n)&#8230;..\u201c.<\/span><\/p>\n<p><span style=\"font-family: Times New Roman;\">Jetzt, ein Jahr sp\u00e4ter, schreibe ich \u00e4hnlich:<\/span><\/p>\n<p><span style=\"font-family: Times New Roman;\">\u201eHeute verlassen wir die \u201eColumbo\u201c, die uns 8 N\u00e4chte beherbergte (war wundersch\u00f6n, abgesehen von meinem Ausrutscher am Montag). Sie brachte uns gestern abend nach Trogir, heute reisen wir nach Starigrad-Paklenica, wo wir die n\u00e4chsten 4 N\u00e4chte verbringen werden (wird wundersch\u00f6n)&#8230;\u201c.<\/span><\/td>\n<td valign=\"top\" width=\"410\">\u00a0<img decoding=\"async\" class=\"ngg-singlepic ngg-none\" src=\"http:\/\/adrianwood.ch\/wp-content\/gallery\/croatia11\/image001_r4.jpg\" alt=\"image001_r4\" \/><\/td>\n<\/tr>\n<tr>\n<td colspan=\"2\" valign=\"top\" width=\"817\">\n<p style=\"text-align: justify;\"><span style=\"font-family: Times New Roman;\">Nach dem z\u2019Morge um halb acht, stehen wir kurz vor 9 Uhr auf dem Quai, verabschieden uns von Burgi und Fredy, die nach Hause fliegen und von der Repr\u00e4sentantin von Riva-Tours und begr\u00fcssen Marlene, die heute angekommen ist. Susanne und Mona haben wir ja schon gestern abend gesehen. Dann ziehen wir los zum Bus, der ca. 300 m entfernt bei der Br\u00fccke auf uns wartet, verladen das Gep\u00e4ck und um 9 Uhr geht\u2019s los. Zuerst noch \u00fcber die Br\u00fccke, weil der Bus ja recht kompliziert wenden muss, dann durch die Stadt, wo wir Dank massiven Staus nocheinmal alle Marktst\u00e4nde von oben bewundern k\u00f6nnen und dann auf der K\u00fcstenstrasse nach Sibenik, vorbei an Jachth\u00e4fen und Touristend\u00f6rfern.<\/span><\/p>\n<\/td>\n<\/tr>\n<tr>\n<td style=\"text-align: justify;\" valign=\"top\" width=\"407\">\u00a0<img decoding=\"async\" class=\"ngg-singlepic ngg-none\" src=\"http:\/\/adrianwood.ch\/wp-content\/gallery\/croatia11\/image003_r4.jpg\" alt=\"image003_r4\" \/><\/td>\n<td valign=\"top\" width=\"410\">\n<p style=\"text-align: justify;\"><span style=\"font-family: Times New Roman;\">Dort l\u00e4dt uns der Chauffeur beim Busbahnhof aus und f\u00fchrt uns zum Eingang der Altstadt, Adrian zeigt uns welche Strasse wir hin- und welche wir zur\u00fccknehmen sollen, sagt \u201eAbfahrt um 12:00\u201c und wir zerstreuen uns in der Stadt. Wir fotographieren die malerischen engen Gassen, einen versch\u00e4mten Heiligen an der Fassade der Kathedrale Sveti Jakov, sehen Kameraden, die auch am Fotographieren sind, bewundern den Friedhof unterhalb der Festung und die Aussicht auf die Stadt und das Meer, kaufen ein Bier im \u201eKonzum\u201c und sind p\u00fcnktlich bei unserem Bus.<\/span><\/p>\n<\/td>\n<\/tr>\n<tr>\n<td valign=\"top\" width=\"407\">\u00a0<img decoding=\"async\" class=\"ngg-singlepic ngg-none\" src=\"http:\/\/adrianwood.ch\/wp-content\/gallery\/croatia11\/image005_r4.jpg\" alt=\"image005_r4\" \/><\/td>\n<td valign=\"top\" width=\"410\">\u00a0<img decoding=\"async\" class=\"ngg-singlepic ngg-none\" src=\"http:\/\/adrianwood.ch\/wp-content\/gallery\/croatia11\/image007_r4.jpg\" alt=\"image007_r4\" \/><\/td>\n<\/tr>\n<tr>\n<td valign=\"top\" width=\"407\">\u00a0<img decoding=\"async\" class=\"ngg-singlepic ngg-none\" src=\"http:\/\/adrianwood.ch\/wp-content\/gallery\/croatia11\/image009_r4.jpg\" alt=\"image009_r4\" \/><\/td>\n<td valign=\"top\" width=\"410\">\u00a0<img decoding=\"async\" class=\"ngg-singlepic ngg-none\" src=\"http:\/\/adrianwood.ch\/wp-content\/gallery\/croatia11\/image011_r4.jpg\" alt=\"image011_r4\" \/><\/td>\n<\/tr>\n<tr>\n<td valign=\"top\" width=\"407\">\u00a0<img decoding=\"async\" class=\"ngg-singlepic ngg-none\" src=\"http:\/\/adrianwood.ch\/wp-content\/gallery\/croatia11\/image013_r4.jpg\" alt=\"image013_r4\" \/><\/td>\n<td valign=\"top\" width=\"410\">\u00a0<img decoding=\"async\" class=\"ngg-singlepic ngg-none\" src=\"http:\/\/adrianwood.ch\/wp-content\/gallery\/croatia11\/image015_r4.jpg\" alt=\"image015_r4\" \/><\/td>\n<\/tr>\n<tr>\n<td colspan=\"2\" valign=\"top\" width=\"817\">\n<p style=\"text-align: justify;\"><span style=\"font-family: Times New Roman;\">Der f\u00e4hrt uns weiter Richtung Nordwesten, entlang der K\u00fcste, 1 \u00be Stunden sp\u00e4ter sind wir in Zadar und Adrian verk\u00fcndet ein analoges Programm wie in Sibenik: \u201eindividuelle Stadtbesichtigung, Treffpunkt Bus 16:45\u201c. Los geht\u2019s.<\/span><\/p>\n<p style=\"text-align: justify;\"><span style=\"font-family: Times New Roman;\">Und wir absolvieren ein analoges Programm: fotographieren Kirchen, Pl\u00e4tze, romantische G\u00e4sslein, Kirchen aus\/vor\/nach Venetianischer Zeit, landen schliesslich in einem kleine Restaurant, wo wir Schepperle\u2019s treffen. Nachher noch ein bisschen herumwandern, das Stadttor mit dem Venezianischen L\u00f6wen digital festhalten und schliesslich beim Bus ein Foto der Luxusjachten im Hafen knipsen.<\/span><\/p>\n<\/td>\n<\/tr>\n<tr>\n<td style=\"text-align: justify;\" valign=\"top\" width=\"407\">\u00a0<img decoding=\"async\" class=\"ngg-singlepic ngg-none\" src=\"http:\/\/adrianwood.ch\/wp-content\/gallery\/croatia11\/image017_r4.jpg\" alt=\"image017_r4\" \/><\/td>\n<td valign=\"top\" width=\"410\">\u00a0<img decoding=\"async\" class=\"ngg-singlepic ngg-none\" src=\"http:\/\/adrianwood.ch\/wp-content\/gallery\/croatia11\/image019_r4.jpg\" alt=\"image019_r4\" \/><\/td>\n<\/tr>\n<tr>\n<td colspan=\"2\" valign=\"top\" width=\"817\">\n<p style=\"text-align: justify;\"><span style=\"font-family: Times New Roman;\">Weiter geht\u2019s, via Novigrad \u2013 mit den spektakul\u00e4ren Br\u00fccken \u00fcber die Meeresarme und den Bojen der diversen Fisch- (oder sind\u2019s Muschel-?) Farmen &#8211; nach Starigrad-Paklenica zu unserem Hotel \u201eRajna\u201c, wo uns Marin, der Besitzer (und Organisator einiger n\u00e4chsten Tagesprogramme) freundlich empf\u00e4ngt. Das Gep\u00e4ck wird ausgeladen und w\u00e4hrend Marin und Adrian die Zimmerverteilung f\u00fcrs Hotel, die D\u00e9pendance Varos und eine andere Pension ausjassen, gibt es einen Empfangs-Apero \u2013 nein, nein, nix alkoholisches \u2014 f\u00fcr die durstigen Seelen. Ab und zu saust eine Schwalbe \u00fcber unsere K\u00f6pfe und ern\u00e4hrt ihren Nachwuchs, aber gottseidank l\u00e4sst sie nix herunterfallen.<\/span><\/p>\n<\/td>\n<\/tr>\n<tr>\n<td valign=\"top\" width=\"407\">\u00a0<img decoding=\"async\" class=\"ngg-singlepic ngg-none\" src=\"http:\/\/adrianwood.ch\/wp-content\/gallery\/croatia11\/image021_r4.jpg\" alt=\"image021_r4\" \/><\/td>\n<td valign=\"top\" width=\"410\">\u00a0<img decoding=\"async\" class=\"ngg-singlepic ngg-none\" src=\"http:\/\/adrianwood.ch\/wp-content\/gallery\/croatia11\/image023_r4.jpg\" alt=\"image023_r4\" \/><\/td>\n<\/tr>\n<tr>\n<td colspan=\"2\" valign=\"top\" width=\"817\">\n<p style=\"text-align: justify;\"><span style=\"font-family: Times New Roman;\">Zwei Stunden sp\u00e4ter sitzen wir beim z\u2019Nacht. Und es ist, wie so oft in Kroatien, hervorragend, aber zu viel. Bouillon mit N\u00fcdeli oder Tomatensuppe, Salat, ein Riesenberg Fleisch (Truthahn, Poulet, Lamm, Schwein, Cevapcici), H\u00e4rd\u00f6pfel mit Spinat (oder Mangold?) und zuletzt noch Palatschinken. Ich bin \u00fcberfordert!<\/span><\/p>\n<p style=\"text-align: justify;\"><span style=\"font-family: Times New Roman;\">Es war ein toller Tag, merci Adrian.<\/span><\/p>\n<p style=\"text-align: justify;\"><span style=\"font-family: Times New Roman;\">Bert<\/span><\/p>\n<\/td>\n<\/tr>\n<\/tbody>\n<\/table>\n<p><span style=\"font-family: Times New Roman;\">\u00a0<\/span><\/p>\n<p><span style=\"font-family: Times New Roman;\">\u00a0<\/span><\/p>\n","protected":false},"excerpt":{"rendered":"<p>20.Mai, Trogir \u2013 Sibenik \u2013 Zadar \u2013 Starigrad-Paklenica Vor einem Jahr schon durfte ich schreiben:\u201eHeute ist Reisetag angesagt. Wir z\u00fcgeln aus dem Lake District (war wundersch\u00f6n) in die Yorkshire Dales (wird wundersch\u00f6n)&#8230;..\u201c. Jetzt, ein Jahr sp\u00e4ter, schreibe ich \u00e4hnlich: \u201eHeute verlassen wir die \u201eColumbo\u201c, die uns 8 N\u00e4chte beherbergte (war wundersch\u00f6n, abgesehen von meinem Ausrutscher &hellip; <a href=\"https:\/\/www.adrianwood.ch\/?page_id=1348\" class=\"more-link\">Continue reading <span class=\"screen-reader-text\">05-20 Sibenik &#8211; Zadar<\/span> <span class=\"meta-nav\">&rarr;<\/span><\/a><\/p>\n","protected":false},"author":1,"featured_media":0,"parent":1262,"menu_order":2394,"comment_status":"closed","ping_status":"closed","template":"","meta":{"ngg_post_thumbnail":0,"footnotes":""},"class_list":["post-1348","page","type-page","status-publish","hentry"],"_links":{"self":[{"href":"https:\/\/www.adrianwood.ch\/index.php?rest_route=\/wp\/v2\/pages\/1348","targetHints":{"allow":["GET"]}}],"collection":[{"href":"https:\/\/www.adrianwood.ch\/index.php?rest_route=\/wp\/v2\/pages"}],"about":[{"href":"https:\/\/www.adrianwood.ch\/index.php?rest_route=\/wp\/v2\/types\/page"}],"author":[{"embeddable":true,"href":"https:\/\/www.adrianwood.ch\/index.php?rest_route=\/wp\/v2\/users\/1"}],"replies":[{"embeddable":true,"href":"https:\/\/www.adrianwood.ch\/index.php?rest_route=%2Fwp%2Fv2%2Fcomments&post=1348"}],"version-history":[{"count":0,"href":"https:\/\/www.adrianwood.ch\/index.php?rest_route=\/wp\/v2\/pages\/1348\/revisions"}],"up":[{"embeddable":true,"href":"https:\/\/www.adrianwood.ch\/index.php?rest_route=\/wp\/v2\/pages\/1262"}],"wp:attachment":[{"href":"https:\/\/www.adrianwood.ch\/index.php?rest_route=%2Fwp%2Fv2%2Fmedia&parent=1348"}],"curies":[{"name":"wp","href":"https:\/\/api.w.org\/{rel}","templated":true}]}}