{"id":13657,"date":"2017-09-17T10:27:43","date_gmt":"2017-09-17T10:27:43","guid":{"rendered":"http:\/\/www.adrianwood.ch\/?page_id=13657"},"modified":"2017-09-17T13:12:59","modified_gmt":"2017-09-17T13:12:59","slug":"2014-val-mustair","status":"publish","type":"page","link":"https:\/\/www.adrianwood.ch\/?page_id=13657","title":{"rendered":"2014-02 Val M\u00fcstair"},"content":{"rendered":"<div class=\"pmdi_content_wrapper\">\n<figure id=\"attachment_13658\" aria-describedby=\"caption-attachment-13658\" style=\"width: 730px\" class=\"wp-caption alignleft\"><a href=\"http:\/\/www.adrianwood.ch\/wp-content\/uploads\/2017\/09\/DSC_0934_r7.jpg\"><img loading=\"lazy\" decoding=\"async\" class=\"size-full wp-image-13658\" src=\"http:\/\/www.adrianwood.ch\/wp-content\/uploads\/2017\/09\/DSC_0934_r7.jpg\" alt=\"\" height=\"411\" width=\"730\" srcset=\"https:\/\/www.adrianwood.ch\/wp-content\/uploads\/2017\/09\/DSC_0934_r7.jpg 730w, https:\/\/www.adrianwood.ch\/wp-content\/uploads\/2017\/09\/DSC_0934_r7-300x169.jpg 300w\" sizes=\"auto, (max-width: 730px) 100vw, 730px\" \/><\/a><figcaption id=\"caption-attachment-13658\" class=\"wp-caption-text\">Sicht auf der tiefverschneite Welt um den Ofenpass von Munt Buffalora<\/figcaption><\/figure>\n<h2 class=\"Normal-P\" style=\"margin-bottom: 6pt; direction: ltr; unicode-bidi: normal; text-align: left;\"><span class=\"Normal-H\"><span style=\"font-family: Arial; font-weight: bold; color: #000000;\">1-7 Februar 2014, <\/span><strong><span class=\"Strong-H\" style=\"font-family: Arial; color: #000000;\">Schneeschuhtourenwoche im Val M\u00fcstair <\/span><\/strong><span style=\"font-family: Arial; font-weight: bold; color: #000000;\">(M\u00fcnstertal), Graubunden<\/span><\/span><\/h2>\n<p class=\"Normal-P\" style=\"margin-bottom: 6pt; text-align: justify; text-justify: inter-ideograph; direction: ltr; unicode-bidi: normal;\"><span class=\"Normal-H\"><span style=\"font-family: Arial; color: #333333; letter-spacing: 0.3pt;\">Das idyllische <\/span><span style=\"font-family: Arial; color: #333333; letter-spacing: 0.3pt;\">Val M\u00fcstair ist eine eigene kleine Welt jenseits des Ofenpasses. Mit seinen <\/span><span style=\"font-family: Arial; color: #333333; letter-spacing: 0.3pt;\">im Sommer <\/span><span style=\"font-family: Arial; color: #333333; letter-spacing: 0.3pt;\">sattgr\u00fcnen Wiesen und gepflegten D\u00f6rfern bietet es einen Kontrast zur wilden Natur des nahen Nationalparks. Wegen der Fresken des Klosters St. Johann ist der Abstecher ins Tal auch f\u00fcr Kulturliebhaber ein &#8220;Muss&#8221;.<\/span><\/span><\/p>\n<p class=\"Normal-P\" style=\"margin-bottom: 6pt; text-align: justify; text-justify: inter-ideograph; direction: ltr; unicode-bidi: normal;\"><span class=\"Normal-H\"><span style=\"font-family: Arial; color: #333333;\">Das UNESCO <\/span><span style=\"font-family: Arial; color: #333333;\">Biosfera<\/span><span style=\"font-family: Arial; color: #333333;\"> Engiadina Val M\u00fcstair liegt in der s\u00fcd\u00f6stlichsten Ecke Graub\u00fcndens und erstreckt sich \u00fcber 18 Kilometer zwischen dem <\/span><span style=\"font-family: Arial; color: #333333;\">Ofenpass<\/span><span style=\"font-family: Arial; color: #333333;\"> und dem italienischen Vinschgau. Bereits die Anreise \u00fcber den <\/span><span style=\"font-family: Arial; color: #333333;\">Ofenpass<\/span><span style=\"font-family: Arial; color: #333333;\"> ist ein Erlebnis. Von Zernez im Unterengadin steigt die <\/span><span style=\"font-family: Arial; color: #333333;\">Strasse<\/span><span style=\"font-family: Arial; color: #333333;\"> durch den Schweizerischen Nationalpark zur Passh\u00f6he. Hier \u00f6ffnet sich der Ausblick hinunter ins Val M\u00fcstair und in s\u00fcd\u00f6stlicher Richtung zur S\u00fcdtiroler <\/span><span style=\"font-family: Arial; color: #333333;\">Ortlergruppe<\/span><span style=\"font-family: Arial; color: #333333;\"> (3908m).<\/span><\/span><\/p>\n<p class=\"Normal-P\" style=\"margin-bottom: 6pt; text-align: justify; text-justify: inter-ideograph; direction: ltr; unicode-bidi: normal;\"><span class=\"Normal-H\"><span style=\"font-family: Arial; color: #333333;\">Richtung <\/span><span style=\"font-family: Arial; color: #333333;\">Ofenpass<\/span><span style=\"font-family: Arial; color: #333333;\"> liegt das ruhige Bergdorf <\/span><span style=\"font-family: Arial; color: #333333;\">Valchava<\/span><span style=\"font-family: Arial; color: #333333;\"> auf 1440m mit seinem barocken Kirchturm aus dem 15. Jahrhundert. <\/span><span style=\"font-family: Arial; color: #333333;\">Ein <\/span><span style=\"font-family: Arial; color: #333333;\">Magischer Ort ist das Talmuseum \u00ab<\/span><span style=\"font-family: Arial; color: #333333;\">Chasa<\/span><span style=\"font-family: Arial; color: #333333;\">Jaura<\/span><span style=\"font-family: Arial; color: #333333;\">\u00bb, eines der sch\u00f6nsten H\u00e4user im Val M\u00fcstair. In den sorgf\u00e4ltig restaurierten R\u00e4umen erh\u00e4lt man dank antiken Originalm\u00f6beln und -ger\u00e4ten Einblick in die fr\u00fchere b\u00e4uerliche und handwerkliche Lebensweise der \u00ab<\/span><span style=\"font-family: Arial; color: #333333;\">Jauer<\/span><span style=\"font-family: Arial; color: #333333;\">\u00bb (M\u00fcnstertaler).<\/span><\/span><\/p>\n<p class=\"Normal-P\" style=\"margin-bottom: 6pt; text-align: justify; text-justify: inter-ideograph; direction: ltr; unicode-bidi: normal;\"><span class=\"Normal-H\"><span style=\"font-family: Arial; color: #333333;\">Eine prachtvolle Aussicht auf das Val M\u00fcstair <\/span><span style=\"font-family: Arial; color: #333333;\">geniesst<\/span><span style=\"font-family: Arial; color: #333333;\"> man auf der leichten H\u00f6henwanderung von der Ofenpassh\u00f6he durch herrliche <\/span><span style=\"font-family: Arial; color: #333333;\">Arvenw\u00e4lder<\/span><span style=\"font-family: Arial; color: #333333;\">, vorbei <\/span><span style=\"font-family: Arial; color: #333333;\">an Alph\u00fctten und \u00fcber Berg<\/span><span style=\"font-family: Arial; color: #333333;\">wiesen zum D\u00f6rfchen <\/span><span style=\"font-family: Arial; color: #333333;\">L\u00fc<\/span><span style=\"font-family: Arial; color: #333333;\"> (1920m).<\/span><span style=\"font-family: Arial; color: #333333;\"> Diese und andere bei normale Verh\u00e4ltnisse wenig <\/span><span style=\"font-family: Arial; color: #333333;\">anspr\u00fcchvolle<\/span><span style=\"font-family: Arial; color: #333333;\"> Routen haben wir bei unsere Schneeschuhtourenwoche <\/span><span style=\"font-family: Arial; color: #333333;\">bestritten<\/span><span style=\"font-family: Arial; color: #333333;\">. Allerdings<\/span><span style=\"font-family: Arial; color: #333333;\"> wenn die ganze Landschaft unter zwei Meter Neuschnee liegt, verlangt das <\/span><span style=\"font-family: Arial; color: #333333;\">Vorwartskommen<\/span><span style=\"font-family: Arial; color: #333333;\"> ein <\/span><span style=\"font-family: Arial; color: #333333;\">gr<\/span><span style=\"font-family: Arial; color: #333333;\">o<\/span><span style=\"font-family: Arial; color: #333333;\">sse<\/span><span style=\"font-family: Arial; color: #333333;\"> Einsatz. <\/span><span style=\"font-family: Arial; color: #333333;\">Ausserdem<\/span><span style=\"font-family: Arial; color: #333333;\"> weil wir uns die meisten Zeit im Nebel bewegt<\/span><span style=\"font-family: Arial; color: #333333;\">en<\/span><span style=\"font-family: Arial; color: #333333;\"> waren auch gute Ortsken<\/span><span style=\"font-family: Arial; color: #333333;\">tnisse vom <\/span><span style=\"font-family: Arial; color: #333333;\">N\u00f6tem<\/span><span style=\"font-family: Arial; color: #333333;\">. Nur dank unsere erfahrene und <\/span><span style=\"font-family: Arial; color: #333333;\">fleissige<\/span><span style=\"font-family: Arial; color: #333333;\"> lokale Tourenleiter, Isidor, k\u00f6nnten wir die traumhafte <\/span><span style=\"font-family: Arial; color: #333333;\">weisse<\/span><span style=\"font-family: Arial; color: #333333;\"> Welt <\/span><span style=\"font-family: Arial; color: #333333;\">geniessen<\/span><span style=\"font-family: Arial; color: #333333;\">. An zwei Tagen haben wir mindestens am Nachmittag etwas Sonne und frei<\/span><span style=\"font-family: Arial; color: #333333;\">e<\/span><span style=\"font-family: Arial; color: #333333;\"> Sicht gehabt<\/span><span style=\"font-family: Arial; color: #333333;\">, aber erst am letzten Tourentag hatten wir ganztags Sonne. Die weite <\/span><span style=\"font-family: Arial; color: #333333;\">glitzende<\/span><span style=\"font-family: Arial; color: #333333;\">Lanschaft<\/span><span style=\"font-family: Arial; color: #333333;\"> hat uns dann f\u00fcr <\/span><span style=\"font-family: Arial; color: #333333;\">den Strapazen<\/span><span style=\"font-family: Arial; color: #333333;\"> der vorherige Tage gelohnt.<\/span><\/span><\/p>\n<p class=\"Normal-P\" style=\"margin-bottom: 6pt; text-align: justify; text-justify: inter-ideograph; direction: ltr; unicode-bidi: normal;\"><span class=\"Normal-H\"><span style=\"font-family: Arial; font-weight: bold; color: #333333;\">Tourenprogramm<\/span><\/span><\/p>\n<p class=\"Normal-P\" style=\"margin-bottom: 6pt; text-align: justify; text-justify: inter-ideograph; direction: ltr; unicode-bidi: normal;\"><strong><span class=\"Normal-H\"><span class=\"Strong-H\" style=\"font-family: Arial; color: #000000;\">1.<\/span><span class=\"Strong-H\" style=\"font-family: Arial; color: #000000;\">Feb.<\/span><span class=\"Strong-H\" style=\"font-family: Arial; color: #000000;\">Valchava <\/span><span class=\"Strong-H\" style=\"font-family: Arial; color: #000000;\">&#8211; <\/span><span class=\"Strong-H\" style=\"font-family: Arial; color: #000000;\">Fuldera<\/span><\/span><\/strong><\/p>\n<p class=\"Normal-P\" style=\"margin-bottom: 6pt; text-align: justify; text-justify: inter-ideograph; direction: ltr; unicode-bidi: normal;\"><a href=\"http:\/\/www.adrianwood.ch\/?page_id=13663\"><strong><span class=\"Normal-H\"><span class=\"Strong-H\" style=\"font-family: Arial; color: #000000;\">2.Feb. Alp da Munt<\/span><span class=\"Strong-H\" style=\"font-family: Arial; color: #000000;\"> 221<\/span><span class=\"Strong-H\" style=\"font-family: Arial; color: #000000;\">3m \u2013 Offenpass Strasse <\/span><span class=\"Strong-H\" style=\"font-family: Arial; color: #000000;\">2078m <\/span><span class=\"Strong-H\" style=\"font-family: Arial; color: #000000;\">&#8211;<\/span><span class=\"Strong-H\" style=\"font-family: Arial; color: #000000;\">Tschierv<\/span><span class=\"Strong-H\" style=\"font-family: Arial; color: #000000;\"> 1693m<\/span><\/span><\/strong><\/a><\/p>\n<p class=\"Normal-P\" style=\"margin-bottom: 6pt; text-align: justify; text-justify: inter-ideograph; direction: ltr; unicode-bidi: normal;\"><a href=\"http:\/\/www.adrianwood.ch\/?page_id=13930\"><strong><span class=\"Normal-H\"><span class=\"Strong-H\" style=\"font-family: Arial; color: #000000;\">3.<\/span><span class=\"Strong-H\" style=\"font-family: Arial; color: #000000;\">Feb. <\/span><span class=\"Strong-H\" style=\"font-family: Arial; color: #000000;\">L\u00fc <\/span><span class=\"Strong-H\" style=\"font-family: Arial; color: #000000;\">1920m <\/span><span class=\"Strong-H\" style=\"font-family: Arial; color: #000000;\">\u2013 <\/span><span class=\"Strong-H\" style=\"font-family: Arial; color: #000000;\">Pass da <\/span><span class=\"Strong-H\" style=\"font-family: Arial; color: #000000;\">Costainas <\/span><span class=\"Strong-H\" style=\"font-family: Arial; color: #000000;\">2251m <\/span><span class=\"Strong-H\" style=\"font-family: Arial; color: #000000;\">\u2013 <\/span><span class=\"Strong-H\" style=\"font-family: Arial; color: #000000;\">Alp<\/span><span class=\"Strong-H\" style=\"font-family: Arial; color: #000000;\"> Astra <\/span><span class=\"Strong-H\" style=\"font-family: Arial; color: #000000;\">2135m <\/span><span class=\"Strong-H\" style=\"font-family: Arial; color: #000000;\">\u2013 <\/span><span class=\"Strong-H\" style=\"font-family: Arial; color: #000000;\">Alp <\/span><span class=\"Strong-H\" style=\"font-family: Arial; color: #000000;\">Munt<\/span><span class=\"Strong-H\" style=\"font-family: Arial; color: #000000;\"> 2213m<\/span><\/span><\/strong><\/a><\/p>\n<p class=\"Normal-P\" style=\"margin-bottom: 6pt; text-align: justify; text-justify: inter-ideograph; direction: ltr; unicode-bidi: normal;\"><a href=\"http:\/\/www.adrianwood.ch\/?page_id=13938\"><strong><span class=\"Normal-H\"><span class=\"Strong-H\" style=\"font-family: Arial; color: #000000;\">4.Feb. <\/span><span class=\"Strong-H\" style=\"font-family: Arial; color: #000000;\">L\u00fc <\/span><span class=\"Strong-H\" style=\"font-family: Arial; color: #000000;\">1920m <\/span><span class=\"Strong-H\" style=\"font-family: Arial; color: #000000;\">\u2013 Alp <\/span><span class=\"Strong-H\" style=\"font-family: Arial; color: #000000;\">Tabladatsch<\/span><span class=\"Strong-H\" style=\"font-family: Arial; color: #000000;\"> 2245m &#8211; <\/span><span class=\"Strong-H\" style=\"font-family: Arial; color: #000000;\">L\u00fc<\/span><\/span><\/strong><\/a><\/p>\n<p class=\"Normal-P\" style=\"margin-bottom: 6pt; text-align: justify; text-justify: inter-ideograph; direction: ltr; unicode-bidi: normal;\"><a href=\"http:\/\/www.adrianwood.ch\/?page_id=13943\"><strong><span class=\"Normal-H\"><span class=\"Strong-H\" style=\"font-family: Arial; color: #000000;\">5.<\/span><span class=\"Strong-H\" style=\"font-family: Arial; color: #000000;\">Feb.<\/span><span style=\"font-family: Arial; color: #000000;\">Tschierv<\/span><span style=\"font-family: Arial; color: #000000;\"> &#8211; <\/span><span style=\"font-family: Arial; color: #000000;\">Funtauna<\/span><span style=\"font-family: Arial; color: #000000;\"> Grossa 1922m <\/span><span style=\"font-family: Arial; color: #000000;\">&#8211; <\/span><span class=\"Strong-H\" style=\"font-family: Arial; color: #000000;\">Alp <\/span><span class=\"Strong-H\" style=\"font-family: Arial; color: #000000;\">Sadra<\/span><span class=\"Strong-H\" style=\"font-family: Arial; color: #000000;\"> &#8211;<\/span><span style=\"font-family: Arial; color: #000000;\">Val <\/span><span style=\"font-family: Arial; color: #000000;\">Ruins<\/span><span style=\"font-family: Arial; color: #000000;\"> &#8211; <\/span><span style=\"font-family: Arial; color: #000000;\">Langlaufzentrum<\/span><\/span><\/strong><\/a><\/p>\n<p class=\"Normal-P\" style=\"margin-bottom: 6pt; text-align: justify; text-justify: inter-ideograph; direction: ltr; unicode-bidi: normal;\"><a href=\"http:\/\/www.adrianwood.ch\/?page_id=13949\"><strong><span class=\"Normal-H\"><span style=\"font-family: Arial; color: #000000;\">6.<\/span><span style=\"font-family: Arial; color: #000000;\">Feb<\/span><span style=\"font-family: Arial; color: #000000;\">. <\/span><span style=\"font-family: Arial; color: #000000;\">Buffalora 1968m<\/span><span style=\"font-family: Arial; color: #000000;\"> &#8211; <\/span><span style=\"font-family: Arial; color: #000000;\">Alp<\/span><span style=\"font-family: Arial; color: #000000;\"> Buffalora 2038m<\/span><span class=\"Strong-H\" style=\"font-family: Arial; color: #000000;\"> &#8211; <\/span><span class=\"Strong-H\" style=\"font-family: Arial; color: #000000;\">Munt<\/span><span class=\"Strong-H\" style=\"font-family: Arial; color: #000000;\"> Buffalora <\/span><span class=\"Strong-H\" style=\"font-family: Arial; color: #000000;\">2627m \u2013 Val <\/span><span class=\"Strong-H\" style=\"font-family: Arial; color: #000000;\">Murtar\u00f6l<\/span><\/span><\/strong><\/a><\/p>\n<p class=\"Normal-P\" style=\"margin-bottom: 6pt; text-align: justify; text-justify: inter-ideograph; direction: ltr; unicode-bidi: normal;\"><a href=\"http:\/\/www.adrianwood.ch\/?page_id=13954\"><strong><span class=\"Normal-H\"><span class=\"Strong-H\" style=\"font-family: Arial; color: #000000;\">7.Feb. Kloster Sankt Johann in M\u00fcstair<\/span><\/span><\/strong><\/a><\/p>\n<figure id=\"attachment_13661\" aria-describedby=\"caption-attachment-13661\" style=\"width: 1078px\" class=\"wp-caption alignleft\"><a href=\"http:\/\/www.adrianwood.ch\/wp-content\/uploads\/2017\/09\/1-Valchava-Fuldera.jpg\"><img loading=\"lazy\" decoding=\"async\" class=\"size-full wp-image-13661\" src=\"http:\/\/www.adrianwood.ch\/wp-content\/uploads\/2017\/09\/1-Valchava-Fuldera.jpg\" alt=\"\" height=\"599\" width=\"1078\" srcset=\"https:\/\/www.adrianwood.ch\/wp-content\/uploads\/2017\/09\/1-Valchava-Fuldera.jpg 1078w, https:\/\/www.adrianwood.ch\/wp-content\/uploads\/2017\/09\/1-Valchava-Fuldera-300x167.jpg 300w, https:\/\/www.adrianwood.ch\/wp-content\/uploads\/2017\/09\/1-Valchava-Fuldera-768x427.jpg 768w, https:\/\/www.adrianwood.ch\/wp-content\/uploads\/2017\/09\/1-Valchava-Fuldera-1024x569.jpg 1024w, https:\/\/www.adrianwood.ch\/wp-content\/uploads\/2017\/09\/1-Valchava-Fuldera-672x372.jpg 672w, https:\/\/www.adrianwood.ch\/wp-content\/uploads\/2017\/09\/1-Valchava-Fuldera-1038x576.jpg 1038w\" sizes=\"auto, (max-width: 1078px) 100vw, 1078px\" \/><\/a><figcaption id=\"caption-attachment-13661\" class=\"wp-caption-text\">Valchava-Fuldera<\/figcaption><\/figure>\n<\/div>\n","protected":false},"excerpt":{"rendered":"<p>1-7 Februar 2014, Schneeschuhtourenwoche im Val M\u00fcstair (M\u00fcnstertal), Graubunden Das idyllische Val M\u00fcstair ist eine eigene kleine Welt jenseits des Ofenpasses. Mit seinen im Sommer sattgr\u00fcnen Wiesen und gepflegten D\u00f6rfern bietet es einen Kontrast zur wilden Natur des nahen Nationalparks. Wegen der Fresken des Klosters St. Johann ist der Abstecher ins Tal auch f\u00fcr Kulturliebhaber &hellip; <a href=\"https:\/\/www.adrianwood.ch\/?page_id=13657\" class=\"more-link\">Continue reading <span class=\"screen-reader-text\">2014-02 Val M\u00fcstair<\/span> <span class=\"meta-nav\">&rarr;<\/span><\/a><\/p>\n","protected":false},"author":1,"featured_media":0,"parent":138,"menu_order":1740,"comment_status":"closed","ping_status":"closed","template":"","meta":{"ngg_post_thumbnail":0,"footnotes":""},"class_list":["post-13657","page","type-page","status-publish","hentry"],"_links":{"self":[{"href":"https:\/\/www.adrianwood.ch\/index.php?rest_route=\/wp\/v2\/pages\/13657","targetHints":{"allow":["GET"]}}],"collection":[{"href":"https:\/\/www.adrianwood.ch\/index.php?rest_route=\/wp\/v2\/pages"}],"about":[{"href":"https:\/\/www.adrianwood.ch\/index.php?rest_route=\/wp\/v2\/types\/page"}],"author":[{"embeddable":true,"href":"https:\/\/www.adrianwood.ch\/index.php?rest_route=\/wp\/v2\/users\/1"}],"replies":[{"embeddable":true,"href":"https:\/\/www.adrianwood.ch\/index.php?rest_route=%2Fwp%2Fv2%2Fcomments&post=13657"}],"version-history":[{"count":11,"href":"https:\/\/www.adrianwood.ch\/index.php?rest_route=\/wp\/v2\/pages\/13657\/revisions"}],"predecessor-version":[{"id":15414,"href":"https:\/\/www.adrianwood.ch\/index.php?rest_route=\/wp\/v2\/pages\/13657\/revisions\/15414"}],"up":[{"embeddable":true,"href":"https:\/\/www.adrianwood.ch\/index.php?rest_route=\/wp\/v2\/pages\/138"}],"wp:attachment":[{"href":"https:\/\/www.adrianwood.ch\/index.php?rest_route=%2Fwp%2Fv2%2Fmedia&parent=13657"}],"curies":[{"name":"wp","href":"https:\/\/api.w.org\/{rel}","templated":true}]}}