{"id":1398,"date":"2011-07-25T14:21:27","date_gmt":"2011-07-25T13:21:27","guid":{"rendered":"http:\/\/adrianwood.ch\/?page_id=1398"},"modified":"2011-07-25T14:21:27","modified_gmt":"2011-07-25T13:21:27","slug":"05-26-cetina-schlucht","status":"publish","type":"page","link":"https:\/\/www.adrianwood.ch\/?page_id=1398","title":{"rendered":"05-26 Cetina Schlucht"},"content":{"rendered":"<h1>26. Mai, Cetina Schlucht<\/h1>\n<table border=\"0\" cellspacing=\"0\" cellpadding=\"0\">\n<tbody>\n<tr>\n<td style=\"text-align: justify;\" colspan=\"2\" valign=\"top\" width=\"818\">Am heutigen Morgen wurden wir von wolkenlosem Himmel begr\u00fcsst. Der Tag begann wie gewohnt mit Fr\u00fchst\u00fcck um halb 8 und Treffpunkt vor dem Hotel um halb 9 Uhr. Adrian hatte eine gef\u00fchrte Wanderung organisiert, mit der M\u00f6glichkeit, den Wanderteil durch River Rafting zu ersetzen.<\/td>\n<\/tr>\n<tr>\n<td valign=\"top\" width=\"410\">\u00a0<img decoding=\"async\" class=\"ngg-singlepic ngg-none\" src=\"http:\/\/adrianwood.ch\/wp-content\/gallery\/croatia21_2\/image001_r4_0.jpg\" alt=\"image001_r4_0\" \/><\/td>\n<td valign=\"top\" width=\"407\">\u00a0<img decoding=\"async\" class=\"ngg-singlepic ngg-none\" src=\"http:\/\/adrianwood.ch\/wp-content\/gallery\/croatia21_2\/image002_r4.jpg\" alt=\"image002_r4\" \/><\/td>\n<\/tr>\n<tr>\n<td valign=\"top\" width=\"410\">\n<p style=\"text-align: justify;\">3 Kleinbusse warteten bereits vor dem Hotel auf uns, und eine junge Reiseleiterin begr\u00fcsste uns. Sie trug leichte Sandalen, was bei uns gewisse Zweifel aufkommen liess, ob wir mit unseren Wanderschuhen richtig ausger\u00fcstet waren. Es stellte sich heraus, dass sie noch anderes Schuhwerk bei sich hatte, auch wenn sie mit ihren Turnschuhen nicht mit unseren Wanderschuhen mithalten konnte (die Turnschuhe waren aber durchaus ausreichend f\u00fcr die Wege, die wir begehen sollten).<\/p>\n<\/td>\n<td valign=\"top\" width=\"407\">\u00a0<img decoding=\"async\" class=\"ngg-singlepic ngg-none\" src=\"http:\/\/adrianwood.ch\/wp-content\/gallery\/croatia21_2\/image003_r4_0.jpg\" alt=\"image003_r4_0\" \/><\/td>\n<\/tr>\n<tr>\n<td valign=\"top\" width=\"410\">\u00a0<img decoding=\"async\" class=\"ngg-singlepic ngg-none\" src=\"http:\/\/adrianwood.ch\/wp-content\/gallery\/croatia21_2\/image004_r4.jpg\" alt=\"image004_r4\" \/><\/td>\n<td style=\"text-align: justify;\" valign=\"top\" width=\"407\">Die Minibusse brachten uns in die Cetina-Schlucht, und wir stiegen nach einer halbst\u00fcndigen Fahrt bei der Poljica Br\u00fccke aus. Dort bekamen wir eine kleine Einf\u00fchrung \u00fcber die Region Poljica. Die Br\u00fccke, benannt nach der gleichnamigen Region, war anfangs 19. Jahrhundert errichtet und sp\u00e4ter renoviert worden.Ein kurzer Spaziergang endete bei einer alten M\u00fchle aus dem 16. Jahrhundert, wo 2 grosse, flache, runde Brotfladen mit Mangoldf\u00fcllung auf uns warteten. Dazu gab es Wein und Schnaps.<\/td>\n<\/tr>\n<tr>\n<td style=\"text-align: justify;\" valign=\"top\" width=\"410\">Die M\u00fchle diente nur noch zu Schauzwecken und war eine Rekonstruktion nach echtem Vorbild. Der Gastgeber gab bereitwillig Auskunft \u00fcber die Geschichte rund um die M\u00fchle. Wir durften auch einen Blick unter das Haus werfen, wo ein horizontales Schaufelrad vom Wasser angetrieben wurde und den in der H\u00fctte befindlichen M\u00fchlestein in Gang hielt.Nachdem wir uns die B\u00e4uche vollgeschlagen hatten, verabschiedeten sich die 7 River Rafter vom Rest der Gruppe. Es waren dies Vreni S., Vreni G., Suzanne, Mona, Irka, Ian und Hans.<\/td>\n<td style=\"text-align: justify;\" valign=\"top\" width=\"407\">\u00a0<img decoding=\"async\" class=\"ngg-singlepic ngg-none\" src=\"http:\/\/adrianwood.ch\/wp-content\/gallery\/croatia21_2\/image005_r4_0.jpg\" alt=\"image005_r4_0\" \/><\/td>\n<\/tr>\n<tr>\n<td style=\"text-align: justify;\" colspan=\"2\" valign=\"top\" width=\"818\">Wir anderen verliessen die M\u00fchle kurze Zeit sp\u00e4ter, nachdem der restliche Mangoldfladen als Mittags-Picknick eingepackt worden war. Mit nunmehr 2 Minibussen wurden wir zu einem Aussichtspunkt oberhalb eines Elektrizit\u00e4tswerkes (1912 erbaut) gefahren. Eine kleine Kapelle mit modernem Jesuskreuz und Aussichtsplattform gew\u00e4hrte uns einen sch\u00f6nen Blick auf den Berg Kula, den wir am Vortag bestiegen hatten. W\u00e4hrend unsere Reisef\u00fchrerin uns \u00fcber das E-werk und die Gegend informieren wollte, hatten wir nur Augen und Geh\u00f6r f\u00fcr den Berg. Die Reiseleiterin gab sich schliesslich geschlagen und behielt ihre Geschichte f\u00fcr sich.<\/td>\n<\/tr>\n<tr>\n<td valign=\"top\" width=\"410\">\u00a0<img decoding=\"async\" class=\"ngg-singlepic ngg-none\" src=\"http:\/\/adrianwood.ch\/wp-content\/gallery\/croatia21_2\/image006_r4.jpg\" alt=\"image006_r4\" \/><\/td>\n<td valign=\"top\" width=\"407\">\u00a0<img decoding=\"async\" class=\"ngg-singlepic ngg-none\" src=\"http:\/\/adrianwood.ch\/wp-content\/gallery\/croatia21_2\/image007_r4_0.jpg\" alt=\"image007_r4_0\" \/><\/td>\n<\/tr>\n<tr>\n<td style=\"text-align: justify;\" colspan=\"2\" valign=\"top\" width=\"818\">Wir setzten die Fahrt fort und legten einen weiteren, ausserplanm\u00e4ssigen Halt ein, bei dem wir aus der Ferne von oben in die Cetina Schlucht mit Wasserf\u00e4llen blicken konnten. Der Zugang zu dem Ort war anscheinend verboten wegen irgendwelchen Zwistigkeiten um Touristen\u00ad H\u00e4uschen oder so \u00e4hnlich. Da aber kein offizielles Schild angebracht war, das den Zutritt untersagte, setzte sich Adrian durch und wir unternahmen den kleinen Abstecher zum Rand der Schlucht.Eine weitere 20-min\u00fctige Busfahrt brachte uns an den Ausgangspunkt unserer Wanderung beim Dorf Kostanje. Die Kirchenuhr schlug Mittag, als wir los marschierten. Es war bereits heiss, und wir legten die erste halbe Stunde auf einer Asphaltstrasse in der prallen Sonne zur\u00fcck. Die Gruppe zog sich auseinander. Jene, die zuletzt in der Gruppe liefen bekamen die vordersten meist gar nicht zu sehen. Die Reiseleiterin versuchte zu Beginn noch sich entzwei zu teilen, um vorne und hinten gleichzeitig zu sein, gab sich dann aber geschlagen.<\/td>\n<\/tr>\n<tr>\n<td valign=\"top\" width=\"410\">\u00a0<img decoding=\"async\" class=\"ngg-singlepic ngg-none\" src=\"http:\/\/adrianwood.ch\/wp-content\/gallery\/croatia21_2\/image008_r4.jpg\" alt=\"image008_r4\" \/><\/td>\n<td valign=\"top\" width=\"407\">\u00a0<img decoding=\"async\" class=\"ngg-singlepic ngg-none\" src=\"http:\/\/adrianwood.ch\/wp-content\/gallery\/croatia21_2\/image009_r4_0.jpg\" alt=\"image009_r4_0\" \/><\/td>\n<\/tr>\n<tr>\n<td style=\"text-align: justify;\" colspan=\"2\" valign=\"top\" width=\"818\">Wir gelangten zu einem Brunnen, aus dem frisches Trinkwasser sprudelte. Wir standen Schlange, bis alle sich am k\u00fchlen Nass gelabt und ihre Trinkflaschen gef\u00fcllt hatten. Weiter ging der Weg bis zum Fluss Cetina, wo die River Rafting Leute bereits mit ihrem Schlauchboot auf uns warteten. Wir sollten in Etappen mit dem Boot den Fluss \u00fcberqueren. Adrian berief eine halbst\u00fcndige Mittags- beziehungsweise Badepause ein, zum Leidwesen unserer Reiseleiterin, die eine k\u00fcrzere Pause vorgezogen h\u00e4tte, da wir bereits versp\u00e4tetet waren. Auch die River Rafter mussten somit eine weitere halbe Stunde warten. Die Leute in der Gruppe, die baden wollten, genossen die Abk\u00fchlung im Fluss. Die anderen liessen sich schon auf die andere Flussseite fahren und rasteten dr\u00fcben.<\/td>\n<\/tr>\n<tr>\n<td style=\"text-align: justify;\" colspan=\"2\" valign=\"top\" width=\"818\">Um Viertel nach 1 Uhr setzten auch die letzten Leute auf die andere Flussseite \u00fcber und die Wanderung wurde fortgesetzt. Nur kurze Zeit f\u00fchrte ein Grasweg im Schatten zur Schlucht hinaus, vorbei an sch\u00f6nen Orchideen (Hummel Ragwurz, Dingel), bl\u00fchenden Ginsterb\u00fcschen, Wachtelweizen und anderen Pflanzen. Dann waren wir wieder der prallen Sonne ausgesetzt und bald darauf liefen wir auch wieder auf Asphalt. W\u00e4hrend die Hitze die einen zum schnelleren laufen veranlasste, wirkte sie auf andere eher bremsend. Vreni C. liess sich ein Taxi bestellen und fuhr ein St\u00fcck weit im Auto, um sich von der Sonne zu erholen. Es herrschte eine allgemeine Unruhe und Gereiztheit in der Gruppe. Ein Brunnen an der Strasse lud wieder zum Trinken ein und Vreni C. wartete dort in einer Wirtschaft auf uns und setzte die Wanderung mit uns anderen fort.<\/td>\n<\/tr>\n<tr>\n<td valign=\"top\" width=\"410\">\u00a0<img decoding=\"async\" class=\"ngg-singlepic ngg-none\" src=\"http:\/\/adrianwood.ch\/wp-content\/gallery\/croatia21_2\/image010_r4.jpg\" alt=\"image010_r4\" \/><\/td>\n<td valign=\"top\" width=\"407\">\u00a0<img decoding=\"async\" class=\"ngg-singlepic ngg-none\" src=\"http:\/\/adrianwood.ch\/wp-content\/gallery\/croatia21_2\/image011_r4.jpg\" alt=\"image011_r4\" \/><\/td>\n<\/tr>\n<tr>\n<td style=\"text-align: justify;\" colspan=\"2\" valign=\"top\" width=\"818\">Um Viertel nach 3 Uhr, mit nur einer Viertelstunde Versp\u00e4tung, war es geschafft und wir hatten unser Ziel erreicht: die Konoba (Wirtschaft) Kremenko. Die Beiz war originell eingerichtet, \u00e0 la Flintstone. Sogar die Kellner waren passend eingekleidet (zwar nicht in Fellkleidung, aber mit gelbem Hemd, das an Fellmuster erinnerte, und kurzer breiter blauer Krawatte). Wanderer und River Rafter waren wieder vereint. Die Stimmung der Leute hob sich schnell, als die Getr\u00e4nke und das Essen serviert wurden. Die Vorspeise bestand aus gebratenem Gem\u00fcse mit gutem Brot. Es folgte eine Fleischpfanne mit Kartoffeln, Zwiebeln und Karotten, dazu gemischter Salat. In der Gruppe herrschte Uneinigkeit dar\u00fcber, was f\u00fcr Fleisch wir assen. Bei den Kellnern auch. W\u00e4hrend es zuerst hiess, es sei Lamm, \u00e4nderte der Kellner dann seine Meinung in Kalbfleisch. Da das Fleisch recht fettig war, h\u00e4tten viele eher auf Schwein getippt, aber von der Faserung her, k\u00f6nnte es wohl auch etwas anderes gewesen sein. Am Geschmack war jedenfalls nichts auszusetzten. Genauso wenig am Dessert, das aus Palac\u030cinka oder Eisbecher bestand. Wein und Bier sorgten f\u00fcr weiteren Stimmungs\u00ad\u00adauf\u00adschwung. Auch im Bus dauerte die Ausgelassenheit noch an, als man sich vor 6 Uhr daran machte, das Lokal zu verlassen, nachdem jeder seine Getr\u00e4nkerechnung bezahlt hatte. Es dauerte eine Weile, bis alle Leute die Wirtschaft verlassen hatten. Die Busse fuhren los, sobald sie voll waren, so dass die meisten den Grund f\u00fcr das lange Warten erst sp\u00e4ter erfuhren. Es gab anscheinend Unstimmigkeiten bei der Getr\u00e4nke\u00adabrechnung. Als Adrian am Schluss das Essen bezahlen wollte, waren noch 9 Bier und ein paar Liter Wein ausstehend. Die Chefin des Hauses zeigte sich wenig entgegenkommend und war nicht bereit, einen Fehler von Seite der Kellner in Betracht zu ziehen. So zog sich die Diskussion ums Zahlen in die L\u00e4nge.<\/td>\n<\/tr>\n<tr>\n<td valign=\"top\" width=\"410\">\u00a0<img decoding=\"async\" class=\"ngg-singlepic ngg-none\" src=\"http:\/\/adrianwood.ch\/wp-content\/gallery\/croatia21_2\/image012_r4.jpg\" alt=\"image012_r4\" \/><\/td>\n<td valign=\"top\" width=\"407\">\u00a0<img decoding=\"async\" class=\"ngg-singlepic ngg-none\" src=\"http:\/\/adrianwood.ch\/wp-content\/gallery\/croatia21_2\/image013_r4.jpg\" alt=\"image013_r4\" \/><\/td>\n<\/tr>\n<tr>\n<td colspan=\"2\" valign=\"top\" width=\"818\">Gegen halb 7 waren die Busse zur\u00fcck in Omis\u030c und die Gruppe l\u00f6ste sich auf. Einige Leute gingen zur\u00fcck ins Hotel, andere direkt ins Dorf und wieder andere begaben sich an den Strand.<\/p>\n<p style=\"text-align: justify;\">Danke Adrian f\u00fcr diesen Tag und das gute Essen (auch wenn es f\u00fcr dich mit \u00c4rger verbunden war).<\/p>\n<p style=\"text-align: justify;\">Silvana<\/p>\n<\/td>\n<\/tr>\n<tr>\n<td colspan=\"2\" valign=\"top\" width=\"818\"><\/td>\n<\/tr>\n<tr>\n<td colspan=\"2\" valign=\"top\" width=\"818\"><\/td>\n<\/tr>\n<\/tbody>\n<\/table>\n<p><span style=\"font-size: small;\">\u00a0<img decoding=\"async\" class=\"ngg-singlepic ngg-none\" src=\"http:\/\/adrianwood.ch\/wp-content\/gallery\/croatia21_2\/image014_r.jpg\" alt=\"image014_r\" \/><\/span><\/p>\n<p><img decoding=\"async\" class=\"ngg-singlepic ngg-none\" src=\"http:\/\/adrianwood.ch\/wp-content\/gallery\/croatia21_2\/image015_r.jpg\" alt=\"image015_r\" \/><\/p>\n<p>&nbsp;<\/p>\n","protected":false},"excerpt":{"rendered":"<p>26. Mai, Cetina Schlucht Am heutigen Morgen wurden wir von wolkenlosem Himmel begr\u00fcsst. Der Tag begann wie gewohnt mit Fr\u00fchst\u00fcck um halb 8 und Treffpunkt vor dem Hotel um halb 9 Uhr. Adrian hatte eine gef\u00fchrte Wanderung organisiert, mit der M\u00f6glichkeit, den Wanderteil durch River Rafting zu ersetzen. \u00a0 \u00a0 3 Kleinbusse warteten bereits vor &hellip; <a href=\"https:\/\/www.adrianwood.ch\/?page_id=1398\" class=\"more-link\">Continue reading <span class=\"screen-reader-text\">05-26 Cetina Schlucht<\/span> <span class=\"meta-nav\">&rarr;<\/span><\/a><\/p>\n","protected":false},"author":1,"featured_media":0,"parent":1262,"menu_order":2405,"comment_status":"closed","ping_status":"closed","template":"","meta":{"ngg_post_thumbnail":0,"footnotes":""},"class_list":["post-1398","page","type-page","status-publish","hentry"],"_links":{"self":[{"href":"https:\/\/www.adrianwood.ch\/index.php?rest_route=\/wp\/v2\/pages\/1398","targetHints":{"allow":["GET"]}}],"collection":[{"href":"https:\/\/www.adrianwood.ch\/index.php?rest_route=\/wp\/v2\/pages"}],"about":[{"href":"https:\/\/www.adrianwood.ch\/index.php?rest_route=\/wp\/v2\/types\/page"}],"author":[{"embeddable":true,"href":"https:\/\/www.adrianwood.ch\/index.php?rest_route=\/wp\/v2\/users\/1"}],"replies":[{"embeddable":true,"href":"https:\/\/www.adrianwood.ch\/index.php?rest_route=%2Fwp%2Fv2%2Fcomments&post=1398"}],"version-history":[{"count":0,"href":"https:\/\/www.adrianwood.ch\/index.php?rest_route=\/wp\/v2\/pages\/1398\/revisions"}],"up":[{"embeddable":true,"href":"https:\/\/www.adrianwood.ch\/index.php?rest_route=\/wp\/v2\/pages\/1262"}],"wp:attachment":[{"href":"https:\/\/www.adrianwood.ch\/index.php?rest_route=%2Fwp%2Fv2%2Fmedia&parent=1398"}],"curies":[{"name":"wp","href":"https:\/\/api.w.org\/{rel}","templated":true}]}}