{"id":14527,"date":"2017-12-03T11:23:24","date_gmt":"2017-12-03T11:23:24","guid":{"rendered":"http:\/\/www.adrianwood.ch\/?page_id=14527"},"modified":"2017-12-03T11:32:15","modified_gmt":"2017-12-03T11:32:15","slug":"programm","status":"publish","type":"page","link":"https:\/\/www.adrianwood.ch\/?page_id=14527","title":{"rendered":"Programm"},"content":{"rendered":"<div class=\"pmdi_content_wrapper\">\n<p class=\"Normal-P\" style=\"margin-top: 6pt; margin-bottom: 6pt; direction: ltr; unicode-bidi: normal;\">\n<table class=\"TableGrid-T\" style=\"border-collapse: collapse;\" cellspacing=\"0\">\n<tbody>\n<tr class=\"-R\">\n<td class=\"-C\" style=\"width: 464.4pt;\" colspan=\"4\">\n<p class=\"Normal-P\" style=\"margin-top: 6pt; margin-bottom: 6pt; text-align: center; direction: ltr; unicode-bidi: normal;\"><span class=\"Normal-H\"><span style=\"font-weight: bold;\"><img decoding=\"async\" src=\"http:\/\/www.adrianwood.ch\/wp-content\/uploads\/2017\/12\/1512300169_image1.jpeg\" data-link=\"\" width=\"598px \" height=\"474px \"><\/span><\/span><\/p>\n<\/td>\n<\/tr>\n<tr class=\"-R\">\n<td class=\"-C\" style=\"width: 464.4pt;\" colspan=\"4\">\n<p class=\"Normal-P\" style=\"margin-top: 6pt; margin-bottom: 6pt; text-align: center; direction: ltr; unicode-bidi: normal;\"><span class=\"Normal-H\"><span style=\"font-weight: bold;\">Programm<\/span><\/span><\/p>\n<\/td>\n<\/tr>\n<tr class=\"-R\">\n<td class=\"-C\" style=\"width: 122.4pt;\">\n<p class=\"Normal-P\" style=\"margin-top: 6pt; margin-bottom: 6pt; direction: ltr; unicode-bidi: normal;\"><span class=\"Normal-H\"><span style=\"font-weight: bold;\">Sonntag, 21. August<\/span><\/span><\/p>\n<\/td>\n<td class=\"-C\" style=\"width: 342pt;\" colspan=\"3\">\n<p class=\"Normal-P\" style=\"margin-top: 6pt; margin-bottom: 6pt; direction: ltr; unicode-bidi: normal;\"><span class=\"Normal-H\">Abfahrt 11.05 von Basel richtung, Biel, Lausanne, Martigny. Ankunft in Orsieres 14.54. Bus nach Aosta. Ankunft 17.25. \u00dcbernachtung im Hotel Grand Paradiso.<\/span><\/p>\n<\/td>\n<\/tr>\n<tr class=\"-R\">\n<td class=\"-C\" style=\"width: 122.4pt;\">\n<p class=\"Normal-P\" style=\"margin-top: 6pt; margin-bottom: 6pt; direction: ltr; unicode-bidi: normal;\"><span class=\"Normal-H\"><span style=\"font-weight: bold;\">Montag, 22. <\/span><span style=\"font-weight: bold;\">August<\/span><\/span><\/p>\n<\/td>\n<td class=\"-C\" style=\"width: 342pt;\" colspan=\"3\">\n<p class=\"Normal-P\" style=\"margin-top: 6pt; margin-bottom: 6pt; direction: ltr; unicode-bidi: normal;\"><span class=\"Normal-H\">Bus nach Chatillon und weiter nach Cervinia um 9.00, Ankunft 11.35. Wanderung, Cervinia, 2006m \u2013 Finestra di Cignana, 2441m &#8211; Refugio Barmasse, 2189m (ca 3 Std.).<\/span><\/p>\n<\/td>\n<\/tr>\n<tr class=\"-R\">\n<td class=\"-C\" style=\"width: 122.4pt;\">\n<p class=\"Normal-P\" style=\"margin-top: 6pt; margin-bottom: 6pt; direction: ltr; unicode-bidi: normal;\"><span class=\"Normal-H\"><span style=\"font-weight: bold;\">Dienstag, 23. August<\/span><\/span><\/p>\n<\/td>\n<td class=\"-C\" style=\"width: 342pt;\" colspan=\"3\">\n<p class=\"Normal-P\" style=\"margin-top: 6pt; margin-bottom: 6pt; direction: ltr; unicode-bidi: normal;\"><span class=\"Normal-H\">Rifugio Barmasse &#8211; Fen\u00eatre d&#8217;Ersa, 2290m &#8211; Fen\u00eatre de Tzan, 2734m &#8211; Refugio Luca Reboulaz, 2590m &#8211; Colle di Torray, 2767m &#8211; Rifugio Cuney, 2652m (ca 8 Std.).<\/span><\/p>\n<\/td>\n<\/tr>\n<tr class=\"-R\">\n<td class=\"-C\" style=\"width: 122.4pt;\">\n<p class=\"Normal-P\" style=\"margin-top: 6pt; margin-bottom: 6pt; direction: ltr; unicode-bidi: normal;\"><span class=\"Normal-H\"><span style=\"font-weight: bold;\">Mittwoch, 24. August<\/span><\/span><\/p>\n<\/td>\n<td class=\"-C\" style=\"width: 342pt;\" colspan=\"3\">\n<p class=\"Normal-P\" style=\"margin-top: 6pt; margin-bottom: 6pt; direction: ltr; unicode-bidi: normal;\"><span class=\"Normal-H\">Rifugio Cuney &#8211; Col di Chal\u00e9by, 2683m &#8211; Col di Vessona, 2788m &#8211; Close, Valpelline Tal, 1457m (Total ca 6 Std.) Bus nach Valpelline. Uebernachtung im Hotel Le Lievre Amoureaux.<\/span><\/p>\n<\/td>\n<\/tr>\n<tr class=\"-R\">\n<td class=\"-C\" style=\"width: 122.4pt;\">\n<p class=\"Normal-P\" style=\"margin-top: 6pt; margin-bottom: 6pt; direction: ltr; unicode-bidi: normal;\"><span class=\"Normal-H\"><span style=\"font-weight: bold;\">Donnerstag, 25. August<\/span><\/span><\/p>\n<\/td>\n<td class=\"-C\" style=\"width: 342pt;\" colspan=\"3\">\n<p class=\"Normal-P\" style=\"margin-top: 6pt; margin-bottom: 6pt; direction: ltr; unicode-bidi: normal;\"><span class=\"Normal-H\">7.54 Bus nach Ollomont, 1356m \u2013 Champillon, 2078m &#8211; Rifugio Champillon, 2430m (Mittagessen) \u2013 Col Champillon, 2708m &#8211; Praillas &#8211; St.Oyen, 1373m (ca 8 Std.) \u00dcbernachtung im Hotel Mont Velan.<\/span><\/p>\n<\/td>\n<\/tr>\n<tr class=\"-R\">\n<td class=\"-C\" style=\"width: 122.4pt;\">\n<p class=\"Normal-P\" style=\"margin-top: 6pt; margin-bottom: 6pt; direction: ltr; unicode-bidi: normal;\"><span class=\"Normal-H\"><span style=\"font-weight: bold;\">Freitag, 26. August<\/span><\/span><\/p>\n<\/td>\n<td class=\"-C\" style=\"width: 342pt;\" colspan=\"3\">\n<p class=\"Normal-P\" style=\"margin-top: 6pt; margin-bottom: 6pt; direction: ltr; unicode-bidi: normal;\"><span class=\"Normal-H\">St.Oyen &#8211; St.Rhemy &#8211; La Cantine d&#8217;Aoste, 2263m (Mittagessen) (ca 3 Std.) &#8211; Grand St.Bernhard, 2460m (Total 4 Std.) \u00dcbernachtung in Hotel L\u2019Hospice.<\/span><\/p>\n<\/td>\n<\/tr>\n<tr class=\"-R\">\n<td class=\"-C\" style=\"width: 122.4pt;\">\n<p class=\"Normal-P\" style=\"margin-top: 6pt; margin-bottom: 6pt; direction: ltr; unicode-bidi: normal;\"><span class=\"Normal-H\"><span style=\"font-weight: bold;\">Samstag, 27. August<\/span><\/span><\/p>\n<\/td>\n<td class=\"-C\" style=\"width: 342pt;\" colspan=\"3\">\n<p class=\"Normal-P\" style=\"margin-top: 6pt; margin-bottom: 6pt; direction: ltr; unicode-bidi: normal;\"><span class=\"Normal-H\">Grand St.Bernhard &#8211; Fen\u00eatre de Ferret, 2698m &#8211; Lacs de Fen\u00eatre, 2456m &#8211; Ferrett, 1707m (ca 5 Std.) (Ferret ab:15.35, Basel an:19.51 oder 2 Stunden fr\u00fcher)<\/span><\/p>\n<\/td>\n<\/tr>\n<tr class=\"-R\" style=\"height: 21pt;\">\n<td class=\"-C\" style=\"width: 464.4pt;\" colspan=\"4\">\n<p class=\"Normal-P\" style=\"margin-top: 6pt; text-align: center; direction: ltr; unicode-bidi: normal;\"><span class=\"Normal-H\"><span style=\"font-weight: bold;\">Teilnehmer<\/span><\/span><\/p>\n<\/td>\n<\/tr>\n<tr class=\"-R\" style=\"height: 21pt;\">\n<td class=\"-C\" style=\"width: 158.4pt;\" colspan=\"2\">\n<p class=\"Normal-P\" style=\"direction: ltr; unicode-bidi: normal;\"><span class=\"Normal-H\"><span style=\"font-weight: bold;\">Name<\/span><\/span><\/p>\n<\/td>\n<td class=\"-C\" style=\"width: 162pt;\">\n<p class=\"Normal-P\" style=\"direction: ltr; unicode-bidi: normal;\"><span class=\"Normal-H\"><span style=\"font-weight: bold;\">Strasse<\/span><\/span><\/p>\n<\/td>\n<td class=\"-C\" style=\"width: 144pt;\">\n<p class=\"Normal-P\" style=\"direction: ltr; unicode-bidi: normal;\"><span class=\"Normal-H\"><span style=\"font-weight: bold;\">Stadt<\/span><\/span><\/p>\n<\/td>\n<\/tr>\n<tr class=\"-R\" style=\"height: 16.5pt;\">\n<td class=\"-C\" style=\"width: 158.4pt; white-space: nowrap;\" colspan=\"2\">\n<p class=\"Normal-P\" style=\"direction: ltr; unicode-bidi: normal;\"><span class=\"Normal-H\">Aichert Albert<\/span><\/p>\n<\/td>\n<td class=\"-C\" style=\"width: 162pt; white-space: nowrap;\">\n<p class=\"Normal-P\" style=\"direction: ltr; unicode-bidi: normal;\"><span class=\"Normal-H\">J.C.Heer Str. 209<\/span><\/p>\n<\/td>\n<td class=\"-C\" style=\"width: 144pt; white-space: nowrap;\">\n<p class=\"Normal-P\" style=\"direction: ltr; unicode-bidi: normal;\"><span class=\"Normal-H\">8635 D\u00fcrnten<\/span><\/p>\n<\/td>\n<\/tr>\n<tr class=\"-R\" style=\"height: 16.5pt;\">\n<td class=\"-C\" style=\"width: 158.4pt; white-space: nowrap;\" colspan=\"2\">\n<p class=\"Normal-P\" style=\"direction: ltr; unicode-bidi: normal;\"><span class=\"Normal-H\">Denzler Regina<\/span><\/p>\n<\/td>\n<td class=\"-C\" style=\"width: 162pt; white-space: nowrap;\">\n<p class=\"Normal-P\" style=\"direction: ltr; unicode-bidi: normal;\"><span class=\"Normal-H\">Nettenbergweg 2A<\/span><\/p>\n<\/td>\n<td class=\"-C\" style=\"width: 144pt; white-space: nowrap;\">\n<p class=\"Normal-P\" style=\"direction: ltr; unicode-bidi: normal;\"><span class=\"Normal-H\">4146 Hochwald<\/span><\/p>\n<\/td>\n<\/tr>\n<tr class=\"-R\" style=\"height: 16.5pt;\">\n<td class=\"-C\" style=\"width: 158.4pt; white-space: nowrap;\" colspan=\"2\">\n<p class=\"Normal-P\" style=\"direction: ltr; unicode-bidi: normal;\"><span class=\"Normal-H\">Jost Toni<\/span><\/p>\n<\/td>\n<td class=\"-C\" style=\"width: 162pt; white-space: nowrap;\">\n<p class=\"Normal-P\" style=\"direction: ltr; unicode-bidi: normal;\"><span class=\"Normal-H\">Hardstr.30<\/span><\/p>\n<\/td>\n<td class=\"-C\" style=\"width: 144pt; white-space: nowrap;\">\n<p class=\"Normal-P\" style=\"direction: ltr; unicode-bidi: normal;\"><span class=\"Normal-H\">4052 Basel<\/span><\/p>\n<\/td>\n<\/tr>\n<tr class=\"-R\" style=\"height: 16.5pt;\">\n<td class=\"-C\" style=\"width: 158.4pt; white-space: nowrap;\" colspan=\"2\">\n<p class=\"Normal-P\" style=\"direction: ltr; unicode-bidi: normal;\"><span class=\"Normal-H\">Krahn Ulrike<\/span><\/p>\n<\/td>\n<td class=\"-C\" style=\"width: 162pt; white-space: nowrap;\">\n<p class=\"Normal-P\" style=\"direction: ltr; unicode-bidi: normal;\"><span class=\"Normal-H\">Rebgasse 33<\/span><\/p>\n<\/td>\n<td class=\"-C\" style=\"width: 144pt; white-space: nowrap;\">\n<p class=\"Normal-P\" style=\"direction: ltr; unicode-bidi: normal;\"><span class=\"Normal-H\">79540 L\u00f6rrach-Stetten<\/span><\/p>\n<\/td>\n<\/tr>\n<tr class=\"-R\" style=\"height: 16.5pt;\">\n<td class=\"-C\" style=\"width: 158.4pt; white-space: nowrap;\" colspan=\"2\">\n<p class=\"Normal-P\" style=\"direction: ltr; unicode-bidi: normal;\"><span class=\"Normal-H\">Kriemler Hanspeter<\/span><\/p>\n<\/td>\n<td class=\"-C\" style=\"width: 162pt; white-space: nowrap;\">\n<p class=\"Normal-P\" style=\"direction: ltr; unicode-bidi: normal;\"><span class=\"Normal-H\">14 Derri\u00e8re le Bois<\/span><\/p>\n<\/td>\n<td class=\"-C\" style=\"width: 144pt; white-space: nowrap;\">\n<p class=\"Normal-P\" style=\"direction: ltr; unicode-bidi: normal;\"><span class=\"Normal-H\">F-88340 Le Val d&#8217;Ajol<\/span><\/p>\n<\/td>\n<\/tr>\n<tr class=\"-R\" style=\"height: 16.5pt;\">\n<td class=\"-C\" style=\"width: 158.4pt; white-space: nowrap;\" colspan=\"2\">\n<p class=\"Normal-P\" style=\"direction: ltr; unicode-bidi: normal;\"><span class=\"Normal-H\">Kunim\u00fcnch Mona<\/span><\/p>\n<\/td>\n<td class=\"-C\" style=\"width: 162pt; white-space: nowrap;\">\n<p class=\"Normal-P\" style=\"direction: ltr; unicode-bidi: normal;\"><span class=\"Normal-H\">Pestalozzistr.12<\/span><\/p>\n<\/td>\n<td class=\"-C\" style=\"width: 144pt; white-space: nowrap;\">\n<p class=\"Normal-P\" style=\"direction: ltr; unicode-bidi: normal;\"><span class=\"Normal-H\">D-79540 L\u00f6rrach<\/span><\/p>\n<\/td>\n<\/tr>\n<tr class=\"-R\" style=\"height: 16.5pt;\">\n<td class=\"-C\" style=\"width: 158.4pt; white-space: nowrap;\" colspan=\"2\">\n<p class=\"Normal-P\" style=\"direction: ltr; unicode-bidi: normal;\"><span class=\"Normal-H\">Martini Rafaello<\/span><\/p>\n<\/td>\n<td class=\"-C\" style=\"width: 162pt; white-space: nowrap;\">\n<p class=\"Normal-P\" style=\"direction: ltr; unicode-bidi: normal;\"><span class=\"Normal-H\">Sternengasse 23<\/span><\/p>\n<\/td>\n<td class=\"-C\" style=\"width: 144pt; white-space: nowrap;\">\n<p class=\"Normal-P\" style=\"direction: ltr; unicode-bidi: normal;\"><span class=\"Normal-H\">4150 Basel<\/span><\/p>\n<\/td>\n<\/tr>\n<tr class=\"-R\" style=\"height: 16.5pt;\">\n<td class=\"-C\" style=\"width: 158.4pt; white-space: nowrap;\" colspan=\"2\">\n<p class=\"Normal-P\" style=\"direction: ltr; unicode-bidi: normal;\"><span class=\"Normal-H\">Onken Ulrich<\/span><\/p>\n<\/td>\n<td class=\"-C\" style=\"width: 162pt; white-space: nowrap;\">\n<p class=\"Normal-P\" style=\"direction: ltr; unicode-bidi: normal;\"><span class=\"Normal-H\">R\u00f6merstr.26a<\/span><\/p>\n<\/td>\n<td class=\"-C\" style=\"width: 144pt; white-space: nowrap;\">\n<p class=\"Normal-P\" style=\"direction: ltr; unicode-bidi: normal;\"><span class=\"Normal-H\">DE-79541 L\u00f6rrach<\/span><\/p>\n<\/td>\n<\/tr>\n<tr class=\"-R\" style=\"height: 16.5pt;\">\n<td class=\"-C\" style=\"width: 158.4pt; white-space: nowrap;\" colspan=\"2\">\n<p class=\"Normal-P\" style=\"direction: ltr; unicode-bidi: normal;\"><span class=\"Normal-H\">Racine Birgit<\/span><\/p>\n<\/td>\n<td class=\"-C\" style=\"width: 162pt; white-space: nowrap;\">\n<p class=\"Normal-P\" style=\"direction: ltr; unicode-bidi: normal;\"><span class=\"Normal-H\">Austrasse 15<\/span><\/p>\n<\/td>\n<td class=\"-C\" style=\"width: 144pt; white-space: nowrap;\">\n<p class=\"Normal-P\" style=\"direction: ltr; unicode-bidi: normal;\"><span class=\"Normal-H\">4106 Therwil<\/span><\/p>\n<\/td>\n<\/tr>\n<tr class=\"-R\" style=\"height: 15.75pt;\">\n<td class=\"-C\" style=\"width: 158.4pt; white-space: nowrap;\" colspan=\"2\">\n<p class=\"Normal-P\" style=\"direction: ltr; unicode-bidi: normal;\"><span class=\"Normal-H\">Schindler Klaus<\/span><\/p>\n<\/td>\n<td class=\"-C\" style=\"width: 162pt; white-space: nowrap;\">\n<p class=\"Normal-P\" style=\"direction: ltr; unicode-bidi: normal;\"><span class=\"Normal-H\">Wintererstr. 5<\/span><\/p>\n<\/td>\n<td class=\"-C\" style=\"width: 144pt; white-space: nowrap;\">\n<p class=\"Normal-P\" style=\"direction: ltr; unicode-bidi: normal;\"><span class=\"Normal-H\">D-79104 Freiburg<\/span><\/p>\n<\/td>\n<\/tr>\n<tr class=\"-R\" style=\"height: 15.75pt;\">\n<td class=\"-C\" style=\"width: 158.4pt; white-space: nowrap;\" colspan=\"2\">\n<p class=\"Normal-P\" style=\"direction: ltr; unicode-bidi: normal;\"><span class=\"Normal-H\">Stampf Jean-Francois<\/span><\/p>\n<\/td>\n<td class=\"-C\" style=\"width: 162pt; white-space: nowrap;\">\n<p class=\"Normal-P\" style=\"direction: ltr; unicode-bidi: normal;\"><span class=\"Normal-H\">Rue des Landes 13<\/span><\/p>\n<\/td>\n<td class=\"-C\" style=\"width: 144pt; white-space: nowrap;\">\n<p class=\"Normal-P\" style=\"direction: ltr; unicode-bidi: normal;\"><span class=\"Normal-H\">F-68220 Neuwiller<\/span><\/p>\n<\/td>\n<\/tr>\n<tr class=\"-R\" style=\"height: 16.5pt;\">\n<td class=\"-C\" style=\"width: 158.4pt; white-space: nowrap;\" colspan=\"2\">\n<p class=\"Normal-P\" style=\"direction: ltr; unicode-bidi: normal;\"><span class=\"Normal-H\">Sutter Anna<\/span><\/p>\n<\/td>\n<td class=\"-C\" style=\"width: 162pt; white-space: nowrap;\">\n<p class=\"Normal-P\" style=\"direction: ltr; unicode-bidi: normal;\"><span class=\"Normal-H\">Seemattlistr.14<\/span><\/p>\n<\/td>\n<td class=\"-C\" style=\"width: 144pt; white-space: nowrap;\">\n<p class=\"Normal-P\" style=\"direction: ltr; unicode-bidi: normal;\"><span class=\"Normal-H\">4132 Muttenz<\/span><\/p>\n<\/td>\n<\/tr>\n<tr class=\"-R\" style=\"height: 16.5pt;\">\n<td class=\"-C\" style=\"width: 158.4pt; white-space: nowrap;\" colspan=\"2\">\n<p class=\"Normal-P\" style=\"direction: ltr; unicode-bidi: normal;\"><span class=\"Normal-H\">Sutter Peter<\/span><\/p>\n<\/td>\n<td class=\"-C\" style=\"width: 162pt; white-space: nowrap;\">\n<p class=\"Normal-P\" style=\"direction: ltr; unicode-bidi: normal;\"><span class=\"Normal-H\">Seemattlistr.14<\/span><\/p>\n<\/td>\n<td class=\"-C\" style=\"width: 144pt; white-space: nowrap;\">\n<p class=\"Normal-P\" style=\"direction: ltr; unicode-bidi: normal;\"><span class=\"Normal-H\">4132 Muttenz<\/span><\/p>\n<\/td>\n<\/tr>\n<tr class=\"-R\" style=\"height: 15.75pt;\">\n<td class=\"-C\" style=\"width: 158.4pt; white-space: nowrap;\" colspan=\"2\">\n<p class=\"Normal-P\" style=\"direction: ltr; unicode-bidi: normal;\"><span class=\"Normal-H\">Walz Brigitte<\/span><\/p>\n<\/td>\n<td class=\"-C\" style=\"width: 162pt; white-space: nowrap;\">\n<p class=\"Normal-P\" style=\"direction: ltr; unicode-bidi: normal;\"><span class=\"Normal-H\">Hohentwielstrasse 85<\/span><\/p>\n<\/td>\n<td class=\"-C\" style=\"width: 144pt; white-space: nowrap;\">\n<p class=\"Normal-P\" style=\"direction: ltr; unicode-bidi: normal;\"><span class=\"Normal-H\">D-70199 Stuttgart<\/span><\/p>\n<\/td>\n<\/tr>\n<tr class=\"-R\" style=\"height: 16.5pt;\">\n<td class=\"-C\" style=\"width: 158.4pt; white-space: nowrap;\" colspan=\"2\">\n<p class=\"Normal-P\" style=\"direction: ltr; unicode-bidi: normal;\"><span class=\"Normal-H\">Wood Adrian<\/span><\/p>\n<\/td>\n<td class=\"-C\" style=\"width: 162pt; white-space: nowrap;\">\n<p class=\"Normal-P\" style=\"direction: ltr; unicode-bidi: normal;\"><span class=\"Normal-H\">R\u00fcttackerweg 20<\/span><\/p>\n<\/td>\n<td class=\"-C\" style=\"width: 144pt; white-space: nowrap;\">\n<p class=\"Normal-P\" style=\"direction: ltr; unicode-bidi: normal;\"><span class=\"Normal-H\">4104 Oberwil<\/span><\/p>\n<\/td>\n<\/tr>\n<p><!-- [if !supportMisalignedColumns]--><\/tbody>\n<\/table>\n<\/div>\n","protected":false},"excerpt":{"rendered":"<p>Programm Sonntag, 21. August Abfahrt 11.05 von Basel richtung, Biel, Lausanne, Martigny. Ankunft in Orsieres 14.54. Bus nach Aosta. Ankunft 17.25. \u00dcbernachtung im Hotel Grand Paradiso. Montag, 22. August Bus nach Chatillon und weiter nach Cervinia um 9.00, Ankunft 11.35. Wanderung, Cervinia, 2006m \u2013 Finestra di Cignana, 2441m &#8211; Refugio Barmasse, 2189m (ca 3 Std.). &hellip; <a href=\"https:\/\/www.adrianwood.ch\/?page_id=14527\" class=\"more-link\">Continue reading <span class=\"screen-reader-text\">Programm<\/span> <span class=\"meta-nav\">&rarr;<\/span><\/a><\/p>\n","protected":false},"author":1,"featured_media":0,"parent":14510,"menu_order":3430,"comment_status":"closed","ping_status":"closed","template":"","meta":{"ngg_post_thumbnail":0,"footnotes":""},"class_list":["post-14527","page","type-page","status-publish","hentry"],"_links":{"self":[{"href":"https:\/\/www.adrianwood.ch\/index.php?rest_route=\/wp\/v2\/pages\/14527","targetHints":{"allow":["GET"]}}],"collection":[{"href":"https:\/\/www.adrianwood.ch\/index.php?rest_route=\/wp\/v2\/pages"}],"about":[{"href":"https:\/\/www.adrianwood.ch\/index.php?rest_route=\/wp\/v2\/types\/page"}],"author":[{"embeddable":true,"href":"https:\/\/www.adrianwood.ch\/index.php?rest_route=\/wp\/v2\/users\/1"}],"replies":[{"embeddable":true,"href":"https:\/\/www.adrianwood.ch\/index.php?rest_route=%2Fwp%2Fv2%2Fcomments&post=14527"}],"version-history":[{"count":3,"href":"https:\/\/www.adrianwood.ch\/index.php?rest_route=\/wp\/v2\/pages\/14527\/revisions"}],"predecessor-version":[{"id":14530,"href":"https:\/\/www.adrianwood.ch\/index.php?rest_route=\/wp\/v2\/pages\/14527\/revisions\/14530"}],"up":[{"embeddable":true,"href":"https:\/\/www.adrianwood.ch\/index.php?rest_route=\/wp\/v2\/pages\/14510"}],"wp:attachment":[{"href":"https:\/\/www.adrianwood.ch\/index.php?rest_route=%2Fwp%2Fv2%2Fmedia&parent=14527"}],"curies":[{"name":"wp","href":"https:\/\/api.w.org\/{rel}","templated":true}]}}