{"id":16229,"date":"2018-03-01T13:34:29","date_gmt":"2018-03-01T13:34:29","guid":{"rendered":"http:\/\/www.adrianwood.ch\/?page_id=16229"},"modified":"2018-03-02T14:13:26","modified_gmt":"2018-03-02T14:13:26","slug":"05-18-spartera","status":"publish","type":"page","link":"https:\/\/www.adrianwood.ch\/?page_id=16229","title":{"rendered":"05-18 Spartera"},"content":{"rendered":"<div class=\"pmdi_content_wrapper\">\n<h2 class=\"Normal-P\" style=\"margin-bottom: 6pt; text-align: justify; text-justify: inter-ideograph; direction: ltr; unicode-bidi: normal;\"><span class=\"Normal-H\"><span style=\"font-family: Times New Roman; font-weight: bold;\">18. Mai, Basel-Mulhouse \u2013 Kerkyra \u2013 Paramonas <\/span><\/span><\/h2>\n<table class=\"TableNormal-T\" style=\"width: 509.4pt; border-collapse: collapse;\" cellspacing=\"0\">\n<tbody>\n<tr class=\"-R\">\n<td class=\"-C\" style=\"width: 509.4pt;\" colspan=\"4\">\n<p class=\"Normal-P\" style=\"margin-bottom: 6pt; text-align: justify; text-justify: inter-ideograph; direction: ltr; unicode-bidi: normal;\"><span class=\"Normal-H\"><span style=\"font-family: Times New Roman;\">So fr\u00fch aufstehen tue ich h\u00f6chstens am Morgestraich. <\/span><span style=\"font-family: Times New Roman;\">Also es begann 03.55 Uhr mit Christine wecken, da Ihr Wecker am Vortag den Dienst einstellte und der Neue nur seltsam tickt, aber nicht alarmiert. Aber sie war bereits wac<\/span><span style=\"font-family: Times New Roman;\">h, weil der neue Wecker doch gepiepst hat; Ihr Ver<\/span><span style=\"font-family: Times New Roman;\">\u00adtrauen in die moderne Technik und in die Sportskameradin ist somit wieder einiger<\/span><span style=\"font-family: Times New Roman;\">\u00admassen hergestellt.<\/span><\/span><\/p>\n<p class=\"Normal-P\" style=\"margin-bottom: 6pt; text-align: justify; text-justify: inter-ideograph; direction: ltr; unicode-bidi: normal;\"><span class=\"Normal-H\"><span style=\"font-family: Times New Roman;\">03.58 Uhr, jetzt m\u00fcsste ich noch Marlies und Albi wecken, aber sie sind schneller und haben mich angerufen, wunderbar, alle sind wir schon auf den Beinen. <\/span><\/span><\/p>\n<p class=\"Normal-P\" style=\"margin-bottom: 6pt; text-align: justify; text-justify: inter-ideograph; direction: ltr; unicode-bidi: normal;\"><span class=\"Normal-H\"><span style=\"font-family: Times New Roman;\">04.15 Das Taxi f\u00e4hrt vor und ladet mich mit Gep\u00e4ck ein. Weiter geht es zu Marlies und Albi. Uff, so viel Material f\u00fcr zwei Wochen Ferien, ein kleiner Koffer muss noch zwischen den F\u00fcssen von Albi platziert werden und gleich darauf brausen wir vollgepackt zum Flughafen. <\/span><\/span><\/p>\n<p class=\"Normal-P\" style=\"margin-bottom: 6pt; text-align: justify; text-justify: inter-ideograph; direction: ltr; unicode-bidi: normal;\"><span class=\"Normal-H\"><span style=\"font-family: Times New Roman;\">04.45 Versammlung der Clubmitglieder in der Flughafenhalle auf der Schweizerseite, die grosse Be<\/span><span style=\"font-family: Times New Roman;\">\u00adgr\u00fcssungszeremonie mit K\u00fcsschen hier und da und nochmals hier und mit &#8220;wie war doch gleich wieder Dein Name?&#8221; Der Durchgang zur franz\u00f6sischen Seite ist noch geschlossen (Schengen?), also warten wir geduldig. <\/span><\/span><\/p>\n<\/td>\n<\/tr>\n<tr class=\"-R\">\n<td class=\"-C\" style=\"width: 260.55pt;\" colspan=\"3\">\n<p class=\"Normal-P\" style=\"margin-bottom: 6pt; text-align: justify; text-justify: inter-ideograph; direction: ltr; unicode-bidi: normal;\"><span class=\"Normal-H\"><span style=\"font-family: Times New Roman;\"><img loading=\"lazy\" decoding=\"async\" class=\"\" src=\"http:\/\/www.adrianwood.ch\/wp-content\/uploads\/2018\/03\/1519911090_image1.jpeg\" data-link=\"\" width=\"347\" height=\"260\"><\/span><\/span><\/p>\n<\/td>\n<td class=\"-C\" style=\"width: 248.85pt;\">\n<p class=\"Normal-P\" style=\"margin-bottom: 6pt; text-align: justify; text-justify: inter-ideograph; direction: ltr; unicode-bidi: normal;\"><span class=\"Normal-H\"><span style=\"font-family: Times New Roman;\"><img loading=\"lazy\" decoding=\"async\" class=\"\" src=\"http:\/\/www.adrianwood.ch\/wp-content\/uploads\/2018\/03\/1519911090_image2.jpeg\" data-link=\"\" width=\"352\" height=\"228\"><\/span><\/span><\/p>\n<\/td>\n<\/tr>\n<tr class=\"-R\">\n<td class=\"-C\" style=\"width: 509.4pt;\" colspan=\"4\">\n<p class=\"Normal-P\" style=\"margin-bottom: 6pt; text-align: justify; text-justify: inter-ideograph; direction: ltr; unicode-bidi: normal;\"><span class=\"Normal-H\"><span style=\"font-family: Times New Roman;\">05.00 Uhr endlich wird das Tor ge\u00f6ffnet und wir st\u00fcrmen zur Gep\u00e4ckaufgabe. <\/span><span style=\"font-family: Times New Roman;\">Jetzt brauchen wir dringend eine kleine St\u00e4rkung, aber die Kaffee<\/span><span style=\"font-family: Times New Roman;\">\u00adbar \u00f6ffnet erst um 05.15 Uhr. <\/span><span style=\"font-family: Times New Roman;\">Kaum ge\u00f6ffnet gibt es schon den ersten Stau, da Kaffeemaschine defekt \u2013 ohje.<\/span><\/span><\/p>\n<p class=\"Normal-P\" style=\"margin-bottom: 6pt; text-align: justify; text-justify: inter-ideograph; direction: ltr; unicode-bidi: normal;\"><span class=\"Normal-H\"><span style=\"font-family: Times New Roman;\">06.00 Uhr Sicherheitskontrolle, alle scharfen Gegen-st\u00e4nde im Handgep\u00e4ck werden konfisziert, na dann ad\u00e9 Pflasterscherli. <\/span><span style=\"font-family: Times New Roman;\">Wir werden vom Gate weg in den Bus gepackt und dieser f\u00e4hrt und f\u00e4hrt rund um den ganzen Flughafen, eigentlich haben wir eine Flugreise gebucht, na ja, Hauptsache wir kommen nach Corfu. Schluss-endlich werden wir doch noch zum Flugzeug gef\u00fchrt und los geht&#8217;s. <\/span><span style=\"font-family: Times New Roman;\">Ca. 10.00 Uhr erreichen wir Kerkyra (1 Stunde Zeitverschiebung, osteurop\u00e4ische Zeit).<\/span><span style=\"font-family: Times New Roman;\">Nach der Gep\u00e4ckausgabe geht es ohne Zollformalit\u00e4ten direkt zum Ausgang, aha wir sind in Europa! <\/span><span style=\"font-family: Times New Roman;\">Dort werden wir von der Repr\u00e4sentantin vom Reiseunternehmen Aperghi in Empfang genommen und in zwei Kleinbusse (Antony 1 und Antony3) verfrachtet. Erster Halt ist beim Supermarket auf der Ausfallstrasse von Kerkyra, um f\u00fcr die n\u00e4chsten 3 Tage Picknick einzu<\/span><span style=\"font-family: Times New Roman;\">\u00adkaufen, Bert sucht krampfhaft Mythos-Bier und wird gottseidank f\u00fcndig. Vollbepackt mit diversen Plastikt\u00fcten geht die Reise um 11.00 Uhr weiter, zuerst entlang der Ostk\u00fcste nach S\u00fcden, dann quer durch die Insel, etwas nach Norden und \u00fcber fein ver\u00e4stelte Strassen bis Middle-Paramonas an die Westk\u00fcste.<\/span><\/span><\/p>\n<\/td>\n<\/tr>\n<tr class=\"-R\">\n<td class=\"-C\" style=\"width: 509.4pt;\" colspan=\"4\">\n<p class=\"Normal-P\" style=\"margin-bottom: 6pt; text-align: justify; text-justify: inter-ideograph; direction: ltr; unicode-bidi: normal;\"><span class=\"Normal-H\"><span style=\"font-family: Times New Roman;\">11:45 Uhr Ankunft in Paramonas. Leichtes Chaos: wer steigt wo aus? Ein Teil der Gruppe nimmt das Gep\u00e4ck und zieht in die Unterkunft von Upper-Paramonas, der Rest ist verteilt in Middle- und Lower-Paramonas (Sunset-Beach). Wir haben nur wenig Zeit unser neues Domizil zu erkunden, denn schon bald holt uns ein grosser Bus (Antony 2) in Middle-Paramonas wieder ab und bringt uns nach S\u00fcden bis Asprokavos, das ist etwas s\u00fcdlich von Kavos (ein britisch dominiertes Feriendomizil mit vielen Lusttempeln). Wir haben nicht wie in Sizilien einen Chauffeur f\u00fcr die ganze Woche, sondern das Reiseunternehmen beordert jeweils einen freien Fahrer nach unseren Bed\u00fcrfnissen.<\/span><\/span><\/p>\n<\/td>\n<\/tr>\n<tr class=\"-R\">\n<td class=\"-C\" style=\"width: 247.85pt;\">\n<p class=\"Normal-P\" style=\"margin-bottom: 6pt; text-align: justify; text-justify: inter-ideograph; direction: ltr; unicode-bidi: normal;\"><span class=\"Normal-H\"><span style=\"font-family: Times New Roman;\"><img decoding=\"async\" src=\"http:\/\/www.adrianwood.ch\/wp-content\/uploads\/2018\/03\/1519911090_image3.jpeg\" data-link=\"\" width=\"232px \" height=\"251px \"><\/span><\/span><\/p>\n<\/td>\n<td class=\"-C\" style=\"width: 261.55pt;\" colspan=\"3\">\n<p class=\"Normal-P\" style=\"margin-bottom: 6pt; text-align: center; direction: ltr; unicode-bidi: normal;\"><span class=\"Normal-H\"><span style=\"font-family: Times New Roman;\"><img decoding=\"async\" src=\"http:\/\/www.adrianwood.ch\/wp-content\/uploads\/2018\/03\/1519911090_image4.jpeg\" data-link=\"\" width=\"334.306036745407px \" height=\"251px \"><\/span><\/span><\/p>\n<\/td>\n<\/tr>\n<tr class=\"-R\">\n<td class=\"-C\" style=\"width: 509.4pt;\" colspan=\"4\">\n<p class=\"Normal-P\" style=\"margin-bottom: 6pt; text-align: justify; text-justify: inter-ideograph; direction: ltr; unicode-bidi: normal;\"><span class=\"Normal-H\"><span style=\"font-family: Times New Roman;\">Jetzt endlich 14.30 Uhr geht die Wanderwoche richtig los. <\/span><span style=\"font-family: Times New Roman;\">Wir marschieren auf Feldstrassen zum &#8220;Kloster der gesegneten Jungfrau von Arkoudillas&#8221;, aber was knurrt denn da so j\u00e4mmerlich, aha es ist der Hunger, ja schliesslich ist es schon lange her seit dem Fr\u00fchst\u00fcck. <\/span><span style=\"font-family: Times New Roman;\">Um 15.00 Uhr!! <\/span><span style=\"font-family: Times New Roman;\">beschliesst Adrian, dass wir beim halb zerfallenen Klostergeb\u00e4ude unsere Mittagspause machen d\u00fcrfen.<\/span><\/span><\/p>\n<p class=\"Normal-P\" style=\"margin-bottom: 6pt; text-align: justify; text-justify: inter-ideograph; direction: ltr; unicode-bidi: normal;\"><span class=\"Normal-H\"><span style=\"font-family: Times New Roman;\">Bereits um 15.30 Uhr wird der Abstieg auf ausgewaschenem Weg Richtung Strand unter die F\u00fcsse genommen. <\/span><span style=\"font-family: Times New Roman;\">Kaum auf Meeresh\u00f6he angelangt, werden einzelne Teilnehmer unruhig und entledigen sich ihrer Kleidung, um in den Meereswogen zu planschen. Der frische Wind bringt es mit sich, dass nicht alle von der Notwendigkeit eines Bades \u00fcberzeugt sind. Wir verteilen uns auf dem weitl\u00e4ufigen Strand und geniessen die salzhaltige Luft. <\/span><span style=\"font-family: Times New Roman;\">Adrian hat sich irgendwo hinter einem Felsen zum Trocknen in die Sonne gelegt und ist offen<\/span><span style=\"font-family: Times New Roman;\">\u00adsicht<\/span><span style=\"font-family: Times New Roman;\">\u00adlich dabei fest eingeschlafen. <\/span><span style=\"font-family: Times New Roman;\">Was nun, wir m\u00fcssen weiter? Heinz unser Seniorenwander<\/span><span style=\"font-family: Times New Roman;\">\u00adprofi holt aus seinem Rucksack eine Trillerpfeife und schon kurze Zeit sp\u00e4ter, ca. 16.45 Uhr, sind wir wieder unterwegs. <\/span><span style=\"font-family: Times New Roman;\">Wir ersteigen die Steilk\u00fcste und folgen dem Corfu<\/span><span style=\"font-family: Times New Roman;\">\u2011Trail<\/span><span style=\"font-family: Times New Roman;\">\u2011Zeichen <\/span><span style=\"font-family: Times New Roman;\"><img decoding=\"async\" src=\"http:\/\/www.adrianwood.ch\/wp-content\/uploads\/2018\/03\/1519911090_image5.jpeg\" data-link=\"\" width=\"39px \" height=\"25px \"><\/span><span style=\"font-family: Times New Roman;\"> nach Spartera. <\/span><span style=\"font-family: Times New Roman;\">Doch ohal\u00e4tz, kein Bus ist zu sehen! Also rechtsumkehrt, 2km zur\u00fcck, dann leicht rechts und siehe, da steht Antony 7 (alle Busse heissen Antony) am andern Ende von Spartera, direkt vor der Taverne Fantasia, wie abgemacht.<\/span><\/span><\/p>\n<\/td>\n<\/tr>\n<tr class=\"-R\">\n<td class=\"-C\" style=\"width: 247.85pt;\">\n<p class=\"Normal-P\" style=\"margin-bottom: 6pt; text-align: justify; text-justify: inter-ideograph; direction: ltr; unicode-bidi: normal;\"><span class=\"Normal-H\"><span style=\"font-family: Times New Roman;\"><img decoding=\"async\" src=\"http:\/\/www.adrianwood.ch\/wp-content\/uploads\/2018\/03\/1519911090_image6.jpeg\" data-link=\"\" width=\"315px \" height=\"236.800734908136px \"><\/span><\/span><\/p>\n<\/td>\n<td class=\"-C\" style=\"width: 261.55pt;\" colspan=\"3\">\n<p class=\"Normal-P\" style=\"margin-bottom: 6pt; direction: ltr; unicode-bidi: normal;\"><span class=\"Normal-H\"><span style=\"font-family: Times New Roman;\"><img decoding=\"async\" src=\"http:\/\/www.adrianwood.ch\/wp-content\/uploads\/2018\/03\/1519911090_image7.jpeg\" data-link=\"\" width=\"317.712965879265px \" height=\"238px \"><\/span><\/span><\/p>\n<\/td>\n<\/tr>\n<tr class=\"-R\">\n<td class=\"-C\" style=\"width: 509.4pt;\" colspan=\"4\">\n<p class=\"Normal-P\" style=\"margin-bottom: 6pt; text-align: justify; text-justify: inter-ideograph; direction: ltr; unicode-bidi: normal;\"><span class=\"Normal-H\"><span style=\"font-family: Times New Roman;\">Nat\u00fcrlich steigen wir nicht gleich ein, sondern bestellen zuerst noch lokale Getr\u00e4nke<\/span><span style=\"font-family: Times New Roman;\">\u00adspezialit\u00e4ten und geniessen die sch\u00f6ne Aussicht von der Terrasse aus. Um 18.00 Uhr ist Abfahrt nach Middle-Paramonas, dort es reicht gerade noch, um sich vor dem Nachtessen frisch zu machen, wobei diejenigen von Upper-Paramonas ein z\u00fcnftiges Zu<\/span><span style=\"font-family: Times New Roman;\">\u00adsatz<\/span><span style=\"font-family: Times New Roman;\">\u00admarsch<\/span><span style=\"font-family: Times New Roman;\">\u00adprogramm haben (2 km den Berg hoch, zum Nachtessen runter und dann wieder hoch und dasselbe jeweils am Morgen, ja das sind richtige Wanderferien).<\/span><\/span><\/p>\n<p class=\"Normal-P\" style=\"margin-bottom: 6pt; text-align: justify; text-justify: inter-ideograph; direction: ltr; unicode-bidi: normal;\"><span class=\"Normal-H\"><span style=\"font-family: Times New Roman;\">Um 20.00 Uhr kommen alle zum gemeinsamen Nachtessen in die Sunsetbeach-Taverne. <\/span><span style=\"font-family: Times New Roman;\">Adrian hat f\u00fcr uns ein vielseitiges griechische Men\u00fc bestellt und auch den prachtvollen Sonnen<\/span><span style=\"font-family: Times New Roman;\">\u00aduntergang sehen wir direkt von unserem Tisch zwischen frittiertem Fisch und Tzaziki p\u00fcnktlich um 20.42 Uhr.<\/span><\/span><\/p>\n<p class=\"Normal-P\" style=\"margin-bottom: 6pt; text-align: justify; text-justify: inter-ideograph; direction: ltr; unicode-bidi: normal;\"><span class=\"Normal-H\"><span style=\"font-family: Times New Roman;\">Wohlgen\u00e4hrt und m\u00fcde falle ich ins Bett und freue mich auf die kommenden Tage.<\/span><\/span><\/p>\n<p class=\"Normal-P\" style=\"margin-bottom: 6pt; text-align: justify; text-justify: inter-ideograph; direction: ltr; unicode-bidi: normal;\"><span class=\"Normal-H\"><span style=\"font-family: Times New Roman;\">Vreni G.<\/span><\/span><\/p>\n<\/td>\n<\/tr>\n<tr class=\"-R\">\n<td class=\"-C\" style=\"width: 254.7pt;\" colspan=\"2\">\n<p class=\"Normal-P\" style=\"margin-bottom: 6pt; text-align: justify; text-justify: inter-ideograph; direction: ltr; unicode-bidi: normal;\"><span class=\"Normal-H\"><span style=\"font-family: Times New Roman;\"><img decoding=\"async\" src=\"http:\/\/www.adrianwood.ch\/wp-content\/uploads\/2018\/03\/1519911090_image8.jpg\" data-link=\"\" width=\"327px \" height=\"245.249973753281px \"><\/span><\/span><\/p>\n<\/td>\n<td class=\"-C\" style=\"width: 254.7pt;\" colspan=\"2\">\n<p class=\"Normal-P\" style=\"margin-bottom: 6pt; text-align: center; direction: ltr; unicode-bidi: normal;\"><span class=\"Normal-H\"><span style=\"font-family: Times New Roman;\"><img decoding=\"async\" src=\"http:\/\/www.adrianwood.ch\/wp-content\/uploads\/2018\/03\/1519911090_image9.jpeg\" data-link=\"\" width=\"177.497217847769px \" height=\"218px \"><\/span><\/span><\/p>\n<p class=\"Normal-P\" style=\"margin-bottom: 6pt; text-align: center; direction: ltr; unicode-bidi: normal;\"><span class=\"Normal-H\"><span style=\"font-family: Times New Roman;\">Wanderung: Asprokavos \u2013 Spartera<\/span><\/span><\/p>\n<\/td>\n<\/tr>\n<p><!-- [if !supportMisalignedColumns]--><\/tbody>\n<\/table>\n<\/div>\n","protected":false},"excerpt":{"rendered":"<p>18. Mai, Basel-Mulhouse \u2013 Kerkyra \u2013 Paramonas So fr\u00fch aufstehen tue ich h\u00f6chstens am Morgestraich. Also es begann 03.55 Uhr mit Christine wecken, da Ihr Wecker am Vortag den Dienst einstellte und der Neue nur seltsam tickt, aber nicht alarmiert. Aber sie war bereits wach, weil der neue Wecker doch gepiepst hat; Ihr Ver\u00adtrauen in &hellip; <a href=\"https:\/\/www.adrianwood.ch\/?page_id=16229\" class=\"more-link\">Continue reading <span class=\"screen-reader-text\">05-18 Spartera<\/span> <span class=\"meta-nav\">&rarr;<\/span><\/a><\/p>\n","protected":false},"author":1,"featured_media":0,"parent":16195,"menu_order":2203,"comment_status":"closed","ping_status":"closed","template":"","meta":{"ngg_post_thumbnail":0,"footnotes":""},"class_list":["post-16229","page","type-page","status-publish","hentry"],"_links":{"self":[{"href":"https:\/\/www.adrianwood.ch\/index.php?rest_route=\/wp\/v2\/pages\/16229","targetHints":{"allow":["GET"]}}],"collection":[{"href":"https:\/\/www.adrianwood.ch\/index.php?rest_route=\/wp\/v2\/pages"}],"about":[{"href":"https:\/\/www.adrianwood.ch\/index.php?rest_route=\/wp\/v2\/types\/page"}],"author":[{"embeddable":true,"href":"https:\/\/www.adrianwood.ch\/index.php?rest_route=\/wp\/v2\/users\/1"}],"replies":[{"embeddable":true,"href":"https:\/\/www.adrianwood.ch\/index.php?rest_route=%2Fwp%2Fv2%2Fcomments&post=16229"}],"version-history":[{"count":5,"href":"https:\/\/www.adrianwood.ch\/index.php?rest_route=\/wp\/v2\/pages\/16229\/revisions"}],"predecessor-version":[{"id":16240,"href":"https:\/\/www.adrianwood.ch\/index.php?rest_route=\/wp\/v2\/pages\/16229\/revisions\/16240"}],"up":[{"embeddable":true,"href":"https:\/\/www.adrianwood.ch\/index.php?rest_route=\/wp\/v2\/pages\/16195"}],"wp:attachment":[{"href":"https:\/\/www.adrianwood.ch\/index.php?rest_route=%2Fwp%2Fv2%2Fmedia&parent=16229"}],"curies":[{"name":"wp","href":"https:\/\/api.w.org\/{rel}","templated":true}]}}