{"id":16490,"date":"2018-03-05T10:14:54","date_gmt":"2018-03-05T10:14:54","guid":{"rendered":"http:\/\/www.adrianwood.ch\/?page_id=16490"},"modified":"2018-03-05T10:14:54","modified_gmt":"2018-03-05T10:14:54","slug":"05-31-spyridon","status":"publish","type":"page","link":"https:\/\/www.adrianwood.ch\/?page_id=16490","title":{"rendered":"05-31 Spyridon"},"content":{"rendered":"<div class=\"pmdi_content_wrapper\">\n<h2 class=\"Normal-P\" style=\"margin-bottom: 6pt; text-align: justify; text-justify: inter-ideograph; direction: ltr; unicode-bidi: normal;\"><span class=\"Normal-H\"><span style=\"font-family: Times New Roman; font-weight: bold; font-size: 11pt;\">31. Mai<\/span><span style=\"font-family: Times New Roman; font-size: 11pt;\">, <\/span><span style=\"font-family: Times New Roman; font-weight: bold; font-size: 11pt;\">Portes &#8211; Agios Spyridon, Perlouades<\/span><\/span><\/h2>\n<table class=\"TableNormal-T\" style=\"width: 463.7pt; border-collapse: collapse;\" cellspacing=\"0\">\n<tbody>\n<tr class=\"-R\" style=\"height: 0; page-break-inside: avoid;\">\n<td class=\"-C\" style=\"width: 463.7pt;\" colspan=\"2\">\n<p class=\"Normal-P\" style=\"margin-bottom: 6pt; text-align: justify; text-justify: inter-ideograph; direction: ltr; unicode-bidi: normal;\"><span class=\"Normal-H\"><span style=\"font-family: Times New Roman; font-size: 11pt;\">Der letzte Wandertag steht vor uns. <\/span><\/span><\/p>\n<p class=\"Normal-P\" style=\"margin-bottom: 6pt; text-align: justify; text-justify: inter-ideograph; direction: ltr; unicode-bidi: normal;\"><span class=\"Normal-H\"><span style=\"font-family: Times New Roman; font-size: 11pt;\">Mit Sonne und blauem Himmel werde ich geweckt. Um 8 Uhr treffe ich Rita und die beiden Franz in der K\u00fcche beim Morgenessen. Griechischer Yoghurt mit Honig.<\/span><\/span><\/p>\n<p class=\"Normal-P\" style=\"margin-bottom: 6pt; text-align: justify; text-justify: inter-ideograph; direction: ltr; unicode-bidi: normal;\"><span class=\"Normal-H\"><span style=\"font-family: Times New Roman; font-size: 11pt;\">Um 9 Uhr treffen wir uns beim Bus, der uns Portes \/ Almiros an den En<\/span><span style=\"font-family: Times New Roman; font-size: 11pt;\">dpunkt der gestrigen Wanderung <\/span><span style=\"font-family: Times New Roman; font-size: 11pt;\">bringt. Heute ist wieder ein super sch\u00f6ner Tag, sonnig, wolkenloser blauer Himmel. Bereits nach 15 Minuten sind wir an der Nordk\u00fcste von Korfu. Hier gibt es das letzte Gruppenfoto.<\/span><\/span><\/p>\n<\/td>\n<\/tr>\n<tr class=\"-R\" style=\"height: 0; page-break-inside: avoid;\">\n<td class=\"-C\" style=\"width: 463.7pt;\" colspan=\"2\">\n<p class=\"Normal-P\" style=\"margin-bottom: 6pt; text-align: justify; text-justify: inter-ideograph; direction: ltr; unicode-bidi: normal;\"><span class=\"Normal-H\"><span style=\"font-family: Times New Roman; font-size: 11pt;\"><img decoding=\"async\" src=\"http:\/\/www.adrianwood.ch\/wp-content\/uploads\/2018\/03\/1520244855_image1.jpg\" data-link=\"\" width=\"604.741207349081px       \" height=\"274px       \"><\/span><\/span><\/p>\n<\/td>\n<\/tr>\n<tr class=\"-R\" style=\"height: 0; page-break-inside: avoid;\">\n<td class=\"-C\" style=\"width: 463.7pt;\" colspan=\"2\">\n<p class=\"Normal-P\" style=\"margin-bottom: 6pt; text-align: justify; text-justify: inter-ideograph; direction: ltr; unicode-bidi: normal;\"><span class=\"Normal-H\"><span style=\"font-family: Times New Roman; font-size: 11pt;\">Jetzt geht es alles dem Meer entlang, durch wunderbare Blumenwiesen; Mohn in roter und lila Farbe, voll von gelbem Ginster. Ein verfallener Turm zeigt den n\u00f6rdlichsten Punkt der Insel an. Weiter geht es der felsigen K\u00fcste entlang. Die verwitterten Felsen haben bizarre Formen. Einige nehmen sich ein solches Felsst\u00fcck als Souvenir nach Hause. Meines sieht aus wie ein St\u00fcck Knochen mit einem Loch drin. Man findet dort auch einige sch\u00f6ne <\/span><span style=\"font-family: Times New Roman; font-size: 11pt;\">K<\/span><span style=\"font-family: Times New Roman; font-size: 11pt;\">alzit Kristalle.<\/span><\/span><\/p>\n<\/td>\n<\/tr>\n<tr class=\"-R\">\n<td class=\"-C\" style=\"width: 231.85pt;\">\n<p class=\"Normal-P\" style=\"margin-bottom: 6pt; text-align: justify; text-justify: inter-ideograph; direction: ltr; unicode-bidi: normal;\"><span class=\"Normal-H\"><span style=\"font-family: Times New Roman; font-size: 11pt;\"><img decoding=\"async\" src=\"http:\/\/www.adrianwood.ch\/wp-content\/uploads\/2018\/03\/1520244855_image2.jpeg\" data-link=\"\" width=\"299px       \" height=\"225px       \"><\/span><\/span><\/p>\n<\/td>\n<td class=\"-C\" style=\"width: 231.85pt;\">\n<p class=\"Normal-P\" style=\"margin-bottom: 6pt; text-align: justify; text-justify: inter-ideograph; direction: ltr; unicode-bidi: normal;\"><span class=\"Normal-H\"><span style=\"font-family: Times New Roman; font-size: 11pt;\"><img decoding=\"async\" src=\"http:\/\/www.adrianwood.ch\/wp-content\/uploads\/2018\/03\/1520244855_image3.jpeg\" data-link=\"\" width=\"298px       \" height=\"223px       \"><\/span><\/span><\/p>\n<\/td>\n<\/tr>\n<tr class=\"-R\" style=\"height: 0; page-break-inside: avoid;\">\n<td class=\"-C\" style=\"width: 463.7pt;\" colspan=\"2\">\n<p class=\"Normal-P\" style=\"margin-bottom: 6pt; text-align: justify; text-justify: inter-ideograph; direction: ltr; unicode-bidi: normal;\"><span class=\"Normal-H\"><span style=\"font-family: Times New Roman; font-size: 11pt;\">Hinter uns sieht man am Horizont der Pankratos, den wir vor zwei Tagen bestiegen haben. Vor uns ist das Ionische Meer und nur etwa 10 km entfernt das Festland von Albanien.<\/span><\/span><\/p>\n<\/td>\n<\/tr>\n<tr class=\"-R\">\n<td class=\"-C\" style=\"width: 231.85pt;\">\n<p class=\"Normal-P\" style=\"margin-bottom: 6pt; text-align: center; direction: ltr; unicode-bidi: normal;\"><span class=\"Normal-H\"><span style=\"font-family: Times New Roman; font-size: 11pt;\"><img decoding=\"async\" src=\"http:\/\/www.adrianwood.ch\/wp-content\/uploads\/2018\/03\/1520244855_image4.jpeg\" data-link=\"\" width=\"263px       \" height=\"198px       \"><\/span><\/span><\/p>\n<\/td>\n<td class=\"-C\" style=\"width: 231.85pt;\">\n<p class=\"Normal-P\" style=\"margin-bottom: 6pt; text-align: justify; text-justify: inter-ideograph; direction: ltr; unicode-bidi: normal;\"><span class=\"Normal-H\"><span style=\"font-family: Times New Roman; font-size: 11pt;\"><img decoding=\"async\" src=\"http:\/\/www.adrianwood.ch\/wp-content\/uploads\/2018\/03\/1520244855_image5.jpeg\" data-link=\"\" width=\"298px       \" height=\"199px       \"><\/span><\/span><\/p>\n<\/td>\n<\/tr>\n<tr class=\"-R\">\n<td class=\"-C\" style=\"width: 463.7pt;\" colspan=\"2\">\n<p class=\"Normal-P\" style=\"margin-bottom: 6pt; text-align: justify; text-justify: inter-ideograph; direction: ltr; unicode-bidi: normal;\"><span class=\"Normal-H\"><span style=\"font-family: Times New Roman; font-size: 11pt;\">Um ca. 11 Uhr erreichen wir einen wundersch\u00f6nen Sandstrand. Die meisten g\u00f6nnen sich ein Bad in dem k\u00fchlen Wasser, dann verspeisen wir den mitgenommen Lunch.<\/span><\/span><\/p>\n<p class=\"Normal-P\" style=\"margin-bottom: 6pt; text-align: justify; text-justify: inter-ideograph; direction: ltr; unicode-bidi: normal;\"><span class=\"Normal-H\"><span style=\"font-family: Times New Roman; font-size: 11pt;\">Zur Unterhaltung erz\u00e4hlt uns Christine die Geschichte vom surrenden Elektrokasten in ihrem Bungalow. In der ersten Nacht surrte er nur leise, aber doch l\u00e4stig zum schlafen. Nach mehreren Interventionen von Christine kam ein Elektriker und reparierte es, mit dem Resultat, dass der Kasten in der n\u00e4chsten Nacht sehr laut schnatterte, sodass ein Schlafen nicht mehr m\u00f6glich war und Christine einen Schlafplatz in einem andern Bungalow suchen musste. Und nun diese Nacht hat dieser Kasten wieder nur noch leise gesurrt &#8211; und Christine war wieder gl\u00fccklich, dass sie im eigenen Bungalow schlafen konnte; das leise Surren st\u00f6rte sie nicht mehr!!<\/span><\/span><\/p>\n<\/td>\n<\/tr>\n<tr class=\"-R\">\n<td class=\"-C\" style=\"width: 231.85pt;\">\n<p class=\"Normal-P\" style=\"margin-bottom: 6pt; text-align: center; direction: ltr; unicode-bidi: normal;\"><span class=\"Normal-H\"><span style=\"font-family: Times New Roman; font-size: 11pt;\"><img decoding=\"async\" src=\"http:\/\/www.adrianwood.ch\/wp-content\/uploads\/2018\/03\/1520244855_image6.jpeg\" data-link=\"\" width=\"191px       \" height=\"229.2px       \"><\/span><\/span><\/p>\n<\/td>\n<td class=\"-C\" style=\"width: 231.85pt;\">\n<p class=\"Normal-P\" style=\"margin-bottom: 6pt; text-align: justify; text-justify: inter-ideograph; direction: ltr; unicode-bidi: normal;\"><span class=\"Normal-H\"><span style=\"font-family: Times New Roman; font-size: 11pt;\"><img decoding=\"async\" src=\"http:\/\/www.adrianwood.ch\/wp-content\/uploads\/2018\/03\/1520244855_image7.jpeg\" data-link=\"\" width=\"298px       \" height=\"223px       \"><\/span><\/span><\/p>\n<\/td>\n<\/tr>\n<tr class=\"-R\">\n<td class=\"-C\" style=\"width: 463.7pt;\" colspan=\"2\">\n<p class=\"Normal-P\" style=\"margin-bottom: 6pt; text-align: justify; text-justify: inter-ideograph; direction: ltr; unicode-bidi: normal;\"><span class=\"Normal-H\"><span style=\"font-family: Times New Roman; font-size: 11pt;\"> Nach ca. einer Stunde gehen wir weiter zur Taverne in Agios Spyridon, wo man sich einen Drink leistete, zum Beispiel ein Nestcafe Frappe. Dies ist das Ende des Korfu Trails.<\/span><\/span><\/p>\n<p class=\"Normal-P\" style=\"margin-bottom: 6pt; text-align: justify; text-justify: inter-ideograph; direction: ltr; unicode-bidi: normal;\"><span class=\"Normal-H\"><span style=\"font-family: Times New Roman; font-size: 11pt;\">Um 13.15 fahren wir mit dem Bus zur K\u00fcste von Perlouades. Von der H\u00f6he der Klippe hat man einen wundersch\u00f6nen Ausblick auf die hohen K\u00fcstenfelsen mit sch\u00f6nen Sandbuchten. Wir steigen der Strasse entlang zur K\u00fcste hinab. Aber zu den sch\u00f6nen Sandbuchten kommen wir nicht, nur an eine Felsen-Bucht mit sehr glitschigen Felsen, so dass man nicht ins Wasser gehen kann. So gehen wir wieder zur\u00fcck und weiter zur Sunset Beach.<\/span><\/span><\/p>\n<\/td>\n<\/tr>\n<tr class=\"-R\">\n<td class=\"-C\" style=\"width: 231.85pt;\">\n<p class=\"Normal-P\" style=\"margin-bottom: 6pt; text-align: justify; text-justify: inter-ideograph; direction: ltr; unicode-bidi: normal;\"><span class=\"Normal-H\"><span style=\"font-family: Times New Roman; font-size: 11pt;\"><img decoding=\"async\" src=\"http:\/\/www.adrianwood.ch\/wp-content\/uploads\/2018\/03\/1520244855_image8.jpeg\" data-link=\"\" width=\"294px       \" height=\"189px       \"><\/span><\/span><\/p>\n<\/td>\n<td class=\"-C\" style=\"width: 231.85pt;\">\n<p class=\"Normal-P\" style=\"margin-bottom: 6pt; text-align: justify; text-justify: inter-ideograph; direction: ltr; unicode-bidi: normal;\"><span class=\"Normal-H\"><span style=\"font-family: Times New Roman; font-size: 11pt;\"><img decoding=\"async\" src=\"http:\/\/www.adrianwood.ch\/wp-content\/uploads\/2018\/03\/1520244855_image9.jpeg\" data-link=\"\" width=\"294px       \" height=\"190px       \"><\/span><\/span><\/p>\n<\/td>\n<\/tr>\n<tr class=\"-R\">\n<td class=\"-C\" style=\"width: 463.7pt;\" colspan=\"2\">\n<p class=\"Normal-P\" style=\"margin-bottom: 6pt; text-align: justify; text-justify: inter-ideograph; direction: ltr; unicode-bidi: normal;\"><span class=\"Normal-H\"><span style=\"font-family: Times New Roman; font-size: 11pt;\">Ein super sch\u00f6ner Sandstrand vor einer etwa 80 Meter hohen Felswand. Es hat hier recht grosse Wellen, so dass das Baden zum echten Vergn\u00fcgen wird. Auch ich bin hier in Rekordzeit im Wasser. Wir bleiben dort bis ca. 17 Uhr. <\/span><\/span><\/p>\n<\/td>\n<\/tr>\n<tr class=\"-R\">\n<td class=\"-C\" style=\"width: 231.85pt;\">\n<p class=\"Normal-P\" style=\"margin-bottom: 6pt; text-align: justify; text-justify: inter-ideograph; direction: ltr; unicode-bidi: normal;\"><span class=\"Normal-H\"><span style=\"font-family: Times New Roman; font-size: 11pt;\"><img decoding=\"async\" src=\"http:\/\/www.adrianwood.ch\/wp-content\/uploads\/2018\/03\/1520244855_image10.jpg\" data-link=\"\" width=\"296.420892388451px       \" height=\"198px       \"><\/span><\/span><\/p>\n<\/td>\n<td class=\"-C\" style=\"width: 231.85pt;\">\n<p class=\"Normal-P\" style=\"margin-bottom: 6pt; text-align: justify; text-justify: inter-ideograph; direction: ltr; unicode-bidi: normal;\"><span class=\"Normal-H\"><span style=\"font-family: Times New Roman; font-size: 11pt;\"><img decoding=\"async\" src=\"http:\/\/www.adrianwood.ch\/wp-content\/uploads\/2018\/03\/1520244855_image11.jpg\" data-link=\"\" width=\"296.421102362205px       \" height=\"198px       \"><\/span><\/span><\/p>\n<\/td>\n<\/tr>\n<tr class=\"-R\" style=\"height: 0; page-break-inside: avoid;\">\n<td class=\"-C\" style=\"width: 463.7pt;\" colspan=\"2\">\n<p class=\"Normal-P\" style=\"margin-bottom: 6pt; text-align: justify; text-justify: inter-ideograph; direction: ltr; unicode-bidi: normal;\"><span class=\"Normal-H\"><span style=\"font-family: Times New Roman; font-size: 11pt;\">Der Bus holt uns ab und bringt uns zur\u00fcck nach Kalami. Um ca. 19 Uhr treffen wir uns im Restaurant zum letzten gemeinsamen Abendessen. Noch einmal geniessen wir die verschiedenen griechischen Spezialit\u00e4ten. In der langen Pause zwischen Vorspeise und Hauptgang wird Adrian mit einem treffenden Sketsch von Christine und Mechthild das Geschenk \u00fcbergeben &#8211; ein Handy.<\/span><\/span><\/p>\n<p class=\"Normal-P\" style=\"margin-bottom: 6pt; text-align: justify; text-justify: inter-ideograph; direction: ltr; unicode-bidi: normal;\"><span class=\"Normal-H\"><span style=\"font-family: Times New Roman; font-size: 11pt;\">Albi.<\/span><\/span><\/p>\n<\/td>\n<\/tr>\n<\/tbody>\n<\/table>\n<\/div>\n","protected":false},"excerpt":{"rendered":"<p>31. Mai, Portes &#8211; Agios Spyridon, Perlouades Der letzte Wandertag steht vor uns. Mit Sonne und blauem Himmel werde ich geweckt. Um 8 Uhr treffe ich Rita und die beiden Franz in der K\u00fcche beim Morgenessen. Griechischer Yoghurt mit Honig. Um 9 Uhr treffen wir uns beim Bus, der uns Portes \/ Almiros an den &hellip; <a href=\"https:\/\/www.adrianwood.ch\/?page_id=16490\" class=\"more-link\">Continue reading <span class=\"screen-reader-text\">05-31 Spyridon<\/span> <span class=\"meta-nav\">&rarr;<\/span><\/a><\/p>\n","protected":false},"author":1,"featured_media":0,"parent":16195,"menu_order":2216,"comment_status":"closed","ping_status":"closed","template":"","meta":{"ngg_post_thumbnail":0,"footnotes":""},"class_list":["post-16490","page","type-page","status-publish","hentry"],"_links":{"self":[{"href":"https:\/\/www.adrianwood.ch\/index.php?rest_route=\/wp\/v2\/pages\/16490","targetHints":{"allow":["GET"]}}],"collection":[{"href":"https:\/\/www.adrianwood.ch\/index.php?rest_route=\/wp\/v2\/pages"}],"about":[{"href":"https:\/\/www.adrianwood.ch\/index.php?rest_route=\/wp\/v2\/types\/page"}],"author":[{"embeddable":true,"href":"https:\/\/www.adrianwood.ch\/index.php?rest_route=\/wp\/v2\/users\/1"}],"replies":[{"embeddable":true,"href":"https:\/\/www.adrianwood.ch\/index.php?rest_route=%2Fwp%2Fv2%2Fcomments&post=16490"}],"version-history":[{"count":2,"href":"https:\/\/www.adrianwood.ch\/index.php?rest_route=\/wp\/v2\/pages\/16490\/revisions"}],"predecessor-version":[{"id":16503,"href":"https:\/\/www.adrianwood.ch\/index.php?rest_route=\/wp\/v2\/pages\/16490\/revisions\/16503"}],"up":[{"embeddable":true,"href":"https:\/\/www.adrianwood.ch\/index.php?rest_route=\/wp\/v2\/pages\/16195"}],"wp:attachment":[{"href":"https:\/\/www.adrianwood.ch\/index.php?rest_route=%2Fwp%2Fv2%2Fmedia&parent=16490"}],"curies":[{"name":"wp","href":"https:\/\/api.w.org\/{rel}","templated":true}]}}