{"id":16834,"date":"2018-07-21T13:59:57","date_gmt":"2018-07-21T13:59:57","guid":{"rendered":"http:\/\/www.adrianwood.ch\/?page_id=16834"},"modified":"2018-07-21T14:03:20","modified_gmt":"2018-07-21T14:03:20","slug":"andere-ausfluge","status":"publish","type":"page","link":"https:\/\/www.adrianwood.ch\/?page_id=16834","title":{"rendered":"Andere Ausfl\u00fcge"},"content":{"rendered":"<div class=\"pmdi_content_wrapper\">\n<p class=\"Normal-P\" style=\"margin-bottom: 6pt; text-align: justify; text-justify: inter-ideograph; direction: ltr; unicode-bidi: normal;\"><span class=\"Normal-H\"><span style=\"font-family: Arial; font-weight: bold; font-size: 11pt;\">13.-<\/span><span style=\"font-family: Arial; font-weight: bold; font-size: 11pt;\">26. Mai, Tinos und andere Aus<\/span><span style=\"font-family: Arial; font-weight: bold; font-size: 11pt;\">fl\u00fcge<\/span><\/span><\/p>\n<p class=\"Normal-P\" style=\"margin-bottom: 6pt; text-align: justify; text-justify: inter-ideograph; direction: ltr; unicode-bidi: normal;\"><span class=\"Normal-H\"><span style=\"font-family: Arial; font-size: 11pt;\">Da ich aus gesundheitlichen Gr\u00fcnden leider nicht alle Wanderungen mitmachen konnte, konnte ich dank dem freundlichen Verst\u00e4ndnis des Reiseleiters Markus M\u00fcller und Adrian einige eigene Variationen unternehmen. Sogar meine Funkstation Elecraft KX2 mit 10 Watt Sendeleistung hatte ich mitgenommen und unter dem Rufzeichen SV8\/HB9ECP (SV8 f\u00fcr griechische Kykladen) Sendeversuche gemacht. Einige von uns fanden es ganz spannend. Aber am besten Antennenstandort, im Hotel in Amorgos, hat das Hotelpersonal mir jeden Tag die m\u00fchsam aufgespannte Dipol-Drahtantenne abgeh\u00e4ngt, sodass nur Empfang von Amateurfunkstationen aus Europa gelang, &#8220;hi&#8230;&#8221;!<\/span><\/span><\/p>\n<table class=\"TableGrid-T\" style=\"border-collapse: collapse;\" cellspacing=\"0\">\n<tbody>\n<tr class=\"-R\">\n<td class=\"-C\" style=\"width: 481.4pt; border: none windowtext 0pt;\" colspan=\"2\"><\/td>\n<\/tr>\n<tr class=\"-R\">\n<td class=\"-C\" style=\"width: 240.85pt; border: none windowtext 0pt;\">\n<p class=\"Normal-P\" style=\"margin-bottom: 6pt; text-align: justify; text-justify: inter-ideograph; direction: ltr; unicode-bidi: normal;\"><span class=\"Normal-H\"><span style=\"font-family: Arial; font-size: 11pt;\"><img loading=\"lazy\" decoding=\"async\" class=\"\" src=\"http:\/\/www.adrianwood.ch\/wp-content\/uploads\/2018\/07\/1532181579_image1.jpeg\" data-link=\"\" width=\"350\" height=\"234\"><\/span><\/span><\/p>\n<\/td>\n<td class=\"-C\" style=\"width: 240.55pt; border: none windowtext 0pt;\">\n<p class=\"Normal-P\" style=\"margin-bottom: 6pt; text-align: justify; text-justify: inter-ideograph; direction: ltr; unicode-bidi: normal;\"><span class=\"Normal-H\"><span style=\"font-family: Arial; font-size: 11pt;\"><img loading=\"lazy\" decoding=\"async\" class=\"\" src=\"http:\/\/www.adrianwood.ch\/wp-content\/uploads\/2018\/07\/1532181579_image2.jpeg\" data-link=\"\" width=\"350\" height=\"233\"><\/span><\/span><\/p>\n<\/td>\n<\/tr>\n<tr class=\"-R\">\n<td class=\"-C\" style=\"width: 481.4pt; border: none windowtext 0pt;\" colspan=\"2\">\n<p class=\"Normal-P\" style=\"margin-bottom: 6pt; text-align: justify; text-justify: inter-ideograph; direction: ltr; unicode-bidi: normal;\"><span class=\"Normal-H\"><span style=\"font-family: Arial; font-weight: bold; font-size: 11pt;\">Santorini:<\/span><span style=\"font-family: Arial; font-size: 11pt;\">Kamari<\/span><span style=\"font-family: Arial; font-size: 11pt;\">, wo unser Hotel gelegen war, ist ein netter Ort direkt am Meer mit weniger Rummel als in Thira, der Hauptstadt. Nach der Besichtigung der minoischen Ausgrabungen von Akrotiri (Prof. Marinatos) fuhr ich mit dem Bus nach Thira. Hier hat mich besonders die neue Luftseilbahn von Doppelmayr (Vorarlberg) mit den Sechs-Kabinen-Gruppen beeindruckt. Nach dem Besuch des alten Hafens mit der ehemaligen Tomatenkonservenfabrik und mit viel Betrieb wegen der Ausschiffung der Kreuzfahrt<\/span><span style=\"font-family: Arial; font-size: 11pt;\"> &#8211;<\/span><span style=\"font-family: Arial; font-size: 11pt;\">touristen durfte auch ein Ritt auf einem weissen Muli nach Thira hinauf diesmal nicht fehlen. In Kamari erlebte ich am letzten Abend bei einem feinen Nachtessen im Restaurant \u201eBoathouse\u201c (vom Cousin unseres Hotel<\/span><span style=\"font-family: Arial; font-size: 11pt;\">&#8211;<\/span><span style=\"font-family: Arial; font-size: 11pt;\">besitzers betrieben) einen griechischen Tanzabend, an dem auch fleissig Teller auf die Tanzb\u00fchne geworfen wurden und zerstellten. Der Grossvater (Fischer) hatte die Grundst\u00fccke anfangs 60er-Jahre f\u00fcr einen Spottpreis gekauft. Allerdings entstanden dann anstatt Bootsh\u00e4user f\u00fcr die Fischer das Hotel und <\/span><span style=\"font-family: Arial; font-size: 11pt;\">Taverna<\/span><span style=\"font-family: Arial; font-size: 11pt;\"> bei dem aufkommenden Tourismus.<\/span><\/span><\/p>\n<\/td>\n<\/tr>\n<tr class=\"-R\">\n<td class=\"-C\" style=\"width: 240.85pt; border: none windowtext 0pt;\">\n<p class=\"Normal-P\" style=\"margin-bottom: 6pt; text-align: justify; text-justify: inter-ideograph; direction: ltr; unicode-bidi: normal;\"><span class=\"Normal-H\"><span style=\"font-family: Arial; font-weight: bold; font-size: 11pt;\"><img loading=\"lazy\" decoding=\"async\" class=\"\" src=\"http:\/\/www.adrianwood.ch\/wp-content\/uploads\/2018\/07\/1532181579_image3.jpeg\" data-link=\"\" width=\"351\" height=\"264\"><\/span><\/span><\/p>\n<\/td>\n<td class=\"-C\" style=\"width: 240.55pt; border: none windowtext 0pt;\">\n<p class=\"Normal-P\" style=\"margin-bottom: 6pt; text-align: justify; text-justify: inter-ideograph; direction: ltr; unicode-bidi: normal;\"><span class=\"Normal-H\"><span style=\"font-family: Arial; font-size: 11pt;\"><img loading=\"lazy\" decoding=\"async\" class=\"\" src=\"http:\/\/www.adrianwood.ch\/wp-content\/uploads\/2018\/07\/1532181579_image4.jpeg\" data-link=\"\" width=\"351\" height=\"263\"><\/span><\/span><\/p>\n<\/td>\n<\/tr>\n<tr class=\"-R\">\n<td class=\"-C\" style=\"width: 481.4pt; border: none windowtext 0pt;\" colspan=\"2\">\n<p class=\"Normal-P\" style=\"margin-bottom: 6pt; text-align: justify; text-justify: inter-ideograph; direction: ltr; unicode-bidi: normal;\"><span class=\"Normal-H\"><span style=\"font-family: Arial; font-weight: bold; font-size: 11pt;\">Naxos: <\/span><span style=\"font-family: Arial; font-size: 11pt;\">Diese Insel liebe ich besonders wegen ihrer Weite, den Bergen und den Olivenplantagen auf der Hochebene. In Apiranthos, wo wir uns noch st\u00e4rkten, nahm ich statt den Wanderern den Bus nach Apollonas, der auf einer kurvigen Bergstrasse und durch die wundersch\u00f6nen Bergd\u00f6rfer Koronos, Koronida und Skado bis ans Meer hinunterfuhr. Ein halbst\u00fcndiger Marsch zum 20 Meter langen Kouros war nat\u00fcrlich Pflicht! An einem anderen Tag besuchte ich Chalki mit seinen venezianischen Burgh\u00e4usern und alten Olivenb\u00e4umen und verk\u00f6stigte mich in einer lauschigen Taverna unter B\u00e4umen. Besonders Tomaten und Kartoffeln sind auf Naxos hervorragend im Geschmack.<\/span><\/span><\/p>\n<\/td>\n<\/tr>\n<tr class=\"-R\">\n<td class=\"-C\" style=\"width: 240.85pt; border: none windowtext 0pt;\">\n<p class=\"Normal-P\" style=\"margin-bottom: 3pt; text-align: justify; text-justify: inter-ideograph; direction: ltr; unicode-bidi: normal;\"><span class=\"Normal-H\"><span style=\"font-family: Arial; font-size: 11pt;\"><img loading=\"lazy\" decoding=\"async\" class=\"\" src=\"http:\/\/www.adrianwood.ch\/wp-content\/uploads\/2018\/07\/1532181579_image5.jpeg\" data-link=\"\" width=\"350\" height=\"234\"><\/span><\/span><\/p>\n<\/td>\n<td class=\"-C\" style=\"width: 240.55pt; border: none windowtext 0pt;\">\n<p class=\"Normal-P\" style=\"margin-bottom: 3pt; text-align: justify; text-justify: inter-ideograph; direction: ltr; unicode-bidi: normal;\"><span class=\"Normal-H\"><span style=\"font-family: Arial; font-size: 11pt;\"><img loading=\"lazy\" decoding=\"async\" class=\"\" src=\"http:\/\/www.adrianwood.ch\/wp-content\/uploads\/2018\/07\/1532181579_image6.jpeg\" data-link=\"\" width=\"350\" height=\"233\"><\/span><\/span><\/p>\n<\/td>\n<\/tr>\n<tr class=\"-R\">\n<td class=\"-C\" style=\"width: 481.4pt; border: none windowtext 0pt;\" colspan=\"2\">\n<p class=\"Normal-P\" style=\"margin-bottom: 3pt; text-align: justify; text-justify: inter-ideograph; direction: ltr; unicode-bidi: normal;\"><span class=\"Normal-H\"><span style=\"font-family: Arial; font-weight: bold; font-size: 11pt;\">Amorgos<\/span><span style=\"font-family: Arial; font-weight: bold; font-size: 11pt;\">:<\/span><span style=\"font-family: Arial; font-size: 11pt;\">Nach dem Besuch des eindr\u00fccklichen Felsenkloster Chosowiotissa nahm ich den Weg zur\u00fcck zum Parkplatz und begegnete einer Gruppe von Aquarellmalern. Ein wundersch\u00f6ner Saumweg brachte mich in einer halben Stunde zur\u00fcck in die Hauptstadt Chora mit ihren M\u00fchlen und verwinkelten Gassen. Am letzten Tag auf Amorgos begleitete ich die Gruppe nach Egiali. Hier konnte ich ausgiebig durch die lauschigen G\u00e4rten und Hinterh\u00f6fe gehen. Leider fand ich den Einstieg zum Dorf Langada nicht, sodass ich deshalb genug Zeit hatte, vor dem Mittagessen ausgiebig im warmen Meer zu baden.<\/span><\/span><\/p>\n<\/td>\n<\/tr>\n<tr class=\"-R\">\n<td class=\"-C\" style=\"width: 240.85pt; border: none windowtext 0pt;\">\n<p class=\"Normal-P\" style=\"margin-bottom: 3pt; text-align: justify; text-justify: inter-ideograph; direction: ltr; unicode-bidi: normal;\"><span class=\"Normal-H\"><span style=\"font-family: Arial; font-size: 11pt;\"><img loading=\"lazy\" decoding=\"async\" class=\"\" src=\"http:\/\/www.adrianwood.ch\/wp-content\/uploads\/2018\/07\/1532181579_image7.jpeg\" data-link=\"\" width=\"350\" height=\"234\"><\/span><\/span><\/p>\n<\/td>\n<td class=\"-C\" style=\"width: 240.55pt; border: none windowtext 0pt;\">\n<p class=\"Normal-P\" style=\"margin-bottom: 3pt; text-align: justify; text-justify: inter-ideograph; direction: ltr; unicode-bidi: normal;\"><span class=\"Normal-H\"><span style=\"font-family: Arial; font-size: 11pt;\"><img loading=\"lazy\" decoding=\"async\" class=\"\" src=\"http:\/\/www.adrianwood.ch\/wp-content\/uploads\/2018\/07\/1532181579_image8.jpeg\" data-link=\"\" width=\"350\" height=\"233\"><\/span><\/span><\/p>\n<\/td>\n<\/tr>\n<tr class=\"-R\">\n<td class=\"-C\" style=\"width: 481.4pt; border: none windowtext 0pt;\" colspan=\"2\">\n<p class=\"Normal-P\" style=\"margin-bottom: 3pt; text-align: justify; text-justify: inter-ideograph; direction: ltr; unicode-bidi: normal;\"><span class=\"Normal-H\"><span style=\"font-family: Arial; font-weight: bold; font-size: 11pt;\">Tinos:<\/span><span style=\"font-family: Arial; font-size: 11pt;\">Da ich Delos schon kannte, fuhr ich von Mykonos um 13.15 in 35 Minuten zur Nachbarinsel Tinos. Hier herrschte gesch\u00e4ftiges Treiben unter Griechen mit vielen Restaurants am alten Hafen. Man h\u00f6rte kein englisches, deutsches, italienisches oder franz\u00f6sisches Wort, nur Griechisch, denn Tinos ist der wichtigste Wallfahrtsort der griechisch-orthodoxen Kirche mit ihrer wundersch\u00f6nen Kathedrale Panagia Evangelistria. Die Strassen sind ges\u00e4umt von Kerzenverkaufsst\u00e4nden (echter Bienenwachs bis zu 1 Meter hoch) und Devotionalien-Gesch\u00e4ften. Sogar Pilger sah ich, die sich auf Knien zur Kirche hinaufschleppten. Leider musste ich schon um 17.25 mit dem Katamaran aus Rafina in 20 Minuten nach Mykonos zur\u00fcck. Daf\u00fcr durfte ich auch am sch\u00f6nen Abschlussessen in Agios Stephanos teilnehmen. Trotz meiner Rekonvaleszenz habe ich nie de<\/span><span style=\"font-family: Arial; font-size: 11pt;\"> Anschluss zu meinen Wanderfreunden verloren.<\/span><\/span><\/p>\n<\/td>\n<\/tr>\n<tr class=\"-R\">\n<td class=\"-C\" style=\"width: 240.85pt; border: none windowtext 0pt;\">\n<p class=\"Normal-P\" style=\"margin-bottom: 3pt; text-align: justify; text-justify: inter-ideograph; direction: ltr; unicode-bidi: normal;\"><span class=\"Normal-H\"><span style=\"font-family: Arial; font-size: 11pt;\"><img loading=\"lazy\" decoding=\"async\" class=\"\" src=\"http:\/\/www.adrianwood.ch\/wp-content\/uploads\/2018\/07\/1532181579_image9.jpeg\" data-link=\"\" width=\"350\" height=\"234\"><\/span><\/span><\/p>\n<\/td>\n<td class=\"-C\" style=\"width: 240.55pt; border: none windowtext 0pt;\">\n<p class=\"Normal-P\" style=\"margin-bottom: 3pt; text-align: justify; text-justify: inter-ideograph; direction: ltr; unicode-bidi: normal;\"><span class=\"Normal-H\"><span style=\"font-family: Arial; font-size: 11pt;\"><img loading=\"lazy\" decoding=\"async\" class=\"\" src=\"http:\/\/www.adrianwood.ch\/wp-content\/uploads\/2018\/07\/1532181579_image10.jpeg\" data-link=\"\" width=\"350\" height=\"233\"><\/span><\/span><\/p>\n<\/td>\n<\/tr>\n<tr class=\"-R\">\n<td class=\"-C\" style=\"width: 240.85pt; border: none windowtext 0pt;\">\n<p class=\"Normal-P\" style=\"margin-bottom: 3pt; text-align: justify; text-justify: inter-ideograph; direction: ltr; unicode-bidi: normal;\"><span class=\"Normal-H\"><span style=\"font-family: Arial; font-size: 11pt;\">Vielen Dank an Adrian und Markus f\u00fcr die wundersch\u00f6ne Reise, vor der ich noch lange in Gedanken zehren werde.<\/span><\/span><\/p>\n<p class=\"Normal-P\" style=\"margin-bottom: 3pt; text-align: justify; text-justify: inter-ideograph; direction: ltr; unicode-bidi: normal;\"><span class=\"Normal-H\"><span style=\"font-family: Arial; font-size: 11pt;\">Philippe<\/span><\/span><\/p>\n<\/td>\n<td class=\"-C\" style=\"width: 240.55pt; border: none windowtext 0pt;\">\n<p class=\"Normal-P\" style=\"margin-bottom: 3pt; text-align: justify; text-justify: inter-ideograph; direction: ltr; unicode-bidi: normal;\"><span class=\"Normal-H\"><span style=\"font-family: Arial; font-size: 11pt;\"><img loading=\"lazy\" decoding=\"async\" class=\"\" src=\"http:\/\/www.adrianwood.ch\/wp-content\/uploads\/2018\/07\/1532181579_image11.jpeg\" data-link=\"\" width=\"351\" height=\"465\"><\/span><\/span><\/p>\n<\/td>\n<\/tr>\n<p><!-- [if !supportMisalignedColumns]--><\/tbody>\n<\/table>\n<\/div>\n","protected":false},"excerpt":{"rendered":"<p>13.-26. Mai, Tinos und andere Ausfl\u00fcge Da ich aus gesundheitlichen Gr\u00fcnden leider nicht alle Wanderungen mitmachen konnte, konnte ich dank dem freundlichen Verst\u00e4ndnis des Reiseleiters Markus M\u00fcller und Adrian einige eigene Variationen unternehmen. Sogar meine Funkstation Elecraft KX2 mit 10 Watt Sendeleistung hatte ich mitgenommen und unter dem Rufzeichen SV8\/HB9ECP (SV8 f\u00fcr griechische Kykladen) Sendeversuche &hellip; <a href=\"https:\/\/www.adrianwood.ch\/?page_id=16834\" class=\"more-link\">Continue reading <span class=\"screen-reader-text\">Andere Ausfl\u00fcge<\/span> <span class=\"meta-nav\">&rarr;<\/span><\/a><\/p>\n","protected":false},"author":1,"featured_media":0,"parent":16596,"menu_order":25991,"comment_status":"closed","ping_status":"closed","template":"","meta":{"ngg_post_thumbnail":0,"footnotes":""},"class_list":["post-16834","page","type-page","status-publish","hentry"],"_links":{"self":[{"href":"https:\/\/www.adrianwood.ch\/index.php?rest_route=\/wp\/v2\/pages\/16834","targetHints":{"allow":["GET"]}}],"collection":[{"href":"https:\/\/www.adrianwood.ch\/index.php?rest_route=\/wp\/v2\/pages"}],"about":[{"href":"https:\/\/www.adrianwood.ch\/index.php?rest_route=\/wp\/v2\/types\/page"}],"author":[{"embeddable":true,"href":"https:\/\/www.adrianwood.ch\/index.php?rest_route=\/wp\/v2\/users\/1"}],"replies":[{"embeddable":true,"href":"https:\/\/www.adrianwood.ch\/index.php?rest_route=%2Fwp%2Fv2%2Fcomments&post=16834"}],"version-history":[{"count":3,"href":"https:\/\/www.adrianwood.ch\/index.php?rest_route=\/wp\/v2\/pages\/16834\/revisions"}],"predecessor-version":[{"id":16858,"href":"https:\/\/www.adrianwood.ch\/index.php?rest_route=\/wp\/v2\/pages\/16834\/revisions\/16858"}],"up":[{"embeddable":true,"href":"https:\/\/www.adrianwood.ch\/index.php?rest_route=\/wp\/v2\/pages\/16596"}],"wp:attachment":[{"href":"https:\/\/www.adrianwood.ch\/index.php?rest_route=%2Fwp%2Fv2%2Fmedia&parent=16834"}],"curies":[{"name":"wp","href":"https:\/\/api.w.org\/{rel}","templated":true}]}}