{"id":19700,"date":"2019-06-08T09:28:44","date_gmt":"2019-06-08T09:28:44","guid":{"rendered":"http:\/\/www.adrianwood.ch\/?page_id=19700"},"modified":"2019-06-10T11:11:40","modified_gmt":"2019-06-10T11:11:40","slug":"05-01-valldemossa","status":"publish","type":"page","link":"https:\/\/www.adrianwood.ch\/?page_id=19700","title":{"rendered":"05-01 Valldemossa"},"content":{"rendered":"<div class=\"pmdi_content_wrapper\">\n<h2 class=\"Normal-P\" style=\"margin-bottom: 6pt; text-align: justify; text-justify: inter-ideograph; direction: ltr; unicode-bidi: normal;\"><span class=\"Normal-H\"><span style=\"font-family: Times New Roman; font-weight: bold;\">30.April,<\/span><span style=\"font-family: Times New Roman; font-weight: bold;\"> Valldemossa, <\/span><span style=\"font-family: Times New Roman; font-weight: bold;\">Reitweg <\/span><span style=\"font-family: Times New Roman; font-weight: bold;\">Erzherzog Ludwig Salvator<\/span><\/span><\/h2>\n<table class=\"TableGrid-T\" style=\"border-collapse: collapse;\" cellspacing=\"0\">\n<tbody>\n<tr class=\"-R\">\n<td class=\"-C\" style=\"width: 481.4pt; border: none windowtext 0pt;\" colspan=\"2\">\n<p class=\"Normal-P\" style=\"margin-bottom: 6pt; text-align: justify; text-justify: inter-ideograph; direction: ltr; unicode-bidi: normal;\"><span class=\"Normal-H\"><span style=\"font-family: Times New Roman;\">08:45 h, der Bus nimmt uns samt Gep\u00e4ck beim Hotel Coronado in CalaFornells auf; der verletzten Vreni wird der f\u00fcr Behinderte vorgesehene Platz zugewiesen, noch kann sie nicht zur\u00fcck nach Basel fliegen, der Gips um ihren gebrochenen Ellenbogen muss 48 Std. lang trocknen. Erst in der Nacht von Freitag auf Samstag wird sie endlich in der USB operiert. Den Unfall hatte sie montags und nur dank guter Produkte der Basler Pharmaunternehmen h\u00e4lt sie die grossen Schmerzen aus.Ein Abstecher in einen Supermarkt erlaubt noch das Auff\u00fcllen fehlender Nahrungsmittel f\u00fcr die bevorstehende Wanderung. <\/span><\/span><\/p>\n<\/td>\n<\/tr>\n<tr class=\"-R\">\n<td class=\"-C\" style=\"width: 239.8pt; border: none windowtext 0pt;\">\n<p class=\"Normal-P\" style=\"margin-bottom: 6pt; text-align: justify; text-justify: inter-ideograph; direction: ltr; unicode-bidi: normal;\"><span class=\"Normal-H\"><span style=\"font-family: Times New Roman;\"><img loading=\"lazy\" decoding=\"async\" class=\"\" src=\"http:\/\/www.adrianwood.ch\/wp-content\/uploads\/2019\/06\/1559986053_image1.jpeg\" data-link=\"\" width=\"350\" height=\"232\"><\/span><\/span><\/p>\n<\/td>\n<td class=\"-C\" style=\"width: 241.6pt; border: none windowtext 0pt;\">\n<p class=\"Normal-P\" style=\"margin-bottom: 6pt; text-align: justify; text-justify: inter-ideograph; direction: ltr; unicode-bidi: normal;\"><span class=\"Normal-H\"><span style=\"font-family: Times New Roman;\"><img loading=\"lazy\" decoding=\"async\" class=\"\" src=\"http:\/\/www.adrianwood.ch\/wp-content\/uploads\/2019\/06\/1559986053_image2.jpeg\" data-link=\"\" width=\"349\" height=\"232\"><\/span><\/span><\/p>\n<\/td>\n<\/tr>\n<tr class=\"-R\">\n<td class=\"-C\" style=\"width: 481.4pt; border: none windowtext 0pt;\" colspan=\"2\">\n<p class=\"Normal-P\" style=\"margin-bottom: 6pt; text-align: justify; text-justify: inter-ideograph; direction: ltr; unicode-bidi: normal;\"><span class=\"Normal-H\"><span style=\"font-family: Times New Roman;\">Beginn der Wanderung bei 400 m durch den beeindruckenden Steineichenwald <\/span><span style=\"font-family: Times New Roman;\">in der N\u00e4he <\/span><span style=\"font-family: Times New Roman;\">von Valldemossa, im Zentrum der Sierra de Tramuntana. Beim ersten Joch erfolgt ein kurzer Halt und Fernando empfiehlt wie immer: <\/span><span style=\"font-family: Times New Roman;\">bisseli<\/span><span style=\"font-family: Times New Roman;\"> trinken, gut atmen (= durchatmen). <\/span><\/span><\/p>\n<\/td>\n<\/tr>\n<tr class=\"-R\">\n<td class=\"-C\" style=\"width: 239.8pt; border: none windowtext 0pt;\">\n<p class=\"Normal-P\" style=\"margin-bottom: 6pt; text-align: justify; text-justify: inter-ideograph; direction: ltr; unicode-bidi: normal;\"><span class=\"Normal-H\"><span style=\"font-family: Times New Roman;\"><img loading=\"lazy\" decoding=\"async\" class=\"\" src=\"http:\/\/www.adrianwood.ch\/wp-content\/uploads\/2019\/06\/1559986053_image3.jpeg\" data-link=\"\" width=\"350\" height=\"232\"><\/span><\/span><\/p>\n<\/td>\n<td class=\"-C\" style=\"width: 241.6pt; border: none windowtext 0pt;\">\n<p class=\"Normal-P\" style=\"margin-bottom: 6pt; text-align: justify; text-justify: inter-ideograph; direction: ltr; unicode-bidi: normal;\"><span class=\"Normal-H\"><span style=\"font-family: Times New Roman;\"><img loading=\"lazy\" decoding=\"async\" class=\"\" src=\"http:\/\/www.adrianwood.ch\/wp-content\/uploads\/2019\/06\/1559986053_image4.jpeg\" data-link=\"\" width=\"349\" height=\"234\"><\/span><\/span><\/p>\n<\/td>\n<\/tr>\n<tr class=\"-R\">\n<td class=\"-C\" style=\"width: 481.4pt; border: none windowtext 0pt;\" colspan=\"2\">\n<p class=\"Normal-P\" style=\"margin-bottom: 6pt; text-align: justify; text-justify: inter-ideograph; direction: ltr; unicode-bidi: normal;\"><span class=\"Normal-H\"><span style=\"font-family: Times New Roman;\">Weiter geht es \u00fcber kleine Leitern zur \u00dcberwindung der Mauern zwischen den div. Grundst\u00fccken.<\/span><\/span><\/p>\n<p class=\"Normal-P\" style=\"margin-bottom: 6pt; text-align: justify; text-justify: inter-ideograph; direction: ltr; unicode-bidi: normal;\"><span class=\"Normal-H\"><span style=\"font-family: Times New Roman;\">Auf 766 m gibt den zweiten Halt und das Vergn\u00fcgen, von dort wieder das uns bereits bekannte Matterhorn von Mallorca, den <\/span><span style=\"font-family: Times New Roman;\">Galatzo<\/span><span style=\"font-family: Times New Roman;\">, zu sehen.<\/span><\/span><\/p>\n<\/td>\n<\/tr>\n<tr class=\"-R\">\n<td class=\"-C\" style=\"width: 481.4pt; border: none windowtext 0pt;\" colspan=\"2\">\n<p class=\"Normal-P\" style=\"margin-bottom: 6pt; text-align: justify; text-justify: inter-ideograph; direction: ltr; unicode-bidi: normal;\"><span class=\"Normal-H\"><span style=\"font-family: Times New Roman;\"><img loading=\"lazy\" decoding=\"async\" class=\"\" src=\"http:\/\/www.adrianwood.ch\/wp-content\/uploads\/2019\/06\/1559986053_image5.jpeg\" data-link=\"\" width=\"788\" height=\"262\"><\/span><\/span><\/p>\n<\/td>\n<\/tr>\n<tr class=\"-R\">\n<td class=\"-C\" style=\"width: 481.4pt; border: none windowtext 0pt;\" colspan=\"2\">\n<p class=\"Normal-P\" style=\"margin-bottom: 6pt; text-align: justify; text-justify: inter-ideograph; direction: ltr; unicode-bidi: normal;\"><span class=\"Normal-H\"><span style=\"font-family: Times New Roman;\">\u00d6sterreichs Erzherzog Ludwig Salvator kaufte vor dem 1. Weltkrieg das riesige Terrain mit Meeranstoss in dem wir heute wandern. Auf der Hochebene stossen wir auf den Reitweg seiner Hoheit, doch entspricht der <\/span><span style=\"font-family: Times New Roman;\">Weg nicht des Wortes Bedeutung; <\/span><span style=\"font-family: Times New Roman;\">mei<\/span><span style=\"font-family: Times New Roman;\">, war das eine Entt\u00e4uschung! Von einem Reitweg war da nicht zu sehen, wohl aber bot sich uns ein traumhaftes Panorama. Der Erzherzog war im Herzen ein Hippie und erlaubte die freie Benutzung seines Gel\u00e4ndes. Eine Jugendherberge hatte er dort bauen lassen wo man 3 Tage kostenlos wohnen konnte und unter seiner \u00c4gide wurde das erste Sachbuch \u00fcber Mallorca verfasst. <\/span><\/span><\/p>\n<\/td>\n<\/tr>\n<tr class=\"-R\">\n<td class=\"-C\" style=\"width: 239.8pt; border: none windowtext 0pt;\">\n<p class=\"Normal-P\" style=\"margin-bottom: 6pt; text-align: justify; text-justify: inter-ideograph; direction: ltr; unicode-bidi: normal;\"><span class=\"Normal-H\"><span style=\"font-family: Times New Roman;\"><img loading=\"lazy\" decoding=\"async\" class=\"\" src=\"http:\/\/www.adrianwood.ch\/wp-content\/uploads\/2019\/06\/1559986053_image6.jpeg\" data-link=\"\" width=\"350\" height=\"232\"><\/span><\/span><\/p>\n<\/td>\n<td class=\"-C\" style=\"width: 241.6pt; border: none windowtext 0pt;\">\n<p class=\"Normal-P\" style=\"margin-bottom: 6pt; text-align: justify; text-justify: inter-ideograph; direction: ltr; unicode-bidi: normal;\"><span class=\"Normal-H\"><span style=\"font-family: Times New Roman;\"><img loading=\"lazy\" decoding=\"async\" class=\"\" src=\"http:\/\/www.adrianwood.ch\/wp-content\/uploads\/2019\/06\/1559986053_image7.jpeg\" data-link=\"\" width=\"349\" height=\"234\"><\/span><\/span><\/p>\n<\/td>\n<\/tr>\n<tr class=\"-R\">\n<td class=\"-C\" style=\"width: 481.4pt; border: none windowtext 0pt;\" colspan=\"2\">\n<p class=\"Normal-P\" style=\"margin-bottom: 6pt; text-align: justify; text-justify: inter-ideograph; direction: ltr; unicode-bidi: normal;\"><span class=\"Normal-H\"><span style=\"font-family: Times New Roman;\">Wir erreichen das Ziel der Tageswanderung: Valldemossa,<\/span><span style=\"font-family: Times New Roman;\">ein malerischer Ort wo einst der damals schwinds\u00fcchtige Fr\u00e9d\u00e9ric Chopin und seine Geliebte, George Sand, im ehemaligen Kloster, einer Kartause, den Winter 1838 verlebten. Sie waren vielleicht die ersten Touristen auf Mallorca und den Mallorquinern in Valldemossa absolut unsympathisch. George Sand, 6 Jahre \u00e4lter als Chopin, trug Hosen, rauchte Zigarren und Pfeife, ein Unding in Umfeld fern ab von Paris. Der Winter im Valldemossa war nass und kalt, dennoch schrieb Chopin dort einige seiner sch\u00f6nsten Werke, u.a. <\/span><span style=\"font-family: Times New Roman;\">das<\/span><span style=\"font-family: Times New Roman;\"> Regentropfen <\/span><span style=\"font-family: Times New Roman;\">Prelude<\/span><span style=\"font-family: Times New Roman;\">. Die Beziehung von Chopin und Sand endete 1847. Sand starb 1876, Chopin, er war Pole, 1892. Sein Herz kehrte heim nach Warschau. Nach dem Tode entnommen und in franz\u00f6sischem Cognac gebadet brachte es seine Schwester <\/span><span style=\"font-family: Times New Roman;\">Ludowika<\/span><span style=\"font-family: Times New Roman;\"> nach Warschau, wie vom Bruder gew\u00fcnscht. Es ruht dort in einer S\u00e4ule der Herzjesuskirche. <\/span><\/span><\/p>\n<\/td>\n<\/tr>\n<tr class=\"-R\">\n<td class=\"-C\" style=\"width: 239.8pt; border: none windowtext 0pt;\">\n<p class=\"Normal-P\" style=\"margin-bottom: 6pt; text-align: justify; text-justify: inter-ideograph; direction: ltr; unicode-bidi: normal;\"><span class=\"Normal-H\"><span style=\"font-family: Times New Roman;\"><img loading=\"lazy\" decoding=\"async\" class=\"\" src=\"http:\/\/www.adrianwood.ch\/wp-content\/uploads\/2019\/06\/1559986053_image8.jpeg\" data-link=\"\" width=\"350\" height=\"232\"><\/span><\/span><\/p>\n<\/td>\n<td class=\"-C\" style=\"width: 241.6pt; border: none windowtext 0pt;\">\n<p class=\"Normal-P\" style=\"margin-bottom: 6pt; text-align: justify; text-justify: inter-ideograph; direction: ltr; unicode-bidi: normal;\"><span class=\"Normal-H\"><span style=\"font-family: Times New Roman;\"><img loading=\"lazy\" decoding=\"async\" class=\"\" src=\"http:\/\/www.adrianwood.ch\/wp-content\/uploads\/2019\/06\/1559986053_image9.jpeg\" data-link=\"\" width=\"350\" height=\"233\"><\/span><\/span><\/p>\n<\/td>\n<\/tr>\n<tr class=\"-R\">\n<td class=\"-C\" style=\"width: 481.4pt; border: none windowtext 0pt;\" colspan=\"2\">\n<p class=\"Normal-P\" style=\"margin-bottom: 6pt; text-align: justify; text-justify: inter-ideograph; direction: ltr; unicode-bidi: normal;\"><span class=\"Normal-H\"><span style=\"font-family: Times New Roman;\">Zur\u00fcck in die Gegenwart erreichen wir gegen 17 h das Hotel Marina in Port de Soller, gleich beim Hafen, wo wir f\u00fcr weitere 4 N\u00e4chte G\u00e4ste sein werden.<\/span><\/span><\/p>\n<p class=\"Normal-P\" style=\"margin-bottom: 6pt; text-align: justify; text-justify: inter-ideograph; direction: ltr; unicode-bidi: normal;\"><span class=\"Normal-H\"><span style=\"font-family: Times New Roman;\">Anne<\/span><\/span><\/p>\n<\/td>\n<\/tr>\n<tr class=\"-R\">\n<td class=\"-C\" style=\"width: 239.8pt; border-top: none windowtext 0pt; border-right: none windowtext 0pt; border-left: none windowtext 0pt;\">\n<p class=\"Normal-P\" style=\"margin-bottom: 6pt; text-align: justify; text-justify: inter-ideograph; direction: ltr; unicode-bidi: normal;\">\n<\/td>\n<\/tr>\n<tr class=\"-R\">\n<td class=\"-C\" style=\"width: 481.4pt;\" colspan=\"2\">\n<p class=\"Normal-P\" style=\"margin-top: 6pt; margin-bottom: 6pt; text-align: justify; text-justify: inter-ideograph; direction: ltr; unicode-bidi: normal;\"><span class=\"Normal-H\"><span style=\"font-family: Times New Roman;\"><img loading=\"lazy\" decoding=\"async\" class=\"\" src=\"http:\/\/www.adrianwood.ch\/wp-content\/uploads\/2019\/06\/1559986053_image10.jpg\" data-link=\"\" width=\"777\" height=\"571\"><\/span><\/span><\/p>\n<\/td>\n<\/tr>\n<p><!-- [if !supportMisalignedColumns]--><\/tbody>\n<\/table>\n<\/div>\n","protected":false},"excerpt":{"rendered":"<p>30.April, Valldemossa, Reitweg Erzherzog Ludwig Salvator 08:45 h, der Bus nimmt uns samt Gep\u00e4ck beim Hotel Coronado in CalaFornells auf; der verletzten Vreni wird der f\u00fcr Behinderte vorgesehene Platz zugewiesen, noch kann sie nicht zur\u00fcck nach Basel fliegen, der Gips um ihren gebrochenen Ellenbogen muss 48 Std. lang trocknen. Erst in der Nacht von Freitag &hellip; <a href=\"https:\/\/www.adrianwood.ch\/?page_id=19700\" class=\"more-link\">Continue reading <span class=\"screen-reader-text\">05-01 Valldemossa<\/span> <span class=\"meta-nav\">&rarr;<\/span><\/a><\/p>\n","protected":false},"author":1,"featured_media":0,"parent":19613,"menu_order":2607,"comment_status":"closed","ping_status":"closed","template":"","meta":{"ngg_post_thumbnail":0,"footnotes":""},"class_list":["post-19700","page","type-page","status-publish","hentry"],"_links":{"self":[{"href":"https:\/\/www.adrianwood.ch\/index.php?rest_route=\/wp\/v2\/pages\/19700","targetHints":{"allow":["GET"]}}],"collection":[{"href":"https:\/\/www.adrianwood.ch\/index.php?rest_route=\/wp\/v2\/pages"}],"about":[{"href":"https:\/\/www.adrianwood.ch\/index.php?rest_route=\/wp\/v2\/types\/page"}],"author":[{"embeddable":true,"href":"https:\/\/www.adrianwood.ch\/index.php?rest_route=\/wp\/v2\/users\/1"}],"replies":[{"embeddable":true,"href":"https:\/\/www.adrianwood.ch\/index.php?rest_route=%2Fwp%2Fv2%2Fcomments&post=19700"}],"version-history":[{"count":5,"href":"https:\/\/www.adrianwood.ch\/index.php?rest_route=\/wp\/v2\/pages\/19700\/revisions"}],"predecessor-version":[{"id":20147,"href":"https:\/\/www.adrianwood.ch\/index.php?rest_route=\/wp\/v2\/pages\/19700\/revisions\/20147"}],"up":[{"embeddable":true,"href":"https:\/\/www.adrianwood.ch\/index.php?rest_route=\/wp\/v2\/pages\/19613"}],"wp:attachment":[{"href":"https:\/\/www.adrianwood.ch\/index.php?rest_route=%2Fwp%2Fv2%2Fmedia&parent=19700"}],"curies":[{"name":"wp","href":"https:\/\/api.w.org\/{rel}","templated":true}]}}