{"id":19802,"date":"2019-06-08T10:13:06","date_gmt":"2019-06-08T10:13:06","guid":{"rendered":"http:\/\/www.adrianwood.ch\/?page_id=19802"},"modified":"2019-06-11T14:57:41","modified_gmt":"2019-06-11T14:57:41","slug":"05-06-massanella","status":"publish","type":"page","link":"https:\/\/www.adrianwood.ch\/?page_id=19802","title":{"rendered":"05-06 Massanella"},"content":{"rendered":"<div class=\"pmdi_content_wrapper\">\n<h2 class=\"Default-P\" style=\"margin-bottom: 6pt; text-align: justify; text-justify: inter-ideograph; direction: ltr; unicode-bidi: normal;\"><span class=\"Default-H\"><span style=\"font-family: Times New Roman; font-weight: bold; color: #00000a; font-size: 11pt;\">6. Mai 2019<\/span><span style=\"font-family: Times New Roman; font-weight: bold; color: #00000a; font-size: 11pt;\">, <\/span><span style=\"font-family: Times New Roman; font-weight: bold; color: #00000a; font-size: 11pt;\">K\u00f6nigsetappe <\/span><span style=\"font-family: Times New Roman; font-weight: bold; color: #00000a; font-size: 11pt;\">Massanella<\/span><\/span><\/h2>\n<table class=\"TableGrid-T\" style=\"border-collapse: collapse;\" cellspacing=\"0\">\n<tbody>\n<tr class=\"-R\">\n<td class=\"-C\" style=\"width: 481.4pt; border: none windowtext 0pt;\" colspan=\"2\">\n<p class=\"Default-P\" style=\"margin-bottom: 6pt; text-align: justify; text-justify: inter-ideograph; direction: ltr; unicode-bidi: normal;\"><span class=\"Default-H\"><span style=\"font-family: Times New Roman; color: #00000a; font-size: 11pt;\">Wanderung direkt von Lluc aus auf den Puig de Massanella 1.365m, Aufstieg: 850 m, Abstieg: 850 m, L\u00e4nge: 14 km, ca. 5 h <\/span><\/span><\/p>\n<p class=\"Default-P\" style=\"margin-bottom: 6pt; text-align: justify; text-justify: inter-ideograph; direction: ltr; unicode-bidi: normal;\"><span class=\"Default-H\"><span style=\"font-family: Times New Roman; color: #00000a; font-size: 11pt;\">Der h\u00f6chste begehbare Berg von Mallorca stand heute auf dem Programm.<\/span><span style=\"font-family: Times New Roman; color: #00000a; font-size: 11pt;\">Es war ideales Wanderwetter. Wir sind um 09.00 Uhr mit z\u00fcgigen Schritten gestartet. Nur 4 Teilnehmer, 2 Frauen und 2 M\u00e4nner.<\/span><\/span><\/p>\n<p class=\"Default-P\" style=\"margin-bottom: 6pt; text-align: justify; text-justify: inter-ideograph; direction: ltr; unicode-bidi: normal;\"><span class=\"Default-H\"><span style=\"font-family: Times New Roman; color: #00000a; font-size: 11pt;\">Nach dem wir die Teerstrasse hinter uns hatten, kam noch die Anmeldung beim Ranger, der f\u00fcr Ordnung und Sauberkeit zust\u00e4ndig ist. <\/span><\/span><\/p>\n<\/td>\n<\/tr>\n<tr class=\"-R\">\n<td class=\"-C\" style=\"width: 241.3pt; border: none windowtext 0pt;\">\n<p class=\"Default-P\" style=\"margin-bottom: 6pt; text-align: justify; text-justify: inter-ideograph; direction: ltr; unicode-bidi: normal;\"><span class=\"Default-H\"><span style=\"font-family: Times New Roman; color: #00000a; font-size: 11pt;\"><img loading=\"lazy\" decoding=\"async\" class=\"\" src=\"http:\/\/www.adrianwood.ch\/wp-content\/uploads\/2019\/06\/1559988766_image1.jpeg\" data-link=\"\" width=\"350\" height=\"233\"><\/span><\/span><\/p>\n<\/td>\n<td class=\"-C\" style=\"width: 240.1pt; border: none windowtext 0pt;\">\n<p class=\"Default-P\" style=\"margin-bottom: 6pt; text-align: justify; text-justify: inter-ideograph; direction: ltr; unicode-bidi: normal;\"><span class=\"Default-H\"><span style=\"font-family: Times New Roman; color: #00000a; font-size: 11pt;\"><img loading=\"lazy\" decoding=\"async\" class=\"\" src=\"http:\/\/www.adrianwood.ch\/wp-content\/uploads\/2019\/06\/1559988766_image2.jpeg\" data-link=\"\" width=\"350\" height=\"234\"><\/span><\/span><\/p>\n<\/td>\n<\/tr>\n<tr class=\"-R\">\n<td class=\"-C\" style=\"width: 481.4pt; border: none windowtext 0pt;\" colspan=\"2\">\n<p class=\"Default-P\" style=\"margin-bottom: 6pt; text-align: justify; text-justify: inter-ideograph; direction: ltr; unicode-bidi: normal;\"><span class=\"Default-H\"><span style=\"font-family: Times New Roman; color: #00000a; font-size: 11pt;\">Nun ging es los. Auf einem breitem wie \u00fcblich steinigem Weg ging es durch einen sch\u00f6nen Steineichenwald bis hoch zum \u201eJoch\u201c, wie Fernando immer sagte. Hier machten wir eine Trink- und <\/span><span style=\"font-family: Times New Roman; color: #00000a; font-size: 11pt;\">Telefonierpause<\/span><span style=\"font-family: Times New Roman; color: #00000a; font-size: 11pt;\">. Nach dem Joch wurde der Weg schmaler und steiler. Es ging in Serpentinen nach oben, immer noch ges\u00e4umt von vielen alten Steineichen mit wenig Sicht zum Himmel.<\/span><\/span><\/p>\n<\/td>\n<\/tr>\n<tr class=\"-R\">\n<td class=\"-C\" style=\"width: 241.3pt; border: none windowtext 0pt;\">\n<p class=\"Default-P\" style=\"margin-bottom: 6pt; text-align: justify; text-justify: inter-ideograph; direction: ltr; unicode-bidi: normal;\"><span class=\"Default-H\"><span style=\"font-family: Times New Roman; color: #00000a; font-size: 11pt;\"><img loading=\"lazy\" decoding=\"async\" class=\"\" src=\"http:\/\/www.adrianwood.ch\/wp-content\/uploads\/2019\/06\/1559988766_image3.jpeg\" data-link=\"\" width=\"349\" height=\"234\"><\/span><\/span><\/p>\n<\/td>\n<td class=\"-C\" style=\"width: 240.1pt; border: none windowtext 0pt;\">\n<p class=\"Default-P\" style=\"margin-bottom: 6pt; text-align: justify; text-justify: inter-ideograph; direction: ltr; unicode-bidi: normal;\"><span class=\"Default-H\"><span style=\"font-family: Times New Roman; color: #00000a; font-size: 11pt;\"><img loading=\"lazy\" decoding=\"async\" class=\"\" src=\"http:\/\/www.adrianwood.ch\/wp-content\/uploads\/2019\/06\/1559988766_image4.jpeg\" data-link=\"\" width=\"350\" height=\"234\"><\/span><\/span><\/p>\n<\/td>\n<\/tr>\n<tr class=\"-R\">\n<td class=\"-C\" style=\"width: 481.4pt; border: none windowtext 0pt;\" colspan=\"2\">\n<p class=\"Default-P\" style=\"margin-bottom: 6pt; text-align: justify; text-justify: inter-ideograph; direction: ltr; unicode-bidi: normal;\"><span class=\"Default-H\"><span style=\"font-family: Times New Roman; color: #00000a; font-size: 11pt;\">Eine gr\u00f6ssere Pause machten wir erst, als wir freie Sicht hatten und sehen konnten was noch auf uns zu kommt. Wir sahen einen riesigen Berg ohne Gr\u00fcnfl\u00e4chen mit vielen Felsen und Steinen, der zwei gr\u00f6ssere Erhebungen hatte. <\/span><span style=\"font-family: Times New Roman; color: #00000a; font-size: 11pt;\">Die etwas entfernte Erhebung war der Puig de <\/span><span style=\"font-family: Times New Roman; color: #00000a; font-size: 11pt;\">Massanella<\/span><span style=\"font-family: Times New Roman; color: #00000a; font-size: 11pt;\"> 1.365m, er machte mir keinen so gewaltigen Eindruck. Was mich mehr <\/span><span style=\"font-family: Times New Roman; color: #00000a; font-size: 11pt;\">beeindruckte<\/span><span style=\"font-family: Times New Roman; color: #00000a; font-size: 11pt;\"> war der G\u00e4nsegeier und der M\u00f6nchsgeier die \u00fcber uns hinweg zogen. Einen 2. G\u00e4nsegeier haben wir noch an einer anderen Stelle gesehen.<\/span><\/span><\/p>\n<\/td>\n<\/tr>\n<tr class=\"-R\">\n<td class=\"-C\" style=\"width: 241.3pt; border: none windowtext 0pt;\">\n<p class=\"Default-P\" style=\"margin-bottom: 6pt; text-align: justify; text-justify: inter-ideograph; direction: ltr; unicode-bidi: normal;\"><span class=\"Default-H\"><span style=\"font-family: Times New Roman; color: #00000a; font-size: 11pt;\"><img loading=\"lazy\" decoding=\"async\" class=\"\" src=\"http:\/\/www.adrianwood.ch\/wp-content\/uploads\/2019\/06\/1559988766_image5.jpeg\" data-link=\"\" width=\"350\" height=\"233\"><\/span><\/span><\/p>\n<\/td>\n<td class=\"-C\" style=\"width: 240.1pt; border: none windowtext 0pt;\">\n<p class=\"Default-P\" style=\"margin-bottom: 6pt; text-align: justify; text-justify: inter-ideograph; direction: ltr; unicode-bidi: normal;\"><span class=\"Default-H\"><span style=\"font-family: Times New Roman; color: #00000a; font-size: 11pt;\"><img loading=\"lazy\" decoding=\"async\" class=\"\" src=\"http:\/\/www.adrianwood.ch\/wp-content\/uploads\/2019\/06\/1559988766_image6.jpeg\" data-link=\"\" width=\"350\" height=\"232\"><\/span><\/span><\/p>\n<\/td>\n<\/tr>\n<tr class=\"-R\">\n<td class=\"-C\" style=\"width: 241.3pt; border: none windowtext 0pt;\">\n<p class=\"Default-P\" style=\"margin-bottom: 6pt; text-align: justify; text-justify: inter-ideograph; direction: ltr; unicode-bidi: normal;\"><span class=\"Default-H\"><span style=\"font-family: Times New Roman; color: #00000a; font-size: 11pt;\"><img loading=\"lazy\" decoding=\"async\" class=\"\" src=\"http:\/\/www.adrianwood.ch\/wp-content\/uploads\/2019\/06\/1559988766_image7.jpeg\" data-link=\"\" width=\"350\" height=\"233\"><\/span><\/span><\/p>\n<\/td>\n<td class=\"-C\" style=\"width: 240.1pt; border: none windowtext 0pt;\">\n<p class=\"Default-P\" style=\"margin-bottom: 6pt; text-align: justify; text-justify: inter-ideograph; direction: ltr; unicode-bidi: normal;\"><span class=\"Default-H\"><span style=\"font-family: Times New Roman; color: #00000a; font-size: 11pt;\"><img loading=\"lazy\" decoding=\"async\" class=\"\" src=\"http:\/\/www.adrianwood.ch\/wp-content\/uploads\/2019\/06\/1559988766_image8.jpeg\" data-link=\"\" width=\"350\" height=\"232\"><\/span><\/span><\/p>\n<\/td>\n<\/tr>\n<tr class=\"-R\">\n<td class=\"-C\" style=\"width: 481.4pt; border: none windowtext 0pt;\" colspan=\"2\">\n<p class=\"Default-P\" style=\"margin-bottom: 6pt; text-align: justify; text-justify: inter-ideograph; direction: ltr; unicode-bidi: normal;\"><span class=\"Default-H\"><span style=\"font-family: Times New Roman; color: #00000a; font-size: 11pt;\">Wir konnten w\u00e4hrend dem Gehen nicht den Himmel absuchen, wir mussten uns nach unten auf den Pfad konzentrieren. Die Geier haben wir nur in den Pausen gesehen. Der Anstieg wurde immer anspruchsvoller und m\u00fchsamer, der Gipfel wollte nicht <\/span><span style=\"font-family: Times New Roman; color: #00000a; font-size: 11pt;\">n\u00e4her kommen<\/span><span style=\"font-family: Times New Roman; color: #00000a; font-size: 11pt;\">. Es zog uns dennoch nach oben. Um 12.30 Uhr erreichten wir unser Ziel. <\/span><\/span><\/p>\n<\/td>\n<\/tr>\n<tr class=\"-R\">\n<td class=\"-C\" style=\"width: 241.3pt; border: none windowtext 0pt;\">\n<p class=\"Default-P\" style=\"margin-bottom: 6pt; text-align: justify; text-justify: inter-ideograph; direction: ltr; unicode-bidi: normal;\"><span class=\"Default-H\"><span style=\"font-family: Times New Roman; color: #00000a; font-size: 11pt;\"><img loading=\"lazy\" decoding=\"async\" class=\"\" src=\"http:\/\/www.adrianwood.ch\/wp-content\/uploads\/2019\/06\/1559988766_image9.jpeg\" data-link=\"\" width=\"350\" height=\"233\"><\/span><\/span><\/p>\n<\/td>\n<td class=\"-C\" style=\"width: 240.1pt; border: none windowtext 0pt;\">\n<p class=\"Default-P\" style=\"margin-bottom: 6pt; text-align: justify; text-justify: inter-ideograph; direction: ltr; unicode-bidi: normal;\"><span class=\"Default-H\"><span style=\"font-family: Times New Roman; color: #00000a; font-size: 11pt;\"><img loading=\"lazy\" decoding=\"async\" class=\"\" src=\"http:\/\/www.adrianwood.ch\/wp-content\/uploads\/2019\/06\/1559988766_image10.jpeg\" data-link=\"\" width=\"350\" height=\"234\"><\/span><\/span><\/p>\n<\/td>\n<\/tr>\n<tr class=\"-R\">\n<td class=\"-C\" style=\"width: 481.4pt; border: none windowtext 0pt;\" colspan=\"2\">\n<p class=\"Default-P\" style=\"margin-bottom: 6pt; text-align: justify; text-justify: inter-ideograph; direction: ltr; unicode-bidi: normal;\"><span class=\"Default-H\"><span style=\"font-family: Times New Roman; color: #00000a; font-size: 11pt;\">Die Gipfelrast haben wir genossen und die Aussicht bestaunt. Es war etwas diesig. Die Sonne war zwar da, aber es zogen auch Wolkenfeldern durch.<\/span><span style=\"font-family: Times New Roman; color: #00000a; font-size: 11pt;\">Alleine waren wir nicht auf dem Gipfel. Ich z\u00e4hlte noch 6 andere Gipfelst\u00fcrmer. So hatten wir jemand, der das Gipfelfoto machen konnte. Fernando erkl\u00e4rte uns, was man alles sehen kann und was wir noch besser sehen k\u00f6nnten, wenn es das Wetter zuliesse. <\/span><\/span><\/p>\n<\/td>\n<\/tr>\n<tr class=\"-R\">\n<td class=\"-C\" style=\"width: 481.4pt; border: none windowtext 0pt;\" colspan=\"2\">\n<p class=\"Default-P\" style=\"margin-bottom: 6pt; text-align: justify; text-justify: inter-ideograph; direction: ltr; unicode-bidi: normal;\"><span class=\"Default-H\"><span style=\"font-family: Times New Roman; color: #00000a; font-size: 11pt;\"><img loading=\"lazy\" decoding=\"async\" class=\"\" src=\"http:\/\/www.adrianwood.ch\/wp-content\/uploads\/2019\/06\/1559988766_image11.jpeg\" data-link=\"\" width=\"806\" height=\"268\"><\/span><\/span><\/p>\n<\/td>\n<\/tr>\n<tr class=\"-R\">\n<td class=\"-C\" style=\"width: 481.4pt; border: none windowtext 0pt;\" colspan=\"2\">\n<p class=\"Default-P\" style=\"margin-bottom: 6pt; text-align: justify; text-justify: inter-ideograph; direction: ltr; unicode-bidi: normal;\"><span class=\"Default-H\"><span style=\"font-family: Times New Roman; color: #00000a; font-size: 11pt;\">Kurz nach 13 Uhr machten wir uns f\u00fcr den Abstieg bereit, der eher schwieriger war. Die Felsen hatten messerscharfe Kanten. Die Wander-Kletterei war anspruchsvoll. Ich konnte es geniessen, weil ich das liebe.<\/span><\/span><\/p>\n<p class=\"Default-P\" style=\"margin-bottom: 6pt; text-align: justify; text-justify: inter-ideograph; direction: ltr; unicode-bidi: normal;\"><span class=\"Default-H\"><span style=\"font-family: Times New Roman; color: #00000a; font-size: 11pt;\">Nahe beim Joch kamen wir wieder auf die Aufstiegsroute. Der Steineichenwald kam mir nun viel, viel l\u00e4nger vor. Ich war zufrieden als wir um 15.45 Uhr, beim Restaurant \u201e<\/span><span style=\"font-family: Times New Roman; color: #00000a; font-size: 11pt;\">Tankestelle<\/span><span style=\"font-family: Times New Roman; color: #00000a; font-size: 11pt;\">\u201c zum Ziegenessen ankamen.<\/span><span style=\"font-family: Times New Roman; color: #00000a; font-size: 11pt;\">Es war eine sch\u00f6ne, mit 14 km recht lange Wanderung, bei schwierigen 850m Auf- und Abstieg.<\/span><\/span><\/p>\n<p class=\"Default-P\" style=\"margin-bottom: 6pt; text-align: justify; text-justify: inter-ideograph; direction: ltr; unicode-bidi: normal;\"><span class=\"Default-H\"><span style=\"font-family: Times New Roman; color: #00000a; font-size: 11pt;\">Es waren wunderbare Tage in Mallorca, es hat alles gestimmt. <\/span><\/span><\/p>\n<p class=\"Default-P\" style=\"margin-bottom: 6pt; text-align: justify; text-justify: inter-ideograph; direction: ltr; unicode-bidi: normal;\"><span class=\"Default-H\"><span style=\"font-family: Times New Roman; color: #00000a; font-size: 11pt;\">Vielen Dank an Adrian, an Fernando und die ganze Gruppe. <\/span><\/span><\/p>\n<p class=\"Default-P\" style=\"margin-bottom: 6pt; text-align: justify; text-justify: inter-ideograph; direction: ltr; unicode-bidi: normal;\"><span class=\"Default-H\"><span style=\"font-family: Times New Roman; color: #00000a; font-size: 11pt;\">Brigitte<\/span><\/span><\/p>\n<\/td>\n<\/tr>\n<p><!-- [if !supportMisalignedColumns]--><\/tbody>\n<\/table>\n<\/div>\n","protected":false},"excerpt":{"rendered":"<p>6. Mai 2019, K\u00f6nigsetappe Massanella Wanderung direkt von Lluc aus auf den Puig de Massanella 1.365m, Aufstieg: 850 m, Abstieg: 850 m, L\u00e4nge: 14 km, ca. 5 h Der h\u00f6chste begehbare Berg von Mallorca stand heute auf dem Programm.Es war ideales Wanderwetter. Wir sind um 09.00 Uhr mit z\u00fcgigen Schritten gestartet. Nur 4 Teilnehmer, 2 &hellip; <a href=\"https:\/\/www.adrianwood.ch\/?page_id=19802\" class=\"more-link\">Continue reading <span class=\"screen-reader-text\">05-06 Massanella<\/span> <span class=\"meta-nav\">&rarr;<\/span><\/a><\/p>\n","protected":false},"author":1,"featured_media":0,"parent":19613,"menu_order":2612,"comment_status":"closed","ping_status":"closed","template":"","meta":{"ngg_post_thumbnail":0,"footnotes":""},"class_list":["post-19802","page","type-page","status-publish","hentry"],"_links":{"self":[{"href":"https:\/\/www.adrianwood.ch\/index.php?rest_route=\/wp\/v2\/pages\/19802","targetHints":{"allow":["GET"]}}],"collection":[{"href":"https:\/\/www.adrianwood.ch\/index.php?rest_route=\/wp\/v2\/pages"}],"about":[{"href":"https:\/\/www.adrianwood.ch\/index.php?rest_route=\/wp\/v2\/types\/page"}],"author":[{"embeddable":true,"href":"https:\/\/www.adrianwood.ch\/index.php?rest_route=\/wp\/v2\/users\/1"}],"replies":[{"embeddable":true,"href":"https:\/\/www.adrianwood.ch\/index.php?rest_route=%2Fwp%2Fv2%2Fcomments&post=19802"}],"version-history":[{"count":5,"href":"https:\/\/www.adrianwood.ch\/index.php?rest_route=\/wp\/v2\/pages\/19802\/revisions"}],"predecessor-version":[{"id":20148,"href":"https:\/\/www.adrianwood.ch\/index.php?rest_route=\/wp\/v2\/pages\/19802\/revisions\/20148"}],"up":[{"embeddable":true,"href":"https:\/\/www.adrianwood.ch\/index.php?rest_route=\/wp\/v2\/pages\/19613"}],"wp:attachment":[{"href":"https:\/\/www.adrianwood.ch\/index.php?rest_route=%2Fwp%2Fv2%2Fmedia&parent=19802"}],"curies":[{"name":"wp","href":"https:\/\/api.w.org\/{rel}","templated":true}]}}