{"id":19909,"date":"2019-06-09T09:04:54","date_gmt":"2019-06-09T09:04:54","guid":{"rendered":"http:\/\/www.adrianwood.ch\/?page_id=19909"},"modified":"2019-06-10T09:31:07","modified_gmt":"2019-06-10T09:31:07","slug":"05-09-ses-salines","status":"publish","type":"page","link":"https:\/\/www.adrianwood.ch\/?page_id=19909","title":{"rendered":"05-09 Ses Salines"},"content":{"rendered":"<div class=\"pmdi_content_wrapper\"><span class=\"Normal-H\"><span style=\"font-family: Times New Roman; font-weight: bold; font-size: 11pt;\">9.Mai, <\/span><span style=\"font-family: Times New Roman; font-weight: bold; font-size: 11pt;\">K\u00fcstenwanderung<\/span><span style=\"font-family: Times New Roman; font-weight: bold; font-size: 11pt;\">von Cap Ses Salines <\/span><span style=\"font-family: Times New Roman; font-weight: bold; font-size: 11pt;\">nach<\/span><span style=\"font-family: Times New Roman; font-weight: bold; font-size: 11pt;\"> Colonia de San Jordi.<\/span><\/span><\/p>\n<p class=\"NormalWeb-P\" style=\"margin-top: 0pt; margin-bottom: 6pt; text-align: justify; text-justify: inter-ideograph; direction: ltr; unicode-bidi: normal;\">\n<table class=\"TableGrid-T\" style=\"border-collapse: collapse;\" cellspacing=\"0\">\n<tbody>\n<tr class=\"-R\">\n<td class=\"-C\" style=\"width: 481.4pt; border: none windowtext 0pt;\" colspan=\"2\">\n<p class=\"Normal-P\" style=\"margin-bottom: 6pt; text-align: justify; text-justify: inter-ideograph; direction: ltr; unicode-bidi: normal;\"><span class=\"Normal-H\"><span style=\"font-family: Times New Roman; font-size: 11pt;\">Es ist immer gef\u00e4hrlich, mit Adrian zu fr\u00fchst\u00fccken, weil man sofort zum \u00abReporter des Tages\u00bb bef\u00f6rdert wird.<\/span><span style=\"font-family: Times New Roman; font-size: 11pt;\">Heute ist unsere letzte gemeinsame Wanderung. Gestern Abend erkl\u00e4rte uns Fernando den heutigen Weg. 200 Meter auf dem Asphalt um die \u00abKeulen zu w\u00e4rmen\u00bb und dann \u00fcberhaupt kein Schatten mehr bis zum Ziel.<\/span><\/span><\/p>\n<p class=\"Normal-P\" style=\"margin-bottom: 6pt; text-align: justify; text-justify: inter-ideograph; direction: ltr; unicode-bidi: normal;\"><span class=\"Normal-H\"><span style=\"font-family: Times New Roman; font-size: 11pt;\">Vor dem Hotel steigen wir in den Bus, der uns bis zum Leuchtturm <\/span><span style=\"font-family: Times New Roman; font-size: 11pt;\">Far<\/span><span style=\"font-family: Times New Roman; font-size: 11pt;\"> del Cap bringt, wo unsere Wanderung beginnt. Wie jeden Tag z<\/span><span style=\"font-family: Times New Roman; font-size: 11pt;\">\u00e4hlt Fernando die Anzahl Teilnehmer und stellt fest, dass zwei Personen fehlen. Fast w\u00e4ren wir ohne sie weggefahren.<\/span><span style=\"font-family: Times New Roman; font-size: 11pt;\">Wie jeden Tag w\u00e4hrend diesen Ferien scheint die Sonne und die Temperatur ist etwas w\u00e4rmer als in den letzten Tagen.<\/span><\/span><\/p>\n<\/td>\n<\/tr>\n<tr class=\"-R\">\n<td class=\"-C\" style=\"width: 240.7pt; border: none windowtext 0pt;\">\n<p class=\"Normal-P\" style=\"margin-bottom: 6pt; text-align: justify; text-justify: inter-ideograph; direction: ltr; unicode-bidi: normal;\"><span class=\"Normal-H\"><span style=\"font-family: Times New Roman; font-size: 11pt;\"><img loading=\"lazy\" decoding=\"async\" class=\"\" src=\"http:\/\/www.adrianwood.ch\/wp-content\/uploads\/2019\/06\/1560071194_image1.jpeg\" data-link=\"\" width=\"350\" height=\"233\"><\/span><\/span><\/p>\n<\/td>\n<td class=\"-C\" style=\"width: 240.7pt; border: none windowtext 0pt;\">\n<p class=\"Normal-P\" style=\"margin-bottom: 6pt; text-align: justify; text-justify: inter-ideograph; direction: ltr; unicode-bidi: normal;\"><span class=\"Normal-H\"><span style=\"font-family: Times New Roman; font-size: 11pt;\"><img loading=\"lazy\" decoding=\"async\" class=\"\" src=\"http:\/\/www.adrianwood.ch\/wp-content\/uploads\/2019\/06\/1560071194_image2.jpeg\" data-link=\"\" width=\"350\" height=\"233\"><\/span><\/span><\/p>\n<\/td>\n<\/tr>\n<tr class=\"-R\">\n<td class=\"-C\" style=\"width: 481.4pt; border: none windowtext 0pt;\" colspan=\"2\">\n<p class=\"Normal-P\" style=\"margin-bottom: 6pt; text-align: justify; text-justify: inter-ideograph; direction: ltr; unicode-bidi: normal;\"><span class=\"Normal-H\"><span style=\"font-family: Times New Roman; font-size: 11pt;\">Der heutige K\u00fcstenweg verl\u00e4uft programmgem\u00e4ss zwischen Cap de <\/span><span style=\"font-family: Times New Roman; font-size: 11pt;\">Ses<\/span><span style=\"font-family: Times New Roman; font-size: 11pt;\">Salines<\/span><span style=\"font-family: Times New Roman; font-size: 11pt;\"> und Colonia San Jordi (<\/span><span style=\"font-family: Times New Roman; font-size: 11pt;\">Aufstieg: 50 m, Abstieg: 50 m, L\u00e4nge: 10,0 km, Dauer: ca. 2,5 h). <\/span><span style=\"background-color: #ffffff; font-family: Times New Roman; color: #000000; font-size: 11pt;\">Der steinige Weg istim Gegensatz zu vielen anderen felsigen K\u00fcsten Mallorcas leicht zu begehen. <\/span><\/span><\/p>\n<\/td>\n<\/tr>\n<tr class=\"-R\">\n<td class=\"-C\" style=\"width: 240.7pt; border: none windowtext 0pt;\">\n<p class=\"Normal-P\" style=\"margin-bottom: 6pt; text-align: justify; text-justify: inter-ideograph; direction: ltr; unicode-bidi: normal;\"><span class=\"Normal-H\"><span style=\"font-family: Times New Roman; font-size: 11pt;\"><img loading=\"lazy\" decoding=\"async\" class=\"\" src=\"http:\/\/www.adrianwood.ch\/wp-content\/uploads\/2019\/06\/1560071194_image3.jpeg\" data-link=\"\" width=\"349\" height=\"232\"><\/span><\/span><\/p>\n<\/td>\n<td class=\"-C\" style=\"width: 240.7pt; border: none windowtext 0pt;\">\n<p class=\"Normal-P\" style=\"margin-bottom: 6pt; text-align: justify; text-justify: inter-ideograph; direction: ltr; unicode-bidi: normal;\"><span class=\"Normal-H\"><span style=\"font-family: Times New Roman; font-size: 11pt;\"><img loading=\"lazy\" decoding=\"async\" class=\"\" src=\"http:\/\/www.adrianwood.ch\/wp-content\/uploads\/2019\/06\/1560071194_image4.jpeg\" data-link=\"\" width=\"350\" height=\"233\"><\/span><\/span><\/p>\n<\/td>\n<\/tr>\n<tr class=\"-R\">\n<td class=\"-C\" style=\"width: 481.4pt; border: none windowtext 0pt;\" colspan=\"2\">\n<p class=\"Normal-P\" style=\"margin-bottom: 6pt; text-align: justify; text-justify: inter-ideograph; direction: ltr; unicode-bidi: normal;\"><span class=\"Normal-H\"><span style=\"background-color: #ffffff; font-family: Times New Roman; color: #000000; font-size: 11pt;\">Die Vegetation ist \u00fcppig, aber nicht so dicht. Wir laufen gem\u00fctlich am Meer entlang und geniessen den Ausblick. Es herrscht eine perfekte Wandertemperatur und eine Briese begleitet unseren Ausflug. Im Sommer bei knallender Sonne und hohen Temperaturen wird der Weg durch die Hitze f\u00fcr den Besucher anstrengend sein.<\/span><\/span><\/p>\n<\/td>\n<\/tr>\n<tr class=\"-R\">\n<td class=\"-C\" style=\"width: 240.7pt; border: none windowtext 0pt;\">\n<p class=\"Normal-P\" style=\"margin-bottom: 6pt; text-align: justify; text-justify: inter-ideograph; direction: ltr; unicode-bidi: normal;\"><span class=\"Normal-H\"><span style=\"font-family: Times New Roman; font-size: 11pt;\"><img loading=\"lazy\" decoding=\"async\" class=\"\" src=\"http:\/\/www.adrianwood.ch\/wp-content\/uploads\/2019\/06\/1560071194_image5.jpeg\" data-link=\"\" width=\"350\" height=\"233\"><\/span><\/span><\/p>\n<\/td>\n<td class=\"-C\" style=\"width: 240.7pt; border: none windowtext 0pt;\">\n<p class=\"Normal-P\" style=\"margin-bottom: 6pt; text-align: justify; text-justify: inter-ideograph; direction: ltr; unicode-bidi: normal;\"><span class=\"Normal-H\"><span style=\"font-family: Times New Roman; font-size: 11pt;\"><img loading=\"lazy\" decoding=\"async\" class=\"\" src=\"http:\/\/www.adrianwood.ch\/wp-content\/uploads\/2019\/06\/1560071194_image6.jpeg\" data-link=\"\" width=\"350\" height=\"233\"><\/span><\/span><\/p>\n<\/td>\n<\/tr>\n<tr class=\"-R\">\n<td class=\"-C\" style=\"width: 481.4pt; border: none windowtext 0pt;\" colspan=\"2\">\n<p class=\"Normal-P\" style=\"margin-top: 6pt; margin-bottom: 6pt; text-align: justify; text-justify: inter-ideograph; direction: ltr; unicode-bidi: normal;\"><span class=\"Normal-H\"><span style=\"font-family: Times New Roman; color: #000000; font-size: 11pt;\">Unser Weg f\u00fchrt bei einigen alten Kasematten vorbei, die w\u00e4hrend des Spanienkriegs gebaut wurden. Ab und zu zeigt uns Fernando einheimischen Pflanzen, unter anderem auch <\/span><span style=\"font-family: Times New Roman; color: #000000; font-size: 11pt;\">das Hornmohn<\/span><span style=\"font-family: Times New Roman; color: #000000; font-size: 11pt;\">.<\/span><\/span><\/p>\n<\/td>\n<\/tr>\n<tr class=\"-R\">\n<td class=\"-C\" style=\"width: 240.7pt; border: none windowtext 0pt;\">\n<p class=\"Normal-P\" style=\"margin-bottom: 6pt; text-align: justify; text-justify: inter-ideograph; direction: ltr; unicode-bidi: normal;\"><span class=\"Normal-H\"><span style=\"font-family: Times New Roman; font-size: 11pt;\"><img loading=\"lazy\" decoding=\"async\" class=\"\" src=\"http:\/\/www.adrianwood.ch\/wp-content\/uploads\/2019\/06\/1560071194_image7.jpeg\" data-link=\"\" width=\"350\" height=\"233\"><\/span><\/span><\/p>\n<\/td>\n<td class=\"-C\" style=\"width: 240.7pt; border: none windowtext 0pt;\">\n<p class=\"Normal-P\" style=\"margin-bottom: 6pt; text-align: justify; text-justify: inter-ideograph; direction: ltr; unicode-bidi: normal;\"><span class=\"Normal-H\"><span style=\"font-family: Times New Roman; font-size: 11pt;\"><img loading=\"lazy\" decoding=\"async\" class=\"\" src=\"http:\/\/www.adrianwood.ch\/wp-content\/uploads\/2019\/06\/1560071194_image8.jpeg\" data-link=\"\" width=\"350\" height=\"233\"><\/span><\/span><\/p>\n<\/td>\n<\/tr>\n<tr class=\"-R\">\n<td class=\"-C\" style=\"width: 481.4pt; border: none windowtext 0pt;\" colspan=\"2\">\n<p class=\"NormalWeb-P\" style=\"margin-top: 0pt; margin-bottom: 6pt; text-align: justify; text-justify: inter-ideograph; direction: ltr; unicode-bidi: normal;\"><span class=\"NormalWeb-H\"><span style=\"; color: #000000; font-size: 11pt;\">Den ganzen Strand entlang wie auch <\/span><span style=\"; color: #000000; font-size: 11pt;\">an anderen Str\u00e4nden auf der Insel, h\u00e4ufen sich die Seegrasberge. Die Seegrasreste (auch <\/span><span style=\"; color: #000000; font-size: 11pt;\">Posidonia<\/span><span style=\"; color: #000000; font-size: 11pt;\"> genannt) versch\u00f6nern nicht gerade die Landschaft <\/span><span style=\"; color: #000000; font-size: 11pt;\">allerdings haben sie auch einen positiven Effekt: Sie bewahren den Strand vor Erosion. Deshalb wird die sch\u00fctzende Schicht mancherorts einfach liegen gelassen. Was mich viel mehr schockiert hat sind die Millionen kleine Plastikfragmente, die vom Meer angesp\u00fclt wurden und nun mit dem Sand vermischt sind und die, im Gegensatz zu dem Seegras, eine dauerhafte Verschmutzung bilden.<\/span><\/span><\/p>\n<\/td>\n<\/tr>\n<tr class=\"-R\">\n<td class=\"-C\" style=\"width: 240.7pt; border: none windowtext 0pt;\">\n<p class=\"Normal-P\" style=\"margin-bottom: 6pt; text-align: justify; text-justify: inter-ideograph; direction: ltr; unicode-bidi: normal;\"><span class=\"Normal-H\"><span style=\"font-family: Times New Roman; font-size: 11pt;\"><img loading=\"lazy\" decoding=\"async\" class=\"\" src=\"http:\/\/www.adrianwood.ch\/wp-content\/uploads\/2019\/06\/1560071194_image9.jpeg\" data-link=\"\" width=\"350\" height=\"233\"><\/span><\/span><\/p>\n<\/td>\n<td class=\"-C\" style=\"width: 240.7pt; border: none windowtext 0pt;\">\n<p class=\"Normal-P\" style=\"margin-bottom: 6pt; text-align: justify; text-justify: inter-ideograph; direction: ltr; unicode-bidi: normal;\"><span class=\"Normal-H\"><span style=\"font-family: Times New Roman; font-size: 11pt;\"><img loading=\"lazy\" decoding=\"async\" class=\"\" src=\"http:\/\/www.adrianwood.ch\/wp-content\/uploads\/2019\/06\/1560071194_image10.jpeg\" data-link=\"\" width=\"350\" height=\"233\"><\/span><\/span><\/p>\n<\/td>\n<\/tr>\n<tr class=\"-R\">\n<td class=\"-C\" style=\"width: 481.4pt; border: none windowtext 0pt;\" colspan=\"2\">\n<p class=\"NormalWeb-P\" style=\"margin-top: 0pt; margin-bottom: 6pt; text-align: justify; text-justify: inter-ideograph; direction: ltr; unicode-bidi: normal;\"><span class=\"NormalWeb-H\"><span style=\"; color: #000000; font-size: 11pt;\">Bald erblicken wir in der Ferne die kleine Stadt von San Jordi und somit haben wir unser heutiges Ziel erreicht. Leider m\u00fcssen wir hier von Fernando Abschied nehmen. Wir trinken noch ein letztes Bier mit Fernando in einer Gartenwirtschaft und Ann<\/span><span style=\"; color: #000000; font-size: 11pt;\">a<\/span><span style=\"; color: #000000; font-size: 11pt;\"> \u00fcberreicht ihm unser Abschiedsgeschenk.<\/span><\/span><\/p>\n<\/td>\n<\/tr>\n<tr class=\"-R\">\n<td class=\"-C\" style=\"width: 240.7pt; border: none windowtext 0pt;\">\n<p class=\"Normal-P\" style=\"margin-bottom: 6pt; text-align: justify; text-justify: inter-ideograph; direction: ltr; unicode-bidi: normal;\"><span class=\"Normal-H\"><span style=\"font-family: Times New Roman; font-size: 11pt;\"><img loading=\"lazy\" decoding=\"async\" class=\"\" src=\"http:\/\/www.adrianwood.ch\/wp-content\/uploads\/2019\/06\/1560071194_image11.jpeg\" data-link=\"\" width=\"350\" height=\"233\"><\/span><\/span><\/p>\n<\/td>\n<td class=\"-C\" style=\"width: 240.7pt; border: none windowtext 0pt;\">\n<p class=\"Normal-P\" style=\"margin-bottom: 6pt; text-align: justify; text-justify: inter-ideograph; direction: ltr; unicode-bidi: normal;\"><span class=\"Normal-H\"><span style=\"font-family: Times New Roman; font-size: 11pt;\"><img loading=\"lazy\" decoding=\"async\" class=\"\" src=\"http:\/\/www.adrianwood.ch\/wp-content\/uploads\/2019\/06\/1560071194_image12.jpeg\" data-link=\"\" width=\"350\" height=\"233\"><\/span><\/span><\/p>\n<\/td>\n<\/tr>\n<tr class=\"-R\">\n<td class=\"-C\" style=\"width: 481.4pt; border: none windowtext 0pt;\" colspan=\"2\">\n<p class=\"NormalWeb-P\" style=\"margin-top: 0pt; margin-bottom: 6pt; text-align: justify; text-justify: inter-ideograph; direction: ltr; unicode-bidi: normal;\"><span class=\"NormalWeb-H\"><span style=\"; color: #000000; font-size: 11pt;\">Diese Wanderferien waren wieder einmal sehr gelungen. Ich m\u00f6chte mich bei dieser Gelegenheit bedanken, bei Adrian f\u00fcr die perfekte Organisation dieses Urlaubs, bei Fernando f\u00fcr die freundliche, lustige und sehr kompetente F\u00fchrung durch die Tramontana, bei allen Teilnehmer f\u00fcr die Kameradschaft, die in der Gruppe herrschte und auch bei Petrus, der auch zum Erfolg dieses Aufenthalts beigetragen hat.<\/span><\/span><\/p>\n<p class=\"NormalWeb-P\" style=\"margin-top: 0pt; margin-bottom: 6pt; text-align: justify; text-justify: inter-ideograph; direction: ltr; unicode-bidi: normal;\"><span class=\"NormalWeb-H\"><span style=\"; color: #000000; font-size: 11pt;\">Grand merci \u00e0 tous et \u00e0 bient\u00f4t.<\/span><span style=\"; color: #000000; font-size: 11pt;\">Huguette und Jean-Fran\u00e7ois<\/span><\/span><\/p>\n<\/td>\n<\/tr>\n<tr class=\"-R\">\n<td class=\"-C\" style=\"width: 481.4pt; border: none windowtext 0pt;\" colspan=\"2\">\n<p class=\"NormalWeb-P\" style=\"margin-top: 0pt; margin-bottom: 6pt; text-align: justify; text-justify: inter-ideograph; direction: ltr; unicode-bidi: normal;\">\n<\/td>\n<\/tr>\n<tr class=\"-R\">\n<td class=\"-C\" style=\"width: 481.4pt; border: none windowtext 0pt;\" colspan=\"2\">\n<p class=\"NormalWeb-P\" style=\"margin-top: 0pt; margin-bottom: 6pt; text-align: justify; text-justify: inter-ideograph; direction: ltr; unicode-bidi: normal;\"><span class=\"NormalWeb-H\"><span style=\"; color: #000000; font-size: 11pt;\"><img loading=\"lazy\" decoding=\"async\" class=\"\" src=\"http:\/\/www.adrianwood.ch\/wp-content\/uploads\/2019\/06\/1560071194_image13.jpg\" data-link=\"\" width=\"797\" height=\"574\"><\/span><\/span><\/p>\n<\/td>\n<\/tr>\n<p><!-- [if !supportMisalignedColumns]--><\/tbody>\n<\/table>\n<\/div>\n","protected":false},"excerpt":{"rendered":"<p>9.Mai, K\u00fcstenwanderungvon Cap Ses Salines nach Colonia de San Jordi. Es ist immer gef\u00e4hrlich, mit Adrian zu fr\u00fchst\u00fccken, weil man sofort zum \u00abReporter des Tages\u00bb bef\u00f6rdert wird.Heute ist unsere letzte gemeinsame Wanderung. Gestern Abend erkl\u00e4rte uns Fernando den heutigen Weg. 200 Meter auf dem Asphalt um die \u00abKeulen zu w\u00e4rmen\u00bb und dann \u00fcberhaupt kein Schatten &hellip; <a href=\"https:\/\/www.adrianwood.ch\/?page_id=19909\" class=\"more-link\">Continue reading <span class=\"screen-reader-text\">05-09 Ses Salines<\/span> <span class=\"meta-nav\">&rarr;<\/span><\/a><\/p>\n","protected":false},"author":1,"featured_media":0,"parent":19613,"menu_order":2616,"comment_status":"closed","ping_status":"closed","template":"","meta":{"ngg_post_thumbnail":0,"footnotes":""},"class_list":["post-19909","page","type-page","status-publish","hentry"],"_links":{"self":[{"href":"https:\/\/www.adrianwood.ch\/index.php?rest_route=\/wp\/v2\/pages\/19909","targetHints":{"allow":["GET"]}}],"collection":[{"href":"https:\/\/www.adrianwood.ch\/index.php?rest_route=\/wp\/v2\/pages"}],"about":[{"href":"https:\/\/www.adrianwood.ch\/index.php?rest_route=\/wp\/v2\/types\/page"}],"author":[{"embeddable":true,"href":"https:\/\/www.adrianwood.ch\/index.php?rest_route=\/wp\/v2\/users\/1"}],"replies":[{"embeddable":true,"href":"https:\/\/www.adrianwood.ch\/index.php?rest_route=%2Fwp%2Fv2%2Fcomments&post=19909"}],"version-history":[{"count":4,"href":"https:\/\/www.adrianwood.ch\/index.php?rest_route=\/wp\/v2\/pages\/19909\/revisions"}],"predecessor-version":[{"id":19923,"href":"https:\/\/www.adrianwood.ch\/index.php?rest_route=\/wp\/v2\/pages\/19909\/revisions\/19923"}],"up":[{"embeddable":true,"href":"https:\/\/www.adrianwood.ch\/index.php?rest_route=\/wp\/v2\/pages\/19613"}],"wp:attachment":[{"href":"https:\/\/www.adrianwood.ch\/index.php?rest_route=%2Fwp%2Fv2%2Fmedia&parent=19909"}],"curies":[{"name":"wp","href":"https:\/\/api.w.org\/{rel}","templated":true}]}}