{"id":2038,"date":"2012-07-15T12:50:25","date_gmt":"2012-07-15T11:50:25","guid":{"rendered":"http:\/\/adrianwood.ch\/?page_id=2038"},"modified":"2019-11-02T20:48:19","modified_gmt":"2019-11-02T20:48:19","slug":"2012-04-zypern","status":"publish","type":"page","link":"https:\/\/www.adrianwood.ch\/?page_id=2038","title":{"rendered":"2012-04 Zypern"},"content":{"rendered":"<figure id=\"attachment_2027\" aria-describedby=\"caption-attachment-2027\" style=\"width: 730px\" class=\"wp-caption alignleft\"><a href=\"http:\/\/adrianwood.ch\/club-holidays\/einfuhrung\/cyp_0314_r7\/\" rel=\"attachment wp-att-2027\"><img loading=\"lazy\" decoding=\"async\" class=\"size-full wp-image-2027\" title=\"CYP_0314_r7\" src=\"http:\/\/adrianwood.ch\/wp-content\/uploads\/2012\/07\/CYP_0314_r7.jpg\" alt=\"beim Aphrodite Felsen\" width=\"730\" height=\"485\"><\/a><figcaption id=\"caption-attachment-2027\" class=\"wp-caption-text\">beim Aphrodite Felsen<\/figcaption><\/figure>\n<h1><strong>Zypern, S\u00fcd und Nord<\/strong><\/h1>\n<div>\n<p><strong>14. April \u2013 28. April 2012<\/strong><\/p>\n<\/div>\n<p style=\"text-align: justify;\">Zypern ist als sonnenverw\u00f6hnte Urlaubsinsel im \u00f6stlichen Mittelmeer bekannt. Erstklassige arch\u00e4ologische St\u00e4tten und historische Stadtzentren warten auf Ihre Entdeckung. Spektakul\u00e4re Aussichten von den H\u00f6henburgen, versteckt gelegene ehemalige Kirchen und Kl\u00f6ster, beeindruckende gotische Bauwerke und allgegenw\u00e4rtige Reste der 9.000\u2013j\u00e4hrigen Besiedlungsgeschichte pr\u00e4gen die Landschaft. Es hat f\u00fcr jeden etwas zu bieten. Ob Feinschmecker oder Weinliebhaber, ob Sonnenanbeter der Sportler, ob Freunde der Antike oder urspr\u00fcnglicher Natur \u2013 hier kommt jeder auf seine Kosten. Bewaldete H\u00f6henz\u00fcge machen die Insel zu einem Paradies f\u00fcr Wanderer. Wander- und Naturlehrpfade teils durch kiefern\u2013 und zypressen-duftenden Wald durchziehen die verschiedenen Inselgebiete und erschlie\u00dfen neben reicher Vegetation und landschaftlicher H\u00f6hepunkte auch interessante Kulturdenkm\u00e4ler. Jahrhunderte der Fremdherrschaft haben auch in der au\u00dferge\u00adw\u00f6hnlich vielf\u00e4ltigen zyprischen K\u00fcche ihre positiven Spuren hinter\u00adlassen. Besonders die Menschen Nordzyperns pflegen eine orientalisch\u2013mediterrane Gastfreundschaft und Hilfsbereitschaft, die in vielen st\u00e4rker touristischen Gebieten l\u00e4ngst verloren ging. Die kaum besuchten sch\u00f6nen Sandstr\u00e4nde und die einsamen K\u00fcsten\u00adlandschaften gibt es dort immer noch. Wegen der S\u00fcdliche Lage gibt es eine lange Badesaison in einem als besonders klar geltenden Meer. Im Fr\u00fchjahr herrscht ein gr\u00fcn\u2013buntes Blumenmeer und viele Zugv\u00f6gel machen auf Zypern Station.<\/p>\n<p style=\"text-align: justify;\">Die politische Situation in Zypern ist derzeit entspannt. Die Grenz\u00f6ffnung hat zum Abbau vieler Vorurteile bei den beiden Volksgruppen der t\u00fcrkischen und griechischen Zyprer gef\u00fchrt. F\u00fcr EU\u2013B\u00fcrger und Schweizer ist der Grenz\u00fcbertritt zwischen S\u00fcd\u2013 und Nordzypern mittlerweile problemlos in beiden Richtungen m\u00f6glich.<\/p>\n<p style=\"text-align: justify;\"><strong>Wandern<\/strong><br \/>\nZypern bietet ausgezeichnete Wandergebiete, vor allem im Troodos und Besparmak\u2013Gebirge und auf der Akamas und Karpaz\u2013Halbinseln. In den letzten Jahren wurden in mehreren Gebieten Wege angelegt und markiert. Die Pfade ziehen sich im Hochgebirge und an der K\u00fcste entlang und f\u00fchren teilweise durch uralte Olivenhaine. Immer wieder werden verborgene arch\u00e4ologische Kleinode einbezogen, die, ehemals \u00fcberwuchert, nun erstmals zug\u00e4nglich sind. Auf 9 Tageswanderungen und 2 Halbtagswanderungen von der K\u00fcste bis ins Gebirge erleben wir die sch\u00f6nsten Landschaften Zyperns. Arch\u00e4ologische Sehensw\u00fcrdigkeiten sind zwanglos in die Wanderungen integriert. Spannende Naturbeobachtungen ergeben sich in diesem Umfeld von selbst. Eine Stadtf\u00fchrung gew\u00e4hrt Einblick in die kulturhistorische Bedeutung Zyperns. Die Wanderungen haben zwischen 2 und 5 Stunden Marschzeit und H\u00f6henunterschiede bis 700 m. Sie sind meistens einfach zu begehen, aber trotzdem \u00f6fters steinig. Es gibt kaum felsige Passagen, aber zu den Burgen gibt es viele Treppen.<\/p>\n<h3 style=\"text-align: justify;\"><a href=\"http:\/\/www.adrianwood.ch\/?page_id=2198\">Inhalt \/ Contents<\/a><\/h3>\n<p><a href=\"http:\/\/adrianwood.ch\/club-holidays\/einfuhrung\/cyp_0863_r_1\/\" rel=\"attachment wp-att-2035\"><img loading=\"lazy\" decoding=\"async\" class=\"size-full wp-image-2035\" title=\"CYP_0863_r_1\" src=\"http:\/\/adrianwood.ch\/wp-content\/uploads\/2012\/07\/CYP_0863_r_1.jpg\" alt=\"Die Teilnehmer auf Buffavento\" width=\"979\" height=\"562\"><\/a><\/p>\n<p align=\"center\"><strong>Die Teilnehmer<\/strong><\/p>\n<div align=\"center\">\n<table width=\"657\" cellspacing=\"0\" cellpadding=\"0\" border=\"0\">\n<tbody>\n<tr>\n<td width=\"157\">\n<p align=\"center\"><strong>Vorname<\/strong><\/p>\n<\/td>\n<td width=\"157\">\n<p align=\"center\"><strong>Name<\/strong><\/p>\n<\/td>\n<td width=\"177\">\n<p align=\"center\"><strong>Adresse<\/strong><\/p>\n<\/td>\n<td width=\"165\">\n<p align=\"center\"><strong>Stadt<\/strong><\/p>\n<\/td>\n<\/tr>\n<tr>\n<td width=\"157\">Rainer<\/td>\n<td width=\"157\" nowrap=\"nowrap\">Traber<\/td>\n<td width=\"177\" nowrap=\"nowrap\">\n<p align=\"center\">Im Stockacker 26<\/p>\n<\/td>\n<td width=\"165\" nowrap=\"nowrap\">\n<p align=\"center\">4153 Reinach<\/p>\n<\/td>\n<\/tr>\n<tr>\n<td width=\"157\">Ingrid<\/td>\n<td width=\"157\" nowrap=\"nowrap\">Jacobs<\/td>\n<td width=\"177\" nowrap=\"nowrap\">\n<p align=\"center\">Im Stockacker 26<\/p>\n<\/td>\n<td width=\"165\" nowrap=\"nowrap\">\n<p align=\"center\">4153 Reinach<\/p>\n<\/td>\n<\/tr>\n<tr>\n<td width=\"157\">Silvana<\/td>\n<td width=\"157\" nowrap=\"nowrap\">Dell\u2019Oca M\u00fcller<\/td>\n<td width=\"177\" nowrap=\"nowrap\">\n<p align=\"center\">Merkurstr. 97<\/p>\n<\/td>\n<td width=\"165\" nowrap=\"nowrap\">\n<p align=\"center\">4123 Allschwil<\/p>\n<\/td>\n<\/tr>\n<tr>\n<td width=\"157\">Erich<\/td>\n<td width=\"157\" nowrap=\"nowrap\">M\u00fcller<\/td>\n<td width=\"177\" nowrap=\"nowrap\">\n<p align=\"center\">Merkurstr. 97<\/p>\n<\/td>\n<td width=\"165\" nowrap=\"nowrap\">\n<p align=\"center\">4123 Allschwil<\/p>\n<\/td>\n<\/tr>\n<tr>\n<td width=\"157\">Jean-Francois<\/td>\n<td width=\"157\" nowrap=\"nowrap\">Stampf<\/td>\n<td width=\"177\" nowrap=\"nowrap\">\n<p align=\"center\">Rue des Landes 13<\/p>\n<\/td>\n<td width=\"165\" nowrap=\"nowrap\">\n<p align=\"center\">F-68220 Neuwiller<\/p>\n<\/td>\n<\/tr>\n<tr>\n<td width=\"157\">Huguette<\/td>\n<td width=\"157\" nowrap=\"nowrap\">Stampf<\/td>\n<td width=\"177\" nowrap=\"nowrap\">\n<p align=\"center\">Rue des Landes 13<\/p>\n<\/td>\n<td width=\"165\" nowrap=\"nowrap\">\n<p align=\"center\">F-68220 Neuwiller<\/p>\n<\/td>\n<\/tr>\n<tr>\n<td width=\"157\">Bert Paul<\/td>\n<td width=\"157\" nowrap=\"nowrap\">Operschall<\/td>\n<td width=\"177\" nowrap=\"nowrap\">\n<p align=\"center\">Oberer Rebbergweg 12<\/p>\n<\/td>\n<td width=\"165\" nowrap=\"nowrap\">\n<p align=\"center\">4153 Reinach<\/p>\n<\/td>\n<\/tr>\n<tr>\n<td width=\"157\">Veronika<\/td>\n<td width=\"157\" nowrap=\"nowrap\">Gubler<\/td>\n<td width=\"177\" nowrap=\"nowrap\">\n<p align=\"center\">Im Hirshalm 42<\/p>\n<\/td>\n<td width=\"165\" nowrap=\"nowrap\">\n<p align=\"center\">4125 Riehen<\/p>\n<\/td>\n<\/tr>\n<tr>\n<td width=\"157\">Andreas<\/td>\n<td width=\"157\" nowrap=\"nowrap\">Schmidt<\/td>\n<td width=\"177\" nowrap=\"nowrap\">\n<p align=\"center\">Hubackerweg 32<\/p>\n<\/td>\n<td width=\"165\" nowrap=\"nowrap\">\n<p align=\"center\">4153 Reinach<\/p>\n<\/td>\n<\/tr>\n<tr>\n<td width=\"157\">Helga<\/td>\n<td width=\"157\" nowrap=\"nowrap\">Schmidt<\/td>\n<td width=\"177\" nowrap=\"nowrap\">\n<p align=\"center\">Hubackerweg 32<\/p>\n<\/td>\n<td width=\"165\" nowrap=\"nowrap\">\n<p align=\"center\">4153 Reinach<\/p>\n<\/td>\n<\/tr>\n<tr>\n<td width=\"157\">Marianne<\/td>\n<td width=\"157\" nowrap=\"nowrap\">Frei-H\u00e4usler<\/td>\n<td width=\"177\" nowrap=\"nowrap\">\n<p align=\"center\">Strengig\u00e4ssli 20<\/p>\n<\/td>\n<td width=\"165\" nowrap=\"nowrap\">\n<p align=\"center\">4123 Allschwil<\/p>\n<\/td>\n<\/tr>\n<tr>\n<td width=\"157\">Brunhilde<\/td>\n<td width=\"157\" nowrap=\"nowrap\">Kr\u00e4henb\u00fchl<\/td>\n<td width=\"177\" nowrap=\"nowrap\">\n<p align=\"center\">Rheinparkstrasse 4<\/p>\n<\/td>\n<td width=\"165\" nowrap=\"nowrap\">\n<p align=\"center\">4127 Birsfelden<\/p>\n<\/td>\n<\/tr>\n<tr>\n<td width=\"157\">Brigitte<\/td>\n<td width=\"157\" nowrap=\"nowrap\">Helbing<\/td>\n<td width=\"177\" nowrap=\"nowrap\">\n<p align=\"center\">Rauracherstr.15<\/p>\n<\/td>\n<td width=\"165\" nowrap=\"nowrap\">\n<p align=\"center\">4125 Riehen<\/p>\n<\/td>\n<\/tr>\n<tr>\n<td width=\"157\">Anne<\/td>\n<td width=\"157\" nowrap=\"nowrap\">Masberg<\/td>\n<td width=\"177\" nowrap=\"nowrap\">\n<p align=\"center\">Gellertstrasse 23<\/p>\n<\/td>\n<td width=\"165\" nowrap=\"nowrap\">\n<p align=\"center\">4052 Basel<\/p>\n<\/td>\n<\/tr>\n<tr>\n<td width=\"157\">Regina<\/td>\n<td width=\"157\" nowrap=\"nowrap\">Denzler<\/td>\n<td width=\"177\" nowrap=\"nowrap\">\n<p align=\"center\">R\u00fcteliwaldweg 4<\/p>\n<\/td>\n<td width=\"165\" nowrap=\"nowrap\">\n<p align=\"center\">4146 Hochwald<\/p>\n<\/td>\n<\/tr>\n<tr>\n<td width=\"157\" valign=\"bottom\">Margrit<\/td>\n<td width=\"157\" valign=\"bottom\" nowrap=\"nowrap\">Probst<\/td>\n<td width=\"177\" nowrap=\"nowrap\">\n<p align=\"center\">Hagenbachweg 10<\/p>\n<\/td>\n<td width=\"165\" nowrap=\"nowrap\">\n<p align=\"center\">4133 Pratteln<\/p>\n<\/td>\n<\/tr>\n<tr>\n<td width=\"157\">Verena<\/td>\n<td width=\"157\" nowrap=\"nowrap\">Ceresoli<\/td>\n<td width=\"177\" nowrap=\"nowrap\">\n<p align=\"center\">Teichweg 17<\/p>\n<\/td>\n<td width=\"165\" nowrap=\"nowrap\">\n<p align=\"center\">4142 M\u00fcnchenstein<\/p>\n<\/td>\n<\/tr>\n<tr>\n<td width=\"157\">Katharina<\/td>\n<td width=\"157\" nowrap=\"nowrap\">W\u00f6rner<\/td>\n<td width=\"177\" nowrap=\"nowrap\">\n<p align=\"center\">Hammerstrasse 33<\/p>\n<\/td>\n<td width=\"165\" nowrap=\"nowrap\">\n<p align=\"center\">4058 Basel<\/p>\n<\/td>\n<\/tr>\n<tr>\n<td width=\"157\">Jiri<\/td>\n<td width=\"157\" nowrap=\"nowrap\">Pavel<\/td>\n<td width=\"177\" nowrap=\"nowrap\">\n<p align=\"center\">Poststrasse 17<\/p>\n<\/td>\n<td width=\"165\" nowrap=\"nowrap\">\n<p align=\"center\">4123 Allschwil<\/p>\n<\/td>\n<\/tr>\n<tr>\n<td width=\"157\">Jan<\/td>\n<td width=\"157\" nowrap=\"nowrap\">Malanowski<\/td>\n<td width=\"177\" nowrap=\"nowrap\">\n<p align=\"center\">R\u00f6merweg 11<\/p>\n<\/td>\n<td width=\"165\" nowrap=\"nowrap\">\n<p align=\"center\">4123 Allschwil<\/p>\n<\/td>\n<\/tr>\n<tr>\n<td width=\"157\">Philippe<\/td>\n<td width=\"157\" nowrap=\"nowrap\">Sch\u00e4tti<\/td>\n<td width=\"177\" nowrap=\"nowrap\">\n<p align=\"center\">Leimenweg 11<\/p>\n<\/td>\n<td width=\"165\" nowrap=\"nowrap\">\n<p align=\"center\">4124 Sch\u00f6nenbuch<\/p>\n<\/td>\n<\/tr>\n<tr>\n<td width=\"157\">Jean<\/td>\n<td width=\"157\" nowrap=\"nowrap\">Carol<\/td>\n<td width=\"177\" nowrap=\"nowrap\">\n<p align=\"center\">Steinbuehlweg 5<\/p>\n<\/td>\n<td width=\"165\" nowrap=\"nowrap\">\n<p align=\"center\">4123 Allschwil<\/p>\n<\/td>\n<\/tr>\n<tr>\n<td width=\"157\">Brigitte<\/td>\n<td width=\"157\" nowrap=\"nowrap\">Deindl<\/td>\n<td width=\"177\" nowrap=\"nowrap\">\n<p align=\"center\">Leutrumweg 20<\/p>\n<\/td>\n<td width=\"165\" nowrap=\"nowrap\">\n<p align=\"center\">D-79539 L\u00f6rrach<\/p>\n<\/td>\n<\/tr>\n<tr>\n<td width=\"157\">Christa<\/td>\n<td width=\"157\" nowrap=\"nowrap\">Kohlmann<\/td>\n<td width=\"177\">\n<p align=\"center\">Beim Letziturm 1<\/p>\n<\/td>\n<td width=\"165\" nowrap=\"nowrap\">\n<p align=\"center\">4052 Basel<\/p>\n<\/td>\n<\/tr>\n<tr>\n<td width=\"157\">Ulrich<\/td>\n<td width=\"157\" nowrap=\"nowrap\">Strahm<\/td>\n<td width=\"177\" nowrap=\"nowrap\">\n<p align=\"center\">Schartenfluhweg 49<\/p>\n<\/td>\n<td width=\"165\" nowrap=\"nowrap\">\n<p align=\"center\">4147 Aesch<\/p>\n<\/td>\n<\/tr>\n<tr>\n<td width=\"157\">Ren\u00e9<\/td>\n<td width=\"157\" nowrap=\"nowrap\">Frei<\/td>\n<td width=\"177\" nowrap=\"nowrap\">\n<p align=\"center\">R\u00fctiring 21<\/p>\n<\/td>\n<td width=\"165\" nowrap=\"nowrap\">\n<p align=\"center\">4125, Riehen<\/p>\n<\/td>\n<\/tr>\n<tr>\n<td width=\"157\">Hanspeter<\/td>\n<td width=\"157\" nowrap=\"nowrap\">Sauter<\/td>\n<td width=\"177\" nowrap=\"nowrap\">\n<p align=\"center\">Binningerstr. 67<\/p>\n<\/td>\n<td width=\"165\" nowrap=\"nowrap\">\n<p align=\"center\">4153, Reinach<\/p>\n<\/td>\n<\/tr>\n<tr>\n<td width=\"157\">Adrian<\/td>\n<td width=\"157\" nowrap=\"nowrap\">Wood<\/td>\n<td width=\"177\" nowrap=\"nowrap\">\n<p align=\"center\">R\u00fcttackerweg 20<\/p>\n<\/td>\n<td width=\"165\" nowrap=\"nowrap\">\n<p align=\"center\">4104 Oberwil<\/p>\n<\/td>\n<\/tr>\n<\/tbody>\n<\/table>\n<\/div>\n","protected":false},"excerpt":{"rendered":"<p>Zypern, S\u00fcd und Nord 14. April \u2013 28. April 2012 Zypern ist als sonnenverw\u00f6hnte Urlaubsinsel im \u00f6stlichen Mittelmeer bekannt. Erstklassige arch\u00e4ologische St\u00e4tten und historische Stadtzentren warten auf Ihre Entdeckung. Spektakul\u00e4re Aussichten von den H\u00f6henburgen, versteckt gelegene ehemalige Kirchen und Kl\u00f6ster, beeindruckende gotische Bauwerke und allgegenw\u00e4rtige Reste der 9.000\u2013j\u00e4hrigen Besiedlungsgeschichte pr\u00e4gen die Landschaft. Es hat f\u00fcr &hellip; <a href=\"https:\/\/www.adrianwood.ch\/?page_id=2038\" class=\"more-link\">Continue reading <span class=\"screen-reader-text\">2012-04 Zypern<\/span> <span class=\"meta-nav\">&rarr;<\/span><\/a><\/p>\n","protected":false},"author":1,"featured_media":0,"parent":20771,"menu_order":241,"comment_status":"closed","ping_status":"closed","template":"","meta":{"ngg_post_thumbnail":0,"footnotes":""},"class_list":["post-2038","page","type-page","status-publish","hentry"],"_links":{"self":[{"href":"https:\/\/www.adrianwood.ch\/index.php?rest_route=\/wp\/v2\/pages\/2038","targetHints":{"allow":["GET"]}}],"collection":[{"href":"https:\/\/www.adrianwood.ch\/index.php?rest_route=\/wp\/v2\/pages"}],"about":[{"href":"https:\/\/www.adrianwood.ch\/index.php?rest_route=\/wp\/v2\/types\/page"}],"author":[{"embeddable":true,"href":"https:\/\/www.adrianwood.ch\/index.php?rest_route=\/wp\/v2\/users\/1"}],"replies":[{"embeddable":true,"href":"https:\/\/www.adrianwood.ch\/index.php?rest_route=%2Fwp%2Fv2%2Fcomments&post=2038"}],"version-history":[{"count":4,"href":"https:\/\/www.adrianwood.ch\/index.php?rest_route=\/wp\/v2\/pages\/2038\/revisions"}],"predecessor-version":[{"id":20775,"href":"https:\/\/www.adrianwood.ch\/index.php?rest_route=\/wp\/v2\/pages\/2038\/revisions\/20775"}],"up":[{"embeddable":true,"href":"https:\/\/www.adrianwood.ch\/index.php?rest_route=\/wp\/v2\/pages\/20771"}],"wp:attachment":[{"href":"https:\/\/www.adrianwood.ch\/index.php?rest_route=%2Fwp%2Fv2%2Fmedia&parent=2038"}],"curies":[{"name":"wp","href":"https:\/\/api.w.org\/{rel}","templated":true}]}}