{"id":22555,"date":"2021-11-10T09:33:43","date_gmt":"2021-11-10T09:33:43","guid":{"rendered":"https:\/\/www.adrianwood.ch\/?page_id=22555"},"modified":"2021-11-10T10:53:14","modified_gmt":"2021-11-10T10:53:14","slug":"09-30-aletschgletscher","status":"publish","type":"page","link":"https:\/\/www.adrianwood.ch\/?page_id=22555","title":{"rendered":"10-01 Aletschgletscher"},"content":{"rendered":"<p><a href=\"https:\/\/www.adrianwood.ch\/wp-content\/uploads\/2021\/11\/ALE_0803.jpg\"><img loading=\"lazy\" decoding=\"async\" class=\"size-full wp-image-22556\" src=\"https:\/\/www.adrianwood.ch\/wp-content\/uploads\/2021\/11\/ALE_0803.jpg\" alt=\"\" width=\"1620\" height=\"1080\" srcset=\"https:\/\/www.adrianwood.ch\/wp-content\/uploads\/2021\/11\/ALE_0803.jpg 1620w, https:\/\/www.adrianwood.ch\/wp-content\/uploads\/2021\/11\/ALE_0803-300x200.jpg 300w, https:\/\/www.adrianwood.ch\/wp-content\/uploads\/2021\/11\/ALE_0803-1024x683.jpg 1024w, https:\/\/www.adrianwood.ch\/wp-content\/uploads\/2021\/11\/ALE_0803-768x512.jpg 768w, https:\/\/www.adrianwood.ch\/wp-content\/uploads\/2021\/11\/ALE_0803-1536x1024.jpg 1536w\" sizes=\"auto, (max-width: 1620px) 100vw, 1620px\" \/><\/a><\/p>\n<h2><strong>1.Oktober 2021, Aletschgletscher<\/strong><\/h2>\n<p>Fr\u00fchst\u00fcck im heimeligen Walliser Spycher war ganz gem\u00fctlich, aber wir wollten m\u00f6glichst fr\u00fch starten zu unserer langen Wanderung entlang dem Aletschgletscher. Die Seilbahn auf Moosfluh fuhr erst ab 8:30 und wir waren zu der Zeit schon da. Nachdem ich verstanden hatte, dass Halbtax und G\u00e4stekarte zu verschiedenen Rabatten berechtigten aber nicht gleichzeitig verwendet werden k\u00f6nnen, fuhren wir hinauf. Die Aussicht von der oberen Seilbahnstation auf dem Gletscher war fantastisch und verlangte fotografiert zu werden. Gegen\u00fcber gab es ein Panorama der Walliser Alpen von Monte Leone bis zum Weisshorn zu bestaunen. Auf dem ersten Teil der Strecke kommt man vorbei an mehreren kleinen Seen oder T\u00fcmpel die mit ihren Spiegelungen den Eindruck noch steigern. Man l\u00e4uft lange parallel zum Gletscher und bei Hohbalm verl\u00e4sst man den Grat und \u00fcberquert eine Flanke des Eggishorns teilweise im Schatten. Wir konnten immer weiter den Gletscher hinauf sehen so dass der M\u00f6nch und das Jungfraujoch mit der Sphinx sichtbar wurden. Endlich bei den M\u00e4rjelenseen verliessen wir den Gletscher und machten unsere Mittagspause gefolgt von einem Kaffee vor der Gletscherstube. Dort hatten wir die M\u00f6glichkeit, die Wanderung durch einen Tunnel zu k\u00fcrzen, aber wir w\u00e4hlten dem lohnender Panoramaweg bis Fiescheralp. Auf dem Aussichtspunkt \u2018Platte\u2019 waren wir leider nicht. Nach einem Bier in der K\u00e4lte (es gab Decken, von meinem Br\u00fcder verp\u00f6nt) bezogen wir unserer Zimmer in dem Hotel Alpina direkt neben der k\u00fcrzlich modernisierte Seilbahn die wir am n\u00e4chsten Morgen nehmen wurden.<\/p>\n<p>An beiden Tagen waren wir von 9:30 bis 18:00 unterwegs. Das Wetter war pr\u00e4chtig und die vielen Aussichten \u00fcberw\u00e4ltigend, welch ein Gl\u00fcck!<\/p>\nngg_shortcode_0_placeholder\n","protected":false},"excerpt":{"rendered":"<p>1.Oktober 2021, Aletschgletscher Fr\u00fchst\u00fcck im heimeligen Walliser Spycher war ganz gem\u00fctlich, aber wir wollten m\u00f6glichst fr\u00fch starten zu unserer langen Wanderung entlang dem Aletschgletscher. Die Seilbahn auf Moosfluh fuhr erst ab 8:30 und wir waren zu der Zeit schon da. Nachdem ich verstanden hatte, dass Halbtax und G\u00e4stekarte zu verschiedenen Rabatten berechtigten aber nicht gleichzeitig &hellip; <a href=\"https:\/\/www.adrianwood.ch\/?page_id=22555\" class=\"more-link\">Continue reading <span class=\"screen-reader-text\">10-01 Aletschgletscher<\/span> <span class=\"meta-nav\">&rarr;<\/span><\/a><\/p>\n","protected":false},"author":1,"featured_media":0,"parent":22546,"menu_order":1422,"comment_status":"closed","ping_status":"closed","template":"","meta":{"ngg_post_thumbnail":0,"footnotes":""},"class_list":["post-22555","page","type-page","status-publish","hentry"],"_links":{"self":[{"href":"https:\/\/www.adrianwood.ch\/index.php?rest_route=\/wp\/v2\/pages\/22555","targetHints":{"allow":["GET"]}}],"collection":[{"href":"https:\/\/www.adrianwood.ch\/index.php?rest_route=\/wp\/v2\/pages"}],"about":[{"href":"https:\/\/www.adrianwood.ch\/index.php?rest_route=\/wp\/v2\/types\/page"}],"author":[{"embeddable":true,"href":"https:\/\/www.adrianwood.ch\/index.php?rest_route=\/wp\/v2\/users\/1"}],"replies":[{"embeddable":true,"href":"https:\/\/www.adrianwood.ch\/index.php?rest_route=%2Fwp%2Fv2%2Fcomments&post=22555"}],"version-history":[{"count":5,"href":"https:\/\/www.adrianwood.ch\/index.php?rest_route=\/wp\/v2\/pages\/22555\/revisions"}],"predecessor-version":[{"id":22631,"href":"https:\/\/www.adrianwood.ch\/index.php?rest_route=\/wp\/v2\/pages\/22555\/revisions\/22631"}],"up":[{"embeddable":true,"href":"https:\/\/www.adrianwood.ch\/index.php?rest_route=\/wp\/v2\/pages\/22546"}],"wp:attachment":[{"href":"https:\/\/www.adrianwood.ch\/index.php?rest_route=%2Fwp%2Fv2%2Fmedia&parent=22555"}],"curies":[{"name":"wp","href":"https:\/\/api.w.org\/{rel}","templated":true}]}}