{"id":2323,"date":"2012-12-15T11:20:36","date_gmt":"2012-12-15T10:20:36","guid":{"rendered":"http:\/\/adrianwood.ch\/?page_id=2323"},"modified":"2019-11-02T21:09:50","modified_gmt":"2019-11-02T21:09:50","slug":"2006-09-argentina","status":"publish","type":"page","link":"https:\/\/www.adrianwood.ch\/?page_id=2323","title":{"rendered":"2006-09 Argentina"},"content":{"rendered":"<figure id=\"attachment_2324\" aria-describedby=\"caption-attachment-2324\" style=\"width: 730px\" class=\"wp-caption alignleft\"><a href=\"http:\/\/adrianwood.ch\/private-holidays\/2006-09-argentina\/ped_0577_r7\/\" rel=\"attachment wp-att-2324\"><img loading=\"lazy\" decoding=\"async\" class=\"size-full wp-image-2324\" title=\"PED_0577_r7\" src=\"http:\/\/adrianwood.ch\/wp-content\/uploads\/2012\/12\/PED_0577_r7.jpg\" alt=\"Vicu\u00f1a auf 4000m in den Anden\" width=\"730\" height=\"485\"><\/a><figcaption id=\"caption-attachment-2324\" class=\"wp-caption-text\">Vicu\u00f1a auf 4000m in den Anden<\/figcaption><\/figure>\n<h2><strong>S\u00fcdamerika-Reise &#8211; Argentinien und Chile, 21. September &#8211; 17. Oktober 2006<br \/>\n<\/strong><\/h2>\n<div>\n<h2 style=\"text-align: left;\" align=\"center\"><strong>Halbinsel Vald\u00e9s, Anden Trekking, Puna de Atacama, Esteros del Iber\u00e1, Misiones<\/strong><\/h2>\n<\/div>\n<h3><a href=\"http:\/\/www.adrianwood.ch\/?page_id=2384\">Contents<\/a><\/h3>\n<p><span style=\"text-decoration: underline;\">Teilnehmer<\/span><\/p>\n<p>Juan Gamper, Beatrice &amp; Ruedi B\u00e4nninger, Hanspeter &amp; Margrit Baumann, Hubert Meindl, Brigitte Neeff, Brigitta &amp; Ulrich Vogel, Adrian Wood, Karin &amp; Klaus Wunder<\/p>\n<p>Programm auf Deutsch von Juan Gamper. Eigene Kommentare auf English.<\/p>\n<figure id=\"attachment_2325\" aria-describedby=\"caption-attachment-2325\" style=\"width: 766px\" class=\"wp-caption alignleft\"><a href=\"http:\/\/adrianwood.ch\/private-holidays\/2006-09-argentina\/argentina-r7\/\" rel=\"attachment wp-att-2325\"><img loading=\"lazy\" decoding=\"async\" class=\"size-full wp-image-2325\" title=\"Argentina\" src=\"http:\/\/adrianwood.ch\/wp-content\/uploads\/2012\/12\/Argentina-r7.jpg\" alt=\"\" width=\"766\" height=\"919\"><\/a><figcaption id=\"caption-attachment-2325\" class=\"wp-caption-text\">Argentina<\/figcaption><\/figure>\n<figure id=\"attachment_2326\" aria-describedby=\"caption-attachment-2326\" style=\"width: 766px\" class=\"wp-caption alignleft\"><a href=\"http:\/\/adrianwood.ch\/private-holidays\/2006-09-argentina\/northern-argentina-r7\/\" rel=\"attachment wp-att-2326\"><img loading=\"lazy\" decoding=\"async\" class=\"size-full wp-image-2326\" title=\"Northern Argentina\" src=\"http:\/\/adrianwood.ch\/wp-content\/uploads\/2012\/12\/Northern-Argentina-r7.jpg\" alt=\"\" width=\"766\" height=\"621\"><\/a><figcaption id=\"caption-attachment-2326\" class=\"wp-caption-text\">Northern Argentina<\/figcaption><\/figure>\n","protected":false},"excerpt":{"rendered":"<p>S\u00fcdamerika-Reise &#8211; Argentinien und Chile, 21. September &#8211; 17. Oktober 2006 Halbinsel Vald\u00e9s, Anden Trekking, Puna de Atacama, Esteros del Iber\u00e1, Misiones Contents Teilnehmer Juan Gamper, Beatrice &amp; Ruedi B\u00e4nninger, Hanspeter &amp; Margrit Baumann, Hubert Meindl, Brigitte Neeff, Brigitta &amp; Ulrich Vogel, Adrian Wood, Karin &amp; Klaus Wunder Programm auf Deutsch von Juan Gamper. Eigene &hellip; <a href=\"https:\/\/www.adrianwood.ch\/?page_id=2323\" class=\"more-link\">Continue reading <span class=\"screen-reader-text\">2006-09 Argentina<\/span> <span class=\"meta-nav\">&rarr;<\/span><\/a><\/p>\n","protected":false},"author":1,"featured_media":0,"parent":20778,"menu_order":526,"comment_status":"closed","ping_status":"closed","template":"","meta":{"ngg_post_thumbnail":0,"footnotes":""},"class_list":["post-2323","page","type-page","status-publish","hentry"],"_links":{"self":[{"href":"https:\/\/www.adrianwood.ch\/index.php?rest_route=\/wp\/v2\/pages\/2323","targetHints":{"allow":["GET"]}}],"collection":[{"href":"https:\/\/www.adrianwood.ch\/index.php?rest_route=\/wp\/v2\/pages"}],"about":[{"href":"https:\/\/www.adrianwood.ch\/index.php?rest_route=\/wp\/v2\/types\/page"}],"author":[{"embeddable":true,"href":"https:\/\/www.adrianwood.ch\/index.php?rest_route=\/wp\/v2\/users\/1"}],"replies":[{"embeddable":true,"href":"https:\/\/www.adrianwood.ch\/index.php?rest_route=%2Fwp%2Fv2%2Fcomments&post=2323"}],"version-history":[{"count":2,"href":"https:\/\/www.adrianwood.ch\/index.php?rest_route=\/wp\/v2\/pages\/2323\/revisions"}],"predecessor-version":[{"id":20782,"href":"https:\/\/www.adrianwood.ch\/index.php?rest_route=\/wp\/v2\/pages\/2323\/revisions\/20782"}],"up":[{"embeddable":true,"href":"https:\/\/www.adrianwood.ch\/index.php?rest_route=\/wp\/v2\/pages\/20778"}],"wp:attachment":[{"href":"https:\/\/www.adrianwood.ch\/index.php?rest_route=%2Fwp%2Fv2%2Fmedia&parent=2323"}],"curies":[{"name":"wp","href":"https:\/\/api.w.org\/{rel}","templated":true}]}}