{"id":24622,"date":"2023-05-16T16:05:26","date_gmt":"2023-05-16T16:05:26","guid":{"rendered":"https:\/\/www.adrianwood.ch\/?page_id=24622"},"modified":"2023-07-01T10:13:14","modified_gmt":"2023-07-01T10:13:14","slug":"2023-04-la-gomera","status":"publish","type":"page","link":"https:\/\/www.adrianwood.ch\/?page_id=24622","title":{"rendered":"2023-04 La Gomera"},"content":{"rendered":"<figure id=\"attachment_24623\" aria-describedby=\"caption-attachment-24623\" style=\"width: 1620px\" class=\"wp-caption alignleft\"><a href=\"https:\/\/www.adrianwood.ch\/wp-content\/uploads\/2023\/05\/GOM_0851.jpg\"><img loading=\"lazy\" decoding=\"async\" class=\"size-full wp-image-24623\" src=\"https:\/\/www.adrianwood.ch\/wp-content\/uploads\/2023\/05\/GOM_0851.jpg\" alt=\"\" width=\"1620\" height=\"1080\" srcset=\"https:\/\/www.adrianwood.ch\/wp-content\/uploads\/2023\/05\/GOM_0851.jpg 1620w, https:\/\/www.adrianwood.ch\/wp-content\/uploads\/2023\/05\/GOM_0851-300x200.jpg 300w, https:\/\/www.adrianwood.ch\/wp-content\/uploads\/2023\/05\/GOM_0851-1024x683.jpg 1024w, https:\/\/www.adrianwood.ch\/wp-content\/uploads\/2023\/05\/GOM_0851-768x512.jpg 768w, https:\/\/www.adrianwood.ch\/wp-content\/uploads\/2023\/05\/GOM_0851-1536x1024.jpg 1536w\" sizes=\"auto, (max-width: 1620px) 100vw, 1620px\" \/><\/a><figcaption id=\"caption-attachment-24623\" class=\"wp-caption-text\">im verlassenen Dorf Benchijgua<\/figcaption><\/figure>\n<h2><strong>25.04.-09.05.2023, La Gomera und Fuerteventura<\/strong><\/h2>\nngg_shortcode_0_placeholder\n<h3><a href=\"https:\/\/www.adrianwood.ch\/?page_id=24626\">Programm<\/a><\/h3>\n<p>\u00dcppig gr\u00fcne Palment\u00e4ler, karge vulkanische Schluchten, neblig feuchte Lorbeerw\u00e4lder und wandernde D\u00fcnenstr\u00e4nde \u2013 die Inseln La Gomera und Fuerteventura bieten auf kleinstem Raum ganz verschiedene Landschaften. Ende April, Anfang Mai ist die ideale Reisezeit f\u00fcr die Inseln des ewigen Fr\u00fchlings. L\u00e4sst Euch sich bei dieser 15-t\u00e4gigen Reise von den abwechslungsreichen Touren entlang der K\u00fcste und durchs Hinterland der so unterschiedlichen Eilande \u00fcberraschen. Nat\u00fcrlich besteht immer wieder auch die M\u00f6glichkeit zum Baden im Meer.<\/p>\n<p>Die kleine aber gebirgige Insel La Gomera verspricht viel Abwechslung: w\u00e4hrend der erste Eindruck karg anmutet, \u00fcberraschen die vielen gr\u00fcnen Oasen auf dem einstigen Vulkan. Die Moose und Farne im feuchten Dunst des Lorbeerwalds im Nationalparks Garajonay (seit 1986 Welterbe der UNESCO). Oder die Terrassenfelder im Valle Gran Rey, dem \u201cTal des gro\u00dfen K\u00f6nigs\u201d im S\u00fcdwesten der Insel. Auch hier erschlie\u00dfen sch\u00f6ne Wanderwege das Naturparadies.<\/p>\n<p>In der zweiten Reisewoche ist dann auf Fuerteventura die N\u00e4he zu Afrika dann deutlich zu sp\u00fcren. Hier ist es richtig karg: schroffe vulkanische Landschaften und sandige D\u00fcnen aber auch traumhafte Sandstr\u00e4nde pr\u00e4gen das Bild. Bei unseren Wanderungen am Fu\u00df des Tindaya oder auf dem Calder\u00f3n Hondo sind wir mitten drin und k\u00f6nnen uns vorstellen, welch hartes Leben die ersten Einwohner hier einst hatten. Richtig gr\u00fcn wird es nur im palmenreichen Tal bei Vega de R\u00edo Palmas.<\/p>\n<figure id=\"attachment_24631\" aria-describedby=\"caption-attachment-24631\" style=\"width: 2025px\" class=\"wp-caption alignleft\"><a href=\"https:\/\/www.adrianwood.ch\/wp-content\/uploads\/2023\/05\/GOM_0566.jpg\"><img loading=\"lazy\" decoding=\"async\" class=\"size-full wp-image-24631\" src=\"https:\/\/www.adrianwood.ch\/wp-content\/uploads\/2023\/05\/GOM_0566.jpg\" alt=\"\" width=\"2025\" height=\"1080\" srcset=\"https:\/\/www.adrianwood.ch\/wp-content\/uploads\/2023\/05\/GOM_0566.jpg 2025w, https:\/\/www.adrianwood.ch\/wp-content\/uploads\/2023\/05\/GOM_0566-300x160.jpg 300w, https:\/\/www.adrianwood.ch\/wp-content\/uploads\/2023\/05\/GOM_0566-1024x546.jpg 1024w, https:\/\/www.adrianwood.ch\/wp-content\/uploads\/2023\/05\/GOM_0566-768x410.jpg 768w, https:\/\/www.adrianwood.ch\/wp-content\/uploads\/2023\/05\/GOM_0566-1536x819.jpg 1536w\" sizes=\"auto, (max-width: 2025px) 100vw, 2025px\" \/><\/a><figcaption id=\"caption-attachment-24631\" class=\"wp-caption-text\">die Gruppe auf dem Garajonay die h\u00f6chste Erhebung der Insel<\/figcaption><\/figure>\n","protected":false},"excerpt":{"rendered":"<p>25.04.-09.05.2023, La Gomera und Fuerteventura Programm \u00dcppig gr\u00fcne Palment\u00e4ler, karge vulkanische Schluchten, neblig feuchte Lorbeerw\u00e4lder und wandernde D\u00fcnenstr\u00e4nde \u2013 die Inseln La Gomera und Fuerteventura bieten auf kleinstem Raum ganz verschiedene Landschaften. Ende April, Anfang Mai ist die ideale Reisezeit f\u00fcr die Inseln des ewigen Fr\u00fchlings. L\u00e4sst Euch sich bei dieser 15-t\u00e4gigen Reise von den &hellip; <a href=\"https:\/\/www.adrianwood.ch\/?page_id=24622\" class=\"more-link\">Continue reading <span class=\"screen-reader-text\">2023-04 La Gomera<\/span> <span class=\"meta-nav\">&rarr;<\/span><\/a><\/p>\n","protected":false},"author":1,"featured_media":0,"parent":20745,"menu_order":264,"comment_status":"closed","ping_status":"closed","template":"","meta":{"ngg_post_thumbnail":0,"footnotes":""},"class_list":["post-24622","page","type-page","status-publish","hentry"],"_links":{"self":[{"href":"https:\/\/www.adrianwood.ch\/index.php?rest_route=\/wp\/v2\/pages\/24622","targetHints":{"allow":["GET"]}}],"collection":[{"href":"https:\/\/www.adrianwood.ch\/index.php?rest_route=\/wp\/v2\/pages"}],"about":[{"href":"https:\/\/www.adrianwood.ch\/index.php?rest_route=\/wp\/v2\/types\/page"}],"author":[{"embeddable":true,"href":"https:\/\/www.adrianwood.ch\/index.php?rest_route=\/wp\/v2\/users\/1"}],"replies":[{"embeddable":true,"href":"https:\/\/www.adrianwood.ch\/index.php?rest_route=%2Fwp%2Fv2%2Fcomments&post=24622"}],"version-history":[{"count":6,"href":"https:\/\/www.adrianwood.ch\/index.php?rest_route=\/wp\/v2\/pages\/24622\/revisions"}],"predecessor-version":[{"id":25077,"href":"https:\/\/www.adrianwood.ch\/index.php?rest_route=\/wp\/v2\/pages\/24622\/revisions\/25077"}],"up":[{"embeddable":true,"href":"https:\/\/www.adrianwood.ch\/index.php?rest_route=\/wp\/v2\/pages\/20745"}],"wp:attachment":[{"href":"https:\/\/www.adrianwood.ch\/index.php?rest_route=%2Fwp%2Fv2%2Fmedia&parent=24622"}],"curies":[{"name":"wp","href":"https:\/\/api.w.org\/{rel}","templated":true}]}}