{"id":24659,"date":"2023-05-22T10:08:36","date_gmt":"2023-05-22T10:08:36","guid":{"rendered":"https:\/\/www.adrianwood.ch\/?page_id=24659"},"modified":"2023-05-27T08:32:26","modified_gmt":"2023-05-27T08:32:26","slug":"04-27-garajonay","status":"publish","type":"page","link":"https:\/\/www.adrianwood.ch\/?page_id=24659","title":{"rendered":"04-27 Garajonay"},"content":{"rendered":"<div class=\"pmdi_content_wrapper\">\n<h2 class=\"Normal-P\" style=\"margin-bottom: 6pt; direction: ltr; unicode-bidi: normal;\"><span class=\"Normal-H\"><span style=\"font-weight: bold;\">Donnerstag, 27.4.2003<\/span><span style=\"font-weight: bold;\">. <\/span><span style=\"font-weight: bold;\">Alto de <\/span><span style=\"font-weight: bold;\">Garajonay<\/span><span style=\"font-weight: bold;\">, 1487 m, die h\u00f6chste Erhebung der Insel<\/span><\/span><\/h2>\n<table class=\"TableGrid-T\" style=\"border-collapse: collapse;\" cellspacing=\"0\">\n<tbody>\n<tr class=\"-R\">\n<td class=\"-C\" style=\"width: 481.4pt; border: none windowtext 0pt;\" colspan=\"2\">\n<p class=\"Normal-P\" style=\"margin-bottom: 6pt; text-align: justify; text-justify: inter-ideograph; direction: ltr; unicode-bidi: normal;\"><span class=\"Normal-H\">Nach der Begr\u00fcssung durch unseren Wanderleiter Carlos f\u00e4hrt uns ein schnittiger, kleiner Mercedes-Bus kurz nach 9 h bei 23 Grad Celsuis von unserem Hotel Gran Rey zum Ausgangspunkt unserer Wanderung im Nationalpark Garajonay. <\/span><\/p>\n<\/td>\n<\/tr>\n<tr class=\"-R\">\n<td class=\"-C\" style=\"width: 241.8pt; border: none windowtext 0pt;\">\n<p class=\"Normal-P\" style=\"margin-bottom: 6pt; text-align: justify; text-justify: inter-ideograph; direction: ltr; unicode-bidi: normal;\"><span class=\"Normal-H\"><img loading=\"lazy\" decoding=\"async\" class=\"\" src=\"https:\/\/www.adrianwood.ch\/wp-content\/uploads\/2023\/05\/1684750083_image1.jpeg\" data-link=\"\" width=\"352\" height=\"225\"><\/span><\/p>\n<\/td>\n<td class=\"-C\" style=\"width: 239.6pt; border: none windowtext 0pt;\">\n<p class=\"Normal-P\" style=\"margin-bottom: 6pt; text-align: justify; text-justify: inter-ideograph; direction: ltr; unicode-bidi: normal;\"><span class=\"Normal-H\"><img loading=\"lazy\" decoding=\"async\" class=\"\" src=\"https:\/\/www.adrianwood.ch\/wp-content\/uploads\/2023\/05\/1684750083_image2.jpeg\" data-link=\"\" width=\"353\" height=\"234\"><\/span><\/p>\n<\/td>\n<\/tr>\n<tr class=\"-R\">\n<td class=\"-C\" style=\"width: 481.4pt; border: none windowtext 0pt;\" colspan=\"2\">\n<p class=\"Normal-P\" style=\"margin-bottom: 6pt; text-align: justify; text-justify: inter-ideograph; direction: ltr; unicode-bidi: normal;\"><span class=\"Normal-H\">Die Wanderung f\u00fchrt uns am Fusse des Tafelbergs Fortaleza, der mit seinen 1243 Metern 200 m h\u00f6her ist als der in Kapstadt in S\u00fcdafrika. Der Nationalpark Garajonay befindet sich in den h\u00f6her gelegenen Regionen der Insel, zwischen 800 und 1487 m. Wir kommen durch einen dank der Passatwinde mit der Feuchtigkeit des Nebels gesegneten intakten Nebelwald mit Gagelb\u00e4umen, Baumheide mit im Gegenlicht aufleuchtenden Flechtenb\u00e4rten, den typischen Macchia-Pflanzen wie z.B. Ginster, Zistrose, Myrte, und Erdbeerbaum, die uns Carlos noch eindr\u00fccklich zu Gem\u00fcte f\u00fchrt. Aber auch immer wieder durch verkohlte Gebiete, in denen die B\u00e4ume durch die letzten Waldbr\u00e4nde auf l\u00e4ngere Zeit zerst\u00f6rt worden sind. Die Kanarische Kiefer mit ihren bis zu 30 cm langen Nadeln geh\u00f6re zu den autochthonen Gew\u00e4chsen auf der Insel. Sie ertrage bis zu 400 Grad Celsius und schlage nach einem Brand nach einigen Jahren wieder aus, erkl\u00e4rt Carlos.<\/span><\/p>\n<\/td>\n<\/tr>\n<tr class=\"-R\">\n<td class=\"-C\" style=\"width: 481.4pt; border: none windowtext 0pt;\" colspan=\"2\">\n<p class=\"Normal-P\" style=\"margin-bottom: 6pt; text-align: justify; text-justify: inter-ideograph; direction: ltr; unicode-bidi: normal;\"><span class=\"Normal-H\"><img loading=\"lazy\" decoding=\"async\" class=\"\" src=\"https:\/\/www.adrianwood.ch\/wp-content\/uploads\/2023\/05\/1684750083_image3.jpeg\" data-link=\"\" width=\"721\" height=\"333\"><\/span><\/p>\n<\/td>\n<\/tr>\n<tr class=\"-R\">\n<td class=\"-C\" style=\"width: 481.4pt; border: none windowtext 0pt;\" colspan=\"2\">\n<p class=\"Normal-P\" style=\"margin-bottom: 6pt; text-align: justify; text-justify: inter-ideograph; direction: ltr; unicode-bidi: normal;\"><span class=\"Normal-H\">Unterwegs beschert uns das klare, sch\u00f6ne Wetter Ausblicke auf die Nachbarinseln Teneriffa mit dem Teide, La Palma und El Hierro. Wenn sich der Wald zu lichten beginnt, ver\u00e4ndert sich die Pflanzenwelt schlagartig. Die gelb bl\u00fchende G\u00e4nsedistel, eine L\u00f6wenzahnart, die vielen Sukkulenten, der blaue Natternkopf, um nur einige zu nennen, die mich besonders beeindruckt haben. Immer wieder bleiben wir stehen und geniessen die zauberhaften Ausblicke auf die Tafelberge und skurrilen Steinformationen sowie auf die Agaven mit ihren hoch in den Himmel ragenden Bl\u00fctenrispen.<\/span><\/p>\n<\/td>\n<\/tr>\n<tr class=\"-R\">\n<td class=\"-C\" style=\"width: 241.8pt; border: none windowtext 0pt;\">\n<p class=\"Normal-P\" style=\"margin-bottom: 6pt; text-align: justify; text-justify: inter-ideograph; direction: ltr; unicode-bidi: normal;\"><span class=\"Normal-H\"><img loading=\"lazy\" decoding=\"async\" class=\"\" src=\"https:\/\/www.adrianwood.ch\/wp-content\/uploads\/2023\/05\/1684750083_image4.jpeg\" data-link=\"\" width=\"353\" height=\"235\"><\/span><\/p>\n<\/td>\n<td class=\"-C\" style=\"width: 239.6pt; border: none windowtext 0pt;\">\n<p class=\"Normal-P\" style=\"margin-bottom: 6pt; text-align: justify; text-justify: inter-ideograph; direction: ltr; unicode-bidi: normal;\"><span class=\"Normal-H\"><img loading=\"lazy\" decoding=\"async\" class=\"\" src=\"https:\/\/www.adrianwood.ch\/wp-content\/uploads\/2023\/05\/1684750083_image5.jpeg\" data-link=\"\" width=\"353\" height=\"234\"><\/span><\/p>\n<\/td>\n<\/tr>\n<tr class=\"-R\">\n<td class=\"-C\" style=\"width: 481.4pt; border: none windowtext 0pt;\" colspan=\"2\">\n<p class=\"Normal-P\" style=\"margin-bottom: 6pt; text-align: justify; text-justify: inter-ideograph; direction: ltr; unicode-bidi: normal;\"><span class=\"Normal-H\">Beim Mirador de Igualero machen wir unsere Mittagspause. Der Aussichtspunkt befindet sich bei der Ortschaft Igualero auf 1321 m, fast genau in der Inselmitte am Rande Nationalparks. Von dort bieten sich fantastische Ausblicke \u00fcber weite und tiefe, gr\u00fcn bewachsene Schluchten bis hinunter zum Meer \u2013 ideal zum Entspannen und Geniessen. Etwas weiter unten befindet sich die Kapelle Ermita de San Francisco de Asis. Der Tafelberg von Chipude, La Fortaleza, l\u00e4sst sich genau gegen\u00fcber bestaunen. Beim Mirador befindet sich auch ein kurioses Kunstwerk, das Denkmal Silbo Gomeo, welches die Pfeifsprache ehrt, Teil des UNESCO Kulturerbes, die verwendet wurde, um \u00fcber weite Strecken zwischen den Schluchten zu kommunizieren.<\/span><\/p>\n<\/td>\n<\/tr>\n<tr class=\"-R\">\n<td class=\"-C\" style=\"width: 241.8pt; border: none windowtext 0pt;\">\n<p class=\"Normal-P\" style=\"margin-bottom: 6pt; text-align: justify; text-justify: inter-ideograph; direction: ltr; unicode-bidi: normal;\"><span class=\"Normal-H\"><img loading=\"lazy\" decoding=\"async\" class=\"\" src=\"https:\/\/www.adrianwood.ch\/wp-content\/uploads\/2023\/05\/1684750083_image6.jpeg\" data-link=\"\" width=\"353\" height=\"235\"><\/span><\/p>\n<\/td>\n<td class=\"-C\" style=\"width: 239.6pt; border: none windowtext 0pt;\">\n<p class=\"Normal-P\" style=\"margin-bottom: 6pt; text-align: justify; text-justify: inter-ideograph; direction: ltr; unicode-bidi: normal;\"><span class=\"Normal-H\"><img loading=\"lazy\" decoding=\"async\" class=\"\" src=\"https:\/\/www.adrianwood.ch\/wp-content\/uploads\/2023\/05\/1684750083_image7.jpeg\" data-link=\"\" width=\"353\" height=\"234\"><\/span><\/p>\n<\/td>\n<\/tr>\n<tr class=\"-R\">\n<td class=\"-C\" style=\"width: 481.4pt; border: none windowtext 0pt;\" colspan=\"2\">\n<p class=\"Normal-P\" style=\"margin-bottom: 6pt; text-align: justify; text-justify: inter-ideograph; direction: ltr; unicode-bidi: normal;\"><span class=\"Normal-H\">\u00dcber steile und steinige Bergh\u00e4nge bewachsen von einem Meer orangebl\u00fchender Opuntien steigen wir hinab in das kleine, ziemlich verlassene und langsam zerfallende Dorf Pavon, das noch vor 200 Jahren eine der gr\u00f6ssten Ortschaften auf La Gomera war. Im 19. Jh. boomte die Landwirtschaft und da in den T\u00e4lern die Felder voll mit Zuckerrohr f\u00fcr den Export standen, wurde in den fruchtbareren h\u00f6heren Lagen bei Pavon das Getreide zur Versorgung der Bev\u00f6lkerung angebaut. In der ersten H\u00e4lfte des 20. Jh. kam es zu einer grossen Landflucht. Von den einst in Hochzeiten 2000 Einwohnern sind heute noch ca. 180 \u00fcbriggeblieben. Auf dem<\/span><\/p>\n<\/td>\n<\/tr>\n<tr class=\"-R\">\n<td class=\"-C\" style=\"width: 241.8pt; border: none windowtext 0pt;\">\n<p class=\"Normal-P\" style=\"margin-bottom: 6pt; text-align: justify; text-justify: inter-ideograph; direction: ltr; unicode-bidi: normal;\"><span class=\"Normal-H\"><img loading=\"lazy\" decoding=\"async\" class=\"\" src=\"https:\/\/www.adrianwood.ch\/wp-content\/uploads\/2023\/05\/1684750083_image8.jpeg\" data-link=\"\" width=\"353\" height=\"235\"><\/span><\/p>\n<\/td>\n<td class=\"-C\" style=\"width: 239.6pt; border: none windowtext 0pt;\">\n<p class=\"Normal-P\" style=\"margin-bottom: 6pt; text-align: justify; text-justify: inter-ideograph; direction: ltr; unicode-bidi: normal;\"><span class=\"Normal-H\"><img loading=\"lazy\" decoding=\"async\" class=\"\" src=\"https:\/\/www.adrianwood.ch\/wp-content\/uploads\/2023\/05\/1684750083_image9.jpeg\" data-link=\"\" width=\"353\" height=\"234\"><\/span><\/p>\n<\/td>\n<\/tr>\n<tr class=\"-R\">\n<td class=\"-C\" style=\"width: 481.4pt; border: none windowtext 0pt;\" colspan=\"2\">\n<p class=\"Normal-P\" style=\"text-align: justify; text-justify: inter-ideograph; direction: ltr; unicode-bidi: normal;\"><span class=\"Normal-H\">Camino Natural Cumbres de La Gomera kommen wir nach Chipude, von wo uns der Busfahrer bravour\u00f6s zur\u00fcck \u00fcber die Serpentinenstrasse zum Hotel bringt. Nat\u00fcrlich erst nach wir unseren grossen Durst mit einem wohlverdienten Bier oder andere Getr\u00e4nk gel\u00f6scht haben.<\/span><\/p>\n<p class=\"Normal-P\" style=\"text-align: justify; text-justify: inter-ideograph; direction: ltr; unicode-bidi: normal;\"><span class=\"Normal-H\">Brigitte D.<\/span><\/p>\n<\/td>\n<\/tr>\n<p><!-- [if !supportMisalignedColumns]--><\/tbody>\n<\/table>\n<\/div>\n","protected":false},"excerpt":{"rendered":"<p>Donnerstag, 27.4.2003. Alto de Garajonay, 1487 m, die h\u00f6chste Erhebung der Insel Nach der Begr\u00fcssung durch unseren Wanderleiter Carlos f\u00e4hrt uns ein schnittiger, kleiner Mercedes-Bus kurz nach 9 h bei 23 Grad Celsuis von unserem Hotel Gran Rey zum Ausgangspunkt unserer Wanderung im Nationalpark Garajonay. Die Wanderung f\u00fchrt uns am Fusse des Tafelbergs Fortaleza, der &hellip; <a href=\"https:\/\/www.adrianwood.ch\/?page_id=24659\" class=\"more-link\">Continue reading <span class=\"screen-reader-text\">04-27 Garajonay<\/span> <span class=\"meta-nav\">&rarr;<\/span><\/a><\/p>\n","protected":false},"author":1,"featured_media":0,"parent":24622,"menu_order":2643,"comment_status":"closed","ping_status":"closed","template":"","meta":{"ngg_post_thumbnail":0,"footnotes":""},"class_list":["post-24659","page","type-page","status-publish","hentry"],"_links":{"self":[{"href":"https:\/\/www.adrianwood.ch\/index.php?rest_route=\/wp\/v2\/pages\/24659","targetHints":{"allow":["GET"]}}],"collection":[{"href":"https:\/\/www.adrianwood.ch\/index.php?rest_route=\/wp\/v2\/pages"}],"about":[{"href":"https:\/\/www.adrianwood.ch\/index.php?rest_route=\/wp\/v2\/types\/page"}],"author":[{"embeddable":true,"href":"https:\/\/www.adrianwood.ch\/index.php?rest_route=\/wp\/v2\/users\/1"}],"replies":[{"embeddable":true,"href":"https:\/\/www.adrianwood.ch\/index.php?rest_route=%2Fwp%2Fv2%2Fcomments&post=24659"}],"version-history":[{"count":5,"href":"https:\/\/www.adrianwood.ch\/index.php?rest_route=\/wp\/v2\/pages\/24659\/revisions"}],"predecessor-version":[{"id":24671,"href":"https:\/\/www.adrianwood.ch\/index.php?rest_route=\/wp\/v2\/pages\/24659\/revisions\/24671"}],"up":[{"embeddable":true,"href":"https:\/\/www.adrianwood.ch\/index.php?rest_route=\/wp\/v2\/pages\/24622"}],"wp:attachment":[{"href":"https:\/\/www.adrianwood.ch\/index.php?rest_route=%2Fwp%2Fv2%2Fmedia&parent=24659"}],"curies":[{"name":"wp","href":"https:\/\/api.w.org\/{rel}","templated":true}]}}