{"id":24672,"date":"2023-05-22T10:16:17","date_gmt":"2023-05-22T10:16:17","guid":{"rendered":"https:\/\/www.adrianwood.ch\/?page_id=24672"},"modified":"2023-05-27T08:36:15","modified_gmt":"2023-05-27T08:36:15","slug":"04-28-vallehermoso","status":"publish","type":"page","link":"https:\/\/www.adrianwood.ch\/?page_id=24672","title":{"rendered":"04-28 Vallehermoso"},"content":{"rendered":"<div class=\"pmdi_content_wrapper\">\n<h2 class=\"Normal-P\" style=\"margin-bottom: 6pt; direction: ltr; unicode-bidi: normal;\"><span class=\"Normal-H\"><span style=\"font-weight: bold; font-size: 11pt;\">Freitag 28.April 2023, <\/span><span style=\"font-weight: bold; font-size: 11pt;\">Va<\/span><span style=\"font-weight: bold; font-size: 11pt;\">l<\/span><span style=\"font-weight: bold; font-size: 11pt;\">l<\/span><span style=\"font-weight: bold; font-size: 11pt;\">ehermoso<\/span><span style=\"font-weight: bold; font-size: 11pt;\"> \u2013 wundersch\u00f6nes Tal<\/span><\/span><\/h2>\n<table class=\"TableGrid-T\" style=\"border-collapse: collapse;\" cellspacing=\"0\">\n<tbody>\n<tr class=\"-R\">\n<td class=\"-C\" style=\"width: 481.4pt; border: none windowtext 0pt;\" colspan=\"2\">\n<p class=\"Normal-P\" style=\"margin-bottom: 6pt; text-align: justify; text-justify: inter-ideograph; direction: ltr; unicode-bidi: normal;\"><span class=\"Normal-H\"><span style=\"font-size: 11pt;\">Carlo holt uns mit dem Wanderbus bei unserem sch\u00f6nen, am Strand gelegenen Hotel Gran Rey ab. Wie jeden Tag schl\u00e4ngelt sich der Bus auf der kurvenreichen Strasse in die H\u00f6he und wir fahren in den Nordwesten der Insel.<\/span><\/span><\/p>\n<\/td>\n<\/tr>\n<tr class=\"-R\">\n<td class=\"-C\" style=\"width: 240.7pt; border: none windowtext 0pt;\">\n<p class=\"Normal-P\" style=\"margin-bottom: 6pt; text-align: justify; text-justify: inter-ideograph; direction: ltr; unicode-bidi: normal;\"><span class=\"Normal-H\"><span style=\"font-size: 11pt;\"><img loading=\"lazy\" decoding=\"async\" class=\"\" src=\"https:\/\/www.adrianwood.ch\/wp-content\/uploads\/2023\/05\/1685003203_image1.jpeg\" data-link=\"\" width=\"352\" height=\"234\"><\/span><\/span><\/p>\n<\/td>\n<td class=\"-C\" style=\"width: 240.7pt; border: none windowtext 0pt;\">\n<p class=\"Normal-P\" style=\"margin-bottom: 6pt; text-align: justify; text-justify: inter-ideograph; direction: ltr; unicode-bidi: normal;\"><span class=\"Normal-H\"><span style=\"font-size: 11pt;\"><img loading=\"lazy\" decoding=\"async\" class=\"\" src=\"https:\/\/www.adrianwood.ch\/wp-content\/uploads\/2023\/05\/1685003203_image2.jpeg\" data-link=\"\" width=\"352\" height=\"234\"><\/span><\/span><\/p>\n<\/td>\n<\/tr>\n<tr class=\"-R\">\n<td class=\"-C\" style=\"width: 481.4pt; border: none windowtext 0pt;\" colspan=\"2\">\n<p class=\"Normal-P\" style=\"margin-bottom: 6pt; text-align: justify; text-justify: inter-ideograph; direction: ltr; unicode-bidi: normal;\"><span class=\"Normal-H\"><span style=\"font-size: 11pt;\">Unterwegs machen wir einen Stopp in <\/span><span style=\"font-size: 11pt;\">Mirador<\/span><span style=\"font-size: 11pt;\"> del <\/span><span style=\"font-size: 11pt;\">Palmarejo<\/span><span style=\"font-size: 11pt;\">, beim Windspiel (nach Entwurf von 1989) sowie ehem. Restaurant von C\u00e9sar Manrique. Diesem weltber\u00fchmten Maler, Bildhauer und Architekt (1919-92) war es ein Anliegen, Kunst und Natur miteinander in Einklang zu bringen. Von den Aussichtsterrassen bietet sich ein <\/span><span style=\"font-size: 11pt;\">Ausbilck<\/span><span style=\"font-size: 11pt;\"> ins obere Valle Gran Rey und hinab bis zur K\u00fcste nach La <\/span><span style=\"font-size: 11pt;\">Calera<\/span><span style=\"font-size: 11pt;\">. In der Ferne sehen wir bis nach Teneriffa mit dem Teide sowie Las Palmas.<\/span><\/span><\/p>\n<\/td>\n<\/tr>\n<tr class=\"-R\">\n<td class=\"-C\" style=\"width: 240.7pt; border: none windowtext 0pt;\">\n<p class=\"Normal-P\" style=\"margin-bottom: 6pt; text-align: justify; text-justify: inter-ideograph; direction: ltr; unicode-bidi: normal;\"><span class=\"Normal-H\"><span style=\"font-size: 11pt;\"><img loading=\"lazy\" decoding=\"async\" class=\"\" src=\"https:\/\/www.adrianwood.ch\/wp-content\/uploads\/2023\/05\/1685003203_image3.jpeg\" data-link=\"\" width=\"353\" height=\"235\"><\/span><\/span><\/p>\n<\/td>\n<td class=\"-C\" style=\"width: 240.7pt; border: none windowtext 0pt;\">\n<p class=\"Normal-P\" style=\"margin-bottom: 6pt; text-align: justify; text-justify: inter-ideograph; direction: ltr; unicode-bidi: normal;\"><span class=\"Normal-H\"><span style=\"font-size: 11pt;\"><img loading=\"lazy\" decoding=\"async\" class=\"\" src=\"https:\/\/www.adrianwood.ch\/wp-content\/uploads\/2023\/05\/1685003203_image4.jpeg\" data-link=\"\" width=\"353\" height=\"235\"><\/span><\/span><\/p>\n<\/td>\n<\/tr>\n<tr class=\"-R\">\n<td class=\"-C\" style=\"width: 481.4pt; border: none windowtext 0pt;\" colspan=\"2\">\n<p class=\"Normal-P\" style=\"margin-bottom: 6pt; text-align: justify; text-justify: inter-ideograph; direction: ltr; unicode-bidi: normal;\"><span class=\"Normal-H\"><span style=\"font-size: 11pt;\">In <\/span><span style=\"font-size: 11pt;\">Epina<\/span><span style=\"font-size: 11pt;\"> (800m H\u00f6he) starten wir unsere Wanderung. Der Weg f\u00fchrt uns durch Terrassenfelder mit einer reichen Flora. Carlo hat ein grosses Wissen und weiss viel zu berichten:<\/span><span style=\"font-size: 11pt;\">Er gibt uns jeweils ein Blatt der Pflanze zum Riechen und raten.<\/span><span style=\"font-size: 11pt;\">Wir treffen auf das <\/span><span style=\"font-size: 11pt;\">Citronella<\/span><span style=\"font-size: 11pt;\"> Kraut. Dazu meint Carlo, Ricola sei bei ihnen erfunden worden!<\/span><span style=\"font-size: 11pt;\">Weiter: Oregano-Pfefferminz, Wacholder (findet Verwendung mit lokalem Ziegenk\u00e4se), Bitumenklee\/<\/span><span style=\"font-size: 11pt;\">Rossklee<\/span><span style=\"font-size: 11pt;\"> (riecht nach Teer).<\/span><\/span><\/p>\n<\/td>\n<\/tr>\n<tr class=\"-R\">\n<td class=\"-C\" style=\"width: 240.7pt; border: none windowtext 0pt;\">\n<p class=\"Normal-P\" style=\"margin-bottom: 6pt; text-align: justify; text-justify: inter-ideograph; direction: ltr; unicode-bidi: normal;\"><span class=\"Normal-H\"><span style=\"font-size: 11pt;\"><img loading=\"lazy\" decoding=\"async\" class=\"\" src=\"https:\/\/www.adrianwood.ch\/wp-content\/uploads\/2023\/05\/1685003203_image5.jpeg\" data-link=\"\" width=\"352\" height=\"234\"><\/span><\/span><\/p>\n<\/td>\n<td class=\"-C\" style=\"width: 240.7pt; border: none windowtext 0pt;\">\n<p class=\"Normal-P\" style=\"margin-bottom: 6pt; text-align: justify; text-justify: inter-ideograph; direction: ltr; unicode-bidi: normal;\"><span class=\"Normal-H\"><span style=\"font-size: 11pt;\"><img loading=\"lazy\" decoding=\"async\" class=\"\" src=\"https:\/\/www.adrianwood.ch\/wp-content\/uploads\/2023\/05\/1685003203_image6.jpeg\" data-link=\"\" width=\"352\" height=\"234\"><\/span><\/span><\/p>\n<\/td>\n<\/tr>\n<tr class=\"-R\">\n<td class=\"-C\" style=\"width: 481.4pt; border: none windowtext 0pt;\" colspan=\"2\">\n<p class=\"Normal-P\" style=\"margin-bottom: 6pt; text-align: justify; text-justify: inter-ideograph; direction: ltr; unicode-bidi: normal;\"><span class=\"Normal-H\"><span style=\"font-size: 11pt;\">Unter dem Franco Regime sind 14.000 Einwohner nach Cuba und S\u00fcdamerika ausgewandert. Agaven stammen urspr\u00fcnglich aus Amerika und wurden von den Entdeckern mitgebracht. Agaven wurden entlang den Wegen gepflanzt gegen die Erosion. Die Fasern, Sisalfasern werden <\/span><span style=\"font-size: 11pt;\">zu Schn\u00fcren verarbeitet, zu Trommeln oder es werden Dart-Tafeln daraus gefertigt. Die Agave braucht 20 -30 Jahre <\/span><span style=\"font-size: 11pt;\">bis de<\/span><span style=\"font-size: 11pt;\">r<\/span><span style=\"font-size: 11pt;\"> Stempel<\/span><span style=\"font-size: 11pt;\"> w\u00e4chst. Dann versamt sich die Pflanze und verholzt. Die Stempel sind sehr lang und werden als Holmen f\u00fcr Leitern verwendet.<\/span><\/span><\/p>\n<\/td>\n<\/tr>\n<tr class=\"-R\">\n<td class=\"-C\" style=\"width: 240.7pt; border: none windowtext 0pt;\">\n<p class=\"Normal-P\" style=\"margin-bottom: 6pt; text-align: justify; text-justify: inter-ideograph; direction: ltr; unicode-bidi: normal;\"><span class=\"Normal-H\"><span style=\"font-size: 11pt;\"><img loading=\"lazy\" decoding=\"async\" class=\"\" src=\"https:\/\/www.adrianwood.ch\/wp-content\/uploads\/2023\/05\/1685003203_image7.jpeg\" data-link=\"\" width=\"352\" height=\"234\"><\/span><\/span><\/p>\n<\/td>\n<td class=\"-C\" style=\"width: 240.7pt; border: none windowtext 0pt;\">\n<p class=\"Normal-P\" style=\"margin-bottom: 6pt; text-align: justify; text-justify: inter-ideograph; direction: ltr; unicode-bidi: normal;\"><span class=\"Normal-H\"><span style=\"font-size: 11pt;\"><img loading=\"lazy\" decoding=\"async\" class=\"\" src=\"https:\/\/www.adrianwood.ch\/wp-content\/uploads\/2023\/05\/1685003203_image8.jpeg\" data-link=\"\" width=\"353\" height=\"235\"><\/span><\/span><\/p>\n<\/td>\n<\/tr>\n<tr class=\"-R\">\n<td class=\"-C\" style=\"width: 481.4pt; border: none windowtext 0pt;\" colspan=\"2\">\n<p class=\"Normal-P\" style=\"margin-bottom: 6pt; text-align: justify; text-justify: inter-ideograph; direction: ltr; unicode-bidi: normal;\"><span class=\"Normal-H\"><span style=\"font-size: 11pt;\">Unser Picknick nehmen wir im Schatten bei einer Kapelle ein. Wir haben Gesellschaft von Katzen und H\u00fchnern.<\/span><span style=\"font-size: 11pt;\">Gest\u00e4rkt und mit neuen Kr\u00e4ften geht es weiter hinunter mit Sicht auf den steil aufragenden Roque Cano. (ehemaliger Vulkanschlot) Dieser Berg ist oft umh\u00fcllt mit einer Nebelwolke. Die Sage <\/span><span style=\"font-size: 11pt;\">berichtet:wenn<\/span><span style=\"font-size: 11pt;\"> ein J\u00fcngling hinaufsteigt, kehrt er als weiser Mann zur\u00fcck. <\/span><\/span><\/p>\n<\/td>\n<\/tr>\n<tr class=\"-R\">\n<td class=\"-C\" style=\"width: 240.7pt; border: none windowtext 0pt;\">\n<p class=\"Normal-P\" style=\"margin-bottom: 6pt; text-align: justify; text-justify: inter-ideograph; direction: ltr; unicode-bidi: normal;\"><span class=\"Normal-H\"><span style=\"font-size: 11pt;\"><img loading=\"lazy\" decoding=\"async\" class=\"\" src=\"https:\/\/www.adrianwood.ch\/wp-content\/uploads\/2023\/05\/1685003203_image9.jpeg\" data-link=\"\" width=\"353\" height=\"235\"><\/span><\/span><\/p>\n<\/td>\n<td class=\"-C\" style=\"width: 240.7pt; border: none windowtext 0pt;\">\n<p class=\"Normal-P\" style=\"margin-bottom: 6pt; text-align: justify; text-justify: inter-ideograph; direction: ltr; unicode-bidi: normal;\"><span class=\"Normal-H\"><span style=\"font-size: 11pt;\"><img loading=\"lazy\" decoding=\"async\" class=\"\" src=\"https:\/\/www.adrianwood.ch\/wp-content\/uploads\/2023\/05\/1685003203_image10.jpeg\" data-link=\"\" width=\"353\" height=\"235\"><\/span><\/span><\/p>\n<\/td>\n<\/tr>\n<tr class=\"-R\">\n<td class=\"-C\" style=\"width: 481.4pt; border: none windowtext 0pt;\" colspan=\"2\">\n<p class=\"Normal-P\" style=\"margin-bottom: 6pt; text-align: justify; text-justify: inter-ideograph; direction: ltr; unicode-bidi: normal;\"><span class=\"Normal-H\"><span style=\"font-size: 11pt;\">Nochmals etwas Botanik: Opuntien\/Kaktusfeigen wachsen hier zahlreich. Die Pflanze stammt aus Zentral- und S\u00fcdamerika. Auf ihr lebt die Cochenille-Schildlaus. Anschaulich erz\u00e4hlt uns Carlo vom roten Farbstoff, indem er eine zwischen seinen Fingern zerdr\u00fcckt. Zu guter Letzt das Wolfsmilchgew\u00e4chs (Eupho<\/span><span style=\"font-size: 11pt;\">r<\/span><span style=\"font-size: 11pt;\">bia). Wenn man es schneidet, tritt eine Milch aus, die ist giftig. Zu Zeiten, als die Insulaner sich vor den Konquistadoren verstecken mussten, verwendeten sie diese Milch zum Fischen. Nach dem Verzehr der leicht toxischen Fische sollen sie dann etwas Bauchschmerzen bekommen haben.<\/span><span style=\"font-size: 11pt;\"> Durch mannshohen Schilfwald und gr\u00fcne Weinterrassen<\/span><span style=\"font-size: 11pt;\">gelangen wir in <\/span><span style=\"font-size: 11pt;\">Vallehermos<\/span><span style=\"font-size: 11pt;\">o<\/span><span style=\"font-size: 11pt;\"> an. Am Dorf<\/span><span style=\"font-size: 11pt;\">&#8211;<\/span><span style=\"font-size: 11pt;\">eingang streifen wir den Friedhof Santa Clara. Jemand wirft die Frage auf, ob diese F\u00e4cher an der Wand Urnen Gr\u00e4ber seien. Nein, die S\u00e4rge werden eingemauert. Der Boden ist ja aus Vulkanischem Gestein und l\u00e4sst keine Erdbestattung zu. <\/span><\/span><\/p>\n<\/td>\n<\/tr>\n<tr class=\"-R\">\n<td class=\"-C\" style=\"width: 240.7pt; border: none windowtext 0pt;\">\n<p class=\"Normal-P\" style=\"margin-bottom: 6pt; text-align: justify; text-justify: inter-ideograph; direction: ltr; unicode-bidi: normal;\"><span class=\"Normal-H\"><span style=\"font-size: 11pt;\"><img loading=\"lazy\" decoding=\"async\" class=\"\" src=\"https:\/\/www.adrianwood.ch\/wp-content\/uploads\/2023\/05\/1685003203_image11.jpeg\" data-link=\"\" width=\"352\" height=\"330\"><\/span><\/span><\/p>\n<\/td>\n<td class=\"-C\" style=\"width: 240.7pt; border: none windowtext 0pt;\">\n<p class=\"Normal-P\" style=\"margin-bottom: 6pt; text-align: justify; text-justify: inter-ideograph; direction: ltr; unicode-bidi: normal;\"><span class=\"Normal-H\"><span style=\"font-size: 11pt;\"><img loading=\"lazy\" decoding=\"async\" class=\"\" src=\"https:\/\/www.adrianwood.ch\/wp-content\/uploads\/2023\/05\/1685003203_image12.jpeg\" data-link=\"\" width=\"352\" height=\"234\"><\/span><\/span><\/p>\n<\/td>\n<\/tr>\n<tr class=\"-R\">\n<td class=\"-C\" style=\"width: 481.4pt; border: none windowtext 0pt;\" colspan=\"2\">\n<p class=\"Normal-P\" style=\"margin-bottom: 6pt; text-align: justify; text-justify: inter-ideograph; direction: ltr; unicode-bidi: normal;\"><span class=\"Normal-H\"><span style=\"font-size: 11pt;\">Wir ziehen ins St\u00e4dtli ein durch eine lange Gasse ges\u00e4umt von verlassenen H\u00e4usern. Zur Bl\u00fctezeit lebten hier 6.5 Tausend Einwohner. Heute sind es ca. 2.5 Tausend<\/span><span style=\"font-size: 11pt;\">.<\/span><\/span><\/p>\n<p class=\"Normal-P\" style=\"margin-bottom: 6pt; text-align: justify; text-justify: inter-ideograph; direction: ltr; unicode-bidi: normal;\"><span class=\"Normal-H\"><span style=\"font-size: 11pt;\">Wir haben 10.3 km zur\u00fcckgelegt,146 m hinauf und 773 m hinunter. (gem\u00e4ss <\/span><span style=\"font-size: 11pt;\">Peter`s<\/span><span style=\"font-size: 11pt;\">Aufzeichnung)<\/span><\/span><\/p>\n<p class=\"Normal-P\" style=\"margin-bottom: 6pt; text-align: justify; text-justify: inter-ideograph; direction: ltr; unicode-bidi: normal;\"><span class=\"Normal-H\"><span style=\"font-size: 11pt;\">Inge R<\/span><span style=\"font-size: 11pt;\">.<\/span><\/span><\/p>\n<\/td>\n<\/tr>\n<p><!-- [if !supportMisalignedColumns]--><\/tbody>\n<\/table>\n<\/div>\n","protected":false},"excerpt":{"rendered":"<p>Freitag 28.April 2023, Vallehermoso \u2013 wundersch\u00f6nes Tal Carlo holt uns mit dem Wanderbus bei unserem sch\u00f6nen, am Strand gelegenen Hotel Gran Rey ab. Wie jeden Tag schl\u00e4ngelt sich der Bus auf der kurvenreichen Strasse in die H\u00f6he und wir fahren in den Nordwesten der Insel. Unterwegs machen wir einen Stopp in Mirador del Palmarejo, beim &hellip; <a href=\"https:\/\/www.adrianwood.ch\/?page_id=24672\" class=\"more-link\">Continue reading <span class=\"screen-reader-text\">04-28 Vallehermoso<\/span> <span class=\"meta-nav\">&rarr;<\/span><\/a><\/p>\n","protected":false},"author":1,"featured_media":0,"parent":24622,"menu_order":2644,"comment_status":"closed","ping_status":"closed","template":"","meta":{"ngg_post_thumbnail":0,"footnotes":""},"class_list":["post-24672","page","type-page","status-publish","hentry"],"_links":{"self":[{"href":"https:\/\/www.adrianwood.ch\/index.php?rest_route=\/wp\/v2\/pages\/24672","targetHints":{"allow":["GET"]}}],"collection":[{"href":"https:\/\/www.adrianwood.ch\/index.php?rest_route=\/wp\/v2\/pages"}],"about":[{"href":"https:\/\/www.adrianwood.ch\/index.php?rest_route=\/wp\/v2\/types\/page"}],"author":[{"embeddable":true,"href":"https:\/\/www.adrianwood.ch\/index.php?rest_route=\/wp\/v2\/users\/1"}],"replies":[{"embeddable":true,"href":"https:\/\/www.adrianwood.ch\/index.php?rest_route=%2Fwp%2Fv2%2Fcomments&post=24672"}],"version-history":[{"count":6,"href":"https:\/\/www.adrianwood.ch\/index.php?rest_route=\/wp\/v2\/pages\/24672\/revisions"}],"predecessor-version":[{"id":24686,"href":"https:\/\/www.adrianwood.ch\/index.php?rest_route=\/wp\/v2\/pages\/24672\/revisions\/24686"}],"up":[{"embeddable":true,"href":"https:\/\/www.adrianwood.ch\/index.php?rest_route=\/wp\/v2\/pages\/24622"}],"wp:attachment":[{"href":"https:\/\/www.adrianwood.ch\/index.php?rest_route=%2Fwp%2Fv2%2Fmedia&parent=24672"}],"curies":[{"name":"wp","href":"https:\/\/api.w.org\/{rel}","templated":true}]}}