{"id":24687,"date":"2023-05-22T10:28:04","date_gmt":"2023-05-22T10:28:04","guid":{"rendered":"https:\/\/www.adrianwood.ch\/?page_id=24687"},"modified":"2023-05-27T08:42:56","modified_gmt":"2023-05-27T08:42:56","slug":"04-29-benchijgua","status":"publish","type":"page","link":"https:\/\/www.adrianwood.ch\/?page_id=24687","title":{"rendered":"05-01 Benchijgua"},"content":{"rendered":"<div class=\"pmdi_content_wrapper\">\n<h2 class=\"Normal-P\" style=\"margin-bottom: 6pt; direction: ltr; unicode-bidi: normal;\"><span class=\"Normal-H\"><span style=\"; font-weight: bold;\">Montag<\/span><span style=\"; font-weight: bold;\">, 1.Mai 2023, Barranco de <\/span><span style=\"; font-weight: bold;\">Benchijigua <\/span><span style=\"; font-weight: bold;\">&#8211; <\/span><span style=\"; font-weight: bold;\">Dorf <\/span><span style=\"; font-weight: bold;\">Benchijigua<\/span><span style=\"; font-weight: bold;\">&#8211; <\/span><span style=\"; font-weight: bold;\">Imada<\/span><\/span><\/h2>\n<table class=\"TableGrid-T\" style=\"border-collapse: collapse;\" cellspacing=\"0\">\n<tbody>\n<tr class=\"-R\">\n<td class=\"-C\" style=\"width: 481.4pt; border: none windowtext 0pt;\" colspan=\"2\">\n<p class=\"Normal-P\" style=\"margin-bottom: 6pt; direction: ltr; unicode-bidi: normal;\"><span class=\"Normal-H\">Nach dem freien Tag am Sonntag ging trotz Feiertag (1. Mai) der Ernst des Lebens wieder los. Unser Wanderleiter Carlos begr\u00fcsste 18 Wanderer zur \u00abK\u00f6nigstour\u00bb. Um 09.00 Uhr chauffierte uns Manuel einmal mehr durch das gewaltige Valle Gran Rey hoch zur Fernstrasse Richtung San Sebastian. Um 10.15 Uhr starteten wir unsere Tagestour in Las Toscas bei einer Busstation auf einer H\u00f6he von ca. 480m.<\/span><\/p>\n<\/td>\n<\/tr>\n<tr class=\"-R\">\n<td class=\"-C\" style=\"width: 239.95pt; border: none windowtext 0pt;\">\n<p class=\"Normal-P\" style=\"margin-bottom: 6pt; direction: ltr; unicode-bidi: normal;\"><span class=\"Normal-H\"><span style=\"; font-weight: bold;\"><img loading=\"lazy\" decoding=\"async\" class=\"\" src=\"https:\/\/www.adrianwood.ch\/wp-content\/uploads\/2023\/05\/1685004718_image1.jpg\" data-link=\"\" width=\"352\" height=\"235\"><\/span><\/span><\/p>\n<\/td>\n<td class=\"-C\" style=\"width: 241.45pt; border: none windowtext 0pt;\">\n<p class=\"Normal-P\" style=\"margin-bottom: 6pt; direction: ltr; unicode-bidi: normal;\"><span class=\"Normal-H\"><img loading=\"lazy\" decoding=\"async\" class=\"\" src=\"https:\/\/www.adrianwood.ch\/wp-content\/uploads\/2023\/05\/1685004718_image2.jpg\" data-link=\"\" width=\"352\" height=\"236\"><\/span><\/p>\n<\/td>\n<\/tr>\n<tr class=\"-R\">\n<td class=\"-C\" style=\"width: 481.4pt; border: none windowtext 0pt;\" colspan=\"2\">\n<p class=\"Normal-P\" style=\"margin-bottom: 6pt; direction: ltr; unicode-bidi: normal;\"><span class=\"Normal-H\">Auf leicht abfallenden, steinigen Feldweg entlang nicht mehr benutzen Bew\u00e4sserungsgr\u00e4ben, konnten wir schon bald Benchijigua sehen. Vorbei an m\u00e4chtigen Palmen, an denen man immer noch Spuren des Waldbrandes erkennen konnte.<\/span><\/p>\n<\/td>\n<\/tr>\n<tr class=\"-R\">\n<td class=\"-C\" style=\"width: 239.95pt; border: none windowtext 0pt;\">\n<p class=\"Normal-P\" style=\"margin-bottom: 6pt; direction: ltr; unicode-bidi: normal;\"><span class=\"Normal-H\"><img loading=\"lazy\" decoding=\"async\" class=\"\" src=\"https:\/\/www.adrianwood.ch\/wp-content\/uploads\/2023\/05\/1685004718_image3.jpg\" data-link=\"\" width=\"352\" height=\"235\"><\/span><\/p>\n<\/td>\n<td class=\"-C\" style=\"width: 241.45pt; border: none windowtext 0pt;\">\n<p class=\"Normal-P\" style=\"margin-bottom: 6pt; direction: ltr; unicode-bidi: normal;\"><span class=\"Normal-H\"><span style=\"; font-weight: bold;\"><img loading=\"lazy\" decoding=\"async\" class=\"\" src=\"https:\/\/www.adrianwood.ch\/wp-content\/uploads\/2023\/05\/1685004718_image4.jpg\" data-link=\"\" width=\"352\" height=\"236\"><\/span><\/span><\/p>\n<\/td>\n<\/tr>\n<tr class=\"-R\">\n<td class=\"-C\" style=\"width: 481.4pt; border: none windowtext 0pt;\" colspan=\"2\">\n<p class=\"Normal-P\" style=\"margin-bottom: 6pt; direction: ltr; unicode-bidi: normal;\"><span class=\"Normal-H\">Immer wieder konnten wir den gewaltigen Roque Agando sehen. Auch das wuchtige Basaltgestein war beeindruckend. Der Botanik Unterricht fiel bescheiden aus, da nicht mehr sehr viel neues zu sehen war. Einzig was mir h\u00e4ngen blieb ist die Mondampfer (auch Kanaren-Ampfer genannt). Angeblich ist sie noch eine Spur saurer wie die Sauerampfer!! Nach gut 1.5 Stunden hatten wir unser Mittagsziel erreicht.<\/span><\/p>\n<\/td>\n<\/tr>\n<tr class=\"-R\">\n<td class=\"-C\" style=\"width: 239.95pt; border: none windowtext 0pt;\">\n<p class=\"Normal-P\" style=\"margin-bottom: 6pt; direction: ltr; unicode-bidi: normal;\"><span class=\"Normal-H\"><span style=\"; font-weight: bold;\"><img loading=\"lazy\" decoding=\"async\" class=\"\" src=\"https:\/\/www.adrianwood.ch\/wp-content\/uploads\/2023\/05\/1685004718_image5.jpg\" data-link=\"\" width=\"352\" height=\"235\"><\/span><\/span><\/p>\n<\/td>\n<td class=\"-C\" style=\"width: 241.45pt; border: none windowtext 0pt;\">\n<p class=\"Normal-P\" style=\"margin-bottom: 6pt; direction: ltr; unicode-bidi: normal;\"><span class=\"Normal-H\"><span style=\"; font-weight: bold;\"><img loading=\"lazy\" decoding=\"async\" class=\"\" src=\"https:\/\/www.adrianwood.ch\/wp-content\/uploads\/2023\/05\/1685004718_image6.jpg\" data-link=\"\" width=\"352\" height=\"236\"><\/span><\/span><\/p>\n<\/td>\n<\/tr>\n<tr class=\"-R\">\n<td class=\"-C\" style=\"width: 481.4pt; border: none windowtext 0pt;\" colspan=\"2\">\n<p class=\"Normal-P\" style=\"margin-bottom: 6pt; text-align: justify; text-justify: inter-ideograph; direction: ltr; unicode-bidi: normal;\"><span class=\"Normal-H\">Bei der Kirche (Ermita de Juan) war ein lauschiges und vor allem schattiges Pl\u00e4tzchen f\u00fcr die Mittagspause. Das D\u00f6rfchen ist praktisch verwaist und die Geb\u00e4ude werden scheinbar nicht mehr restauriert. Laut Reisef\u00fchrer geh\u00f6ren die Geb\u00e4ude der Familie Olsen (Reederei), die der einsame Weiler an die Fjorde in ihrer norwegischen Heimat erinnern haben soll bzw. deren findige Vorfahre nach langer Suche feststellte, dass hier oben die Quellen liegen, die bis heute die Hotelanlagen des Unternehmens versorgen. Mit EU-Geldern liessen sie die Geb\u00e4ude renovieren, nur um festzustellen, dass diese Abgeschiedenheit auch f\u00fcr noch so sehr nach Ruhe suchende Touristen zu viel ist. Carlos hat gemeint, dass das Unternehmen Olsen schon ca. 25% der Insel besitzt! Nicht alle Bewohner auf La Gomera sind Olsen Fans.<\/span><\/p>\n<\/td>\n<\/tr>\n<tr class=\"-R\">\n<td class=\"-C\" style=\"width: 239.95pt; border: none windowtext 0pt;\">\n<p class=\"Normal-P\" style=\"margin-bottom: 6pt; direction: ltr; unicode-bidi: normal;\"><span class=\"Normal-H\"><span style=\"; font-weight: bold;\"><img loading=\"lazy\" decoding=\"async\" class=\"\" src=\"https:\/\/www.adrianwood.ch\/wp-content\/uploads\/2023\/05\/1685004718_image7.jpg\" data-link=\"\" width=\"352\" height=\"235\"><\/span><\/span><\/p>\n<\/td>\n<td class=\"-C\" style=\"width: 241.45pt; border: none windowtext 0pt;\">\n<p class=\"Normal-P\" style=\"margin-bottom: 6pt; direction: ltr; unicode-bidi: normal;\"><span class=\"Normal-H\"><span style=\"; font-weight: bold;\"><img loading=\"lazy\" decoding=\"async\" class=\"\" src=\"https:\/\/www.adrianwood.ch\/wp-content\/uploads\/2023\/05\/1685004718_image8.jpg\" data-link=\"\" width=\"352\" height=\"236\"><\/span><\/span><\/p>\n<\/td>\n<\/tr>\n<tr class=\"-R\">\n<td class=\"-C\" style=\"width: 481.4pt; border: none windowtext 0pt;\" colspan=\"2\">\n<p class=\"Normal-P\" style=\"margin-bottom: 6pt; text-align: justify; text-justify: inter-ideograph; direction: ltr; unicode-bidi: normal;\"><span class=\"Normal-H\">Einmal im Jahr wird dem Dorf ein bisschen Leben eingehaucht. Jeweils bei der Sonnenwende findet am 21. Juni ein grosser Gottesdienst mit anschliessendem Dorffest statt. Nach einer halben Stunde hiess es auf geht\u2019s. Auf einem bequemen praktisch flachen St\u00fcck Bergweg mit herrlichem Panorama kamen wir zur Startrampe des sehr steilen Aufstiegs. Jeder durfte sein eigenes Tempo laufen mit jeweiligen Trinkpausen. Es war heiss und ich denke jeder h\u00e4tte sich etwas vom Wind der 2. Woche auf Fuertevntura gew\u00fcnscht. F\u00fcr mich war der Aufstieg traumhaft. <\/span><\/p>\n<\/td>\n<\/tr>\n<tr class=\"-R\">\n<td class=\"-C\" style=\"width: 239.95pt; border: none windowtext 0pt;\">\n<p class=\"Normal-P\" style=\"margin-bottom: 6pt; direction: ltr; unicode-bidi: normal;\"><span class=\"Normal-H\"><span style=\"; font-weight: bold;\"><img loading=\"lazy\" decoding=\"async\" class=\"\" src=\"https:\/\/www.adrianwood.ch\/wp-content\/uploads\/2023\/05\/1685004718_image9.jpg\" data-link=\"\" width=\"352\" height=\"235\"><\/span><\/span><\/p>\n<\/td>\n<td class=\"-C\" style=\"width: 241.45pt; border: none windowtext 0pt;\">\n<p class=\"Normal-P\" style=\"margin-bottom: 6pt; direction: ltr; unicode-bidi: normal;\"><span class=\"Normal-H\"><span style=\"; font-weight: bold;\"><img loading=\"lazy\" decoding=\"async\" class=\"\" src=\"https:\/\/www.adrianwood.ch\/wp-content\/uploads\/2023\/05\/1685004718_image10.jpg\" data-link=\"\" width=\"352\" height=\"236\"><\/span><\/span><\/p>\n<\/td>\n<\/tr>\n<tr class=\"-R\">\n<td class=\"-C\" style=\"width: 481.4pt; border: none windowtext 0pt;\" colspan=\"2\">\n<p class=\"Normal-P\" style=\"margin-bottom: 6pt; direction: ltr; unicode-bidi: normal;\"><span class=\"Normal-H\">Der Blick Richtung Pass mit dem steinigen Hundekopf und runter ins Tal waren schlichtweg Kitsch \u00e0 la Wahnsinn. Nach 1\u00bd Stunden haben Alle die Tortour \u00fcberstanden und den Pass erreicht. Als K\u00f6nigstour wurde die Wanderung angesagt. Meine Definition f\u00fcr diesen Begriff ist wie folgt. W\u00e4hrend des anstrengenden Aufstiegs fragt man sich, warum tue ich mir das an? Oben angekommen f\u00fchlt man sich als K\u00f6nig!<\/span><\/p>\n<\/td>\n<\/tr>\n<tr class=\"-R\">\n<td class=\"-C\" style=\"width: 239.95pt; border: none windowtext 0pt;\">\n<p class=\"Normal-P\" style=\"margin-bottom: 6pt; direction: ltr; unicode-bidi: normal;\"><span class=\"Normal-H\"><span style=\"; font-weight: bold;\"><img loading=\"lazy\" decoding=\"async\" class=\"\" src=\"https:\/\/www.adrianwood.ch\/wp-content\/uploads\/2023\/05\/1685004718_image11.jpg\" data-link=\"\" width=\"352\" height=\"235\"><\/span><\/span><\/p>\n<\/td>\n<td class=\"-C\" style=\"width: 241.45pt; border: none windowtext 0pt;\">\n<p class=\"Normal-P\" style=\"margin-bottom: 6pt; direction: ltr; unicode-bidi: normal;\"><span class=\"Normal-H\"><span style=\"; font-weight: bold;\"><img loading=\"lazy\" decoding=\"async\" class=\"\" src=\"https:\/\/www.adrianwood.ch\/wp-content\/uploads\/2023\/05\/1685004718_image12.jpg\" data-link=\"\" width=\"352\" height=\"236\"><\/span><\/span><\/p>\n<\/td>\n<\/tr>\n<p><!-- [if !supportMisalignedColumns]--><\/tbody>\n<\/table>\n<table class=\"TableGrid-T\" style=\"border-collapse: collapse;\" cellspacing=\"0\">\n<tbody>\n<tr class=\"-R\">\n<td class=\"-C\" style=\"width: 162.5pt; border: none windowtext 0pt;\">\n<p class=\"Normal-P\" style=\"margin-bottom: 6pt; text-align: justify; text-justify: inter-ideograph; direction: ltr; unicode-bidi: normal;\"><span class=\"Normal-H\"><img loading=\"lazy\" decoding=\"async\" class=\"\" src=\"https:\/\/www.adrianwood.ch\/wp-content\/uploads\/2023\/05\/1685004718_image13.jpeg\" data-link=\"\" width=\"233\" height=\"309\"><\/span><\/p>\n<\/td>\n<td class=\"-C\" style=\"width: 159.6pt; border: none windowtext 0pt;\">\n<p class=\"Normal-P\" style=\"margin-bottom: 6pt; text-align: justify; text-justify: inter-ideograph; direction: ltr; unicode-bidi: normal;\"><span class=\"Normal-H\"><img loading=\"lazy\" decoding=\"async\" class=\"\" src=\"https:\/\/www.adrianwood.ch\/wp-content\/uploads\/2023\/05\/1685004718_image14.jpeg\" data-link=\"\" width=\"232\" height=\"309\"><\/span><\/p>\n<\/td>\n<td class=\"-C\" style=\"width: 159.3pt; border: none windowtext 0pt;\">\n<p class=\"Normal-P\" style=\"margin-bottom: 6pt; text-align: justify; text-justify: inter-ideograph; direction: ltr; unicode-bidi: normal;\"><span class=\"Normal-H\"><img loading=\"lazy\" decoding=\"async\" class=\"\" src=\"https:\/\/www.adrianwood.ch\/wp-content\/uploads\/2023\/05\/1685004718_image15.jpeg\" data-link=\"\" width=\"232\" height=\"309\"><\/span><\/p>\n<\/td>\n<\/tr>\n<tr class=\"-R\">\n<td class=\"-C\" style=\"width: 481.4pt; border: none windowtext 0pt;\" colspan=\"3\">\n<p class=\"Normal-P\" style=\"margin-bottom: 6pt; text-align: justify; text-justify: inter-ideograph; direction: ltr; unicode-bidi: normal;\"><span class=\"Normal-H\">Das Endziel, das Bergdorf Imada, konnten wir auch schon sehen. Nach 15 Minuten Verschnaufpause starteten wir unser grosses Finale. Zuerst ging es moderat abw\u00e4rts bevor nochmals ein Aufstieg von ca. 100m anstanden. Die Kulisse war \u00fcberw\u00e4ltigend und sehr fotogen.<\/span><\/p>\n<\/td>\n<\/tr>\n<tr class=\"-R\">\n<td class=\"-C\" style=\"width: 162.5pt; border: none windowtext 0pt;\">\n<p class=\"Normal-P\" style=\"margin-bottom: 6pt; text-align: justify; text-justify: inter-ideograph; direction: ltr; unicode-bidi: normal;\"><span class=\"Normal-H\"><img loading=\"lazy\" decoding=\"async\" class=\"\" src=\"https:\/\/www.adrianwood.ch\/wp-content\/uploads\/2023\/05\/1685004718_image16.jpeg\" data-link=\"\" width=\"233\" height=\"309\"><\/span><\/p>\n<\/td>\n<td class=\"-C\" style=\"width: 159.6pt; border: none windowtext 0pt;\">\n<p class=\"Normal-P\" style=\"margin-bottom: 6pt; text-align: justify; text-justify: inter-ideograph; direction: ltr; unicode-bidi: normal;\"><span class=\"Normal-H\"><img loading=\"lazy\" decoding=\"async\" class=\"\" src=\"https:\/\/www.adrianwood.ch\/wp-content\/uploads\/2023\/05\/1685004718_image17.jpeg\" data-link=\"\" width=\"233\" height=\"311\"><\/span><\/p>\n<\/td>\n<td class=\"-C\" style=\"width: 159.3pt; border: none windowtext 0pt;\">\n<p class=\"Normal-P\" style=\"margin-bottom: 6pt; text-align: justify; text-justify: inter-ideograph; direction: ltr; unicode-bidi: normal;\"><span class=\"Normal-H\"><img loading=\"lazy\" decoding=\"async\" class=\"\" src=\"https:\/\/www.adrianwood.ch\/wp-content\/uploads\/2023\/05\/1685004718_image18.jpeg\" data-link=\"\" width=\"233\" height=\"309\"><\/span><\/p>\n<\/td>\n<\/tr>\n<tr class=\"-R\">\n<td class=\"-C\" style=\"width: 481.4pt; border: none windowtext 0pt;\" colspan=\"3\">\n<p class=\"Normal-P\" style=\"margin-bottom: 6pt; text-align: justify; text-justify: inter-ideograph; direction: ltr; unicode-bidi: normal;\"><span class=\"Normal-H\">Der Weg des kurzen Abstiegs und wiederum Aufstiegs nach Imada wurde sogar mit Steinplatten angelegt. Imada liegt auf rund 900m und hat auch seinen Roque de Imada (siehe Foto). Diverse Wanderwege kreuzen sich im Dorf. Um 15.15 Uhr erreichten wir die Bar Arcilia. Das isotonische Hopfengetr\u00e4nk oder \u00e4hnliches war eine Wohltat.<\/span><\/p>\n<\/td>\n<\/tr>\n<tr class=\"-R\">\n<td class=\"-C\" style=\"width: 162.5pt; border: none windowtext 0pt;\">\n<p class=\"Normal-P\" style=\"margin-bottom: 6pt; text-align: justify; text-justify: inter-ideograph; direction: ltr; unicode-bidi: normal;\"><span class=\"Normal-H\"><img loading=\"lazy\" decoding=\"async\" class=\"\" src=\"https:\/\/www.adrianwood.ch\/wp-content\/uploads\/2023\/05\/1685004718_image19.jpeg\" data-link=\"\" width=\"233\" height=\"309\"><\/span><\/p>\n<\/td>\n<td class=\"-C\" style=\"width: 159.6pt; border: none windowtext 0pt;\">\n<p class=\"Normal-P\" style=\"margin-bottom: 6pt; text-align: justify; text-justify: inter-ideograph; direction: ltr; unicode-bidi: normal;\"><span class=\"Normal-H\"><img loading=\"lazy\" decoding=\"async\" class=\"\" src=\"https:\/\/www.adrianwood.ch\/wp-content\/uploads\/2023\/05\/1685004718_image20.jpeg\" data-link=\"\" width=\"233\" height=\"311\"><\/span><\/p>\n<\/td>\n<td class=\"-C\" style=\"width: 159.3pt; border: none windowtext 0pt;\">\n<p class=\"Normal-P\" style=\"margin-bottom: 6pt; text-align: justify; text-justify: inter-ideograph; direction: ltr; unicode-bidi: normal;\"><span class=\"Normal-H\"><img loading=\"lazy\" decoding=\"async\" class=\"\" src=\"https:\/\/www.adrianwood.ch\/wp-content\/uploads\/2023\/05\/1685004718_image21.jpeg\" data-link=\"\" width=\"233\" height=\"309\"><\/span><\/p>\n<\/td>\n<\/tr>\n<tr class=\"-R\">\n<td class=\"-C\" style=\"width: 481.4pt; border: none windowtext 0pt;\" colspan=\"3\">\n<p class=\"Normal-P\" style=\"margin-bottom: 6pt; text-align: justify; text-justify: inter-ideograph; direction: ltr; unicode-bidi: normal;\"><span class=\"Normal-H\">Nach 30 Minuten Baraufenthalt holte uns Manuel mit dem Bus ab und nach einer 1 Stunde Fahrzeit erreichten wir um 16.45 Uhr unser Hotel Gran Rey. Bis zum Nachtessen blieb noch gen\u00fcgend Zeit um ins Meer oder Pool zu h\u00fcpfen. Sogar f\u00fcr einen Apero reichte die Zeit noch. F\u00fcr mich war die Tour sehr abwechslungsreich, das Panorama traumhaft und der alpine Aufstieg ganz nach meinem Geschmack. Peter S.<\/span><\/p>\n<\/td>\n<\/tr>\n<p><!-- [if !supportMisalignedColumns]--><\/tbody>\n<\/table>\n<table class=\"TableGrid-T\" style=\"border-collapse: collapse;\" cellspacing=\"0\">\n<tbody>\n<tr class=\"-R\">\n<td class=\"-C\" style=\"width: 481.4pt; border: none windowtext 0pt;\" colspan=\"2\">\n<p class=\"Normal-P\" style=\"margin-bottom: 6pt; text-align: justify; text-justify: inter-ideograph; direction: ltr; unicode-bidi: normal;\"><span class=\"Normal-H\"><img loading=\"lazy\" decoding=\"async\" class=\"\" src=\"https:\/\/www.adrianwood.ch\/wp-content\/uploads\/2023\/05\/1685004718_image22.jpg\" data-link=\"\" width=\"729\" height=\"341\"><\/span><\/p>\n<\/td>\n<\/tr>\n<tr class=\"-R\">\n<td class=\"-C\" style=\"width: 240.7pt; border: none windowtext 0pt;\">\n<p class=\"Normal-P\" style=\"margin-bottom: 6pt; text-align: justify; text-justify: inter-ideograph; direction: ltr; unicode-bidi: normal;\"><span class=\"Normal-H\"><img loading=\"lazy\" decoding=\"async\" class=\"\" src=\"https:\/\/www.adrianwood.ch\/wp-content\/uploads\/2023\/05\/1685004718_image23.jpg\" data-link=\"\" width=\"352\" height=\"234\"><\/span><\/p>\n<\/td>\n<td class=\"-C\" style=\"width: 240.7pt; border: none windowtext 0pt;\">\n<p class=\"Normal-P\" style=\"margin-bottom: 6pt; text-align: justify; text-justify: inter-ideograph; direction: ltr; unicode-bidi: normal;\"><span class=\"Normal-H\"><img loading=\"lazy\" decoding=\"async\" class=\"\" src=\"https:\/\/www.adrianwood.ch\/wp-content\/uploads\/2023\/05\/1685004718_image24.jpg\" data-link=\"\" width=\"352\" height=\"263\"><\/span><\/p>\n<\/td>\n<\/tr>\n<p><!-- [if !supportMisalignedColumns]--><\/tbody>\n<\/table>\n<table class=\"TableGrid-T\" style=\"border-collapse: collapse;\" cellspacing=\"0\">\n<tbody>\n<tr class=\"-R\">\n<td class=\"-C\" style=\"width: 150.7pt; border: none windowtext 0pt;\">\n<p class=\"Normal-P\" style=\"margin-bottom: 6pt; direction: ltr; unicode-bidi: normal;\">\n<\/td>\n<td class=\"-C\" style=\"width: 151.95pt; border: none windowtext 0pt;\">\n<p class=\"Normal-P\" style=\"margin-bottom: 6pt; direction: ltr; unicode-bidi: normal;\">\n<\/td>\n<td class=\"-C\" style=\"width: 150.95pt; border: none windowtext 0pt;\">\n<p class=\"Normal-P\" style=\"margin-bottom: 6pt; direction: ltr; unicode-bidi: normal;\">\n<\/td>\n<\/tr>\n<p><!-- [if !supportMisalignedColumns]--><\/tbody>\n<\/table>\n<table class=\"TableGrid-T\" style=\"border-collapse: collapse;\" cellspacing=\"0\">\n<tbody>\n<tr class=\"-R\">\n<td class=\"-C\" style=\"width: 151pt; border: none windowtext 0pt;\">\n<p class=\"Normal-P\" style=\"margin-bottom: 6pt; direction: ltr; unicode-bidi: normal;\">\n<\/td>\n<td class=\"-C\" style=\"width: 151.05pt; border: none windowtext 0pt;\">\n<p class=\"Normal-P\" style=\"margin-bottom: 6pt; direction: ltr; unicode-bidi: normal;\">\n<\/td>\n<td class=\"-C\" style=\"width: 151.05pt; border: none windowtext 0pt;\">\n<p class=\"Normal-P\" style=\"margin-bottom: 6pt; direction: ltr; unicode-bidi: normal;\">\n<\/td>\n<\/tr>\n<p><!-- [if !supportMisalignedColumns]--><\/tbody>\n<\/table>\n<table class=\"TableGrid-T\" style=\"border-collapse: collapse;\" cellspacing=\"0\">\n<tbody>\n<tr class=\"-R\">\n<td class=\"-C\" style=\"width: 151pt; border: none windowtext 0pt;\">\n<p class=\"Normal-P\" style=\"margin-bottom: 6pt; direction: ltr; unicode-bidi: normal;\">\n<\/td>\n<td class=\"-C\" style=\"width: 151.05pt; border: none windowtext 0pt;\">\n<p class=\"Normal-P\" style=\"margin-bottom: 6pt; direction: ltr; unicode-bidi: normal;\">\n<\/td>\n<td class=\"-C\" style=\"width: 151.05pt; border: none windowtext 0pt;\">\n<p class=\"Normal-P\" style=\"margin-bottom: 6pt; direction: ltr; unicode-bidi: normal;\">\n<\/td>\n<\/tr>\n<p><!-- [if !supportMisalignedColumns]--><\/tbody>\n<\/table>\n<table class=\"TableGrid-T\" style=\"border-collapse: collapse;\" cellspacing=\"0\">\n<tbody>\n<tr class=\"-R\">\n<td class=\"-C\" style=\"width: 226.55pt; border: none windowtext 0pt;\">\n<p class=\"Normal-P\" style=\"margin-bottom: 6pt; direction: ltr; unicode-bidi: normal;\">\n<\/td>\n<td class=\"-C\" style=\"width: 226.55pt; border: none windowtext 0pt;\">\n<p class=\"Normal-P\" style=\"margin-bottom: 6pt; direction: ltr; unicode-bidi: normal;\">\n<\/td>\n<\/tr>\n<p><!-- [if !supportMisalignedColumns]--><\/tbody>\n<\/table>\n<\/div>\n","protected":false},"excerpt":{"rendered":"<p>Montag, 1.Mai 2023, Barranco de Benchijigua &#8211; Dorf Benchijigua&#8211; Imada Nach dem freien Tag am Sonntag ging trotz Feiertag (1. Mai) der Ernst des Lebens wieder los. Unser Wanderleiter Carlos begr\u00fcsste 18 Wanderer zur \u00abK\u00f6nigstour\u00bb. Um 09.00 Uhr chauffierte uns Manuel einmal mehr durch das gewaltige Valle Gran Rey hoch zur Fernstrasse Richtung San Sebastian. &hellip; <a href=\"https:\/\/www.adrianwood.ch\/?page_id=24687\" class=\"more-link\">Continue reading <span class=\"screen-reader-text\">05-01 Benchijgua<\/span> <span class=\"meta-nav\">&rarr;<\/span><\/a><\/p>\n","protected":false},"author":1,"featured_media":0,"parent":24622,"menu_order":2647,"comment_status":"closed","ping_status":"closed","template":"","meta":{"ngg_post_thumbnail":0,"footnotes":""},"class_list":["post-24687","page","type-page","status-publish","hentry"],"_links":{"self":[{"href":"https:\/\/www.adrianwood.ch\/index.php?rest_route=\/wp\/v2\/pages\/24687","targetHints":{"allow":["GET"]}}],"collection":[{"href":"https:\/\/www.adrianwood.ch\/index.php?rest_route=\/wp\/v2\/pages"}],"about":[{"href":"https:\/\/www.adrianwood.ch\/index.php?rest_route=\/wp\/v2\/types\/page"}],"author":[{"embeddable":true,"href":"https:\/\/www.adrianwood.ch\/index.php?rest_route=\/wp\/v2\/users\/1"}],"replies":[{"embeddable":true,"href":"https:\/\/www.adrianwood.ch\/index.php?rest_route=%2Fwp%2Fv2%2Fcomments&post=24687"}],"version-history":[{"count":12,"href":"https:\/\/www.adrianwood.ch\/index.php?rest_route=\/wp\/v2\/pages\/24687\/revisions"}],"predecessor-version":[{"id":24936,"href":"https:\/\/www.adrianwood.ch\/index.php?rest_route=\/wp\/v2\/pages\/24687\/revisions\/24936"}],"up":[{"embeddable":true,"href":"https:\/\/www.adrianwood.ch\/index.php?rest_route=\/wp\/v2\/pages\/24622"}],"wp:attachment":[{"href":"https:\/\/www.adrianwood.ch\/index.php?rest_route=%2Fwp%2Fv2%2Fmedia&parent=24687"}],"curies":[{"name":"wp","href":"https:\/\/api.w.org\/{rel}","templated":true}]}}