{"id":24819,"date":"2023-05-25T09:11:25","date_gmt":"2023-05-25T09:11:25","guid":{"rendered":"https:\/\/www.adrianwood.ch\/?page_id=24819"},"modified":"2023-05-26T12:10:43","modified_gmt":"2023-05-26T12:10:43","slug":"04-29-las-hayas","status":"publish","type":"page","link":"https:\/\/www.adrianwood.ch\/?page_id=24819","title":{"rendered":"04-29 Las Hayas"},"content":{"rendered":"<div class=\"pmdi_content_wrapper\">\n<h2 class=\"Normal-P\" style=\"margin-bottom: 6pt; direction: ltr; unicode-bidi: normal;\"><span class=\"Normal-H\"><span style=\"font-family: Arial; font-weight: bold;\">Samstag<\/span><span style=\"font-family: Arial; font-weight: bold;\"> 29. April, <\/span><span style=\"font-family: Arial; font-weight: bold;\">Ajolera<\/span><span style=\"font-family: Arial; font-weight: bold;\"> &#8211; Las <\/span><span style=\"font-family: Arial; font-weight: bold;\">Hayas<\/span><span style=\"font-family: Arial; font-weight: bold;\"> &#8211; El Cercado<\/span><\/span><\/h2>\n<p class=\"Normal-P\" style=\"margin-bottom: 6pt; direction: ltr; unicode-bidi: normal;\">\n<table class=\"TableGrid-T\" style=\"border-collapse: collapse;\" cellspacing=\"0\">\n<tbody>\n<tr class=\"-R\">\n<td class=\"-C\" style=\"width: 481.4pt; border: none windowtext 0pt;\" colspan=\"2\">\n<p class=\"Normal-P\" style=\"margin-bottom: 6pt; direction: ltr; unicode-bidi: normal;\"><span class=\"Normal-H\"><span style=\"font-family: Arial;\">Unser Guide Carlo und die ganze Gruppe sind p\u00fcnktlich um 9 Uhr bereit f\u00fcr einen neuen Tag (den dritten).<\/span><span style=\"font-family: Arial;\">Carlo hatte uns am Vortag mitgeteilt, dass wir nicht der geplanten Route in unserem Programm folgen w\u00fcrden. Der Bus setzt uns am <\/span><span style=\"font-family: Arial;\">Mirador<\/span><span style=\"font-family: Arial;\"> de <\/span><span style=\"font-family: Arial;\">Ajolera<\/span><span style=\"font-family: Arial;\"> ab, von dem aus wir eine wunderbare Aussicht auf <\/span><span style=\"font-family: Arial;\">Ajolera<\/span><span style=\"font-family: Arial;\"> haben. W\u00e4hrend jeder den Panoramablick bewundert, verschwindet der erste Teil der Gruppe auf einem etwas versteckten Pfad im Wald, und die Letzten stehen ratlos am Stra\u00dfenrand, ohne zu wissen, wo der Rest der Gruppe geblieben ist.<\/span><\/span><\/p>\n<\/td>\n<\/tr>\n<tr class=\"-R\">\n<td class=\"-C\" style=\"width: 239.95pt; border: none windowtext 0pt;\">\n<p class=\"Normal-P\" style=\"margin-bottom: 6pt; direction: ltr; unicode-bidi: normal;\"><span class=\"Normal-H\"><span style=\"font-family: Arial;\"><img loading=\"lazy\" decoding=\"async\" class=\"\" src=\"https:\/\/www.adrianwood.ch\/wp-content\/uploads\/2023\/05\/1685102808_image1.jpeg\" data-link=\"\" width=\"352\" height=\"235\"><\/span><\/span><\/p>\n<\/td>\n<td class=\"-C\" style=\"width: 241.45pt; border: none windowtext 0pt;\">\n<p class=\"Normal-P\" style=\"margin-bottom: 6pt; direction: ltr; unicode-bidi: normal;\"><span class=\"Normal-H\"><span style=\"font-family: Arial;\"><img loading=\"lazy\" decoding=\"async\" class=\"\" src=\"https:\/\/www.adrianwood.ch\/wp-content\/uploads\/2023\/05\/1685102808_image2.jpeg\" data-link=\"\" width=\"352\" height=\"236\"><\/span><\/span><\/p>\n<\/td>\n<\/tr>\n<tr class=\"-R\">\n<td class=\"-C\" style=\"width: 481.4pt; border: none windowtext 0pt;\" colspan=\"2\">\n<p class=\"Normal-P\" style=\"margin-bottom: 6pt; direction: ltr; unicode-bidi: normal;\"><span class=\"Normal-H\"><span style=\"font-family: Arial;\">Endlich wieder vereint, f\u00e4hrt Carlo fort, uns Informationen \u00fcber die Flora und Fauna von La Gomera zu geben. Da ich etwas hinterherh\u00e4nge und immer am Ende der Gruppe bin, verpasse ich oft einen Teil der Erkl\u00e4rungen. An diesem Tag habe ich mir die Informationen \u00fcber Zistrosen gemerkt, die auch &#8220;<\/span><span style=\"font-family: Arial;\">Montpellierrosen<\/span><span style=\"font-family: Arial;\">&#8221; genannt werden, sowie eine am\u00fcsante Anekdote in einem Video \u00fcber betrunkene Ratten, die sich mit fermentierten Fr\u00fcchten in den Lorbeerb\u00e4umen vollstopfen und dann besch\u00e4mt auf den Boden fallen, wo sie verlegen mit dem Gesicht nach unten liegen.<\/span><\/span><\/p>\n<\/td>\n<\/tr>\n<tr class=\"-R\">\n<td class=\"-C\" style=\"width: 481.4pt; border: none windowtext 0pt;\" colspan=\"2\">\n<p class=\"Normal-P\" style=\"margin-bottom: 6pt; direction: ltr; unicode-bidi: normal;\"><span class=\"Normal-H\"><span style=\"font-family: Arial;\"><img loading=\"lazy\" decoding=\"async\" class=\"\" src=\"https:\/\/www.adrianwood.ch\/wp-content\/uploads\/2023\/05\/1685102808_image3.jpeg\" data-link=\"\" width=\"719\" height=\"233\"><\/span><\/span><\/p>\n<\/td>\n<\/tr>\n<tr class=\"-R\">\n<td class=\"-C\" style=\"width: 481.4pt; border: none windowtext 0pt;\" colspan=\"2\">\n<p class=\"Normal-P\" style=\"margin-bottom: 6pt; direction: ltr; unicode-bidi: normal;\"><span class=\"Normal-H\"><span style=\"font-family: Arial;\">Unsere Wanderung f\u00fchrt uns zum <\/span><span style=\"font-family: Arial;\">doppelten<\/span><span style=\"font-family: Arial;\"> Aussichtspunkt Los <\/span><span style=\"font-family: Arial;\">Barranquillos<\/span><span style=\"font-family: Arial;\"> mit seinen zwei Aussichtspunkten, von wo aus wir durch einen sch\u00f6nen Wald im Schatten von moosbewachsenen Lorbeerb\u00e4umen nach <\/span><span style=\"font-family: Arial;\">Raso<\/span><span style=\"font-family: Arial;\"> de la Bruma wandern<\/span><span style=\"font-family: Arial;\">.<\/span><\/span><\/p>\n<\/td>\n<\/tr>\n<tr class=\"-R\">\n<td class=\"-C\" style=\"width: 239.95pt; border: none windowtext 0pt;\">\n<p class=\"Normal-P\" style=\"margin-bottom: 6pt; direction: ltr; unicode-bidi: normal;\"><span class=\"Normal-H\"><span style=\"font-family: Arial;\"><img loading=\"lazy\" decoding=\"async\" class=\"\" src=\"https:\/\/www.adrianwood.ch\/wp-content\/uploads\/2023\/05\/1685102808_image4.jpeg\" data-link=\"\" width=\"352\" height=\"235\"><\/span><\/span><\/p>\n<\/td>\n<td class=\"-C\" style=\"width: 241.45pt; border: none windowtext 0pt;\">\n<p class=\"Normal-P\" style=\"margin-bottom: 6pt; direction: ltr; unicode-bidi: normal;\"><span class=\"Normal-H\"><span style=\"font-family: Arial;\"><img loading=\"lazy\" decoding=\"async\" class=\"\" src=\"https:\/\/www.adrianwood.ch\/wp-content\/uploads\/2023\/05\/1685102808_image5.jpeg\" data-link=\"\" width=\"352\" height=\"236\"><\/span><\/span><\/p>\n<\/td>\n<\/tr>\n<tr class=\"-R\">\n<td class=\"-C\" style=\"width: 481.4pt; border: none windowtext 0pt;\" colspan=\"2\">\n<p class=\"Normal-P\" style=\"margin-bottom: 6pt; direction: ltr; unicode-bidi: normal;\"><span class=\"Normal-H\"><span style=\"font-family: Arial;\">Dort <\/span><span style=\"font-family: Arial;\">erkl\u00e4rt uns Carlo die Probleme bei der Einrichtung des Nationalparks <\/span><span style=\"font-family: Arial;\">Garajonay<\/span><span style=\"font-family: Arial;\">, der immer noch nicht von allen Inselbewohnern akzeptiert wird.<\/span><\/span><\/p>\n<\/td>\n<\/tr>\n<tr class=\"-R\">\n<td class=\"-C\" style=\"width: 239.95pt; border: none windowtext 0pt;\">\n<p class=\"Normal-P\" style=\"margin-bottom: 6pt; direction: ltr; unicode-bidi: normal;\"><span class=\"Normal-H\"><span style=\"font-family: Arial;\"><img loading=\"lazy\" decoding=\"async\" class=\"\" src=\"https:\/\/www.adrianwood.ch\/wp-content\/uploads\/2023\/05\/1685102808_image6.jpeg\" data-link=\"\" width=\"352\" height=\"235\"><\/span><\/span><\/p>\n<\/td>\n<td class=\"-C\" style=\"width: 241.45pt; border: none windowtext 0pt;\">\n<p class=\"Normal-P\" style=\"margin-bottom: 6pt; direction: ltr; unicode-bidi: normal;\"><span class=\"Normal-H\"><span style=\"font-family: Arial;\"><img loading=\"lazy\" decoding=\"async\" class=\"\" src=\"https:\/\/www.adrianwood.ch\/wp-content\/uploads\/2023\/05\/1685102808_image7.jpeg\" data-link=\"\" width=\"352\" height=\"236\"><\/span><\/span><\/p>\n<\/td>\n<\/tr>\n<tr class=\"-R\">\n<td class=\"-C\" style=\"width: 481.4pt; border: none windowtext 0pt;\" colspan=\"2\">\n<p class=\"Normal-P\" style=\"margin-bottom: 6pt; direction: ltr; unicode-bidi: normal;\"><span class=\"Normal-H\"><span style=\"font-family: Arial;\">Unser Picknickplatz befindet sich im Jardin de Las <\/span><span style=\"font-family: Arial;\">Creces<\/span><span style=\"font-family: Arial;\">, am selben Ort und am selben Tisch, an dem Huguette und ich bereits am Vortag Halt gemacht haben, da wir gestern zuf\u00e4llig einen Teil dieser Tour gemacht haben.<\/span><\/span><\/p>\n<\/td>\n<\/tr>\n<tr class=\"-R\">\n<td class=\"-C\" style=\"width: 239.95pt; border: none windowtext 0pt;\">\n<p class=\"Normal-P\" style=\"margin-bottom: 6pt; direction: ltr; unicode-bidi: normal;\"><span class=\"Normal-H\"><span style=\"font-family: Arial;\"><img loading=\"lazy\" decoding=\"async\" class=\"\" src=\"https:\/\/www.adrianwood.ch\/wp-content\/uploads\/2023\/05\/1685102808_image8.jpeg\" data-link=\"\" width=\"352\" height=\"235\"><\/span><\/span><\/p>\n<\/td>\n<td class=\"-C\" style=\"width: 241.45pt; border: none windowtext 0pt;\">\n<p class=\"Normal-P\" style=\"margin-bottom: 6pt; direction: ltr; unicode-bidi: normal;\"><span class=\"Normal-H\"><span style=\"font-family: Arial;\"><img loading=\"lazy\" decoding=\"async\" class=\"\" src=\"https:\/\/www.adrianwood.ch\/wp-content\/uploads\/2023\/05\/1685102808_image9.jpeg\" data-link=\"\" width=\"352\" height=\"236\"><\/span><\/span><\/p>\n<\/td>\n<\/tr>\n<tr class=\"-R\">\n<td class=\"-C\" style=\"width: 481.4pt; border: none windowtext 0pt;\" colspan=\"2\">\n<p class=\"Normal-P\" style=\"margin-bottom: 6pt; direction: ltr; unicode-bidi: normal;\"><span class=\"Normal-H\"><span style=\"font-family: Arial;\">Ein Teil der Gruppe macht Halt im Caf\u00e9 bei Maria in Las Hayas, wo der Bus sie auf dem R\u00fcckweg abholen wird. Der andere Teil setzt den Weg nach El <\/span><span style=\"font-family: Arial;\">Cercado<\/span><span style=\"font-family: Arial;\"> \u00fcber den GR 131 fort, was einen steilen Abstieg in die Schlucht zwischen den beiden D\u00f6rfern mit einem herrlichen Blick auf das Valle Gran Rey, das sich wie der Grand Canyon pr\u00e4sentiert, und nat\u00fcrlich eine m\u00fchsame Serpentinen-Aufstieg bei Hitze und ohne Wind bedeutet. Das Bier wird im Bar direkt bei der Ankunft willkommen<\/span><span style=\"font-family: Arial;\"> gehei\u00dfen<\/span><span style=\"font-family: Arial;\">. Carlo sagt uns, dass bei Maria die beste Tortilla der Insel serviert wird. Peter nimmt ihn beim Wort und bestellt eine, die er mit 10 neugierigen Personen teilen wird, die dieses k\u00f6stliche Gericht probieren m\u00f6chten.<\/span><\/span><\/p>\n<\/td>\n<\/tr>\n<tr class=\"-R\">\n<td class=\"-C\" style=\"width: 239.95pt; border: none windowtext 0pt;\">\n<p class=\"Normal-P\" style=\"margin-bottom: 6pt; direction: ltr; unicode-bidi: normal;\"><span class=\"Normal-H\"><span style=\"font-family: Arial;\"><img loading=\"lazy\" decoding=\"async\" class=\"\" src=\"https:\/\/www.adrianwood.ch\/wp-content\/uploads\/2023\/05\/1685102808_image10.jpeg\" data-link=\"\" width=\"353\" height=\"234\"><\/span><\/span><\/p>\n<\/td>\n<td class=\"-C\" style=\"width: 241.45pt; border: none windowtext 0pt;\">\n<p class=\"Normal-P\" style=\"margin-bottom: 6pt; direction: ltr; unicode-bidi: normal;\"><span class=\"Normal-H\"><span style=\"font-family: Arial;\"><img loading=\"lazy\" decoding=\"async\" class=\"\" src=\"https:\/\/www.adrianwood.ch\/wp-content\/uploads\/2023\/05\/1685102808_image11.jpeg\" data-link=\"\" width=\"352\" height=\"236\"><\/span><\/span><\/p>\n<\/td>\n<\/tr>\n<tr class=\"-R\">\n<td class=\"-C\" style=\"width: 481.4pt; border: none windowtext 0pt;\" colspan=\"2\">\n<p class=\"Normal-P\" style=\"direction: ltr; unicode-bidi: normal;\"><span class=\"Normal-H\"><span style=\"font-family: Arial;\">Der H\u00f6hepunkt des Tages wird nach dem Essen kommen, wenn uns die K\u00fcste den sch\u00f6nsten Sonnenuntergang des gesamten Aufenthalts bietet. Wir beobachten auch eine Gruppe von Delfinen in der N\u00e4he der K\u00fcste, die sich am n\u00e4chsten Tag als gew\u00f6hnliche Felsen herausstellen wird.<\/span><span style=\"font-family: Arial;\">Der Abend auf der Terrasse der Hotelbar wird von einer lokalen Band mit Tanz f\u00fcr alle animiert. <\/span><span style=\"font-family: Arial;\">Morgen ist Ruhetag. <\/span><span style=\"font-family: Arial;\">Jean-Francois S.<\/span><\/span><\/p>\n<\/td>\n<\/tr>\n<p><!-- [if !supportMisalignedColumns]--><\/tbody>\n<\/table>\n<\/div>\n","protected":false},"excerpt":{"rendered":"<p>Samstag 29. April, Ajolera &#8211; Las Hayas &#8211; El Cercado Unser Guide Carlo und die ganze Gruppe sind p\u00fcnktlich um 9 Uhr bereit f\u00fcr einen neuen Tag (den dritten).Carlo hatte uns am Vortag mitgeteilt, dass wir nicht der geplanten Route in unserem Programm folgen w\u00fcrden. Der Bus setzt uns am Mirador de Ajolera ab, von &hellip; <a href=\"https:\/\/www.adrianwood.ch\/?page_id=24819\" class=\"more-link\">Continue reading <span class=\"screen-reader-text\">04-29 Las Hayas<\/span> <span class=\"meta-nav\">&rarr;<\/span><\/a><\/p>\n","protected":false},"author":1,"featured_media":0,"parent":24622,"menu_order":2645,"comment_status":"closed","ping_status":"closed","template":"","meta":{"ngg_post_thumbnail":0,"footnotes":""},"class_list":["post-24819","page","type-page","status-publish","hentry"],"_links":{"self":[{"href":"https:\/\/www.adrianwood.ch\/index.php?rest_route=\/wp\/v2\/pages\/24819","targetHints":{"allow":["GET"]}}],"collection":[{"href":"https:\/\/www.adrianwood.ch\/index.php?rest_route=\/wp\/v2\/pages"}],"about":[{"href":"https:\/\/www.adrianwood.ch\/index.php?rest_route=\/wp\/v2\/types\/page"}],"author":[{"embeddable":true,"href":"https:\/\/www.adrianwood.ch\/index.php?rest_route=\/wp\/v2\/users\/1"}],"replies":[{"embeddable":true,"href":"https:\/\/www.adrianwood.ch\/index.php?rest_route=%2Fwp%2Fv2%2Fcomments&post=24819"}],"version-history":[{"count":4,"href":"https:\/\/www.adrianwood.ch\/index.php?rest_route=\/wp\/v2\/pages\/24819\/revisions"}],"predecessor-version":[{"id":24830,"href":"https:\/\/www.adrianwood.ch\/index.php?rest_route=\/wp\/v2\/pages\/24819\/revisions\/24830"}],"up":[{"embeddable":true,"href":"https:\/\/www.adrianwood.ch\/index.php?rest_route=\/wp\/v2\/pages\/24622"}],"wp:attachment":[{"href":"https:\/\/www.adrianwood.ch\/index.php?rest_route=%2Fwp%2Fv2%2Fmedia&parent=24819"}],"curies":[{"name":"wp","href":"https:\/\/api.w.org\/{rel}","templated":true}]}}