{"id":24860,"date":"2023-05-25T10:21:25","date_gmt":"2023-05-25T10:21:25","guid":{"rendered":"https:\/\/www.adrianwood.ch\/?page_id=24860"},"modified":"2023-05-25T10:21:25","modified_gmt":"2023-05-25T10:21:25","slug":"05-07-montana-rosa","status":"publish","type":"page","link":"https:\/\/www.adrianwood.ch\/?page_id=24860","title":{"rendered":"05-07 Montana Rosa"},"content":{"rendered":"<div class=\"pmdi_content_wrapper\">\n<h2 class=\"Standard-P\" style=\"margin-bottom: 6pt; direction: ltr; unicode-bidi: normal;\"><span class=\"Standard-H\"><span style=\"font-family: Arial; font-weight: bold; color: #333333; font-size: 11pt;\">Sonntag 07.05.2023, Montana Roj<\/span><span style=\"font-family: Arial; font-weight: bold; color: #000000; font-size: 11pt;\">a<\/span><span style=\"font-family: Arial; font-weight: bold; color: #333333; font-size: 11pt;\"> \u2013 <\/span><span style=\"font-family: Arial; font-weight: bold; color: #333333; font-size: 11pt;\">Barranco<\/span><span style=\"font-family: Arial; font-weight: bold; color: #333333; font-size: 11pt;\"> Las <\/span><span style=\"font-family: Arial; font-weight: bold; color: #333333; font-size: 11pt;\">Pilas<\/span><span style=\"font-family: Arial; font-weight: bold; color: #333333; font-size: 11pt;\"> \u2013 D\u00fcnen von <\/span><span style=\"font-family: Arial; font-weight: bold; color: #333333; font-size: 11pt;\">Corralejo<\/span><\/span><\/h2>\n<p class=\"Standard-P\" style=\"margin-bottom: 6pt; direction: ltr; unicode-bidi: normal;\"><span class=\"Standard-H\"><\/span><\/p>\n<table class=\"TableGrid-T\" style=\"border-collapse: collapse;\" cellspacing=\"0\">\n<tbody>\n<tr class=\"-R\">\n<td class=\"-C\" style=\"width: 481.4pt; border: none windowtext 0pt;\" colspan=\"2\">\n<p class=\"Standard-P\" style=\"margin-bottom: 6pt; direction: ltr; unicode-bidi: normal;\"><span class=\"Standard-H\"><span style=\"font-family: Arial; color: #000000; font-size: 11pt;\">Unsere lokale Wanderf\u00fchrerin Tina holte uns um 09:00 Uhr am Hotel Las <\/span><span style=\"font-family: Arial; color: #000000; font-size: 11pt;\">Marismas<\/span><span style=\"font-family: Arial; color: #000000; font-size: 11pt;\"> de <\/span><span style=\"font-family: Arial; color: #000000; font-size: 11pt;\">Corralejo<\/span><span style=\"font-family: Arial; color: #000000; font-size: 11pt;\"> ab. Nach einer 30min\u00fctigen Anfahrt \u00fcber die FV-104 setzte uns der Bus an einer Haltebucht am Fusse des Montana Roja ab.<\/span><span style=\"font-family: Arial; color: #000000; font-size: 11pt;\"> Der Montana Roja (Roter Berg) ist ein erloschener Vulkan, der 312 Meter \u00fcber dem Meeresspiegel im Naturpark von <\/span><span style=\"font-family: Arial; color: #000000; font-size: 11pt;\">Corralejo<\/span><span style=\"font-family: Arial; color: #000000; font-size: 11pt;\"> steht, zwischen <\/span><span style=\"font-family: Arial; color: #000000; font-size: 11pt;\">Corralejo<\/span><span style=\"font-family: Arial; color: #000000; font-size: 11pt;\"> und <\/span><span style=\"font-family: Arial; color: #000000; font-size: 11pt;\">Parque<\/span><span style=\"font-family: Arial; color: #000000; font-size: 11pt;\">Holandes<\/span><span style=\"font-family: Arial; color: #000000; font-size: 11pt;\">.<\/span><\/span><\/p>\n<\/td>\n<\/tr>\n<tr class=\"-R\">\n<td class=\"-C\" style=\"width: 238.5pt; border: none windowtext 0pt;\">\n<p class=\"Standard-P\" style=\"margin-bottom: 6pt; direction: ltr; unicode-bidi: normal;\"><span class=\"Standard-H\"><span style=\"font-family: Arial; color: #000000; font-size: 11pt;\"><img decoding=\"async\" src=\"https:\/\/www.adrianwood.ch\/wp-content\/uploads\/2023\/05\/1685010034_image1.jpeg\" data-link=\"\" width=\"305px       \" height=\"203.333333333333px       \"><\/span><\/span><\/p>\n<\/td>\n<td class=\"-C\" style=\"width: 242.9pt; border: none windowtext 0pt;\">\n<p class=\"Standard-P\" style=\"margin-bottom: 6pt; direction: ltr; unicode-bidi: normal;\"><span class=\"Standard-H\"><span style=\"font-family: Arial; color: #000000; font-size: 11pt;\"><img decoding=\"async\" src=\"https:\/\/www.adrianwood.ch\/wp-content\/uploads\/2023\/05\/1685010034_image2.jpeg\" data-link=\"\" width=\"305.4px       \" height=\"203.6px       \"><\/span><\/span><\/p>\n<\/td>\n<\/tr>\n<tr class=\"-R\">\n<td class=\"-C\" style=\"width: 481.4pt; border: none windowtext 0pt;\" colspan=\"2\">\n<p class=\"Standard-P\" style=\"margin-bottom: 6pt; direction: ltr; unicode-bidi: normal;\"><span class=\"Standard-H\"><span style=\"font-family: Arial; color: #000000; font-size: 11pt;\">Wir liefern zuerst nach S\u00fcden entlang der K\u00fcste, stiegen dann aber wieder zur Strasse bei einer Unterf\u00fchrung<\/span><span style=\"font-family: Arial; color: #000000; font-size: 11pt;\"> auf<\/span><span style=\"font-family: Arial; color: #000000; font-size: 11pt;\">. Kurz danach hielten wir uns links und w\u00e4hlten den unebenen steinigen Feldweg zum Gipfel. Es war nicht der steile Anstieg, der uns zu schaffen machte. Vielmehr war es der starke Seitenwind, der es nicht nur mir schwer machte in der Spur zu bleiben.<\/span><\/span><\/p>\n<\/td>\n<\/tr>\n<tr class=\"-R\">\n<td class=\"-C\" style=\"width: 238.5pt; border: none windowtext 0pt;\">\n<p class=\"Standard-P\" style=\"margin-bottom: 6pt; direction: ltr; unicode-bidi: normal;\"><span class=\"Standard-H\"><span style=\"font-family: Arial; color: #000000; font-size: 11pt;\"><img decoding=\"async\" src=\"https:\/\/www.adrianwood.ch\/wp-content\/uploads\/2023\/05\/1685010034_image3.jpeg\" data-link=\"\" width=\"303px       \" height=\"202px       \"><\/span><\/span><\/p>\n<\/td>\n<td class=\"-C\" style=\"width: 242.9pt; border: none windowtext 0pt;\">\n<p class=\"Standard-P\" style=\"margin-bottom: 6pt; direction: ltr; unicode-bidi: normal;\"><span class=\"Standard-H\"><span style=\"font-family: Arial; color: #000000; font-size: 11pt;\"><img decoding=\"async\" src=\"https:\/\/www.adrianwood.ch\/wp-content\/uploads\/2023\/05\/1685010034_image4.jpeg\" data-link=\"\" width=\"308.502362204724px       \" height=\"206px       \"><\/span><\/span><\/p>\n<\/td>\n<\/tr>\n<tr class=\"-R\">\n<td class=\"-C\" style=\"width: 481.4pt; border: none windowtext 0pt;\" colspan=\"2\">\n<p class=\"Standard-P\" style=\"margin-bottom: 6pt; direction: ltr; unicode-bidi: normal;\"><span class=\"Standard-H\"><span style=\"font-family: Arial; color: #000000; font-size: 11pt;\">Der rote Berg ist der erste Berg an der Ostk\u00fcste im Norden der Insel, der sich Richtung S\u00fcden aus der Ebene erhebt. Bei den kurzen Fotostopps bot sich ein atemberaubender Panoramablick auf die K\u00fcste <\/span><span style=\"font-family: Arial; color: #000000; font-size: 11pt;\">Corralejo<\/span><span style=\"font-family: Arial; color: #000000; font-size: 11pt;\"> und die Insel Lobos. W\u00e4hrend des Aufstiegs wurde man dann immer wieder mit einem herrlichen Weitblick belohnt.<\/span><\/span><\/p>\n<\/td>\n<\/tr>\n<tr class=\"-R\">\n<td class=\"-C\" style=\"width: 481.4pt; border: none windowtext 0pt;\" colspan=\"2\">\n<p class=\"Standard-P\" style=\"margin-bottom: 6pt; direction: ltr; unicode-bidi: normal;\"><span class=\"Standard-H\"><span style=\"font-family: Arial; color: #000000; font-size: 11pt;\"><img decoding=\"async\" src=\"https:\/\/www.adrianwood.ch\/wp-content\/uploads\/2023\/05\/1685010034_image5.jpeg\" data-link=\"\" width=\"627px       \" height=\"152px       \"><\/span><\/span><\/p>\n<\/td>\n<\/tr>\n<tr class=\"-R\">\n<td class=\"-C\" style=\"width: 481.4pt; border: none windowtext 0pt;\" colspan=\"2\">\n<p class=\"Standard-P\" style=\"margin-bottom: 6pt; direction: ltr; unicode-bidi: normal;\"><span class=\"Standard-H\"><span style=\"font-family: Arial; color: #000000; font-size: 11pt;\">Kurz vor dem Gipfel trennte sich die Gruppe: Einige wollten auf den Gipfel, andere hatte der starke Wind abgeschreckt und warteten an der Abzweigung zum Abstieg in die Schlucht.<\/span><span style=\"font-family: Arial; color: #000000; font-size: 11pt;\"> Als die Gipfelst\u00fcrmer den schwierigen Abstieg auf dem lockeren Kies geschafft hatten, stiegen wir zusammen ab in den <\/span><span style=\"font-family: Arial; color: #000000; font-size: 11pt;\">Barranco<\/span><span style=\"font-family: Arial; color: #000000; font-size: 11pt;\"> de los <\/span><span style=\"font-family: Arial; color: #000000; font-size: 11pt;\">Pilas<\/span><span style=\"font-family: Arial; color: #000000; font-size: 11pt;\">, der uns zur\u00fcck zum Ausgangspunkt f\u00fchren sollte.<\/span><\/span><\/p>\n<\/td>\n<\/tr>\n<tr class=\"-R\">\n<td class=\"-C\" style=\"width: 238.5pt; border: none windowtext 0pt;\">\n<p class=\"Standard-P\" style=\"margin-bottom: 6pt; direction: ltr; unicode-bidi: normal;\"><span class=\"Standard-H\"><span style=\"font-family: Arial; color: #000000; font-size: 11pt;\"><img decoding=\"async\" src=\"https:\/\/www.adrianwood.ch\/wp-content\/uploads\/2023\/05\/1685010034_image6.jpeg\" data-link=\"\" width=\"314.4px       \" height=\"209.6px       \"><\/span><\/span><\/p>\n<\/td>\n<td class=\"-C\" style=\"width: 242.9pt; border: none windowtext 0pt;\">\n<p class=\"Standard-P\" style=\"margin-bottom: 6pt; direction: ltr; unicode-bidi: normal;\"><span class=\"Standard-H\"><span style=\"font-family: Arial; color: #000000; font-size: 11pt;\"><img decoding=\"async\" src=\"https:\/\/www.adrianwood.ch\/wp-content\/uploads\/2023\/05\/1685010034_image7.jpeg\" data-link=\"\" width=\"314.4px       \" height=\"209.6px       \"><\/span><\/span><\/p>\n<\/td>\n<\/tr>\n<tr class=\"-R\">\n<td class=\"-C\" style=\"width: 481.4pt; border: none windowtext 0pt;\" colspan=\"2\">\n<p class=\"Standard-P\" style=\"margin-bottom: 6pt; direction: ltr; unicode-bidi: normal;\"><span class=\"Standard-H\"><span style=\"font-family: Arial; color: #000000; font-size: 11pt;\">Nach ca. 5,8 km machten wir um 12:00 Uhr eine Vesperpause, um uns zu st\u00e4rken. Ganz nebenbei wurden wir von Tina mit Informationen \u00fcber die Entstehung des beeindruckenden Vulkankegels, die fossilen Sandd\u00fcnen, die vor dem Vulkanausbrauch entstanden und \u00fcber Insel und Leute \u201egef\u00fcttert\u201c.<\/span><\/span><\/p>\n<\/td>\n<\/tr>\n<tr class=\"-R\">\n<td class=\"-C\" style=\"width: 238.5pt; border: none windowtext 0pt;\">\n<p class=\"Standard-P\" style=\"margin-bottom: 6pt; direction: ltr; unicode-bidi: normal;\"><span class=\"Standard-H\"><span style=\"font-family: Arial; color: #000000; font-size: 11pt;\"><img decoding=\"async\" src=\"https:\/\/www.adrianwood.ch\/wp-content\/uploads\/2023\/05\/1685010034_image8.jpeg\" data-link=\"\" width=\"307.4px       \" height=\"204.933333333333px       \"><\/span><\/span><\/p>\n<\/td>\n<td class=\"-C\" style=\"width: 242.9pt; border: none windowtext 0pt;\">\n<p class=\"Standard-P\" style=\"margin-bottom: 6pt; direction: ltr; unicode-bidi: normal;\"><span class=\"Standard-H\"><span style=\"font-family: Arial; color: #000000; font-size: 11pt;\"><img decoding=\"async\" src=\"https:\/\/www.adrianwood.ch\/wp-content\/uploads\/2023\/05\/1685010034_image9.jpeg\" data-link=\"\" width=\"308.4px       \" height=\"205.6px       \"><\/span><\/span><\/p>\n<\/td>\n<\/tr>\n<tr class=\"-R\">\n<td class=\"-C\" style=\"width: 481.4pt; border: none windowtext 0pt;\" colspan=\"2\">\n<p class=\"Standard-P\" style=\"margin-bottom: 6pt; direction: ltr; unicode-bidi: normal;\"><span class=\"Standard-H\"><span style=\"font-family: Arial; color: #000000; font-size: 11pt;\">Um 12:30 Uhr sind wir wieder aufgebrochen, um weiter durch die <\/span><span style=\"font-family: Arial; color: #000000; font-size: 11pt;\">Barranca<\/span><span style=\"font-family: Arial; color: #000000; font-size: 11pt;\"> auf sandigem Boden und gut markiertem Weg zum Ausgangspunkt an der K\u00fcstenstra\u00dfe zu gelangen. Hier wurden wir um 13:30 Uhr von unserem Bus abgeholt.<\/span><\/span><\/p>\n<\/td>\n<\/tr>\n<tr class=\"-R\">\n<td class=\"-C\" style=\"width: 238.5pt; border: none windowtext 0pt;\">\n<p class=\"Standard-P\" style=\"margin-bottom: 6pt; direction: ltr; unicode-bidi: normal;\"><span class=\"Standard-H\"><span style=\"font-family: Arial; color: #000000; font-size: 11pt;\"><img decoding=\"async\" src=\"https:\/\/www.adrianwood.ch\/wp-content\/uploads\/2023\/05\/1685010034_image10.jpeg\" data-link=\"\" width=\"303px       \" height=\"201.95811023622px       \"><\/span><\/span><\/p>\n<\/td>\n<td class=\"-C\" style=\"width: 242.9pt; border: none windowtext 0pt;\">\n<p class=\"Standard-P\" style=\"margin-bottom: 6pt; direction: ltr; unicode-bidi: normal;\"><span class=\"Standard-H\"><span style=\"font-family: Arial; color: #000000; font-size: 11pt;\"><img decoding=\"async\" src=\"https:\/\/www.adrianwood.ch\/wp-content\/uploads\/2023\/05\/1685010034_image11.jpeg\" data-link=\"\" width=\"305.4px       \" height=\"203.6px       \"><\/span><\/span><\/p>\n<\/td>\n<\/tr>\n<tr class=\"-R\">\n<td class=\"-C\" style=\"width: 481.4pt; border: none windowtext 0pt;\" colspan=\"2\">\n<p class=\"Standard-P\" style=\"margin-bottom: 6pt; direction: ltr; unicode-bidi: normal;\"><span class=\"Standard-H\"><span style=\"font-family: Arial; color: #000000; font-size: 11pt;\">Anschlie\u00dfend wollten wir noch \u00fcber die D\u00fcnen von <\/span><span style=\"font-family: Arial; color: #000000; font-size: 11pt;\">Corralejo<\/span><span style=\"font-family: Arial; color: #000000; font-size: 11pt;\"> zu einer Badebucht wandern. Dieses Vorhaben haben wir dann, nach kurzer Abstimmung, wegen des starken Windes und des aufgewirbelten Sandes gestrichen. <\/span><\/span><\/p>\n<p class=\"Standard-P\" style=\"margin-bottom: 6pt; direction: ltr; unicode-bidi: normal;\"><span class=\"Standard-H\"><span style=\"font-family: Arial; color: #000000; font-size: 11pt;\">Auf der R\u00fcckfahrt \u00fcber die K\u00fcstenstra\u00dfe machten wir Halt am Meer an der weitl\u00e4ufigen D\u00fcnenlandschaft von <\/span><span style=\"font-family: Arial; color: #000000; font-size: 11pt;\">Corralejo<\/span><span style=\"font-family: Arial; color: #000000; font-size: 11pt;\"> mit ihrem hellen, feinen Sand. <\/span><span style=\"font-family: Arial; color: #000000; font-size: 11pt;\">Einige von uns nutzten die Gelegenheit <\/span><span style=\"font-family: Arial; color: #000000; font-size: 11pt;\">trotz hohe Brandung die F\u00fcsse<\/span><span style=\"font-family: Arial; color: #000000; font-size: 11pt;\"> im Atlantik <\/span><span style=\"font-family: Arial; color: #000000; font-size: 11pt;\">zu k\u00fchlen<\/span><span style=\"font-family: Arial; color: #000000; font-size: 11pt;\"> &#8211; w\u00e4hrend die anderen sich lieber ein k\u00fchles Getr\u00e4nk in der Bannana-Beach-Bar g\u00f6nnten.<\/span><\/span><\/p>\n<p class=\"Standard-P\" style=\"margin-bottom: 6pt; direction: ltr; unicode-bidi: normal;\"><span class=\"Standard-H\"><span style=\"font-family: Arial; color: #000000; font-size: 11pt;\">Um 15:00 Uhr holte uns der Bus an der Bar ab und brachte uns zur\u00fcck ins Hotel.<\/span><\/span><\/p>\n<p class=\"Standard-P\" style=\"margin-bottom: 6pt; direction: ltr; unicode-bidi: normal;\"><span class=\"Standard-H\"><span style=\"font-family: Arial; color: #000000; font-size: 11pt;\">Strecke ca. 8 km; H\u00f6henmeter + 300\/-250 m<\/span><\/span><\/p>\n<p class=\"Standard-P\" style=\"margin-bottom: 6pt; direction: ltr; unicode-bidi: normal;\"><span class=\"Standard-H\"><span style=\"font-family: Arial; color: #000000; font-size: 11pt;\">Ingrid<\/span><\/span><\/p>\n<\/td>\n<\/tr>\n<p><!-- [if !supportMisalignedColumns]--><\/tbody>\n<\/table>\n<\/div>\n","protected":false},"excerpt":{"rendered":"<p>Sonntag 07.05.2023, Montana Roja \u2013 Barranco Las Pilas \u2013 D\u00fcnen von Corralejo Unsere lokale Wanderf\u00fchrerin Tina holte uns um 09:00 Uhr am Hotel Las Marismas de Corralejo ab. Nach einer 30min\u00fctigen Anfahrt \u00fcber die FV-104 setzte uns der Bus an einer Haltebucht am Fusse des Montana Roja ab. Der Montana Roja (Roter Berg) ist ein &hellip; <a href=\"https:\/\/www.adrianwood.ch\/?page_id=24860\" class=\"more-link\">Continue reading <span class=\"screen-reader-text\">05-07 Montana Rosa<\/span> <span class=\"meta-nav\">&rarr;<\/span><\/a><\/p>\n","protected":false},"author":1,"featured_media":0,"parent":24622,"menu_order":2653,"comment_status":"closed","ping_status":"closed","template":"","meta":{"ngg_post_thumbnail":0,"footnotes":""},"class_list":["post-24860","page","type-page","status-publish","hentry"],"_links":{"self":[{"href":"https:\/\/www.adrianwood.ch\/index.php?rest_route=\/wp\/v2\/pages\/24860","targetHints":{"allow":["GET"]}}],"collection":[{"href":"https:\/\/www.adrianwood.ch\/index.php?rest_route=\/wp\/v2\/pages"}],"about":[{"href":"https:\/\/www.adrianwood.ch\/index.php?rest_route=\/wp\/v2\/types\/page"}],"author":[{"embeddable":true,"href":"https:\/\/www.adrianwood.ch\/index.php?rest_route=\/wp\/v2\/users\/1"}],"replies":[{"embeddable":true,"href":"https:\/\/www.adrianwood.ch\/index.php?rest_route=%2Fwp%2Fv2%2Fcomments&post=24860"}],"version-history":[{"count":2,"href":"https:\/\/www.adrianwood.ch\/index.php?rest_route=\/wp\/v2\/pages\/24860\/revisions"}],"predecessor-version":[{"id":24873,"href":"https:\/\/www.adrianwood.ch\/index.php?rest_route=\/wp\/v2\/pages\/24860\/revisions\/24873"}],"up":[{"embeddable":true,"href":"https:\/\/www.adrianwood.ch\/index.php?rest_route=\/wp\/v2\/pages\/24622"}],"wp:attachment":[{"href":"https:\/\/www.adrianwood.ch\/index.php?rest_route=%2Fwp%2Fv2%2Fmedia&parent=24860"}],"curies":[{"name":"wp","href":"https:\/\/api.w.org\/{rel}","templated":true}]}}