{"id":24874,"date":"2023-05-25T10:24:19","date_gmt":"2023-05-25T10:24:19","guid":{"rendered":"https:\/\/www.adrianwood.ch\/?page_id=24874"},"modified":"2023-05-25T10:24:19","modified_gmt":"2023-05-25T10:24:19","slug":"05-08-el-cotillo","status":"publish","type":"page","link":"https:\/\/www.adrianwood.ch\/?page_id=24874","title":{"rendered":"05-08 El Cotillo"},"content":{"rendered":"<div class=\"pmdi_content_wrapper\">\n<h2 class=\"Normal-P\" style=\"margin-bottom: 6pt; direction: ltr; unicode-bidi: normal;\"><span class=\"Normal-H\"><span style=\"font-family: Arial; font-weight: bold;\">Montag, 8. Mai 2023<\/span><span style=\"font-family: Arial; font-weight: bold;\">, <\/span><span style=\"font-family: Arial; font-weight: bold;\">El <\/span><span style=\"font-family: Arial; font-weight: bold;\">Cotillo<\/span><\/span><\/h2>\n<p class=\"Normal-P\" style=\"margin-bottom: 6pt; direction: ltr; unicode-bidi: normal;\"><span class=\"Normal-H\"><\/span><\/p>\n<table class=\"TableGrid-T\" style=\"border-collapse: collapse;\" cellspacing=\"0\">\n<tbody>\n<tr class=\"-R\">\n<td class=\"-C\" style=\"width: 481.4pt; border: none windowtext 0pt;\" colspan=\"2\">\n<p class=\"Normal-P\" style=\"margin-bottom: 6pt; direction: ltr; unicode-bidi: normal;\"><span class=\"Normal-H\"><span style=\"font-family: Arial;\">Der letzte Wandertag der diesj\u00e4hrigen Wanderreise f\u00fchrte uns nach El <\/span><span style=\"font-family: Arial;\">Cotillo<\/span><span style=\"font-family: Arial;\"> an der rauen Westk\u00fcste von Fuerteventura. Der Ort war bis vor Kurzem ein verschlafenes Fischerdorf. Auch heute ist der Ort weitgehend vom Massentourismus -noch- verschont geblieben. Die Buchten von El <\/span><span style=\"font-family: Arial;\">Cotillo<\/span><span style=\"font-family: Arial;\"> sind bei Surfern und <\/span><span style=\"font-family: Arial;\">Kitern<\/span><span style=\"font-family: Arial;\"> sehr beliebt.<\/span><\/span><\/p>\n<p class=\"Normal-P\" style=\"margin-bottom: 6pt; direction: ltr; unicode-bidi: normal;\"><span class=\"Normal-H\"><span style=\"font-family: Arial;\">Der starke und st\u00e4ndige Wind dem auch wir andauernd ausgesetzt waren, macht dem Inselnamen \u00abFuerteventura\u00bb alle Ehre.<\/span><\/span><\/p>\n<\/td>\n<\/tr>\n<tr class=\"-R\">\n<td class=\"-C\" style=\"width: 239.8pt; border: none windowtext 0pt;\">\n<p class=\"Normal-P\" style=\"margin-bottom: 6pt; direction: ltr; unicode-bidi: normal;\"><span class=\"Normal-H\"><span style=\"font-family: Arial;\"><img decoding=\"async\" src=\"https:\/\/www.adrianwood.ch\/wp-content\/uploads\/2023\/05\/1685010181_image1.jpeg\" data-link=\"\" width=\"305px       \" height=\"203.333333333333px       \"><\/span><\/span><\/p>\n<\/td>\n<td class=\"-C\" style=\"width: 241.6pt; border: none windowtext 0pt;\">\n<p class=\"Normal-P\" style=\"margin-bottom: 6pt; direction: ltr; unicode-bidi: normal;\"><span class=\"Normal-H\"><span style=\"font-family: Arial;\"><img decoding=\"async\" src=\"https:\/\/www.adrianwood.ch\/wp-content\/uploads\/2023\/05\/1685010181_image2.jpeg\" data-link=\"\" width=\"307.4px       \" height=\"204.933333333333px       \"><\/span><\/span><\/p>\n<\/td>\n<\/tr>\n<tr class=\"-R\">\n<td class=\"-C\" style=\"width: 481.4pt; border: none windowtext 0pt;\" colspan=\"2\">\n<p class=\"Normal-P\" style=\"margin-bottom: 6pt; direction: ltr; unicode-bidi: normal;\"><span class=\"Normal-H\"><span style=\"font-family: Arial;\">Der Bus brachte uns nach 30-min\u00fctiger Fahrzeit zu unserem Ziel; d.h. dem Start der heutigen Wanderung. Dort steht auch der zweist\u00f6ckige Festungsturm aus schwarzem Lavagestein, einem Wahrzeichen El <\/span><span style=\"font-family: Arial;\">Cotillo\u00b4s<\/span><span style=\"font-family: Arial;\">; erbaut um 1740. Er liegt in der N\u00e4he des <\/span><span style=\"font-family: Arial;\">neu<\/span><span style=\"font-family: Arial;\">en Hafens. Der weite Ausblick \u00fcber die Westk\u00fcste sollte vor \u00fcberraschenden \u00dcberf\u00e4llen durch Piraten sch\u00fctzen. Gleich daneben steht <\/span><span style=\"font-family: Arial;\">das Skelett eines <\/span><span style=\"font-family: Arial;\">Brydewals<\/span><span style=\"font-family: Arial;\"> und <\/span><span style=\"font-family: Arial;\">einer der f\u00fcnf alten Kalk\u00f6fen aus dem 17. Jahrhundert. Kalk, der vor allem nach England verschifft worden war.<\/span><\/span><\/p>\n<\/td>\n<\/tr>\n<tr class=\"-R\">\n<td class=\"-C\" style=\"width: 239.8pt; border: none windowtext 0pt;\">\n<p class=\"Normal-P\" style=\"margin-bottom: 6pt; direction: ltr; unicode-bidi: normal;\"><span class=\"Normal-H\"><span style=\"font-family: Arial;\"><img decoding=\"async\" src=\"https:\/\/www.adrianwood.ch\/wp-content\/uploads\/2023\/05\/1685010181_image3.jpeg\" data-link=\"\" width=\"307.4px       \" height=\"204.933333333333px       \"><\/span><\/span><\/p>\n<\/td>\n<td class=\"-C\" style=\"width: 241.6pt; border: none windowtext 0pt;\">\n<p class=\"Normal-P\" style=\"margin-bottom: 6pt; direction: ltr; unicode-bidi: normal;\"><span class=\"Normal-H\"><span style=\"font-family: Arial;\"><img decoding=\"async\" src=\"https:\/\/www.adrianwood.ch\/wp-content\/uploads\/2023\/05\/1685010181_image4.jpeg\" data-link=\"\" width=\"304.4px       \" height=\"202.933333333333px       \"><\/span><\/span><\/p>\n<\/td>\n<\/tr>\n<tr class=\"-R\">\n<td class=\"-C\" style=\"width: 481.4pt; border: none windowtext 0pt;\" colspan=\"2\">\n<p class=\"Normal-P\" style=\"margin-bottom: 6pt; direction: ltr; unicode-bidi: normal;\"><span class=\"Normal-H\"><span style=\"font-family: Arial;\">Abmarschiert wurde von diesem Festungsturm Richtung S\u00fcden. Zuerst auf dem \u00ab<\/span><span style=\"font-family: Arial;\">Senda<\/span><span style=\"font-family: Arial;\"> de los <\/span><span style=\"font-family: Arial;\">cet\u00e1cos<\/span><span style=\"font-family: Arial;\">\u00bb; dann f\u00fchrte ein Fussweg zum Strand. Zwischen Klippen und Meer wanderten wir auf puderzuckrigem hellem Sand dem Meer entlang <\/span><span style=\"font-family: Arial;\">bis der Weg<\/span><span style=\"font-family: Arial;\"> wieder nach oben f\u00fchrte. Oben angelangt, hatten wir einen fantastischen Ausblick \u00fcber die Lagune. <\/span><\/span><\/p>\n<\/td>\n<\/tr>\n<tr class=\"-R\">\n<td class=\"-C\" style=\"width: 239.8pt; border: none windowtext 0pt;\">\n<p class=\"Normal-P\" style=\"margin-bottom: 6pt; direction: ltr; unicode-bidi: normal;\"><span class=\"Normal-H\"><span style=\"font-family: Arial;\"><img decoding=\"async\" src=\"https:\/\/www.adrianwood.ch\/wp-content\/uploads\/2023\/05\/1685010181_image5.jpeg\" data-link=\"\" width=\"308px       \" height=\"205.333333333333px       \"><\/span><\/span><\/p>\n<\/td>\n<td class=\"-C\" style=\"width: 241.6pt; border: none windowtext 0pt;\">\n<p class=\"Normal-P\" style=\"margin-bottom: 6pt; direction: ltr; unicode-bidi: normal;\"><span class=\"Normal-H\"><span style=\"font-family: Arial;\"><img decoding=\"async\" src=\"https:\/\/www.adrianwood.ch\/wp-content\/uploads\/2023\/05\/1685010181_image6.jpeg\" data-link=\"\" width=\"307.4px       \" height=\"204.933333333333px       \"><\/span><\/span><\/p>\n<\/td>\n<\/tr>\n<tr class=\"-R\">\n<td class=\"-C\" style=\"width: 481.4pt; border: none windowtext 0pt;\" colspan=\"2\">\n<p class=\"Normal-P\" style=\"margin-bottom: 6pt; direction: ltr; unicode-bidi: normal;\"><span class=\"Normal-H\"><span style=\"font-family: Arial;\"><img decoding=\"async\" src=\"https:\/\/www.adrianwood.ch\/wp-content\/uploads\/2023\/05\/1685010181_image7.jpeg\" data-link=\"\" width=\"628px       \" height=\"217.266666666667px       \"><\/span><\/span><\/p>\n<\/td>\n<\/tr>\n<tr class=\"-R\">\n<td class=\"-C\" style=\"width: 481.4pt; border: none windowtext 0pt;\" colspan=\"2\">\n<p class=\"Normal-P\" style=\"margin-bottom: 6pt; direction: ltr; unicode-bidi: normal;\"><span class=\"Normal-H\"><span style=\"font-family: Arial;\">Nach 1,5 Stunden kamen wir bei der steil abfallenden Strandtreppe zur <\/span><span style=\"font-family: Arial;\">playa<\/span><span style=\"font-family: Arial;\"> de la <\/span><span style=\"font-family: Arial;\">escalera<\/span><span style=\"font-family: Arial;\"> oder <\/span><span style=\"font-family: Arial;\">playa<\/span><span style=\"font-family: Arial;\"> de la <\/span><span style=\"font-family: Arial;\">aguila<\/span><span style=\"font-family: Arial;\"> an, mit ihren 160 Stufen; dann Mittagspause! Dabei konnten wir auch einige Surfer beobachten, die ihrem Hobby nachgingen.<\/span><\/span><\/p>\n<\/td>\n<\/tr>\n<tr class=\"-R\">\n<td class=\"-C\" style=\"width: 239.8pt; border: none windowtext 0pt;\">\n<p class=\"Normal-P\" style=\"margin-bottom: 6pt; direction: ltr; unicode-bidi: normal;\"><span class=\"Normal-H\"><span style=\"font-family: Arial;\"><img decoding=\"async\" src=\"https:\/\/www.adrianwood.ch\/wp-content\/uploads\/2023\/05\/1685010181_image8.jpeg\" data-link=\"\" width=\"306px       \" height=\"204px       \"><\/span><\/span><\/p>\n<\/td>\n<td class=\"-C\" style=\"width: 241.6pt; border: none windowtext 0pt;\">\n<p class=\"Normal-P\" style=\"margin-bottom: 6pt; direction: ltr; unicode-bidi: normal;\"><span class=\"Normal-H\"><span style=\"font-family: Arial;\"><img decoding=\"async\" src=\"https:\/\/www.adrianwood.ch\/wp-content\/uploads\/2023\/05\/1685010181_image9.jpeg\" data-link=\"\" width=\"305.4px       \" height=\"203.6px       \"><\/span><\/span><\/p>\n<\/td>\n<\/tr>\n<tr class=\"-R\">\n<td class=\"-C\" style=\"width: 481.4pt; border: none windowtext 0pt;\" colspan=\"2\">\n<p class=\"Normal-P\" style=\"margin-bottom: 6pt; direction: ltr; unicode-bidi: normal;\"><span class=\"Normal-H\"><span style=\"font-family: Arial;\">Nach der Mittagspause marschierten wir mehr oder weniger auf dem gleichen Weg nach El <\/span><span style=\"font-family: Arial;\">Cotillo<\/span><span style=\"font-family: Arial;\"> zur\u00fcck; mit starkem Gegenwind als unserem st\u00e4ndigen Begleiter. <\/span><\/span><\/p>\n<\/td>\n<\/tr>\n<tr class=\"-R\">\n<td class=\"-C\" style=\"width: 239.8pt; border: none windowtext 0pt;\">\n<p class=\"Normal-P\" style=\"margin-bottom: 6pt; direction: ltr; unicode-bidi: normal;\"><span class=\"Normal-H\"><span style=\"font-family: Arial;\"><img decoding=\"async\" src=\"https:\/\/www.adrianwood.ch\/wp-content\/uploads\/2023\/05\/1685010181_image10.jpeg\" data-link=\"\" width=\"307px       \" height=\"204.666666666667px       \"><\/span><\/span><\/p>\n<\/td>\n<td class=\"-C\" style=\"width: 241.6pt; border: none windowtext 0pt;\">\n<p class=\"Normal-P\" style=\"margin-bottom: 6pt; direction: ltr; unicode-bidi: normal;\"><span class=\"Normal-H\"><span style=\"font-family: Arial;\"><img decoding=\"async\" src=\"https:\/\/www.adrianwood.ch\/wp-content\/uploads\/2023\/05\/1685010181_image11.jpeg\" data-link=\"\" width=\"310.4px       \" height=\"206.933333333333px       \"><\/span><\/span><\/p>\n<\/td>\n<\/tr>\n<tr class=\"-R\">\n<td class=\"-C\" style=\"width: 481.4pt; border: none windowtext 0pt;\" colspan=\"2\">\n<p class=\"Normal-P\" style=\"margin-bottom: 6pt; direction: ltr; unicode-bidi: normal;\"><span class=\"Normal-H\"><span style=\"font-family: Arial;\">Die Wanderung endete beim bereits erw\u00e4hnten Festungsturm. Dann hatten wir noch 1,5 Stunden Zeit, uns den malerischen Ortskern von El <\/span><span style=\"font-family: Arial;\">Cotillo<\/span><span style=\"font-family: Arial;\"> zu Gem\u00fcte zu f\u00fchren und\/oder den erlittenen Fl\u00fcssigkeitsverlust auszugleichen.<\/span><\/span><\/p>\n<\/td>\n<\/tr>\n<tr class=\"-R\">\n<td class=\"-C\" style=\"width: 481.4pt; border: none windowtext 0pt;\" colspan=\"2\">\n<p class=\"Normal-P\" style=\"margin-bottom: 6pt; direction: ltr; unicode-bidi: normal;\"><span class=\"Normal-H\"><span style=\"font-family: Arial;\"><img decoding=\"async\" src=\"https:\/\/www.adrianwood.ch\/wp-content\/uploads\/2023\/05\/1685010181_image12.jpeg\" data-link=\"\" width=\"628px       \" height=\"214.2px       \"><\/span><\/span><\/p>\n<\/td>\n<\/tr>\n<tr class=\"-R\">\n<td class=\"-C\" style=\"width: 481.4pt; border: none windowtext 0pt;\" colspan=\"2\">\n<p class=\"Normal-P\" style=\"margin-bottom: 6pt; direction: ltr; unicode-bidi: normal;\"><span class=\"Normal-H\"><span style=\"font-family: Arial;\">Die letzte Tour unserer 2-w\u00f6chigen Wanderreise endete mit der R\u00fcckfahrt nach <\/span><span style=\"font-family: Arial;\">Corralejo<\/span><span style=\"font-family: Arial;\">.<\/span><\/span><\/p>\n<p class=\"Normal-P\" style=\"margin-bottom: 6pt; direction: ltr; unicode-bidi: normal;\"><span class=\"Normal-H\"><span style=\"font-family: Arial;\">Beat R.<\/span><\/span><\/p>\n<\/td>\n<\/tr>\n<p><!-- [if !supportMisalignedColumns]--><\/tbody>\n<\/table>\n<\/div>\n","protected":false},"excerpt":{"rendered":"<p>Montag, 8. Mai 2023, El Cotillo Der letzte Wandertag der diesj\u00e4hrigen Wanderreise f\u00fchrte uns nach El Cotillo an der rauen Westk\u00fcste von Fuerteventura. Der Ort war bis vor Kurzem ein verschlafenes Fischerdorf. Auch heute ist der Ort weitgehend vom Massentourismus -noch- verschont geblieben. Die Buchten von El Cotillo sind bei Surfern und Kitern sehr beliebt. &hellip; <a href=\"https:\/\/www.adrianwood.ch\/?page_id=24874\" class=\"more-link\">Continue reading <span class=\"screen-reader-text\">05-08 El Cotillo<\/span> <span class=\"meta-nav\">&rarr;<\/span><\/a><\/p>\n","protected":false},"author":1,"featured_media":0,"parent":24622,"menu_order":2654,"comment_status":"closed","ping_status":"closed","template":"","meta":{"ngg_post_thumbnail":0,"footnotes":""},"class_list":["post-24874","page","type-page","status-publish","hentry"],"_links":{"self":[{"href":"https:\/\/www.adrianwood.ch\/index.php?rest_route=\/wp\/v2\/pages\/24874","targetHints":{"allow":["GET"]}}],"collection":[{"href":"https:\/\/www.adrianwood.ch\/index.php?rest_route=\/wp\/v2\/pages"}],"about":[{"href":"https:\/\/www.adrianwood.ch\/index.php?rest_route=\/wp\/v2\/types\/page"}],"author":[{"embeddable":true,"href":"https:\/\/www.adrianwood.ch\/index.php?rest_route=\/wp\/v2\/users\/1"}],"replies":[{"embeddable":true,"href":"https:\/\/www.adrianwood.ch\/index.php?rest_route=%2Fwp%2Fv2%2Fcomments&post=24874"}],"version-history":[{"count":2,"href":"https:\/\/www.adrianwood.ch\/index.php?rest_route=\/wp\/v2\/pages\/24874\/revisions"}],"predecessor-version":[{"id":24888,"href":"https:\/\/www.adrianwood.ch\/index.php?rest_route=\/wp\/v2\/pages\/24874\/revisions\/24888"}],"up":[{"embeddable":true,"href":"https:\/\/www.adrianwood.ch\/index.php?rest_route=\/wp\/v2\/pages\/24622"}],"wp:attachment":[{"href":"https:\/\/www.adrianwood.ch\/index.php?rest_route=%2Fwp%2Fv2%2Fmedia&parent=24874"}],"curies":[{"name":"wp","href":"https:\/\/api.w.org\/{rel}","templated":true}]}}