{"id":26101,"date":"2024-06-13T09:08:42","date_gmt":"2024-06-13T09:08:42","guid":{"rendered":"https:\/\/www.adrianwood.ch\/?page_id=26101"},"modified":"2024-06-15T08:59:42","modified_gmt":"2024-06-15T08:59:42","slug":"einfuhrung","status":"publish","type":"page","link":"https:\/\/www.adrianwood.ch\/?page_id=26101","title":{"rendered":"Einf\u00fchrung"},"content":{"rendered":"<div class=\"pmdi_content_wrapper\">\n<p class=\"Normal-P\" style=\"margin-bottom: 6pt; direction: ltr; unicode-bidi: normal;\"><strong>Erste Tage in Kokkari und Armenistis<\/strong><\/p>\n<table class=\"TableGrid-T\" style=\"border-collapse: collapse;\" cellspacing=\"0\">\n<tbody>\n<tr class=\"-R\">\n<td class=\"-C\" style=\"width: 481.4pt; border: none windowtext 0pt;\" colspan=\"2\">\n<p class=\"Normal-P\" style=\"margin-bottom: 6pt; direction: ltr; unicode-bidi: normal;\"><span class=\"Normal-H\"><span style=\"font-family: Arial;\">16 Wanderer reisten im Mai an den Griechische Inseln Samos und <\/span><span style=\"font-family: Arial;\">Ikaria<\/span><span style=\"font-family: Arial;\"> die in den N\u00f6rdliche Teil der Dodekanes Kette ganz in der N\u00e4he vom T\u00fcrkei liegen. Es war meine vierte Gruppenreise an den kleinen Inseln im \u00c4g\u00e4isches Meer nach zwei Reisen auf Kreta und eine auf Korfu im Adriatisches Meer. <\/span><span style=\"font-family: Arial;\">Die Wanderleiterin Christa Gr\u00fcnbauer hatte uns schon dreimal auf diese Reisen begleitet. Es gab einen grossen Umbruch in der Teilnehmerschaft verglichen mit fr\u00fcheren Jahren mit weniger Leute insgesamt aber zum ersten Mal mehr Naturfreunde als andere Teilnehmer.<\/span><\/span><\/p>\n<p class=\"Normal-P\" style=\"margin-bottom: 6pt; direction: ltr; unicode-bidi: normal;\"><span class=\"Normal-H\"><span style=\"font-family: Arial;\">Beide Inseln sind grossenteils gebirgig mit kaum K\u00fcstenstreifen. Auf Samos reicht die K\u00fcstenstrasse nicht mal um die ganze Insel. Sie sind nicht stark vom Tourismus betroffen obwohl es auf Samos weiterentwickelt ist als auf <\/span><span style=\"font-family: Arial;\">Ikaria<\/span><span style=\"font-family: Arial;\">. Es gibt markierte Wanderwege die aber kein zusammenh\u00e4ngendes Netz bilden. Sie werden nicht gut gepflegt und werden bei den starken Vegetationswachstum schnell \u00fcberwuchert. Das ist mir pers\u00f6nlich an einem Tag zum Verh\u00e4ngnis geworden. Trotzdem f\u00fchren die Wege durch eine Wundersch\u00f6ne Landschaft und bieten zum Teil abenteuerliche Erlebnisse.<\/span><\/span><\/p>\n<\/td>\n<\/tr>\n<tr class=\"-R\">\n<td class=\"-C\" style=\"width: 240.7pt; border: none windowtext 0pt;\">\n<p class=\"Normal-P\" style=\"margin-bottom: 6pt; direction: ltr; unicode-bidi: normal;\"><span class=\"Normal-H\"><span style=\"font-family: Arial; font-weight: bold;\"><img loading=\"lazy\" decoding=\"async\" class=\"\" src=\"https:\/\/www.adrianwood.ch\/wp-content\/uploads\/2024\/06\/1718270030_image1.jpeg\" width=\"352\" height=\"234\" data-link=\"\"><\/span><\/span><\/p>\n<\/td>\n<td class=\"-C\" style=\"width: 240.7pt; border: none windowtext 0pt;\">\n<p class=\"Normal-P\" style=\"margin-bottom: 6pt; direction: ltr; unicode-bidi: normal;\"><span class=\"Normal-H\"><span style=\"font-family: Arial; font-weight: bold;\"><img loading=\"lazy\" decoding=\"async\" class=\"\" src=\"https:\/\/www.adrianwood.ch\/wp-content\/uploads\/2024\/06\/1718270030_image2.jpeg\" width=\"352\" height=\"234\" data-link=\"\"><\/span><\/span><\/p>\n<\/td>\n<\/tr>\n<tr class=\"-R\">\n<td class=\"-C\" style=\"width: 481.4pt; border: none windowtext 0pt;\" colspan=\"2\">\n<p class=\"Normal-P\" style=\"margin-bottom: 6pt; direction: ltr; unicode-bidi: normal;\"><span class=\"Normal-H\"><span style=\"font-family: Arial;\">Ob durch gewaltige Schluchten oder auf aussichtsreiche K\u00fcstenpfade hoch \u00fcbers Meer sind wir voll auf unsere Kosten gekommen. Dazu wurden wir immer begleitet von eine vielf\u00e4ltige und farbenfrohe Blumenwelt. Immer wieder stiessen wir auf h\u00fcbsche Bergd\u00f6rfer wo wir in den einfachen Tavernen unseren Durst oder Hunger stillen k\u00f6nnten. Bei den anspruchsvollsten Wanderungen wurden f\u00fcr manche Teilnehmer (mich inklusiv) alternative angeboten oder sie wurden mittels Taxis gek\u00fcrzt. Bei einige Wanderungen gab es am Schluss die M\u00f6glichkeit im Meer zu baden. Das Wasser war warm genug und die Sonne schien fast immer.<\/span><\/span><\/p>\n<\/td>\n<\/tr>\n<tr class=\"-R\">\n<td class=\"-C\" style=\"width: 240.7pt; border: none windowtext 0pt;\">\n<p class=\"Normal-P\" style=\"margin-bottom: 6pt; direction: ltr; unicode-bidi: normal;\"><span class=\"Normal-H\"><span style=\"font-family: Arial; font-weight: bold;\"><img loading=\"lazy\" decoding=\"async\" class=\"\" src=\"https:\/\/www.adrianwood.ch\/wp-content\/uploads\/2024\/06\/1718270030_image3.jpeg\" width=\"352\" height=\"234\" data-link=\"\"><\/span><\/span><\/p>\n<\/td>\n<td class=\"-C\" style=\"width: 240.7pt; border: none windowtext 0pt;\">\n<p class=\"Normal-P\" style=\"margin-bottom: 6pt; direction: ltr; unicode-bidi: normal;\"><span class=\"Normal-H\"><span style=\"font-family: Arial; font-weight: bold;\"><img loading=\"lazy\" decoding=\"async\" class=\"\" src=\"https:\/\/www.adrianwood.ch\/wp-content\/uploads\/2024\/06\/1718270030_image4.jpeg\" width=\"352\" height=\"234\" data-link=\"\"><\/span><\/span><\/p>\n<\/td>\n<\/tr>\n<tr class=\"-R\">\n<td class=\"-C\" style=\"width: 481.4pt; border: none windowtext 0pt;\" colspan=\"2\">\n<p class=\"Normal-P\" style=\"direction: ltr; unicode-bidi: normal;\"><span class=\"Normal-H\"><span style=\"font-family: Arial;\">Der Hinflug via Athen nach dem Samos Flughafen lief problemlos ausser eine Stunde Versp\u00e4tung bei der Ankunft. Ein kurze fahrt brachte uns nach <\/span><span style=\"font-family: Arial;\">Kokkari<\/span><span style=\"font-family: Arial;\"> an der Nordk\u00fcste und wir bezogen unsere Zimmer im famili\u00e4ren Hotel Athena unweit vom Meer und dem Dorfzentrum. <\/span><span style=\"font-family: Arial;\">Kokkari<\/span><span style=\"font-family: Arial;\"> ist eine h\u00fcbsche kleine Touristen Ort mit einer Bucht ges\u00e4umt von vielen Restaurants und Bars und eine weitere unverbaute nat\u00fcrliche Bucht. Den ersten Tag verbrachten wir mit einer Wanderung in dem gr\u00fcnen Hinterland am Vormittag und eine Erkundung der lebhaften Ortschaft am Nachmittag. W\u00e4hrend unsere Wanderungen in den Rest der Woche besuchten wir die Bergd\u00f6rfer <\/span><span style=\"font-family: Arial;\">Vourliotes<\/span><span style=\"font-family: Arial;\"> und <\/span><span style=\"font-family: Arial;\">Manolates<\/span><span style=\"font-family: Arial;\"> und den Antike Stadt <\/span><span style=\"font-family: Arial;\">Pythgorion<\/span><span style=\"font-family: Arial;\">.<\/span><\/span><\/p>\n<\/td>\n<\/tr>\n<tr class=\"-R\">\n<td class=\"-C\" style=\"width: 240.7pt; border: none windowtext 0pt;\">\n<p class=\"Normal-P\" style=\"margin-bottom: 6pt; direction: ltr; unicode-bidi: normal;\"><span class=\"Normal-H\"><span style=\"font-family: Arial; font-weight: bold;\"><img loading=\"lazy\" decoding=\"async\" class=\"\" src=\"https:\/\/www.adrianwood.ch\/wp-content\/uploads\/2024\/06\/1718270030_image5.jpeg\" width=\"352\" height=\"234\" data-link=\"\"><\/span><\/span><\/p>\n<\/td>\n<td class=\"-C\" style=\"width: 240.7pt; border: none windowtext 0pt;\">\n<p class=\"Normal-P\" style=\"margin-bottom: 6pt; direction: ltr; unicode-bidi: normal;\"><span class=\"Normal-H\"><span style=\"font-family: Arial; font-weight: bold;\"><img loading=\"lazy\" decoding=\"async\" class=\"\" src=\"https:\/\/www.adrianwood.ch\/wp-content\/uploads\/2024\/06\/1718270030_image6.jpeg\" width=\"352\" height=\"234\" data-link=\"\"><\/span><\/span><\/p>\n<\/td>\n<\/tr>\n<tr class=\"-R\">\n<td class=\"-C\" style=\"width: 481.4pt; border: none windowtext 0pt;\" colspan=\"2\">\n<p class=\"Normal-P\" style=\"margin-bottom: 6pt; direction: ltr; unicode-bidi: normal;\"><span class=\"Normal-H\"><span style=\"font-family: Arial;\">An einem Tag f\u00fchren wir um fast der ganzen Insel um eine anspruchsvolle Wanderung entlang der wilden Nordk\u00fcste zu erleben.<\/span><\/span><\/p>\n<\/td>\n<\/tr>\n<tr class=\"-R\">\n<td class=\"-C\" style=\"width: 240.7pt; border: none windowtext 0pt;\">\n<p class=\"Normal-P\" style=\"margin-bottom: 6pt; direction: ltr; unicode-bidi: normal;\"><span class=\"Normal-H\"><span style=\"font-family: Arial; font-weight: bold;\"><img loading=\"lazy\" decoding=\"async\" class=\"\" src=\"https:\/\/www.adrianwood.ch\/wp-content\/uploads\/2024\/06\/1718270030_image7.jpeg\" width=\"352\" height=\"234\" data-link=\"\"><\/span><\/span><\/p>\n<\/td>\n<td class=\"-C\" style=\"width: 240.7pt; border: none windowtext 0pt;\">\n<p class=\"Normal-P\" style=\"margin-bottom: 6pt; direction: ltr; unicode-bidi: normal;\"><span class=\"Normal-H\"><span style=\"font-family: Arial; font-weight: bold;\"><img loading=\"lazy\" decoding=\"async\" class=\"\" src=\"https:\/\/www.adrianwood.ch\/wp-content\/uploads\/2024\/06\/1718270030_image8.jpeg\" width=\"352\" height=\"234\" data-link=\"\"><\/span><\/span><\/p>\n<\/td>\n<\/tr>\n<tr class=\"-R\">\n<td class=\"-C\" style=\"width: 481.4pt; border: none windowtext 0pt;\" colspan=\"2\">\n<p class=\"Normal-P\" style=\"margin-bottom: 6pt; direction: ltr; unicode-bidi: normal;\"><span class=\"Normal-H\"><span style=\"font-family: Arial;\">Wegen dem F\u00e4hre-Fahrpl\u00e4ne verliessen wir Samos von den Hafen <\/span><span style=\"font-family: Arial;\">Karlovassi<\/span><span style=\"font-family: Arial;\"> nach nur sechs Tage. Der interessante Seefahrt brachte uns<\/span><span style=\"font-family: Arial;\"> nach <\/span><span style=\"font-family: Arial;\">Evdilos<\/span><span style=\"font-family: Arial;\"> auf <\/span><span style=\"font-family: Arial;\">Ikaria<\/span><span style=\"font-family: Arial;\"> in der N\u00e4he unsere Zielort <\/span><span style=\"font-family: Arial;\">Armenistis<\/span><span style=\"font-family: Arial;\">. Dort wurden wir in den weitl\u00e4ufigen Hotel <\/span><span style=\"font-family: Arial;\">Cavos<\/span><span style=\"font-family: Arial;\"> Bay untergebracht anstatt in dem urspr\u00fcnglich geplanten Hotel nebenan. Ich kannte es von dem Vorjahr und fand es die bessere Wahl. <\/span><span style=\"font-family: Arial;\">Armenistis<\/span><span style=\"font-family: Arial;\"> ist viel kleine als <\/span><span style=\"font-family: Arial;\">Kokkari<\/span><span style=\"font-family: Arial;\">, hat aber in der N\u00e4he sch\u00f6nem Sandstrande und im Dorf sogar eine kleine Schlucht die von Wasserschildkr\u00f6ten bev\u00f6lkert wird.<\/span><\/span><\/p>\n<\/td>\n<\/tr>\n<tr class=\"-R\">\n<td class=\"-C\" style=\"width: 240.7pt; border: none windowtext 0pt;\">\n<p class=\"Normal-P\" style=\"margin-bottom: 6pt; direction: ltr; unicode-bidi: normal;\"><span class=\"Normal-H\"><span style=\"font-family: Arial; font-weight: bold;\"><img loading=\"lazy\" decoding=\"async\" class=\"\" src=\"https:\/\/www.adrianwood.ch\/wp-content\/uploads\/2024\/06\/1718270030_image9.jpeg\" width=\"352\" height=\"234\" data-link=\"\"><\/span><\/span><\/p>\n<\/td>\n<td class=\"-C\" style=\"width: 240.7pt; border: none windowtext 0pt;\">\n<p class=\"Normal-P\" style=\"margin-bottom: 6pt; direction: ltr; unicode-bidi: normal;\"><span class=\"Normal-H\"><span style=\"font-family: Arial; font-weight: bold;\"><img loading=\"lazy\" decoding=\"async\" class=\"\" src=\"https:\/\/www.adrianwood.ch\/wp-content\/uploads\/2024\/06\/1718270030_image10.jpeg\" width=\"352\" height=\"234\" data-link=\"\"><\/span><\/span><\/p>\n<\/td>\n<\/tr>\n<tr class=\"-R\">\n<td class=\"-C\" style=\"width: 481.4pt; border: none windowtext 0pt;\" colspan=\"2\">\n<p class=\"Normal-P\" style=\"margin-bottom: 6pt; direction: ltr; unicode-bidi: normal;\"><span class=\"Normal-H\"><span style=\"font-family: Arial;\">Die Wanderungen auf <\/span><span style=\"font-family: Arial;\">Ikaria<\/span><span style=\"font-family: Arial;\"> f\u00fchrten \u00f6fters durch felsige Gel\u00e4nde und waren deswegen anspruchsvoller als auf Samos. Wie schon oben erw\u00e4hnt k\u00f6nnte manche nicht von allen Teilnehmern bew\u00e4ltigt werden. Sogar die leichte sch\u00f6ne Strandwanderung direkt vom Hotel aus hatte eine Klettereinlage! Trotzdem glaube ich habe alle die Wanderferien sehr genossen und waren zufrieden mit dem Ablauf. Obwohl ihre Leistungsf\u00e4higkeit stark unterschiedlich war haben die Leute in der grossenteils neuen Gruppe gut harmoniert. Ich danke alle f\u00fcr ihre Mitmachen und Anpassungsf\u00e4higkeit und hoffe auch in der Zukunft mit ihnen wandern zu k\u00f6nnen.<\/span><\/span><\/p>\n<p class=\"Normal-P\" style=\"margin-bottom: 6pt; direction: ltr; unicode-bidi: normal;\"><span class=\"Normal-H\"><span style=\"font-family: Arial;\">Adrian<\/span><\/span><\/p>\n<h3><a href=\"https:\/\/www.adrianwood.ch\/?page_id=26096\">Programm<\/a><\/h3>\n<\/td>\n<\/tr>\n<p><!-- [if !supportMisalignedColumns]--><\/tbody>\n<\/table>\n<\/div>\n","protected":false},"excerpt":{"rendered":"<p>Erste Tage in Kokkari und Armenistis 16 Wanderer reisten im Mai an den Griechische Inseln Samos und Ikaria die in den N\u00f6rdliche Teil der Dodekanes Kette ganz in der N\u00e4he vom T\u00fcrkei liegen. Es war meine vierte Gruppenreise an den kleinen Inseln im \u00c4g\u00e4isches Meer nach zwei Reisen auf Kreta und eine auf Korfu im &hellip; <a href=\"https:\/\/www.adrianwood.ch\/?page_id=26101\" class=\"more-link\">Continue reading <span class=\"screen-reader-text\">Einf\u00fchrung<\/span> <span class=\"meta-nav\">&rarr;<\/span><\/a><\/p>\n","protected":false},"author":1,"featured_media":0,"parent":26090,"menu_order":2661,"comment_status":"closed","ping_status":"closed","template":"","meta":{"ngg_post_thumbnail":0,"footnotes":""},"class_list":["post-26101","page","type-page","status-publish","hentry"],"_links":{"self":[{"href":"https:\/\/www.adrianwood.ch\/index.php?rest_route=\/wp\/v2\/pages\/26101","targetHints":{"allow":["GET"]}}],"collection":[{"href":"https:\/\/www.adrianwood.ch\/index.php?rest_route=\/wp\/v2\/pages"}],"about":[{"href":"https:\/\/www.adrianwood.ch\/index.php?rest_route=\/wp\/v2\/types\/page"}],"author":[{"embeddable":true,"href":"https:\/\/www.adrianwood.ch\/index.php?rest_route=\/wp\/v2\/users\/1"}],"replies":[{"embeddable":true,"href":"https:\/\/www.adrianwood.ch\/index.php?rest_route=%2Fwp%2Fv2%2Fcomments&post=26101"}],"version-history":[{"count":7,"href":"https:\/\/www.adrianwood.ch\/index.php?rest_route=\/wp\/v2\/pages\/26101\/revisions"}],"predecessor-version":[{"id":26339,"href":"https:\/\/www.adrianwood.ch\/index.php?rest_route=\/wp\/v2\/pages\/26101\/revisions\/26339"}],"up":[{"embeddable":true,"href":"https:\/\/www.adrianwood.ch\/index.php?rest_route=\/wp\/v2\/pages\/26090"}],"wp:attachment":[{"href":"https:\/\/www.adrianwood.ch\/index.php?rest_route=%2Fwp%2Fv2%2Fmedia&parent=26101"}],"curies":[{"name":"wp","href":"https:\/\/api.w.org\/{rel}","templated":true}]}}