{"id":26165,"date":"2024-06-14T09:05:01","date_gmt":"2024-06-14T09:05:01","guid":{"rendered":"https:\/\/www.adrianwood.ch\/?page_id=26165"},"modified":"2024-06-15T08:09:25","modified_gmt":"2024-06-15T08:09:25","slug":"05-17-manolates","status":"publish","type":"page","link":"https:\/\/www.adrianwood.ch\/?page_id=26165","title":{"rendered":"05-17 Manolates"},"content":{"rendered":"<div class=\"pmdi_content_wrapper\">\n<p class=\"Text-P\" style=\"margin-bottom: 6pt; direction: ltr; unicode-bidi: normal;\"><span class=\"Text-H\"><span style=\"font-family: Arial; font-weight: bold;\">Fr 17. Mai<\/span><span style=\"font-family: Arial; font-weight: bold;\">, <\/span><span style=\"font-family: Arial; font-weight: bold;\">N<\/span><span style=\"font-family: Arial; font-weight: bold;\">achtigallental, <\/span><span style=\"font-family: Arial; font-weight: bold;\">Manolates<\/span><\/span><\/p>\n<table class=\"TableGrid-T\" style=\"border-collapse: collapse;\" cellspacing=\"0\">\n<tbody>\n<tr class=\"-R\">\n<td class=\"-C\" style=\"width: 481.4pt; border: none windowtext 0pt;\" colspan=\"2\">\n<p class=\"Text-P\" style=\"margin-bottom: 6pt; direction: ltr; unicode-bidi: normal;\"><span class=\"Text-H\"><span style=\"font-family: Arial;\">Heute starten wir um 9 Uhr, doch der Bus kommt erst um 9:45 Uhr. Wir fahren nach <\/span><span style=\"font-family: Arial;\">Plantanos<\/span><span style=\"font-family: Arial;\">. Es kommen alle mit, denn der Aufstieg nach <\/span><span style=\"font-family: Arial;\">Manolates<\/span><span style=\"font-family: Arial;\"> ist ein guter Weg.<\/span><\/span><\/p>\n<\/td>\n<\/tr>\n<tr class=\"-R\">\n<td class=\"-C\" style=\"width: 239.35pt; border: none windowtext 0pt;\">\n<p class=\"Text-P\" style=\"margin-bottom: 6pt; direction: ltr; unicode-bidi: normal;\"><span class=\"Text-H\"><span style=\"font-family: Arial;\"><img loading=\"lazy\" decoding=\"async\" class=\"\" src=\"https:\/\/www.adrianwood.ch\/wp-content\/uploads\/2024\/06\/1718355834_image1.jpeg\" width=\"353\" height=\"235\" data-link=\"\"><\/span><\/span><\/p>\n<\/td>\n<td class=\"-C\" style=\"width: 242.05pt; border: none windowtext 0pt;\">\n<p class=\"Text-P\" style=\"margin-bottom: 6pt; direction: ltr; unicode-bidi: normal;\"><span class=\"Text-H\"><span style=\"font-family: Arial;\"><img loading=\"lazy\" decoding=\"async\" class=\"\" src=\"https:\/\/www.adrianwood.ch\/wp-content\/uploads\/2024\/06\/1718355834_image2.jpeg\" width=\"353\" height=\"235\" data-link=\"\"><\/span><\/span><\/p>\n<\/td>\n<\/tr>\n<tr class=\"-R\">\n<td class=\"-C\" style=\"width: 481.4pt; border: none windowtext 0pt;\" colspan=\"2\">\n<p class=\"Text-P\" style=\"margin-bottom: 6pt; direction: ltr; unicode-bidi: normal;\"><span class=\"Text-H\"><span style=\"font-family: Arial;\">Zuerst geht es durch das Nachtigallental. Es hat grosse Str\u00e4ucher von Oleander, bis 3 Meter hoch. Bald geht es den Berg hinauf. Es ist ein guter Bergweg mit recht vielen B\u00e4umen und B\u00fcschen, aber auch Blumen. Es hat sehr viel roter Mohn und auch Stockrosen, aber auch andere.<\/span><span style=\"font-family: Arial;\">Es ist bedeckt, so ist es eine angenehme Temperatur f\u00fcr den Aufstieg.<\/span><\/span><\/p>\n<\/td>\n<\/tr>\n<tr class=\"-R\">\n<td class=\"-C\" style=\"width: 239.35pt; border: none windowtext 0pt;\">\n<p class=\"Text-P\" style=\"margin-bottom: 6pt; direction: ltr; unicode-bidi: normal;\"><span class=\"Text-H\"><span style=\"font-family: Arial;\"><img loading=\"lazy\" decoding=\"async\" class=\"\" src=\"https:\/\/www.adrianwood.ch\/wp-content\/uploads\/2024\/06\/1718355834_image3.jpeg\" width=\"353\" height=\"235\" data-link=\"\"><\/span><\/span><\/p>\n<\/td>\n<td class=\"-C\" style=\"width: 242.05pt; border: none windowtext 0pt;\">\n<p class=\"Text-P\" style=\"margin-bottom: 6pt; direction: ltr; unicode-bidi: normal;\"><span class=\"Text-H\"><span style=\"font-family: Arial;\"><img loading=\"lazy\" decoding=\"async\" class=\"\" src=\"https:\/\/www.adrianwood.ch\/wp-content\/uploads\/2024\/06\/1718355834_image4.jpeg\" width=\"353\" height=\"235\" data-link=\"\"><\/span><\/span><\/p>\n<\/td>\n<\/tr>\n<tr class=\"-R\">\n<td class=\"-C\" style=\"width: 481.4pt; border: none windowtext 0pt;\" colspan=\"2\">\n<p class=\"Text-P\" style=\"margin-bottom: 6pt; direction: ltr; unicode-bidi: normal;\"><span class=\"Text-H\"><span style=\"font-family: Arial;\">Unterwegs bei einer Rast erz\u00e4hlt uns Christa die Geschichte vom goldenen Apfel aus der griechischen Mythologie, der Ilias. Bei einem Fest der G\u00f6tter, bei dem die G\u00f6ttin des Zwistes, Eris, die nicht eingeladen wurde, kam sie und legte einen goldenen Apfel auf den Tisch. Es ist der Apfel, der der sch\u00f6nsten G\u00f6ttin geh\u00f6ren soll. Es gibt ein Streit zwischen den G\u00f6ttinnen, Athena, Hera und Aphrodite. Daher kommt der Ausdruck: der Zankapfel.<\/span><\/span><\/p>\n<\/td>\n<\/tr>\n<tr class=\"-R\">\n<td class=\"-C\" style=\"width: 239.35pt; border: none windowtext 0pt;\">\n<p class=\"Text-P\" style=\"margin-bottom: 6pt; direction: ltr; unicode-bidi: normal;\"><span class=\"Text-H\"><span style=\"font-family: Arial;\"><img loading=\"lazy\" decoding=\"async\" class=\"\" src=\"https:\/\/www.adrianwood.ch\/wp-content\/uploads\/2024\/06\/1718355834_image5.jpeg\" width=\"353\" height=\"235\" data-link=\"\"><\/span><\/span><\/p>\n<\/td>\n<td class=\"-C\" style=\"width: 242.05pt; border: none windowtext 0pt;\">\n<p class=\"Text-P\" style=\"margin-bottom: 6pt; direction: ltr; unicode-bidi: normal;\"><span class=\"Text-H\"><span style=\"font-family: Arial;\"><img loading=\"lazy\" decoding=\"async\" class=\"\" src=\"https:\/\/www.adrianwood.ch\/wp-content\/uploads\/2024\/06\/1718355834_image6.jpeg\" width=\"353\" height=\"235\" data-link=\"\"><\/span><\/span><\/p>\n<\/td>\n<\/tr>\n<tr class=\"-R\">\n<td class=\"-C\" style=\"width: 481.4pt; border: none windowtext 0pt;\" colspan=\"2\">\n<p class=\"Text-P\" style=\"margin-bottom: 6pt; direction: ltr; unicode-bidi: normal;\"><span class=\"Text-H\"><span style=\"font-family: Arial;\">Da Zeus nicht entscheiden will, soll ein Mensch entscheiden, Pares, der Prinz von <\/span><span style=\"font-family: Arial;\">Troya<\/span><span style=\"font-family: Arial;\">. Er entscheidet sich f\u00fcr Aphrodite. Daraus entsteht der grausame Krieg zwischen den Griechen und <\/span><span style=\"font-family: Arial;\">Troya<\/span><span style=\"font-family: Arial;\">, der m\u00e4chtigsten und am besten befestigten Stadt. Dank der List der Griechen mit dem trojanischen Pferd wurde sie erobert und vernichtet, mit allen Menschen. Doch hinter diesem <\/span><span style=\"font-family: Arial;\">ganz Konflikt unter den Menschen sind die G\u00f6tter, die ihre Uneinigkeit auf die Menschen \u00fcbertragen, indem sie die beiden Lager zu ihren Gunsten beeinflussen und unterst\u00fctzen.<\/span><\/span><\/p>\n<\/td>\n<\/tr>\n<tr class=\"-R\">\n<td class=\"-C\" style=\"width: 239.35pt; border: none windowtext 0pt;\">\n<p class=\"Text-P\" style=\"margin-bottom: 6pt; direction: ltr; unicode-bidi: normal;\"><span class=\"Text-H\"><span style=\"font-family: Arial;\"><img loading=\"lazy\" decoding=\"async\" class=\"\" src=\"https:\/\/www.adrianwood.ch\/wp-content\/uploads\/2024\/06\/1718355834_image7.jpeg\" width=\"353\" height=\"235\" data-link=\"\"><\/span><\/span><\/p>\n<\/td>\n<td class=\"-C\" style=\"width: 242.05pt; border: none windowtext 0pt;\">\n<p class=\"Text-P\" style=\"margin-bottom: 6pt; direction: ltr; unicode-bidi: normal;\"><span class=\"Text-H\"><span style=\"font-family: Arial;\"><img loading=\"lazy\" decoding=\"async\" class=\"\" src=\"https:\/\/www.adrianwood.ch\/wp-content\/uploads\/2024\/06\/1718355834_image8.jpeg\" width=\"353\" height=\"235\" data-link=\"\"><\/span><\/span><\/p>\n<\/td>\n<\/tr>\n<tr class=\"-R\">\n<td class=\"-C\" style=\"width: 481.4pt; border: none windowtext 0pt;\" colspan=\"2\">\n<p class=\"Text-P\" style=\"margin-bottom: 6pt; direction: ltr; unicode-bidi: normal;\"><span class=\"Text-H\"><span style=\"font-family: Arial;\">Um 12:15 Uhr sind wir im Dorf <\/span><span style=\"font-family: Arial;\">Manolates<\/span><span style=\"font-family: Arial;\">. Hier haben wir Zeit die L\u00e4den anzusehen in denen es viel Kunsthandwerk gibt. Dann gehen wir weiter zum Lukas, wo es eine kleine Einkehr gibt.<\/span><\/span><\/p>\n<\/td>\n<\/tr>\n<tr class=\"-R\">\n<td class=\"-C\" style=\"width: 239.35pt; border: none windowtext 0pt;\">\n<p class=\"Text-P\" style=\"margin-bottom: 6pt; direction: ltr; unicode-bidi: normal;\"><span class=\"Text-H\"><span style=\"font-family: Arial;\"><img loading=\"lazy\" decoding=\"async\" class=\"\" src=\"https:\/\/www.adrianwood.ch\/wp-content\/uploads\/2024\/06\/1718355834_image9.jpeg\" width=\"353\" height=\"235\" data-link=\"\"><\/span><\/span><\/p>\n<\/td>\n<td class=\"-C\" style=\"width: 242.05pt; border: none windowtext 0pt;\">\n<p class=\"Text-P\" style=\"margin-bottom: 6pt; direction: ltr; unicode-bidi: normal;\"><span class=\"Text-H\"><span style=\"font-family: Arial;\"><img loading=\"lazy\" decoding=\"async\" class=\"\" src=\"https:\/\/www.adrianwood.ch\/wp-content\/uploads\/2024\/06\/1718355834_image10.jpeg\" width=\"353\" height=\"235\" data-link=\"\"><\/span><\/span><\/p>\n<\/td>\n<\/tr>\n<tr class=\"-R\">\n<td class=\"-C\" style=\"width: 481.4pt; border: none windowtext 0pt;\" colspan=\"2\">\n<p class=\"Text-P\" style=\"margin-bottom: 6pt; direction: ltr; unicode-bidi: normal;\"><span class=\"Text-H\"><span style=\"font-family: Arial;\">Um 14:20 Uhr gehen 11 Leute weiter, die andern nehmen ein Taxi. Auf einem Bergweg geht es rauf und runter durch eine einmalig wilde Landschaft mit Kiefernw\u00e4ldern und Olivenb\u00e4ume, aber auch mit grossen Reben-Terrassen. Wir sehen einen grossen Maulbeerbaum mit sehr vielen Fr\u00fcchten und auch einen Feigenbaum mit Fr\u00fcchten, doch alle sind noch nicht reif zum Essen. Ich sehen auch die wundersch\u00f6ne Blume <\/span><span style=\"font-family: Arial;\">Caesalpinia<\/span><span style=\"font-family: Arial;\">Gilliesii<\/span><span style=\"font-family: Arial;\">. Dazwischen gibt es immer wieder sch\u00f6ne Ausblicke auf die K\u00fcste von Samos.<\/span><\/span><\/p>\n<\/td>\n<\/tr>\n<tr class=\"-R\">\n<td class=\"-C\" style=\"width: 239.35pt; border: none windowtext 0pt;\">\n<p class=\"Text-P\" style=\"margin-bottom: 6pt; direction: ltr; unicode-bidi: normal;\"><span class=\"Text-H\"><span style=\"font-family: Arial;\"><img loading=\"lazy\" decoding=\"async\" class=\"\" src=\"https:\/\/www.adrianwood.ch\/wp-content\/uploads\/2024\/06\/1718355834_image11.jpeg\" width=\"353\" height=\"235\" data-link=\"\"><\/span><\/span><\/p>\n<\/td>\n<td class=\"-C\" style=\"width: 242.05pt; border: none windowtext 0pt;\">\n<p class=\"Text-P\" style=\"margin-bottom: 6pt; direction: ltr; unicode-bidi: normal;\"><span class=\"Text-H\"><span style=\"font-family: Arial;\"><img loading=\"lazy\" decoding=\"async\" class=\"\" src=\"https:\/\/www.adrianwood.ch\/wp-content\/uploads\/2024\/06\/1718355834_image12.jpeg\" width=\"353\" height=\"235\" data-link=\"\"><\/span><\/span><\/p>\n<\/td>\n<\/tr>\n<tr class=\"-R\">\n<td class=\"-C\" style=\"width: 481.4pt; border: none windowtext 0pt;\" colspan=\"2\">\n<p class=\"Text-P\" style=\"margin-bottom: 6pt; direction: ltr; unicode-bidi: normal;\"><span class=\"Text-H\"><span style=\"font-family: Arial;\">Um 16:15 Uhr sind wir im Dorf <\/span><span style=\"font-family: Arial;\">Stavrinides<\/span><span style=\"font-family: Arial;\">. Jetzt geht es nur noch abw\u00e4rts bis zur K\u00fcste, wo wir um 17:20 Uhr ankommen. Hier gibt es in einem Restaurant am Strand das Abendessen. Da wir f\u00fcr die Wanderung etwas l\u00e4nger gebraucht haben, wird die R\u00fcckfahrt auf 19 Uhr verschoben. So haben wir genug Zeit zum Essen. Das war eine etwas anspruchsvollere Wanderung hinauf zum 450 m hohen Dorf <\/span><span style=\"font-family: Arial;\">Manolates<\/span><span style=\"font-family: Arial;\"> durch eine recht wilde Landschaft. Doch wenn man die vielen Auf- und Abstiege beim Abstieg dazuz\u00e4hlt, waren das sicher fast 600 m Aufstieg. Die ganze Strecke war 15 km, 22&#8217;000 Schritte. <\/span><span style=\"font-family: Arial;\">Albert<\/span><\/span><\/p>\n<\/td>\n<\/tr>\n<p><!-- [if !supportMisalignedColumns]--><\/tbody>\n<\/table>\n<\/div>\n","protected":false},"excerpt":{"rendered":"<p>Fr 17. Mai, Nachtigallental, Manolates Heute starten wir um 9 Uhr, doch der Bus kommt erst um 9:45 Uhr. Wir fahren nach Plantanos. Es kommen alle mit, denn der Aufstieg nach Manolates ist ein guter Weg. Zuerst geht es durch das Nachtigallental. Es hat grosse Str\u00e4ucher von Oleander, bis 3 Meter hoch. Bald geht es &hellip; <a href=\"https:\/\/www.adrianwood.ch\/?page_id=26165\" class=\"more-link\">Continue reading <span class=\"screen-reader-text\">05-17 Manolates<\/span> <span class=\"meta-nav\">&rarr;<\/span><\/a><\/p>\n","protected":false},"author":1,"featured_media":0,"parent":26090,"menu_order":2665,"comment_status":"closed","ping_status":"closed","template":"","meta":{"ngg_post_thumbnail":0,"footnotes":""},"class_list":["post-26165","page","type-page","status-publish","hentry"],"_links":{"self":[{"href":"https:\/\/www.adrianwood.ch\/index.php?rest_route=\/wp\/v2\/pages\/26165","targetHints":{"allow":["GET"]}}],"collection":[{"href":"https:\/\/www.adrianwood.ch\/index.php?rest_route=\/wp\/v2\/pages"}],"about":[{"href":"https:\/\/www.adrianwood.ch\/index.php?rest_route=\/wp\/v2\/types\/page"}],"author":[{"embeddable":true,"href":"https:\/\/www.adrianwood.ch\/index.php?rest_route=\/wp\/v2\/users\/1"}],"replies":[{"embeddable":true,"href":"https:\/\/www.adrianwood.ch\/index.php?rest_route=%2Fwp%2Fv2%2Fcomments&post=26165"}],"version-history":[{"count":4,"href":"https:\/\/www.adrianwood.ch\/index.php?rest_route=\/wp\/v2\/pages\/26165\/revisions"}],"predecessor-version":[{"id":26179,"href":"https:\/\/www.adrianwood.ch\/index.php?rest_route=\/wp\/v2\/pages\/26165\/revisions\/26179"}],"up":[{"embeddable":true,"href":"https:\/\/www.adrianwood.ch\/index.php?rest_route=\/wp\/v2\/pages\/26090"}],"wp:attachment":[{"href":"https:\/\/www.adrianwood.ch\/index.php?rest_route=%2Fwp%2Fv2%2Fmedia&parent=26165"}],"curies":[{"name":"wp","href":"https:\/\/api.w.org\/{rel}","templated":true}]}}