{"id":2618,"date":"2013-09-01T11:56:30","date_gmt":"2013-09-01T10:56:30","guid":{"rendered":"http:\/\/adrianwood.ch\/?page_id=2618"},"modified":"2013-09-01T11:56:30","modified_gmt":"2013-09-01T10:56:30","slug":"einfuhrung","status":"publish","type":"page","link":"https:\/\/www.adrianwood.ch\/?page_id=2618","title":{"rendered":"Einf\u00fchrung"},"content":{"rendered":"<div>\n<p><b>Einf\u00fchrung und Zusammenfassung<\/b><\/p>\n<table border=\"0\" cellspacing=\"0\" cellpadding=\"0\">\n<tbody>\n<tr>\n<td style=\"text-align: justify;\" colspan=\"2\" valign=\"top\" width=\"816\">Die Wanderkreuzfahrt in Kroatien in 2011 war ein grosser Erfolg und einige Teilnehmer haben eine weitere Wanderkreuzfahrt gew\u00fcnscht. Ich hatte auch schon damals ein interessantes Schiff, das von Dubrovnik aus segelt, besichtigt. Die s\u00fcdlichsten Dalmatischen Inseln sind etwas klein zum Wandern, aber das Schiff f\u00e4hrt auch nach Montenegro in die ber\u00fchmte Bucht von Kotor, den s\u00fcdlichsten Fijord Europas. Ich machte eine Reise mit dem Schiff dorthin im Juni 2012 und konnte, nachdem ich das Schiff in Perast verlassen hatte, drei Tage lang um die eindr\u00fcckliche Bucht wandern. Dabei hatte ich Hilfe von einem jungen lokalen Wanderleiter namens Vlakto, dessen kleine Firma Zalaz http:\/\/www.zalaz.me\/ ich im Internet gefunden hatte. Wir haben uns gleich gut verstanden und entschieden, zusammen eine Wanderreise im folgenden Jahr durchzuf\u00fchren.<\/td>\n<\/tr>\n<tr>\n<td valign=\"top\" width=\"407\">\u00a0<img decoding=\"async\" class=\"ngg-singlepic ngg-none\" alt=\"image001_r3\" src=\"http:\/\/adrianwood.ch\/wp-content\/gallery\/montenegro01\/image001_r3.jpg\" \/><\/td>\n<td valign=\"top\" width=\"409\">\u00a0<img decoding=\"async\" class=\"ngg-singlepic ngg-none\" alt=\"image003_r3\" src=\"http:\/\/adrianwood.ch\/wp-content\/gallery\/montenegro01\/image003_r3.jpg\" \/><\/td>\n<\/tr>\n<tr>\n<td style=\"text-align: justify;\" colspan=\"2\" valign=\"top\" width=\"816\">Montenegro ist ein kleines Land. Gerade einmal 176 km betr\u00e4gt die Entfernung zwischen dem westlichsten und dem \u00f6stlichsten Punkt, nur 200 km liegen zwischen Nord- und S\u00fcdspitze; aber es birgt einen Vielfalt von Landschaften und kann durchaus als Bergsteigerparadies bezeichnet werden. Die Karstgebirge entlang der K\u00fcsten locken mit ihren Gipfeln, T\u00e4lern, Schluchten und H\u00f6hlen und zwischen Herceg Novi und Kotor schmiegt sich der einzige Fjord des Mittelmeers an die fast senkrecht aufsteigenden Bergw\u00e4nde. Aber das Land der schwarzen Berge (Crna Gora) w\u00fcrde seinen Namen nicht verdienen, g\u00e4be es im Norden nicht erhabene Gebirge. Vor allem in den Nationalparks Durmitor und Biogradska Gora finden Wanderer wundersch\u00f6ne Reviere, die sie meist ganz f\u00fcr sich alleine haben. Es gibt einige Gipfel mit permanenten Schnee in Durmitor und in Komovi, die bis zu knapp 2500 Meter hoch sind. Solche Gipfel werden wir im Mai nicht besteigen k\u00f6nnen, aber wir werden trotzdem lohnende Ziele f\u00fcr unsere Wanderungen finden.<\/td>\n<\/tr>\n<tr>\n<td valign=\"top\" width=\"407\">\u00a0<img decoding=\"async\" class=\"ngg-singlepic ngg-none\" alt=\"image005_r3\" src=\"http:\/\/adrianwood.ch\/wp-content\/gallery\/montenegro01\/image005_r3.jpg\" \/><\/td>\n<td valign=\"top\" width=\"409\">\u00a0<img decoding=\"async\" class=\"ngg-singlepic ngg-none\" alt=\"image007_r3\" src=\"http:\/\/adrianwood.ch\/wp-content\/gallery\/montenegro01\/image007_r3.jpg\" \/><\/td>\n<\/tr>\n<tr>\n<td style=\"text-align: justify;\" colspan=\"2\" valign=\"top\" width=\"816\">So habe ich f\u00fcr unsere Montenegro Reise geworben, nicht ahnend wieviel Schnee wir sehen und erleben w\u00fcrden. Die ersten drei Tage liefen wie geplant mit Wanderungen durch die Gebirge im K\u00fcstenbereich mit herrlichen Ausblicken auf die blaue Adria und die Bucht von Kotor. Zuerst ging es auf die Pestingrad Klippe mit ihrem atemberaubenden Blick auf das 1000m tiefer liegende Weltkulturerbe, die Stadt Kotor. Dann entlang der Halbinsel Vrmac mitten in der Bucht mit anschliessender Bootsfahrt zur alten Handels-stadt Perast. Das verfallene San.Andreas Schloss auf 700m war unser letztes Ziel in der Bucht von Kotor. Als wir die K\u00fcstenregione verliessen, um die alpinen Gebiete im montenegrinischen Binnenland kennen zu lernen \u00e4nderte sich das Wetter schlagartig. Auf der Fahrt durch den Piva Canyon erlebten wir Dauerregen und unser Programm schrumpfte auf den Besuch von zwei Restaurants und einen doch sehr eindr\u00fccklichen orthodoxen Kloster. Der Regen setzte sich am n\u00e4chsten Tag ununterbrochen fort und ein Restaurant Besuch\u00a0bildete wiederum den H\u00f6hepunkt des Tages.<\/td>\n<\/tr>\n<tr>\n<td valign=\"top\" width=\"407\">\u00a0<img decoding=\"async\" class=\"ngg-singlepic ngg-none\" alt=\"image009_r3\" src=\"http:\/\/adrianwood.ch\/wp-content\/gallery\/montenegro01\/image009_r3.jpg\" \/><\/td>\n<td valign=\"top\" width=\"409\">\u00a0<img decoding=\"async\" class=\"ngg-singlepic ngg-none\" alt=\"image011_r3\" src=\"http:\/\/adrianwood.ch\/wp-content\/gallery\/montenegro01\/image011_r3.jpg\" \/><\/td>\n<\/tr>\n<tr>\n<td style=\"text-align: justify;\" colspan=\"2\" valign=\"top\" width=\"816\">Die Wanderung oder gar Riverrafting in der ber\u00fchmten Tara Schlucht fiel buchst\u00e4blich ins Wasser. Bei unserer Ankunft im Zabljak auf 1400m im Durmitor Gebirge zeigte sich ein winterliches Bild. Grosse Schneefelder lagen um das Dorf und wo man die wolken-verhangenen Berge sehen konnte, waren sie schnnebedeckt.<\/td>\n<\/tr>\n<tr>\n<td valign=\"top\" width=\"407\">\u00a0<img decoding=\"async\" class=\"ngg-singlepic ngg-none\" alt=\"image013_r3\" src=\"http:\/\/adrianwood.ch\/wp-content\/gallery\/montenegro01\/image013_r3.jpg\" \/><\/td>\n<td valign=\"top\" width=\"409\">\u00a0<img decoding=\"async\" class=\"ngg-singlepic ngg-none\" alt=\"image015_r3\" src=\"http:\/\/adrianwood.ch\/wp-content\/gallery\/montenegro01\/image015_r3.jpg\" \/><\/td>\n<\/tr>\n<tr>\n<td style=\"text-align: justify;\" colspan=\"2\" valign=\"top\" width=\"816\">Am n\u00e4chten Morgen erhaschten wir doch ein Paar Sonnenstrahlen bei einer kurzen Wanderung zum Rand der Tara Schlucht; aber am Nachmittag auf dem Weg zum Crno Jezero (Schwarze See) setzte der Regen wieder ein und dauerte bis in den folgende Tag hinein als wir auf dem Fahrt nach Kolasin waren, wo wir drei Tage verbringen w\u00fcrden. Zuerst wurde eine Wanderung in das Komovi Gebirge durchgef\u00fchrt weil es etwas tiefer lag, aber trotz anf\u00e4nglichen hoffnungsvollen Verh\u00e4ltnissen gerieten wir in ein Schneetreiben. Die leicht besseren Prognosen am n\u00e4chsten Tag haben sich nicht bewahrheitet und wir mussten bei knapp 2000m auf dem Kljuc Gebirge umkehren. Die Jeeps konnten uns aber um den Berg herum fahren zu unserem w\u00e4hrschaften Mittagessen in einer verschneiten H\u00fctte im Camp Katun Vranak. Trotz etwas Heizung war es kalt und ich war nur froh, dass ich mich gegen eine Uebernachtung dort entschieden hatte.<\/td>\n<\/tr>\n<tr>\n<td valign=\"top\" width=\"407\">\u00a0<img decoding=\"async\" class=\"ngg-singlepic ngg-none\" alt=\"image017_r3\" src=\"http:\/\/adrianwood.ch\/wp-content\/gallery\/montenegro01\/image017_r3.jpg\" \/><\/td>\n<td valign=\"top\" width=\"409\">\u00a0<img decoding=\"async\" class=\"ngg-singlepic ngg-none\" alt=\"image019_r3\" src=\"http:\/\/adrianwood.ch\/wp-content\/gallery\/montenegro01\/image019_r3.jpg\" \/><\/td>\n<\/tr>\n<tr>\n<td style=\"text-align: justify;\" colspan=\"2\" valign=\"top\" width=\"816\">Ein Fahrt durch die Moraca Schlucht mit einem Besuch des gleichnamigen Klosters brachte uns in tiefere Lagen und wir konnten bei Sonnenschein zur engen Mrtvica Schlucht wandern. Nach mehreren Tagen Winter genossen wir die Blumen und Kleintiere wieder. Die Uebernachtung fand im Virpazar am Ufer des grossen Skadarsees statt. Wir wurden von einem sch\u00f6nem Sonnenaufgang begr\u00fcsst und freuten uns auf die Besteigung des fast 1600 Meter hohen Rumija. Genau zwischen Meer und Skadarsee gelegen, bietet er wohl\u00a0einen der spektakul\u00e4rsten Aussichtspunkte der gesamten K\u00fcste. Dazu ist es einsam und wild und endet an der sehr sehenswerten Stadt Stari Bar. Es lief alles wie geplant, nur die Aussicht war etwas dunstig.<\/td>\n<\/tr>\n<tr>\n<td valign=\"top\" width=\"407\">\u00a0<img decoding=\"async\" class=\"ngg-singlepic ngg-none\" alt=\"image021_r3\" src=\"http:\/\/adrianwood.ch\/wp-content\/gallery\/montenegro01\/image021_r3.jpg\" \/><\/td>\n<td valign=\"top\" width=\"409\">\u00a0<img decoding=\"async\" class=\"ngg-singlepic ngg-none\" alt=\"image023_r3\" src=\"http:\/\/adrianwood.ch\/wp-content\/gallery\/montenegro01\/image023_r3.jpg\" \/><\/td>\n<\/tr>\n<tr>\n<td style=\"text-align: justify;\" colspan=\"2\" valign=\"top\" width=\"816\">Der letzte Aufhaltsort war Petrovac, ein kleiner Ferienort an der S\u00fcdk\u00fcste, wo wir den Luxus eines 4-Stern Hotels geniessen konnten. Am Anfang in den Altst\u00e4dten von Kotor und Perast hatten wir nur Apartments und die Zimmerverteilung gestaltete sich sehr zeitraubend weil sie weit gestreut waren. Im Laufe der Ferien aber gab es eine immer steigende Qualit\u00e4t der Unterk\u00fcnfte. Leider hatten wir schon wieder Regen am ersten morgen im Petrovac aber es stand sowieso zuerst ein Museumsbesuch im Programm. Der Palast des letzten K\u00f6nigs von Montenegro in den fr\u00fcheren Hauptstadt Cetinje ist vor allem wegen seiner fast vollst\u00e4ndig erhaltenenen Innenausstattung sehenswert. Die geplante Wanderung wurde durch eine l\u00e4ngere Kaffeepause ersetzt, aber als wir mit dem Bus an Skadarsee ankamen, schien schon wieder die Sonne. Nach einem Seeforellen-Mittagessen erlebten wir einen unvergesslichen mehrst\u00fcndigen Ausflug auf dem See. Die langsam sinkende Sonne beleuchtete Wasser, Wolken und die umliegende Berge in einem herrlichen Licht.<\/td>\n<\/tr>\n<tr>\n<td valign=\"top\" width=\"407\">\u00a0<img decoding=\"async\" class=\"ngg-singlepic ngg-none\" alt=\"image025_r3\" src=\"http:\/\/adrianwood.ch\/wp-content\/gallery\/montenegro01\/image025_r3.jpg\" \/><\/td>\n<td valign=\"top\" width=\"409\">\u00a0<img decoding=\"async\" class=\"ngg-singlepic ngg-none\" alt=\"image027_r3\" src=\"http:\/\/adrianwood.ch\/wp-content\/gallery\/montenegro01\/image027_r3.jpg\" \/><\/td>\n<\/tr>\n<tr>\n<td style=\"text-align: justify;\" colspan=\"2\" valign=\"top\" width=\"816\">Meine Hoffnung, am allerletztem Tag selber eine sch\u00f6ne Wanderung mit Aussicht \u00fcber der K\u00fcste zu leiten, wurde nicht erf\u00fcllt. Obwohl es an der K\u00fcste passabel war, gab es auf 1300m nur Nebel, Sturm und Regen. Wir fl\u00fcchteten nach Budva, dem gr\u00f6ssten Touristenort in Montenegro und konnten dort doch am sch\u00f6nem Sandstrand baden. Der Teil der Gruppe, der von vornherein entschieden hatte, nach Ulcinj, einer orientalisch angehauchten Stadt nahe der albanischen Grenze zu fahren, hat es richtig gemacht.<\/td>\n<\/tr>\n<tr>\n<td valign=\"top\" width=\"407\">\u00a0<img decoding=\"async\" class=\"ngg-singlepic ngg-none\" alt=\"image029_r3\" src=\"http:\/\/adrianwood.ch\/wp-content\/gallery\/montenegro01\/image029_r3.jpg\" \/><\/td>\n<td valign=\"top\" width=\"409\">\u00a0<img decoding=\"async\" class=\"ngg-singlepic ngg-none\" alt=\"image031_r3\" src=\"http:\/\/adrianwood.ch\/wp-content\/gallery\/montenegro01\/image031_r3.jpg\" \/><\/td>\n<\/tr>\n<tr>\n<td valign=\"top\" width=\"407\">\u00a0<img decoding=\"async\" class=\"ngg-singlepic ngg-none\" alt=\"image033_r3\" src=\"http:\/\/adrianwood.ch\/wp-content\/gallery\/montenegro01\/image033_r3.jpg\" \/><\/td>\n<td valign=\"top\" width=\"409\">\u00a0<img decoding=\"async\" class=\"ngg-singlepic ngg-none\" alt=\"image035_r3\" src=\"http:\/\/adrianwood.ch\/wp-content\/gallery\/montenegro01\/image035_r3.jpg\" \/><\/td>\n<\/tr>\n<tr>\n<td style=\"text-align: justify;\" colspan=\"2\" valign=\"top\" width=\"816\">Ein letzter Schwum, ein Apero am Meer und ein feines Essen in unserem Luxus Hotel rundeten die Ferien ab. Es blieb nur noch der Abflug direkt nach Z\u00fcrich vom Podgorica Flughafen, wo uns ein letzter Regenguss nicht erspart blieb.<\/td>\n<\/tr>\n<tr>\n<td valign=\"top\" width=\"407\">\u00a0<img decoding=\"async\" class=\"ngg-singlepic ngg-none\" alt=\"image037_r3\" src=\"http:\/\/adrianwood.ch\/wp-content\/gallery\/montenegro01\/image037_r3.jpg\" \/><\/td>\n<td style=\"text-align: justify;\" valign=\"top\" width=\"409\">Im grossen und ganzem sind die Montenegro Ferien gut verlaufen trotz schrecklichen Wetter. Wir erlebten Schneefall und heisse Str\u00e4nde am gleichem Tag! Wir haben uns entweder durchgeschlagen oder alternative Programme organisiert, wobei ich nat\u00fcrlich sehr stark von Vlatko unterst\u00fctzt wurde. Er hat mich immer als der \u201asenior guide\u2018 bezeichnet, aber die meisten Arbeit fiel auf ihn, wof\u00fcr ich ihn sehr dankbar bin.Ich danke allen Teilnehmer\/innen f\u00fcr ihrer Kameradschaft und f\u00fcr ihr Durchhalteverm\u00f6gen. Alle haben der Tour mit Bravour gemeistert. Es folgen einige W\u00f6rter von vier Teilnehmerinnen die ihrer Eindr\u00fccke wiedergeben.Adrian<\/td>\n<\/tr>\n<tr>\n<td valign=\"top\" width=\"407\">\n<p style=\"text-align: justify;\"><i>Ich danke Dir herzlich f\u00fcr diese etwas nassen, aber nichts desto weniger eindr\u00fccklichen Ferien in einem noch reichlich unverdorbenen Land. Ich habe die Ausblicke in die wilde Natur genossen und ein paar wenige Einblicke in die Lebensweise der Bewohner erhaschen d\u00fcrfen.<\/i><\/p>\n<p style=\"text-align: justify;\"><i>Vielen herzlichen Dank f\u00fcr diese spezielle Montenegro-Reise, die unvergessen bleiben wird. Es war trotz des schlechten Wetters interessant und ich habe einen guten \u00dcberblick und Eindruck\u00a0von diesem faszinierenden Land erhalten.<\/i><\/p>\n<p style=\"text-align: justify;\"><i>Vielen Dank jedenfalls f\u00fcr die denkw\u00fcrdige unvergessliche Reise,\u00a0wobei ganz klar das Wetter eine zu dominante Rolle gespielt hat!<\/i><\/p>\n<p style=\"text-align: justify;\"><i>Ich danke dir herzlich f\u00fcr deine Organisation und das h\u00e4ufige Improvisieren, das ja nicht immer einfach war.<\/i><\/p>\n<\/td>\n<td valign=\"top\" width=\"409\"><img decoding=\"async\" class=\"ngg-singlepic ngg-none\" alt=\"image039_r3\" src=\"http:\/\/adrianwood.ch\/wp-content\/gallery\/montenegro01\/image039_r3.jpg\" \/><\/td>\n<\/tr>\n<\/tbody>\n<\/table>\n<figure id=\"attachment_2692\" aria-describedby=\"caption-attachment-2692\" style=\"width: 730px\" class=\"wp-caption alignleft\"><a href=\"http:\/\/adrianwood.ch\/wp-content\/uploads\/2013\/09\/Montenegro-map_r7.jpg\"><img loading=\"lazy\" decoding=\"async\" class=\"size-full wp-image-2692\" alt=\"Montenegro\" src=\"http:\/\/adrianwood.ch\/wp-content\/uploads\/2013\/09\/Montenegro-map_r7.jpg\" width=\"730\" height=\"836\" \/><\/a><figcaption id=\"caption-attachment-2692\" class=\"wp-caption-text\">Montenegro<\/figcaption><\/figure>\n<p>&nbsp;<\/p>\n<p>Montenegro 2013 18. Mai \u2013 1. Juni<\/p>\n<\/div>\n<div>\n<p>Novartis Sportclub, Leitung: Adrian Wood und Vlatko Bulatovi\u0107 (www.zalaz.me)<\/p>\n<p>GPS-Aufzeichnungen von Hanspeter Sauter und Eric Muller<\/p>\n<table width=\"824\" border=\"0\" cellspacing=\"0\" cellpadding=\"0\">\n<tbody>\n<tr>\n<td valign=\"top\" width=\"70\">Datum<\/td>\n<td valign=\"top\" width=\"68\">\n<p align=\"center\">Tag<\/p>\n<\/td>\n<td valign=\"top\" width=\"428\">Route<\/td>\n<td valign=\"top\" width=\"109\">\n<p align=\"center\">Dauer<\/p>\n<\/td>\n<td valign=\"top\" width=\"103\">\n<p align=\"center\">Pausen<\/p>\n<\/td>\n<td valign=\"top\" width=\"128\">\n<p align=\"center\">Marschzeit<\/p>\n<\/td>\n<td valign=\"top\" width=\"135\">\n<p align=\"center\">Strecke<\/p>\n<\/td>\n<td valign=\"top\" width=\"87\">\n<p align=\"center\">Aufstieg<\/p>\n<\/td>\n<td valign=\"top\" width=\"88\">\n<p align=\"center\">Abstieg<\/p>\n<\/td>\n<\/tr>\n<tr>\n<td valign=\"top\" width=\"70\">\n<p align=\"center\">18<\/p>\n<\/td>\n<td valign=\"top\" width=\"68\">\n<p align=\"center\">Sa<\/p>\n<\/td>\n<td valign=\"top\" width=\"428\">Anreise<\/td>\n<td valign=\"top\" width=\"109\">\n<p align=\"center\">&#8211;<\/p>\n<\/td>\n<td valign=\"top\" width=\"103\"><\/td>\n<td valign=\"top\" width=\"128\"><\/td>\n<td valign=\"top\" width=\"135\"><\/td>\n<td valign=\"top\" width=\"87\"><\/td>\n<td valign=\"top\" width=\"88\"><\/td>\n<\/tr>\n<tr>\n<td valign=\"top\" width=\"70\">\n<p align=\"center\">19<\/p>\n<\/td>\n<td valign=\"top\" width=\"68\">\n<p align=\"center\">So<\/p>\n<\/td>\n<td valign=\"top\" width=\"428\">Pestingrad Klippe, nur Abstieg nach Kotor<\/td>\n<td valign=\"top\" width=\"109\">\n<p align=\"center\">5 h 00<\/p>\n<\/td>\n<td valign=\"top\" width=\"103\">\n<p align=\"center\">1 h 23 min<\/p>\n<\/td>\n<td valign=\"top\" width=\"128\">\n<p align=\"center\">3 h 37 min<\/p>\n<\/td>\n<td valign=\"top\" width=\"135\">\n<p align=\"center\">8.9 km<\/p>\n<\/td>\n<td valign=\"top\" width=\"87\">\n<p align=\"center\">151 m<\/p>\n<\/td>\n<td valign=\"top\" width=\"88\">\n<p align=\"center\">1131 m<\/p>\n<\/td>\n<\/tr>\n<tr>\n<td valign=\"top\" width=\"70\">\n<p align=\"center\">20<\/p>\n<\/td>\n<td valign=\"top\" width=\"68\">\n<p align=\"center\">Mo<\/p>\n<\/td>\n<td valign=\"top\" width=\"428\">Vrmac Halbinsel<\/td>\n<td valign=\"top\" width=\"109\">\n<p align=\"center\">6 h 14<\/p>\n<\/td>\n<td valign=\"top\" width=\"103\">\n<p align=\"center\">1 h 24 min<\/p>\n<\/td>\n<td valign=\"top\" width=\"128\">\n<p align=\"center\">4 h 50 min<\/p>\n<\/td>\n<td valign=\"top\" width=\"135\">\n<p align=\"center\">13.5 km<\/p>\n<\/td>\n<td valign=\"top\" width=\"87\">\n<p align=\"center\">739 m<\/p>\n<\/td>\n<td valign=\"top\" width=\"88\">\n<p align=\"center\">802 m<\/p>\n<\/td>\n<\/tr>\n<tr>\n<td valign=\"top\" width=\"70\">\n<p align=\"center\">21<\/p>\n<\/td>\n<td valign=\"top\" width=\"68\">\n<p align=\"center\">Di<\/p>\n<\/td>\n<td valign=\"top\" width=\"428\">Perast<\/td>\n<td valign=\"top\" width=\"109\">\n<p align=\"center\">6 h 40<\/p>\n<\/td>\n<td valign=\"top\" width=\"103\">\n<p align=\"center\">1 h 45 min<\/p>\n<\/td>\n<td valign=\"top\" width=\"128\">\n<p align=\"center\">4 h 55 min<\/p>\n<\/td>\n<td valign=\"top\" width=\"135\">\n<p align=\"center\">14.4 km<\/p>\n<\/td>\n<td valign=\"top\" width=\"87\">\n<p align=\"center\">245 m<\/p>\n<\/td>\n<td valign=\"top\" width=\"88\">\n<p align=\"center\">936 m<\/p>\n<\/td>\n<\/tr>\n<tr>\n<td valign=\"top\" width=\"70\">\n<p align=\"center\">22<\/p>\n<\/td>\n<td valign=\"top\" width=\"68\">\n<p align=\"center\">Mi<\/p>\n<\/td>\n<td valign=\"top\" width=\"428\">Transfer nach Camp Jugoslavija<\/td>\n<td valign=\"top\" width=\"109\">\n<p align=\"center\">&#8211;<\/p>\n<\/td>\n<td valign=\"top\" width=\"103\"><\/td>\n<td valign=\"top\" width=\"128\"><\/td>\n<td valign=\"top\" width=\"135\"><\/td>\n<td valign=\"top\" width=\"87\"><\/td>\n<td valign=\"top\" width=\"88\"><\/td>\n<\/tr>\n<tr>\n<td valign=\"top\" width=\"70\">\n<p align=\"center\">23<\/p>\n<\/td>\n<td valign=\"top\" width=\"68\">\n<p align=\"center\">Do<\/p>\n<\/td>\n<td valign=\"top\" width=\"428\">Transfer nach \u017dabljak<\/td>\n<td valign=\"top\" width=\"109\">\n<p align=\"center\">&#8211;<\/p>\n<\/td>\n<td valign=\"top\" width=\"103\"><\/td>\n<td valign=\"top\" width=\"128\"><\/td>\n<td valign=\"top\" width=\"135\"><\/td>\n<td valign=\"top\" width=\"87\"><\/td>\n<td valign=\"top\" width=\"88\"><\/td>\n<\/tr>\n<tr>\n<td valign=\"top\" width=\"70\">\n<p align=\"center\">24<\/p>\n<\/td>\n<td valign=\"top\" width=\"68\">\n<p align=\"center\">Fr<\/p>\n<\/td>\n<td valign=\"top\" width=\"428\">Tarablick <i>und <\/i>Crno Jezero<\/td>\n<td valign=\"top\" width=\"109\">\n<p align=\"center\">1 h 35<\/p>\n<p align=\"center\">4 h 03<\/p>\n<\/td>\n<td valign=\"top\" width=\"103\">\n<p align=\"center\">33 min<\/p>\n<p align=\"center\">1 h 05 min<\/p>\n<\/td>\n<td valign=\"top\" width=\"128\">\n<p align=\"center\">1 h 02 min<\/p>\n<p align=\"center\">2 h 58 min<\/p>\n<\/td>\n<td valign=\"top\" width=\"135\">\n<p align=\"center\">2.3 km<\/p>\n<p align=\"center\">9.6 km<\/p>\n<\/td>\n<td valign=\"top\" width=\"87\">\n<p align=\"center\">138 m<\/p>\n<p align=\"center\">181 m<\/p>\n<\/td>\n<td valign=\"top\" width=\"88\">\n<p align=\"center\">135 m<\/p>\n<p align=\"center\">176 m<\/p>\n<\/td>\n<\/tr>\n<tr>\n<td valign=\"top\" width=\"70\">\n<p align=\"center\">25<\/p>\n<\/td>\n<td valign=\"top\" width=\"68\">\n<p align=\"center\">Sa<\/p>\n<\/td>\n<td valign=\"top\" width=\"428\">Biogradsko Jezero<\/td>\n<td valign=\"top\" width=\"109\">\n<p align=\"center\">1 h 05<\/p>\n<\/td>\n<td valign=\"top\" width=\"103\">\n<p align=\"center\">0 min<\/p>\n<\/td>\n<td valign=\"top\" width=\"128\">\n<p align=\"center\">1 h 05 min<\/p>\n<\/td>\n<td valign=\"top\" width=\"135\">\n<p align=\"center\">3.2 km<\/p>\n<\/td>\n<td valign=\"top\" width=\"87\">\n<p align=\"center\">57 m<\/p>\n<\/td>\n<td valign=\"top\" width=\"88\">\n<p align=\"center\">8 m<\/p>\n<\/td>\n<\/tr>\n<tr>\n<td valign=\"top\" width=\"70\">\n<p align=\"center\">26<\/p>\n<\/td>\n<td valign=\"top\" width=\"68\">\n<p align=\"center\">So<\/p>\n<\/td>\n<td valign=\"top\" width=\"428\">Komovi (Ecovillage \u0160tavna)<\/td>\n<td valign=\"top\" width=\"109\">\n<p align=\"center\">1 h 43<\/p>\n<\/td>\n<td valign=\"top\" width=\"103\">\n<p align=\"center\">18 min<\/p>\n<\/td>\n<td valign=\"top\" width=\"128\">\n<p align=\"center\">1 h 25 min<\/p>\n<\/td>\n<td valign=\"top\" width=\"135\">\n<p align=\"center\">4.2 km<\/p>\n<\/td>\n<td valign=\"top\" width=\"87\">\n<p align=\"center\">207 m<\/p>\n<\/td>\n<td valign=\"top\" width=\"88\">\n<p align=\"center\">145 m<\/p>\n<\/td>\n<\/tr>\n<tr>\n<td valign=\"top\" width=\"70\">\n<p align=\"center\">27<\/p>\n<\/td>\n<td valign=\"top\" width=\"68\">\n<p align=\"center\">Mo<\/p>\n<\/td>\n<td valign=\"top\" width=\"428\">Bjelasica,Wanderung Transfer mit Jeep<\/td>\n<td valign=\"top\" width=\"109\">\n<p align=\"center\">2 h 23<\/p>\n<p align=\"center\">1 h 25<\/p>\n<\/td>\n<td valign=\"top\" width=\"103\">\n<p align=\"center\">16 min<\/p>\n<p align=\"center\">0<\/p>\n<\/td>\n<td valign=\"top\" width=\"128\">\n<p align=\"center\">2 h 05 min<\/p>\n<p align=\"center\">0<\/p>\n<\/td>\n<td valign=\"top\" width=\"135\">\n<p align=\"center\">6.2 km<\/p>\n<p align=\"center\">28.3 km<\/p>\n<\/td>\n<td valign=\"top\" width=\"87\">\n<p align=\"center\">324 m<\/p>\n<p align=\"center\">967 m<\/p>\n<\/td>\n<td valign=\"top\" width=\"88\">\n<p align=\"center\">523 m<\/p>\n<p align=\"center\">566 m<\/p>\n<\/td>\n<\/tr>\n<tr>\n<td valign=\"top\" width=\"70\">\n<p align=\"center\">28<\/p>\n<\/td>\n<td valign=\"top\" width=\"68\">\n<p align=\"center\">Di<\/p>\n<\/td>\n<td valign=\"top\" width=\"428\">Mrtvica Kanjon<\/td>\n<td valign=\"top\" width=\"109\">\n<p align=\"center\">4 h 39<\/p>\n<\/td>\n<td valign=\"top\" width=\"103\">\n<p align=\"center\">1 h 13 min<\/p>\n<\/td>\n<td valign=\"top\" width=\"128\">\n<p align=\"center\">3 h 26 min<\/p>\n<\/td>\n<td valign=\"top\" width=\"135\">\n<p align=\"center\">11.3 km<\/p>\n<\/td>\n<td valign=\"top\" width=\"87\">\n<p align=\"center\">323 m<\/p>\n<\/td>\n<td valign=\"top\" width=\"88\">\n<p align=\"center\">315 m<\/p>\n<\/td>\n<\/tr>\n<tr>\n<td valign=\"top\" width=\"70\">\n<p align=\"center\">29<\/p>\n<\/td>\n<td valign=\"top\" width=\"68\">\n<p align=\"center\">Mi<\/p>\n<\/td>\n<td valign=\"top\" width=\"428\">Rumija<\/td>\n<td valign=\"top\" width=\"109\">\n<p align=\"center\">7 h 09<\/p>\n<\/td>\n<td valign=\"top\" width=\"103\">\n<p align=\"center\">1 h 44 min<\/p>\n<\/td>\n<td valign=\"top\" width=\"128\">\n<p align=\"center\">5 h 25 min<\/p>\n<\/td>\n<td valign=\"top\" width=\"135\">\n<p align=\"center\">7.0 km<\/p>\n<\/td>\n<td valign=\"top\" width=\"87\">\n<p align=\"center\">1125 m<\/p>\n<\/td>\n<td valign=\"top\" width=\"88\">\n<p align=\"center\">614 m<\/p>\n<\/td>\n<\/tr>\n<tr>\n<td valign=\"top\" width=\"70\">\n<p align=\"center\">30<\/p>\n<\/td>\n<td valign=\"top\" width=\"68\">\n<p align=\"center\">Do<\/p>\n<\/td>\n<td valign=\"top\" width=\"428\">Schifffahrt<\/td>\n<td valign=\"top\" width=\"109\">\n<p align=\"center\">2 h 42<\/p>\n<\/td>\n<td valign=\"top\" width=\"103\">\n<p align=\"center\">0<\/p>\n<\/td>\n<td valign=\"top\" width=\"128\">\n<p align=\"center\">0<\/p>\n<\/td>\n<td valign=\"top\" width=\"135\">\n<p align=\"center\">27.6 km<\/p>\n<\/td>\n<td valign=\"top\" width=\"87\">\n<p align=\"center\">0<\/p>\n<\/td>\n<td valign=\"top\" width=\"88\">\n<p align=\"center\">0<\/p>\n<\/td>\n<\/tr>\n<tr>\n<td valign=\"top\" width=\"70\">\n<p align=\"center\">31<\/p>\n<\/td>\n<td valign=\"top\" width=\"68\">\n<p align=\"center\">Fr<\/p>\n<\/td>\n<td valign=\"top\" width=\"428\">Besichtigung von Budva<\/td>\n<td valign=\"top\" width=\"109\">\n<p align=\"center\">&#8211;<\/p>\n<\/td>\n<td valign=\"top\" width=\"103\"><\/td>\n<td valign=\"top\" width=\"128\"><\/td>\n<td valign=\"top\" width=\"135\"><\/td>\n<td valign=\"top\" width=\"87\"><\/td>\n<td valign=\"top\" width=\"88\"><\/td>\n<\/tr>\n<tr>\n<td valign=\"top\" width=\"70\">\n<p align=\"center\">1<\/p>\n<\/td>\n<td valign=\"top\" width=\"68\">\n<p align=\"center\">Sa<\/p>\n<\/td>\n<td valign=\"top\" width=\"428\">R\u00fcckreise<\/td>\n<td valign=\"top\" width=\"109\">\n<p align=\"center\">&#8211;<\/p>\n<\/td>\n<td valign=\"top\" width=\"103\"><\/td>\n<td valign=\"top\" width=\"128\"><\/td>\n<td valign=\"top\" width=\"135\"><\/td>\n<td valign=\"top\" width=\"87\"><\/td>\n<td valign=\"top\" width=\"88\"><\/td>\n<\/tr>\n<\/tbody>\n<\/table>\n<p>&nbsp;<\/p>\n<\/div>\n<p>&nbsp;<\/p>\n<p>&nbsp;<\/p>\n<p>&nbsp;<\/p>\n","protected":false},"excerpt":{"rendered":"<p>Einf\u00fchrung und Zusammenfassung Die Wanderkreuzfahrt in Kroatien in 2011 war ein grosser Erfolg und einige Teilnehmer haben eine weitere Wanderkreuzfahrt gew\u00fcnscht. Ich hatte auch schon damals ein interessantes Schiff, das von Dubrovnik aus segelt, besichtigt. Die s\u00fcdlichsten Dalmatischen Inseln sind etwas klein zum Wandern, aber das Schiff f\u00e4hrt auch nach Montenegro in die ber\u00fchmte Bucht &hellip; <a href=\"https:\/\/www.adrianwood.ch\/?page_id=2618\" class=\"more-link\">Continue reading <span class=\"screen-reader-text\">Einf\u00fchrung<\/span> <span class=\"meta-nav\">&rarr;<\/span><\/a><\/p>\n","protected":false},"author":1,"featured_media":0,"parent":2612,"menu_order":2442,"comment_status":"closed","ping_status":"closed","template":"","meta":{"ngg_post_thumbnail":0,"footnotes":""},"class_list":["post-2618","page","type-page","status-publish","hentry"],"_links":{"self":[{"href":"https:\/\/www.adrianwood.ch\/index.php?rest_route=\/wp\/v2\/pages\/2618","targetHints":{"allow":["GET"]}}],"collection":[{"href":"https:\/\/www.adrianwood.ch\/index.php?rest_route=\/wp\/v2\/pages"}],"about":[{"href":"https:\/\/www.adrianwood.ch\/index.php?rest_route=\/wp\/v2\/types\/page"}],"author":[{"embeddable":true,"href":"https:\/\/www.adrianwood.ch\/index.php?rest_route=\/wp\/v2\/users\/1"}],"replies":[{"embeddable":true,"href":"https:\/\/www.adrianwood.ch\/index.php?rest_route=%2Fwp%2Fv2%2Fcomments&post=2618"}],"version-history":[{"count":0,"href":"https:\/\/www.adrianwood.ch\/index.php?rest_route=\/wp\/v2\/pages\/2618\/revisions"}],"up":[{"embeddable":true,"href":"https:\/\/www.adrianwood.ch\/index.php?rest_route=\/wp\/v2\/pages\/2612"}],"wp:attachment":[{"href":"https:\/\/www.adrianwood.ch\/index.php?rest_route=%2Fwp%2Fv2%2Fmedia&parent=2618"}],"curies":[{"name":"wp","href":"https:\/\/api.w.org\/{rel}","templated":true}]}}