{"id":26270,"date":"2024-06-14T11:53:59","date_gmt":"2024-06-14T11:53:59","guid":{"rendered":"https:\/\/www.adrianwood.ch\/?page_id=26270"},"modified":"2024-06-15T08:54:02","modified_gmt":"2024-06-15T08:54:02","slug":"05-25-vrakades","status":"publish","type":"page","link":"https:\/\/www.adrianwood.ch\/?page_id=26270","title":{"rendered":"05-25 Vrakades"},"content":{"rendered":"<div class=\"pmdi_content_wrapper\">\n<p class=\"Normal-P\" style=\"margin-bottom: 6pt; direction: ltr; unicode-bidi: normal;\"><span class=\"Normal-H\"><span style=\"font-family: Arial; font-weight: bold; font-size: 11pt;\">25. Mai 2024<\/span><span style=\"font-family: Arial; font-weight: bold; font-size: 11pt;\">, <\/span><span style=\"font-family: Arial; font-weight: bold; font-size: 11pt;\">von <\/span><span style=\"font-family: Arial; font-weight: bold; font-size: 11pt;\">Langada<\/span><span style=\"font-family: Arial; font-weight: bold; font-size: 11pt;\"> nach <\/span><span style=\"font-family: Arial; font-weight: bold; font-size: 11pt;\">Vrakades<\/span><span style=\"font-family: Arial; font-weight: bold; font-size: 11pt;\"> im Westen von <\/span><span style=\"font-family: Arial; font-weight: bold; font-size: 11pt;\">Ikaria<\/span><\/span><\/p>\n<p class=\"Normal-P\" style=\"margin-bottom: 6pt; direction: ltr; unicode-bidi: normal;\">\n<table class=\"TableGrid-T\" style=\"border-collapse: collapse;\" cellspacing=\"0\">\n<tbody>\n<tr class=\"-R\">\n<td class=\"-C\" style=\"width: 481.4pt; border: none windowtext 0pt;\" colspan=\"2\">\n<p class=\"Normal-P\" style=\"margin-bottom: 6pt; direction: ltr; unicode-bidi: normal;\"><span class=\"Normal-H\"><span style=\"font-family: Arial; font-size: 11pt;\">Heute erwartet uns eine beeindruckende H\u00f6henwanderung, bei blauem Himmel mit wenigen Wolken, an der Westk\u00fcste <\/span><span style=\"font-family: Arial; font-size: 11pt;\">Ikarias<\/span><span style=\"font-family: Arial; font-size: 11pt;\">.<\/span><\/span><\/p>\n<p class=\"Normal-P\" style=\"margin-bottom: 6pt; direction: ltr; unicode-bidi: normal;\"><span class=\"Normal-H\"><span style=\"font-family: Arial; font-size: 11pt;\">Um 9:30 Uhr holt uns das Car von <\/span><span style=\"font-family: Arial; font-size: 11pt;\">Armenistis<\/span><span style=\"font-family: Arial; font-size: 11pt;\"> ab und f\u00e4hrt uns \u00fcber eine uns inzwischen wohlbekannte <\/span><span style=\"font-family: Arial; font-size: 11pt;\">Strasse<\/span><span style=\"font-family: Arial; font-size: 11pt;\"> hinauf nach Christos <\/span><span style=\"font-family: Arial; font-size: 11pt;\">Raches<\/span><span style=\"font-family: Arial; font-size: 11pt;\">. Hier geht es weiter durch ein weites Hochtal, auf deren Fl\u00e4che die Einwohner von Christos ihr Gem\u00fcse, Obst und Wein anbauen. Gegen 10:00 Uhr sehen wir rechts den <\/span><span style=\"font-family: Arial; font-size: 11pt;\">Halaris<\/span><span style=\"font-family: Arial; font-size: 11pt;\">-Stausee. Er soll 1,3 Millionen Wasser enthalten, wie uns der Fahrer erkl\u00e4rt. Dahinter sehen wir drei Windr\u00e4der.<\/span><\/span><\/p>\n<\/td>\n<\/tr>\n<tr class=\"-R\">\n<td class=\"-C\" style=\"width: 241.8pt; border: none windowtext 0pt;\">\n<p class=\"Normal-P\" style=\"margin-bottom: 6pt; direction: ltr; unicode-bidi: normal;\"><span class=\"Normal-H\"><span style=\"font-family: Arial; font-size: 11pt;\"><img loading=\"lazy\" decoding=\"async\" class=\"\" src=\"https:\/\/www.adrianwood.ch\/wp-content\/uploads\/2024\/06\/1718366017_image1.jpeg\" width=\"352\" height=\"233\" data-link=\"\"><\/span><\/span><\/p>\n<\/td>\n<td class=\"-C\" style=\"width: 239.6pt; border: none windowtext 0pt;\">\n<p class=\"Normal-P\" style=\"margin-bottom: 6pt; direction: ltr; unicode-bidi: normal;\"><span class=\"Normal-H\"><span style=\"font-family: Arial; font-size: 11pt;\"><img loading=\"lazy\" decoding=\"async\" class=\"\" src=\"https:\/\/www.adrianwood.ch\/wp-content\/uploads\/2024\/06\/1718366017_image2.jpeg\" width=\"353\" height=\"234\" data-link=\"\"><\/span><\/span><\/p>\n<\/td>\n<\/tr>\n<tr class=\"-R\">\n<td class=\"-C\" style=\"width: 481.4pt; border: none windowtext 0pt;\" colspan=\"2\">\n<p class=\"Normal-P\" style=\"margin-bottom: 6pt; direction: ltr; unicode-bidi: normal;\"><span class=\"Normal-H\"><span style=\"font-family: Arial; font-size: 11pt;\">Die geteerte <\/span><span style=\"font-family: Arial; font-size: 11pt;\">Autostrasse<\/span><span style=\"font-family: Arial; font-size: 11pt;\"> verwandelt sich kurz danach in eine unbefestigte <\/span><span style=\"font-family: Arial; font-size: 11pt;\">Lehmstrasse<\/span><span style=\"font-family: Arial; font-size: 11pt;\">. Sie ist Basis ist f\u00fcr eine neu zu bauende <\/span><span style=\"font-family: Arial; font-size: 11pt;\">Autostrasse<\/span><span style=\"font-family: Arial; font-size: 11pt;\">. Der Fahrweg f\u00fchrt durch erodierte Felsformationen leicht bergaufw\u00e4rts. Die Personen auf der rechten Sitzplatzseite k\u00f6nnen von der Leitplanken-freien Lehmpiste direkt in einen Abgrund sehen (!)<\/span><\/span><\/p>\n<\/td>\n<\/tr>\n<tr class=\"-R\">\n<td class=\"-C\" style=\"width: 241.8pt; border: none windowtext 0pt;\">\n<p class=\"Normal-P\" style=\"margin-bottom: 6pt; direction: ltr; unicode-bidi: normal;\"><span class=\"Normal-H\"><span style=\"font-family: Arial; font-size: 11pt;\"><img loading=\"lazy\" decoding=\"async\" class=\"\" src=\"https:\/\/www.adrianwood.ch\/wp-content\/uploads\/2024\/06\/1718366017_image3.jpeg\" width=\"353\" height=\"235\" data-link=\"\"><\/span><\/span><\/p>\n<\/td>\n<td class=\"-C\" style=\"width: 239.6pt; border: none windowtext 0pt;\">\n<p class=\"Normal-P\" style=\"margin-bottom: 6pt; direction: ltr; unicode-bidi: normal;\"><span class=\"Normal-H\"><span style=\"font-family: Arial; font-size: 11pt;\"><img loading=\"lazy\" decoding=\"async\" class=\"\" src=\"https:\/\/www.adrianwood.ch\/wp-content\/uploads\/2024\/06\/1718366017_image4.jpeg\" width=\"353\" height=\"234\" data-link=\"\"><\/span><\/span><\/p>\n<\/td>\n<\/tr>\n<tr class=\"-R\">\n<td class=\"-C\" style=\"width: 481.4pt; border: none windowtext 0pt;\" colspan=\"2\">\n<p class=\"Normal-P\" style=\"margin-bottom: 6pt; direction: ltr; unicode-bidi: normal;\"><span class=\"Normal-H\"><span style=\"font-family: Arial; font-size: 11pt;\">Die Lehmpiste wird immer schmaler und holpriger. An einer Stelle, an der das Car noch zwischen Felswand und Abgrund umdrehen kann, l\u00e4sst uns der Fahrer <\/span><span style=\"font-family: Arial; font-size: 11pt;\">aussteigen.Es<\/span><span style=\"font-family: Arial; font-size: 11pt;\"> ist 10:30 Uhr und wir haben hier den ersten Blick nach unten auf <\/span><span style=\"font-family: Arial; font-size: 11pt;\">Langada<\/span><span style=\"font-family: Arial; font-size: 11pt;\">, das am \u00fcppig gr\u00fcnen Talhang fast verborgen liegt.<\/span><span style=\"font-family: Arial; font-size: 11pt;\"> Weiter geht es zu <\/span><span style=\"font-family: Arial; font-size: 11pt;\">Fuss<\/span><span style=\"font-family: Arial; font-size: 11pt;\"> durch einen Hain von Kermeseichen zur Kirche von <\/span><span style=\"font-family: Arial; font-size: 11pt;\">Langada<\/span><span style=\"font-family: Arial; font-size: 11pt;\">.<\/span><\/span><\/p>\n<\/td>\n<\/tr>\n<tr class=\"-R\">\n<td class=\"-C\" style=\"width: 241.8pt; border: none windowtext 0pt;\">\n<p class=\"Normal-P\" style=\"margin-bottom: 6pt; direction: ltr; unicode-bidi: normal;\"><span class=\"Normal-H\"><span style=\"font-family: Arial; font-size: 11pt;\"><img loading=\"lazy\" decoding=\"async\" class=\"\" src=\"https:\/\/www.adrianwood.ch\/wp-content\/uploads\/2024\/06\/1718366017_image5.jpeg\" width=\"353\" height=\"235\" data-link=\"\"><\/span><\/span><\/p>\n<\/td>\n<td class=\"-C\" style=\"width: 239.6pt; border: none windowtext 0pt;\">\n<p class=\"Normal-P\" style=\"margin-bottom: 6pt; direction: ltr; unicode-bidi: normal;\"><span class=\"Normal-H\"><span style=\"font-family: Arial; font-size: 11pt;\"><img loading=\"lazy\" decoding=\"async\" class=\"\" src=\"https:\/\/www.adrianwood.ch\/wp-content\/uploads\/2024\/06\/1718366017_image6.jpeg\" width=\"353\" height=\"234\" data-link=\"\"><\/span><\/span><\/p>\n<\/td>\n<\/tr>\n<tr class=\"-R\">\n<td class=\"-C\" style=\"width: 481.4pt; border: none windowtext 0pt;\" colspan=\"2\">\n<p class=\"Normal-P\" style=\"margin-bottom: 6pt; direction: ltr; unicode-bidi: normal;\"><span class=\"Normal-H\"><span style=\"font-family: Arial; font-size: 11pt;\">Vor Jahrhunderte<\/span><span style=\"font-family: Arial; font-size: 11pt;\"> haben sich die Bewohner in dieser vom Meer nicht einsehbaren Bergmulde in unauff\u00e4lligen Steinh\u00e4usern vor Piraten versteckt. <\/span><span style=\"font-family: Arial; font-size: 11pt;\">Langada<\/span><span style=\"font-family: Arial; font-size: 11pt;\"> wird deshalb auch als \u201eunsichtbarer Ort\u201c bezeichnet.<\/span><span style=\"font-family: Arial; font-size: 11pt;\"> Hier beginnt unsere 6.0 km lange H\u00f6henwanderung, die ohne <\/span><span style=\"font-family: Arial; font-size: 11pt;\">grosse<\/span><span style=\"font-family: Arial; font-size: 11pt;\"> H\u00f6henunterschiede auf einer H\u00f6he von etwa 740 m leicht abw\u00e4rts im Bergdorf <\/span><span style=\"font-family: Arial; font-size: 11pt;\">Vrakades<\/span><span style=\"font-family: Arial; font-size: 11pt;\"> endet.<\/span><\/span><\/p>\n<\/td>\n<\/tr>\n<tr class=\"-R\">\n<td class=\"-C\" style=\"width: 241.8pt; border: none windowtext 0pt;\">\n<p class=\"Normal-P\" style=\"margin-bottom: 6pt; direction: ltr; unicode-bidi: normal;\"><span class=\"Normal-H\"><span style=\"font-family: Arial; font-size: 11pt;\"><img loading=\"lazy\" decoding=\"async\" class=\"\" src=\"https:\/\/www.adrianwood.ch\/wp-content\/uploads\/2024\/06\/1718366017_image7.jpeg\" width=\"353\" height=\"235\" data-link=\"\"><\/span><\/span><\/p>\n<\/td>\n<td class=\"-C\" style=\"width: 239.6pt; border: none windowtext 0pt;\">\n<p class=\"Normal-P\" style=\"margin-bottom: 6pt; direction: ltr; unicode-bidi: normal;\"><span class=\"Normal-H\"><span style=\"font-family: Arial; font-size: 11pt;\"><img loading=\"lazy\" decoding=\"async\" class=\"\" src=\"https:\/\/www.adrianwood.ch\/wp-content\/uploads\/2024\/06\/1718366017_image8.jpeg\" width=\"353\" height=\"234\" data-link=\"\"><\/span><\/span><\/p>\n<\/td>\n<\/tr>\n<tr class=\"-R\">\n<td class=\"-C\" style=\"width: 481.4pt; border: none windowtext 0pt;\" colspan=\"2\">\n<p class=\"Normal-P\" style=\"margin-bottom: 6pt; direction: ltr; unicode-bidi: normal;\"><span class=\"Normal-H\"><span style=\"font-family: Arial; font-size: 11pt;\">Kurz nach Verlassen von <\/span><span style=\"font-family: Arial; font-size: 11pt;\">Langada<\/span><span style=\"font-family: Arial; font-size: 11pt;\">stossen<\/span><span style=\"font-family: Arial; font-size: 11pt;\"> wir, versteckt im Wald und Geb\u00fcsch, auf ein altes, uriges Steinhaus mit Schieferdach und Kaminen. Es ist das ehemalige Gemeindehaus aus dem 17. Jahrhundert. Nach ausgiebiger <\/span><span style=\"font-family: Arial; font-size: 11pt;\">Aussen<\/span><span style=\"font-family: Arial; font-size: 11pt;\">&#8211; und Innenbesichtigung geht es weiter, vorbei an Kermeseichen, stacheligen B\u00fcschen und <\/span><span style=\"font-family: Arial; font-size: 11pt;\">grossen<\/span><span style=\"font-family: Arial; font-size: 11pt;\"> Felsbrocken. Um 12:45 Uhr manchen wir eine Trinkpause und Christina liest uns einen Zeitungsartikel \u00fcber das schicksalhafte Leben von Miki Theodorakis vor, der in einem Steinhaus in <\/span><span style=\"font-family: Arial; font-size: 11pt;\">Vrakades<\/span><span style=\"font-family: Arial; font-size: 11pt;\"> lebte, als er auf <\/span><span style=\"font-family: Arial; font-size: 11pt;\">Ikaria<\/span><span style=\"font-family: Arial; font-size: 11pt;\"> verbannt war.<\/span><\/span><\/p>\n<\/td>\n<\/tr>\n<tr class=\"-R\">\n<td class=\"-C\" style=\"width: 241.8pt; border: none windowtext 0pt;\">\n<p class=\"Normal-P\" style=\"margin-bottom: 6pt; direction: ltr; unicode-bidi: normal;\"><span class=\"Normal-H\"><span style=\"font-family: Arial; font-size: 11pt;\"><img loading=\"lazy\" decoding=\"async\" class=\"\" src=\"https:\/\/www.adrianwood.ch\/wp-content\/uploads\/2024\/06\/1718366017_image9.jpeg\" width=\"353\" height=\"235\" data-link=\"\"><\/span><\/span><\/p>\n<\/td>\n<td class=\"-C\" style=\"width: 239.6pt; border: none windowtext 0pt;\">\n<p class=\"Normal-P\" style=\"margin-bottom: 6pt; direction: ltr; unicode-bidi: normal;\"><span class=\"Normal-H\"><span style=\"font-family: Arial; font-size: 11pt;\"><img loading=\"lazy\" decoding=\"async\" class=\"\" src=\"https:\/\/www.adrianwood.ch\/wp-content\/uploads\/2024\/06\/1718366017_image10.jpeg\" width=\"353\" height=\"234\" data-link=\"\"><\/span><\/span><\/p>\n<\/td>\n<\/tr>\n<tr class=\"-R\">\n<td class=\"-C\" style=\"width: 481.4pt; border: none windowtext 0pt;\" colspan=\"2\">\n<p class=\"Normal-P\" style=\"margin-bottom: 6pt; direction: ltr; unicode-bidi: normal;\"><span class=\"Normal-H\"><span style=\"font-family: Arial; font-size: 11pt;\">Wir befinden uns stets auf der linken Flanke des 956 m hohen Berges Krabi.<\/span><span style=\"font-family: Arial; font-size: 11pt;\">Der Wanderweg ist weitgehend mit <\/span><span style=\"font-family: Arial; font-size: 11pt;\">grossen<\/span><span style=\"font-family: Arial; font-size: 11pt;\"> Pflastersteinen und St\u00fctzmauern angelegt. Er f\u00fchrt mal durch ebene Kermeseichen-Haine, dann wieder durch felsige H\u00e4nge mit starkem Gef\u00e4lle. Der Blick auf das \u00c4g\u00e4ische Meer und die unverbaute K\u00fcstenregion ist beeindruckend. Oft werden wir von Nebelschwaden \u00fcberrascht, die vom Meer den Hang entlang nach oben ziehen.<\/span><\/span><\/p>\n<\/td>\n<\/tr>\n<tr class=\"-R\">\n<td class=\"-C\" style=\"width: 241.8pt; border: none windowtext 0pt;\">\n<p class=\"Normal-P\" style=\"margin-bottom: 6pt; direction: ltr; unicode-bidi: normal;\"><span class=\"Normal-H\"><span style=\"font-family: Arial; font-size: 11pt;\"><img loading=\"lazy\" decoding=\"async\" class=\"\" src=\"https:\/\/www.adrianwood.ch\/wp-content\/uploads\/2024\/06\/1718366017_image11.jpeg\" width=\"352\" height=\"246\" data-link=\"\"><\/span><\/span><\/p>\n<\/td>\n<td class=\"-C\" style=\"width: 239.6pt; border: none windowtext 0pt;\">\n<p class=\"Normal-P\" style=\"margin-bottom: 6pt; direction: ltr; unicode-bidi: normal;\"><span class=\"Normal-H\"><span style=\"font-size: 11pt;\"><img loading=\"lazy\" decoding=\"async\" class=\"\" src=\"https:\/\/www.adrianwood.ch\/wp-content\/uploads\/2024\/06\/1718366017_image12.jpeg\" width=\"353\" height=\"234\" data-link=\"\"><\/span><\/span><\/p>\n<\/td>\n<\/tr>\n<tr class=\"-R\">\n<td class=\"-C\" style=\"width: 481.4pt; border: none windowtext 0pt;\" colspan=\"2\">\n<p class=\"Normal-P\" style=\"margin-bottom: 6pt; direction: ltr; unicode-bidi: normal;\"><span class=\"Normal-H\"><span style=\"font-family: Arial; font-size: 11pt;\">Um 14:20 Uhr kommen wir in <\/span><span style=\"font-family: Arial; font-size: 11pt;\">Vrakades<\/span><span style=\"font-family: Arial; font-size: 11pt;\"> an. Wir erfrischen uns mit Getr\u00e4nken in der Taverne von Sophia. Um 15:00 Uhr holt uns das Car an der Taverne ab und bringt uns sicher nach 50-min\u00fctiger Fahrt in unser Hotel in <\/span><span style=\"font-family: Arial; font-size: 11pt;\">Armenistis<\/span><span style=\"font-family: Arial; font-size: 11pt;\">.<\/span><\/span><\/p>\n<p class=\"Normal-P\" style=\"margin-bottom: 6pt; direction: ltr; unicode-bidi: normal;\"><span class=\"Normal-H\"><span style=\"font-family: Arial; font-size: 11pt;\">Um 19:30 Uhr treffen wir uns wieder bei <\/span><span style=\"font-family: Arial; font-size: 11pt;\">Vasilli<\/span><span style=\"font-family: Arial; font-size: 11pt;\"> zum letzten gemeinsamen Abendessen auf <\/span><span style=\"font-family: Arial; font-size: 11pt;\">Ikaria<\/span><span style=\"font-family: Arial; font-size: 11pt;\">.<\/span><\/span><\/p>\n<p class=\"Normal-P\" style=\"margin-bottom: 6pt; direction: ltr; unicode-bidi: normal;\"><span class=\"Normal-H\"><span style=\"font-family: Arial; font-size: 11pt;\">Ingrid und Rainer<\/span><\/span><\/p>\n<\/td>\n<\/tr>\n<p><!-- [if !supportMisalignedColumns]--><\/tbody>\n<\/table>\n<\/div>\n","protected":false},"excerpt":{"rendered":"<p>25. Mai 2024, von Langada nach Vrakades im Westen von Ikaria Heute erwartet uns eine beeindruckende H\u00f6henwanderung, bei blauem Himmel mit wenigen Wolken, an der Westk\u00fcste Ikarias. Um 9:30 Uhr holt uns das Car von Armenistis ab und f\u00e4hrt uns \u00fcber eine uns inzwischen wohlbekannte Strasse hinauf nach Christos Raches. Hier geht es weiter durch &hellip; <a href=\"https:\/\/www.adrianwood.ch\/?page_id=26270\" class=\"more-link\">Continue reading <span class=\"screen-reader-text\">05-25 Vrakades<\/span> <span class=\"meta-nav\">&rarr;<\/span><\/a><\/p>\n","protected":false},"author":1,"featured_media":0,"parent":26090,"menu_order":2673,"comment_status":"closed","ping_status":"closed","template":"","meta":{"ngg_post_thumbnail":0,"footnotes":""},"class_list":["post-26270","page","type-page","status-publish","hentry"],"_links":{"self":[{"href":"https:\/\/www.adrianwood.ch\/index.php?rest_route=\/wp\/v2\/pages\/26270","targetHints":{"allow":["GET"]}}],"collection":[{"href":"https:\/\/www.adrianwood.ch\/index.php?rest_route=\/wp\/v2\/pages"}],"about":[{"href":"https:\/\/www.adrianwood.ch\/index.php?rest_route=\/wp\/v2\/types\/page"}],"author":[{"embeddable":true,"href":"https:\/\/www.adrianwood.ch\/index.php?rest_route=\/wp\/v2\/users\/1"}],"replies":[{"embeddable":true,"href":"https:\/\/www.adrianwood.ch\/index.php?rest_route=%2Fwp%2Fv2%2Fcomments&post=26270"}],"version-history":[{"count":3,"href":"https:\/\/www.adrianwood.ch\/index.php?rest_route=\/wp\/v2\/pages\/26270\/revisions"}],"predecessor-version":[{"id":26294,"href":"https:\/\/www.adrianwood.ch\/index.php?rest_route=\/wp\/v2\/pages\/26270\/revisions\/26294"}],"up":[{"embeddable":true,"href":"https:\/\/www.adrianwood.ch\/index.php?rest_route=\/wp\/v2\/pages\/26090"}],"wp:attachment":[{"href":"https:\/\/www.adrianwood.ch\/index.php?rest_route=%2Fwp%2Fv2%2Fmedia&parent=26270"}],"curies":[{"name":"wp","href":"https:\/\/api.w.org\/{rel}","templated":true}]}}