{"id":26982,"date":"2025-06-13T08:58:27","date_gmt":"2025-06-13T08:58:27","guid":{"rendered":"https:\/\/www.adrianwood.ch\/?page_id=26982"},"modified":"2025-06-13T09:00:20","modified_gmt":"2025-06-13T09:00:20","slug":"05-25-kruja","status":"publish","type":"page","link":"https:\/\/www.adrianwood.ch\/?page_id=26982","title":{"rendered":"05-25 Kruja"},"content":{"rendered":"<div class=\"pmdi_content_wrapper\">\n<p class=\"Normal-P\" style=\"margin-bottom: 6pt; direction: ltr; unicode-bidi: normal;\"><span class=\"Normal-H\"><span style=\"font-family: Arial; font-weight: bold; font-size: 12pt;\">2<\/span><span style=\"font-family: Arial; font-weight: bold; font-size: 12pt;\">5<\/span><span style=\"font-family: Arial; font-weight: bold; font-size: 12pt;\">.Mai, <\/span><span style=\"font-family: Arial; font-weight: bold;\">\u00dcber den <\/span><span style=\"font-family: Arial; font-weight: bold;\">Llogarapass<\/span><span style=\"font-family: Arial; font-weight: bold;\"> und Fahrt nach Kruja<\/span><\/span><\/p>\n<p class=\"Normal-P\" style=\"margin-bottom: 6pt; direction: ltr; unicode-bidi: normal;\">\n<table class=\"TableGrid-T\" style=\"border-collapse: collapse;\" cellspacing=\"0\">\n<tbody>\n<tr class=\"-R\">\n<td class=\"-C\" style=\"width: 481.4pt; border: none windowtext 0pt;\" colspan=\"2\">\n<p class=\"Normal-P\" style=\"margin-bottom: 6pt; direction: ltr; unicode-bidi: normal;\"><span class=\"Normal-H\"><span style=\"font-family: Arial; font-size: 12pt;\">Letzte Routine: Fr\u00fchst\u00fcck und Abfahrt um 9.00 Uhr. Der Himmel trauert ein wenig mit uns \u2013 es ist bedeckt und es regnet leicht.<\/span><\/span><\/p>\n<p class=\"Normal-P\" style=\"margin-bottom: 6pt; direction: ltr; unicode-bidi: normal;\"><span class=\"Normal-H\"><span style=\"font-family: Arial; font-size: 12pt;\">Unsere Fahrt geht heute die <\/span><span style=\"font-family: Arial; font-size: 12pt;\">Nationalstrasse<\/span><span style=\"font-family: Arial; font-size: 12pt;\"> 8 entlang nach Kruja zu unserer letzten \u00dcbernachtung. <\/span><\/span><\/p>\n<\/td>\n<\/tr>\n<tr class=\"-R\">\n<td class=\"-C\" style=\"width: 240.7pt; border: none windowtext 0pt;\">\n<p class=\"Normal-P\" style=\"margin-bottom: 6pt; direction: ltr; unicode-bidi: normal;\"><span class=\"Normal-H\"><span style=\"font-family: Arial; font-size: 12pt;\"><img decoding=\"async\" src=\"https:\/\/www.adrianwood.ch\/wp-content\/uploads\/2025\/06\/1749805080_image1.jpeg\" width=\"306.110971128609px \" height=\"204px \" data-link=\"\"><\/span><\/span><\/p>\n<\/td>\n<td class=\"-C\" style=\"width: 240.7pt; border: none windowtext 0pt;\">\n<p class=\"Normal-P\" style=\"margin-bottom: 6pt; direction: ltr; unicode-bidi: normal;\"><span class=\"Normal-H\"><span style=\"font-family: Arial; font-size: 12pt;\"><img decoding=\"async\" src=\"https:\/\/www.adrianwood.ch\/wp-content\/uploads\/2025\/06\/1749805080_image2.jpeg\" width=\"305.4px \" height=\"203.6px \" data-link=\"\"><\/span><\/span><\/p>\n<\/td>\n<\/tr>\n<tr class=\"-R\">\n<td class=\"-C\" style=\"width: 240.7pt; border: none windowtext 0pt;\">\n<p class=\"Normal-P\" style=\"margin-bottom: 6pt; direction: ltr; unicode-bidi: normal;\"><span class=\"Normal-H\"><span style=\"font-family: Arial; font-size: 12pt;\">Am <\/span><span style=\"font-family: Arial; font-size: 12pt;\">Caesarpass<\/span><\/span><\/p>\n<\/td>\n<td class=\"-C\" style=\"width: 240.7pt; border: none windowtext 0pt;\">\n<p class=\"Normal-P\" style=\"margin-bottom: 6pt; direction: ltr; unicode-bidi: normal;\"><span class=\"Normal-H\"><span style=\"font-family: Arial; font-size: 12pt;\">Blick von der Burgfestung \u00fcber Kruja<\/span><\/span><\/p>\n<\/td>\n<\/tr>\n<tr class=\"-R\">\n<td class=\"-C\" style=\"width: 481.4pt; border: none windowtext 0pt;\" colspan=\"2\">\n<p class=\"Normal-P\" style=\"margin-bottom: 6pt; direction: ltr; unicode-bidi: normal;\"><span class=\"Normal-H\"><span style=\"font-family: Arial; font-size: 12pt;\">Wir \u00fcberqueren den <\/span><span style=\"font-family: Arial; font-size: 12pt;\">Llogorapass<\/span><span style=\"font-family: Arial; font-size: 12pt;\"> mit 1027 m NN. Er ist Wasserscheide zwischen Adriatischem Meer im Norden und Ionischen Meer im S\u00fcden. Eigentlich der sch\u00f6nste Pass Albaniens mit spektakul\u00e4ren Ausblicken, aber das Wetter ist uns nicht geneigt. Auf dem Pass selbst kommt kalter Wind aus Norden und bringt uns Nebel. Trotzdem bricht der <\/span><span style=\"font-family: Arial; font-size: 12pt;\">Grossteil<\/span><span style=\"font-family: Arial; font-size: 12pt;\"> der Gruppe zur abgek\u00fcrzten ca. 1 \u00bd-st\u00fcndigen Wanderung mit 3,0 km und 150 hm zum <\/span><span style=\"font-family: Arial; font-size: 12pt;\">C\u00e4sarpass<\/span><span style=\"font-family: Arial; font-size: 12pt;\"> auf.<\/span><\/span><\/p>\n<\/td>\n<\/tr>\n<tr class=\"-R\">\n<td class=\"-C\" style=\"width: 240.7pt; border: none windowtext 0pt;\">\n<p class=\"Normal-P\" style=\"margin-bottom: 6pt; direction: ltr; unicode-bidi: normal;\"><span class=\"Normal-H\"><span style=\"font-family: Arial; font-size: 12pt;\"><img decoding=\"async\" src=\"https:\/\/www.adrianwood.ch\/wp-content\/uploads\/2025\/06\/1749805080_image3.jpeg\" width=\"307.500052493438px \" height=\"205px \" data-link=\"\"><\/span><\/span><\/p>\n<\/td>\n<td class=\"-C\" style=\"width: 240.7pt; border: none windowtext 0pt;\">\n<p class=\"Normal-P\" style=\"margin-bottom: 6pt; direction: ltr; unicode-bidi: normal;\"><span class=\"Normal-H\"><span style=\"font-family: Arial; font-size: 12pt;\"><img decoding=\"async\" src=\"https:\/\/www.adrianwood.ch\/wp-content\/uploads\/2025\/06\/1749805080_image4.jpeg\" width=\"306px \" height=\"204px \" data-link=\"\"><\/span><\/span><\/p>\n<\/td>\n<\/tr>\n<tr class=\"-R\">\n<td class=\"-C\" style=\"width: 481.4pt; border: none windowtext 0pt;\" colspan=\"2\">\n<p class=\"Normal-P\" style=\"margin-bottom: 6pt; direction: ltr; unicode-bidi: normal;\"><span class=\"Normal-H\"><span style=\"font-family: Arial; font-size: 12pt;\">Der Weg durch den feuchten Nationalpark ist nass und rutschig, und die Aussicht lohnt wegen des Nebels leider nicht.<\/span><\/span><\/p>\n<\/td>\n<\/tr>\n<tr class=\"-R\">\n<td class=\"-C\" style=\"width: 240.7pt; border: none windowtext 0pt;\">\n<p class=\"Normal-P\" style=\"margin-bottom: 6pt; direction: ltr; unicode-bidi: normal;\"><span class=\"Normal-H\"><span style=\"font-family: Arial; font-size: 12pt;\"><img decoding=\"async\" src=\"https:\/\/www.adrianwood.ch\/wp-content\/uploads\/2025\/06\/1749805080_image5.jpeg\" width=\"305.999895013123px \" height=\"204px \" data-link=\"\"><\/span><\/span><\/p>\n<\/td>\n<td class=\"-C\" style=\"width: 240.7pt; border: none windowtext 0pt;\">\n<p class=\"Normal-P\" style=\"margin-bottom: 6pt; direction: ltr; unicode-bidi: normal;\"><span class=\"Normal-H\"><span style=\"font-family: Arial; font-size: 12pt;\"><img decoding=\"async\" src=\"https:\/\/www.adrianwood.ch\/wp-content\/uploads\/2025\/06\/1749805080_image6.jpeg\" width=\"304.4px \" height=\"202.933333333333px \" data-link=\"\"><\/span><\/span><\/p>\n<\/td>\n<\/tr>\n<tr class=\"-R\">\n<td class=\"-C\" style=\"width: 481.4pt; border: none windowtext 0pt;\" colspan=\"2\">\n<p class=\"Normal-P\" style=\"margin-bottom: 6pt; direction: ltr; unicode-bidi: normal;\"><span class=\"Normal-H\"><span style=\"font-family: Arial; font-size: 12pt;\">Wir fahren weiter den Pass hinab, und auf Meeresh\u00f6he begleitet uns die Sonne wieder. Zur Mittagszeit passieren wir Vlora, und am Nachmittag erreichen wir Kruja und beziehen unser Hotel. Einheitlich von allen als das sch\u00f6nste Hotel auf der ganzen Tour bewertet.<\/span><\/span><\/p>\n<\/td>\n<\/tr>\n<tr class=\"-R\">\n<td class=\"-C\" style=\"width: 240.7pt; border: none windowtext 0pt;\">\n<p class=\"Normal-P\" style=\"margin-bottom: 6pt; direction: ltr; unicode-bidi: normal;\"><span class=\"Normal-H\"><span style=\"font-family: Arial; font-size: 12pt;\"><img decoding=\"async\" src=\"https:\/\/www.adrianwood.ch\/wp-content\/uploads\/2025\/06\/1749805080_image7.jpeg\" width=\"306px \" height=\"204px \" data-link=\"\"><\/span><\/span><\/p>\n<\/td>\n<td class=\"-C\" style=\"width: 240.7pt; border: none windowtext 0pt;\">\n<p class=\"Normal-P\" style=\"margin-bottom: 6pt; direction: ltr; unicode-bidi: normal;\"><span class=\"Normal-H\"><span style=\"font-family: Arial; font-size: 12pt;\"><img decoding=\"async\" src=\"https:\/\/www.adrianwood.ch\/wp-content\/uploads\/2025\/06\/1749805080_image8.jpeg\" width=\"306.4px \" height=\"204.266666666667px \" data-link=\"\"><\/span><\/span><\/p>\n<\/td>\n<\/tr>\n<tr class=\"-R\">\n<td class=\"-C\" style=\"width: 481.4pt; border: none windowtext 0pt;\" colspan=\"2\">\n<p class=\"Normal-P\" style=\"margin-bottom: 6pt; direction: ltr; unicode-bidi: normal;\"><span class=\"Normal-H\"><span style=\"font-family: Arial; font-size: 12pt;\">Unser Guide begleitet uns zu einem kurzen Stadtrundgang und gibt uns einen \u00dcberblick \u00fcber die historische Entwicklung und Bedeutung. Kruja ist die Stadt Skanderbegs, dem albanischen Nationalhelden, der<\/span><span style=\"font-family: Arial; font-size: 12pt;\"> dazu beigetragen hat, dass diese Region Albaniens sich Jahrzehnte gegen eine osmanische Invasion wehren konnte. <\/span><span style=\"font-family: Arial; font-size: 12pt;\">Die imposante Burganlage vor den Felsw\u00e4nden der Skanderbeg-Berge beeindruckt noch immer.<\/span><\/span><\/p>\n<\/td>\n<\/tr>\n<tr class=\"-R\">\n<td class=\"-C\" style=\"width: 240.7pt; border: none windowtext 0pt;\">\n<p class=\"Normal-P\" style=\"margin-bottom: 6pt; direction: ltr; unicode-bidi: normal;\"><span class=\"Normal-H\"><span style=\"font-family: Arial; font-size: 12pt;\"><img decoding=\"async\" src=\"https:\/\/www.adrianwood.ch\/wp-content\/uploads\/2025\/06\/1749805080_image9.jpeg\" width=\"303.8px \" height=\"202.533333333333px \" data-link=\"\"><\/span><\/span><\/p>\n<\/td>\n<td class=\"-C\" style=\"width: 240.7pt; border: none windowtext 0pt;\">\n<p class=\"Normal-P\" style=\"margin-bottom: 6pt; direction: ltr; unicode-bidi: normal;\"><span class=\"Normal-H\"><span style=\"font-family: Arial; font-size: 12pt;\"><img decoding=\"async\" src=\"https:\/\/www.adrianwood.ch\/wp-content\/uploads\/2025\/06\/1749805080_image10.jpeg\" width=\"307px \" height=\"204.666666666667px \" data-link=\"\"><\/span><\/span><\/p>\n<\/td>\n<\/tr>\n<tr class=\"-R\">\n<td class=\"-C\" style=\"width: 240.7pt; border: none windowtext 0pt;\">\n<p class=\"Normal-P\" style=\"margin-bottom: 6pt; direction: ltr; unicode-bidi: normal;\"><span class=\"Normal-H\"><span style=\"font-family: Arial; font-size: 12pt;\">\u00dcberall Skanderbeg<\/span><\/span><\/p>\n<\/td>\n<td class=\"-C\" style=\"width: 240.7pt; border: none windowtext 0pt;\">\n<p class=\"Normal-P\" style=\"margin-bottom: 6pt; direction: ltr; unicode-bidi: normal;\"><span class=\"Normal-H\"><span style=\"font-family: Arial; font-size: 12pt;\">In der <\/span><span style=\"font-family: Arial; font-size: 12pt;\">Basargasse<\/span><\/span><\/p>\n<\/td>\n<\/tr>\n<tr class=\"-R\">\n<td class=\"-C\" style=\"width: 481.4pt; border: none windowtext 0pt;\" colspan=\"2\">\n<p class=\"Normal-P\" style=\"margin-bottom: 6pt; direction: ltr; unicode-bidi: normal;\"><span class=\"Normal-H\"><span style=\"font-family: Arial; font-size: 12pt;\">Sehenswert<\/span><span style=\"font-family: Arial; font-size: 12pt;\"> ist die sch\u00f6ne Jahrhunderte alte Basargasse mit den kleinen L\u00e4den und Caf\u00e9s. Hier wurden noch schnell die letzten Eink\u00e4ufe get\u00e4tigt.<\/span><\/span><\/p>\n<\/td>\n<\/tr>\n<tr class=\"-R\">\n<td class=\"-C\" style=\"width: 240.7pt; border: none windowtext 0pt;\">\n<p class=\"Normal-P\" style=\"margin-bottom: 6pt; direction: ltr; unicode-bidi: normal;\"><span class=\"Normal-H\"><span style=\"font-family: Arial; font-size: 12pt;\"><img decoding=\"async\" src=\"https:\/\/www.adrianwood.ch\/wp-content\/uploads\/2025\/06\/1749805080_image11.jpeg\" width=\"307.4px \" height=\"204.933333333333px \" data-link=\"\"><\/span><\/span><\/p>\n<\/td>\n<td class=\"-C\" style=\"width: 240.7pt; border: none windowtext 0pt;\">\n<p class=\"Normal-P\" style=\"margin-bottom: 6pt; direction: ltr; unicode-bidi: normal;\"><span class=\"Normal-H\"><span style=\"font-family: Arial; font-size: 12pt;\"><img decoding=\"async\" src=\"https:\/\/www.adrianwood.ch\/wp-content\/uploads\/2025\/06\/1749805080_image12.jpeg\" width=\"306.4px \" height=\"204.266666666667px \" data-link=\"\"><\/span><\/span><\/p>\n<\/td>\n<\/tr>\n<tr class=\"-R\">\n<td class=\"-C\" style=\"width: 481.4pt; border: none windowtext 0pt;\" colspan=\"2\">\n<p class=\"Normal-P\" style=\"margin-bottom: 6pt; direction: ltr; unicode-bidi: normal;\"><span class=\"Normal-H\"><span style=\"font-family: Arial; font-size: 12pt;\">Unser letztes Abendessen in Albanien <\/span><span style=\"font-family: Arial; font-size: 12pt;\">geniessen<\/span><span style=\"font-family: Arial; font-size: 12pt;\"> wir im sch\u00f6nen Hotel Panorama mit ausgezeichnetem Essen und Service. Die Abfahrt f\u00fcr den n\u00e4chsten Morgen ist bereits auf 2.00 Uhr morgens angesetzt<\/span><span style=\"font-family: Arial; font-size: 12pt;\">.<\/span><\/span><\/p>\n<p class=\"Normal-P\" style=\"margin-bottom: 6pt; direction: ltr; unicode-bidi: normal;\"><span class=\"Normal-H\"><span style=\"font-family: Arial; font-size: 12pt;\">Brigitte W.<\/span><\/span><\/p>\n<\/td>\n<\/tr>\n<p><!-- [if !supportMisalignedColumns]--><\/tbody>\n<\/table>\n<\/div>\n","protected":false},"excerpt":{"rendered":"<p>25.Mai, \u00dcber den Llogarapass und Fahrt nach Kruja Letzte Routine: Fr\u00fchst\u00fcck und Abfahrt um 9.00 Uhr. Der Himmel trauert ein wenig mit uns \u2013 es ist bedeckt und es regnet leicht. Unsere Fahrt geht heute die Nationalstrasse 8 entlang nach Kruja zu unserer letzten \u00dcbernachtung. Am Caesarpass Blick von der Burgfestung \u00fcber Kruja Wir \u00fcberqueren &hellip; <a href=\"https:\/\/www.adrianwood.ch\/?page_id=26982\" class=\"more-link\">Continue reading <span class=\"screen-reader-text\">05-25 Kruja<\/span> <span class=\"meta-nav\">&rarr;<\/span><\/a><\/p>\n","protected":false},"author":1,"featured_media":0,"parent":26838,"menu_order":2695,"comment_status":"closed","ping_status":"closed","template":"","meta":{"ngg_post_thumbnail":0,"footnotes":""},"class_list":["post-26982","page","type-page","status-publish","hentry"],"_links":{"self":[{"href":"https:\/\/www.adrianwood.ch\/index.php?rest_route=\/wp\/v2\/pages\/26982","targetHints":{"allow":["GET"]}}],"collection":[{"href":"https:\/\/www.adrianwood.ch\/index.php?rest_route=\/wp\/v2\/pages"}],"about":[{"href":"https:\/\/www.adrianwood.ch\/index.php?rest_route=\/wp\/v2\/types\/page"}],"author":[{"embeddable":true,"href":"https:\/\/www.adrianwood.ch\/index.php?rest_route=\/wp\/v2\/users\/1"}],"replies":[{"embeddable":true,"href":"https:\/\/www.adrianwood.ch\/index.php?rest_route=%2Fwp%2Fv2%2Fcomments&post=26982"}],"version-history":[{"count":3,"href":"https:\/\/www.adrianwood.ch\/index.php?rest_route=\/wp\/v2\/pages\/26982\/revisions"}],"predecessor-version":[{"id":26996,"href":"https:\/\/www.adrianwood.ch\/index.php?rest_route=\/wp\/v2\/pages\/26982\/revisions\/26996"}],"up":[{"embeddable":true,"href":"https:\/\/www.adrianwood.ch\/index.php?rest_route=\/wp\/v2\/pages\/26838"}],"wp:attachment":[{"href":"https:\/\/www.adrianwood.ch\/index.php?rest_route=%2Fwp%2Fv2%2Fmedia&parent=26982"}],"curies":[{"name":"wp","href":"https:\/\/api.w.org\/{rel}","templated":true}]}}