{"id":3087,"date":"2014-08-16T13:56:38","date_gmt":"2014-08-16T12:56:38","guid":{"rendered":"http:\/\/adrianwood.ch\/?page_id=3087"},"modified":"2014-08-16T13:56:38","modified_gmt":"2014-08-16T12:56:38","slug":"einfuhrung","status":"publish","type":"page","link":"https:\/\/www.adrianwood.ch\/?page_id=3087","title":{"rendered":"Einf\u00fchrung"},"content":{"rendered":"<p style=\"text-align: justify;\">Es war der Zwanzigste mal! So lange habe ich die Wanderferien jedes Jahr im Fr\u00fchling durchf\u00fchrt. Wir waren schon an vielen Orte im Mittelmeerraum, den Britischen Inseln, einmal auf den Kanarischen Inseln und einmal sogar im Nepal. W\u00e4hrend dieser langen Zeit hat es nat\u00fcrlich eine st\u00e4ndig wechselnde Kundschaft gegeben, aber auch Freunde, die \u00fcber Jahre oder gar Jahrzehnte treu geblieben sind und immer wieder dabei waren. Das hat mich nat\u00fcrlich gefreut, aber auch, dass jedesmal einige neue Leute sich angemeldet haben. Im Durchschnitt hat es 28 Teilnehmer gehabt. Ein grosse Gruppe und ein Beweiss, dass meine Wanderungen ein grosse Beliebtheit bekommen haben. Ich hatte viel Spass auch bei der Vorbereitung der Reisen, weil ich jedes Jahr ein neues Land oder Region kennenlernte. Bis vor drei Jahren habe ich die Wanderungen auch selber geleitet, obwohl ich manchmal ein lokales Reiseb\u00fcro bei der Reservation der Unterk\u00fcnfte oder des Transports engagiert habe.<br \/>\n<img decoding=\"async\" class=\"ngg-singlepic ngg-left\" src=\"http:\/\/adrianwood.ch\/wp-content\/gallery\/teneriffa01\/image001_r225.jpg\" alt=\"image001_r225\" \/><img decoding=\"async\" class=\"ngg-singlepic ngg-left\" src=\"http:\/\/adrianwood.ch\/wp-content\/gallery\/teneriffa01\/image003_r225.jpg\" alt=\"image003_r225\" \/><img decoding=\"async\" class=\"ngg-singlepic ngg-left\" src=\"http:\/\/adrianwood.ch\/wp-content\/gallery\/teneriffa01\/image005_r225.jpg\" alt=\"image005_r225\" \/>Wo sollte es aber f\u00fcr diese Jubilaeumsreise hingehen? Ich hatte urspr\u00fcnglich an einen zweiten Besuch von Irland gedacht. Unsere Reise letztes Jahr im Mittelraum war aber wider Erwarten eine ziemlich feuchte Angelegenheit und ich wollte nicht eine Wiederholung solcher Wetterverh\u00e4ltnisse riskieren. Ein sicher sonniger Ort? Ja, ein zweiter Besuch der Kanarischen Inseln \u2013 nach La Palma bietet sich Teneriffa sehr gut als Wanderinsel an. Ein Blick in den F\u00fchrer zeigt, dass manche Wanderungen gut aus geschildert sind, aber ich bin auf den Namen eines lokalen Wanderreiseb\u00fcros gestossen \u2013 der Wanderstab. Die ersten e-Mail Kontakte mit der zust\u00e4ndigen Dame, Marion, waren vielversprechend und die Reise konnte grossenteils aus der Ferne organisiert werden. Ich gehe aber immer ein Jahr vorher zum Zielort, um alles kennenzulernen und reiste im November 2013 nach Puero de la Cruz. Eine Woche reichte nicht, um jedes Gebiet anzuschauen aber ich hatte Vertrauen, dass Marion alles gut und mit deutscher Gr\u00fcndlichkeit organisieren w\u00fcrde. Wir hatten doch Gelegenheit ein paar sch\u00f6ne Wanderungen miteinander zu machen, vor allem den Kletterweg auf dem Guajara, der leider sp\u00e4ter wegen Steinschlaggefahr geschlossen wurde.<\/p>\n<p style=\"text-align: justify;\"><img decoding=\"async\" class=\"ngg-singlepic ngg-left\" src=\"http:\/\/adrianwood.ch\/wp-content\/gallery\/teneriffa01\/image007_r225.jpg\" alt=\"image007_r225\" \/><img decoding=\"async\" class=\"ngg-singlepic ngg-left\" src=\"http:\/\/adrianwood.ch\/wp-content\/gallery\/teneriffa01\/image009_r225.jpg\" alt=\"Digital StillCamera\" \/><img decoding=\"async\" class=\"ngg-singlepic ngg-left\" src=\"http:\/\/adrianwood.ch\/wp-content\/gallery\/teneriffa01\/image011_r225.jpg\" alt=\"image011_r225\" \/>Der Gruppenreise ging schon gegen Ende April los, etwas fr\u00fcher als gew\u00f6hnlich wegen der mehr s\u00fcdlichen Lage. Bei unserer Ankunft in Teneriffa wurden wir mit einem strahlendblauen Himmel begr\u00fcsst und es blieb so die ganze Zeit, ausser wenn die Passatwolken auf die Nordseite der Insel stiessen. Marion wusste dann aber wohin man fahren musste um wieder in die Sonne zu kommen.<\/p>\n<p style=\"text-align: justify;\"><img decoding=\"async\" class=\"ngg-singlepic ngg-left\" src=\"http:\/\/adrianwood.ch\/wp-content\/gallery\/teneriffa01\/image013_r225.jpg\" alt=\"image013_r225\" \/><img decoding=\"async\" class=\"ngg-singlepic ngg-left\" src=\"http:\/\/adrianwood.ch\/wp-content\/gallery\/teneriffa01\/image015_r225.jpg\" alt=\"image015_r225\" \/><img decoding=\"async\" class=\"ngg-singlepic ngg-left\" src=\"http:\/\/adrianwood.ch\/wp-content\/gallery\/teneriffa01\/image017_r225.jpg\" alt=\"image017_r225\" \/>Unsere erste Unterkunft war eine herrliche Hotelanlage in der N\u00e4he von Vilaflor auf 1400 Meter, dem h\u00f6chst gelegenen Dorf aller kanarischen Inseln. Der Hotelgarten war voll mit bl\u00fchenden Taginasten, eine imposante meterhohe endemische Planze mit bis 30,000 Bl\u00fcten auf einem einzigen Stengel! Die Wanderungen von dort aus zeigten uns die Landschaften in verschieden H\u00f6henlagen auf der S\u00fcdseite des Teide Massivs bis auf dem h\u00f6chsten Punkt des Calderarands, dem Guajara 2700m. Es gab immer wieder sch\u00f6ne Aussichten auf die S\u00fcdk\u00fcste und bis Grand Canaria.<br \/>\nNach drei Tagen fuhren wir durch das neuste Lavagebiet des Teide und hinunter nach Nordosten, um das Teno Gebirge kennenzulernen. Hier trifft man wegen der h\u00f6heren Feuchtigkeit auf eine ganz andere Landschaft und Vegetation. In dem lebhaften Ferienort Puerto de la Cruz an der Nordk\u00fcste bezogen wir unsere Unterkunft f\u00fcr die n\u00e4chsten sechs Tage. Die Zimmer in dem traditionsreichen Hotel Monopol waren nicht so sch\u00f6n wie an am vorherigen Orte, aber daf\u00fcr war es ganz zentral in der Altstadt gelegen und es gab ein reiche Auswahl an Restaurants in der N\u00e4he. Auch hier wusste unsere F\u00fchrerin bestens Bescheid.<\/p>\n<p style=\"text-align: justify;\"><img decoding=\"async\" class=\"ngg-singlepic ngg-left\" src=\"http:\/\/adrianwood.ch\/wp-content\/gallery\/teneriffa01\/image019_r225.jpg\" alt=\"image019_r225\" \/><img decoding=\"async\" class=\"ngg-singlepic ngg-left\" src=\"http:\/\/adrianwood.ch\/wp-content\/gallery\/teneriffa01\/image021_r225.jpg\" alt=\"image021_r225\" \/><img decoding=\"async\" class=\"ngg-singlepic ngg-left\" src=\"http:\/\/adrianwood.ch\/wp-content\/gallery\/teneriffa01\/image023_r225.jpg\" alt=\"image023_r225\" \/>Puerto ist ein zentraler Ausgangspukt f\u00fcr viele Wanderungen auf der Nordseite Teneriffas, wie in das nahegelegene Oratavatal und in das Lavagebiet s\u00fcdlich von der fr\u00fcheren Hafenstadt Garachico. Die zwei grossen H\u00f6hepunkte bildeten die ber\u00fchmte Masca Schlucht und der Teide, mit seinen 3711 Metern der h\u00f6chste Berg Spaniens. W\u00e4hrend alle den anspruchsvollen Abstieg in der Masca Schlucht problemlos bew\u00e4ltigten, hat die H\u00e4lfte der Gruppe auf den langen Abstieg vom Teide verzichtet. Wir sind alle mit der Seilbahn auf 3500m gefahren, von wo aus wir nach vorheriger Anmeldung auf den Gipfel steigen durften. J\u00f6rg, der Partner von Marion, hat uns die Aussicht und die vulkanischen Formationen ausf\u00fchrlich erkl\u00e4rt. Der Abstieg erfolgte \u00fcber den Pico Viejo mit seinem viel gr\u00f6sseren Krater.<\/p>\n<p style=\"text-align: justify;\"><img decoding=\"async\" class=\"ngg-singlepic ngg-left\" src=\"http:\/\/adrianwood.ch\/wp-content\/gallery\/teneriffa01\/image025_r225.jpg\" alt=\"image025_r225\" \/><img decoding=\"async\" class=\"ngg-singlepic ngg-left\" src=\"http:\/\/adrianwood.ch\/wp-content\/gallery\/teneriffa01\/image027_r225.jpg\" alt=\"image027_r225\" \/><img decoding=\"async\" class=\"ngg-singlepic ngg-left\" src=\"http:\/\/adrianwood.ch\/wp-content\/gallery\/teneriffa01\/image029_r225.jpg\" alt=\"image029_r225\" \/>Punta del Hildalgo am Rande der Anagagebirge war der letzte Stutzpunkt f\u00fcr unsere Wanderungen. Dort haben wir im luxuriouse Hotel und Spa Oceano, wovon alle begeistert waren. Der Nachteil diese Ort ist leider, dass Wolken ofters an die Berge h\u00e4ngen. Zweimal sind wir auf den S\u00fcdseite ausgewichen und k\u00f6nnten eindr\u00fccklichen Wanderungen doch in der Sonne geniessen. Am letztem Tag sind wir unter den Wolken geblieben auf eine Wanderung entlang der wilde und imposante Nordk\u00fcste. In ein sehr abgelegen Dorf haben wir den letzten tolle Mahlzeit zusammen mit Marion genossen und uns von ihr und unsere zuverl\u00e4ssigen Fahrer verabschiedet.<\/p>\n<p style=\"text-align: justify;\"><img decoding=\"async\" class=\"ngg-singlepic ngg-left\" src=\"http:\/\/adrianwood.ch\/wp-content\/gallery\/teneriffa01\/image031_r225.jpg\" alt=\"image031_r225\" \/><img decoding=\"async\" class=\"ngg-singlepic ngg-left\" src=\"http:\/\/adrianwood.ch\/wp-content\/gallery\/teneriffa01\/image033_r225.jpg\" alt=\"image033_r225\" \/><img decoding=\"async\" class=\"ngg-singlepic ngg-left\" src=\"http:\/\/adrianwood.ch\/wp-content\/gallery\/teneriffa01\/image035_r225.jpg\" alt=\"image035_r225\" \/>Ich glaube ich kann sagen, dass die zwanstigsten Wanderferien sehr gut verlaufen sind und von allen genossen wurden. Leider gab es zwei Verletzungs\/Krankheits-bedingte Ausf\u00e4lle, die aber nichts mit den Wanderungen zu tun hatten. Kultur gab es wenig, ausser die Erkundung der Altst\u00e4dte Puertos und La Lagunas von einen Teil der Gruppe. Hier und da sahen wir Resten von den Behausungen der Ureinwohner, den Guanchen, aber es ist nicht viel davon geblieben.<br \/>\n<img decoding=\"async\" class=\"ngg-singlepic ngg-left alignright\" src=\"http:\/\/adrianwood.ch\/wp-content\/gallery\/teneriffa01\/image037_r225.jpg\" alt=\"image037_r225\" \/>Es stellt sich die Frage wegen dem n\u00e4chsten Jahr &#8211; wie, wo und ob es weiter geht. Weil alles wieder so reibungslos von sich ging, ermuntert es mich doch weiterzumachen. Ich geniesse es sehr, jedes Jahr mit Euch unterwegs zu sein und nach den Teilnehmerzahlen zu beurteilen, muss es bei Euch auch so sein. Warten wir es ab. Ich w\u00fcnsche Euch ein sch\u00f6nes Jahr und vor allem gute Gesundheit.<br \/>\nAdrian<\/p>\n<p>&nbsp;<\/p>\n","protected":false},"excerpt":{"rendered":"<p>Es war der Zwanzigste mal! So lange habe ich die Wanderferien jedes Jahr im Fr\u00fchling durchf\u00fchrt. Wir waren schon an vielen Orte im Mittelmeerraum, den Britischen Inseln, einmal auf den Kanarischen Inseln und einmal sogar im Nepal. W\u00e4hrend dieser langen Zeit hat es nat\u00fcrlich eine st\u00e4ndig wechselnde Kundschaft gegeben, aber auch Freunde, die \u00fcber Jahre &hellip; <a href=\"https:\/\/www.adrianwood.ch\/?page_id=3087\" class=\"more-link\">Continue reading <span class=\"screen-reader-text\">Einf\u00fchrung<\/span> <span class=\"meta-nav\">&rarr;<\/span><\/a><\/p>\n","protected":false},"author":1,"featured_media":0,"parent":3070,"menu_order":2472,"comment_status":"closed","ping_status":"closed","template":"","meta":{"ngg_post_thumbnail":0,"footnotes":""},"class_list":["post-3087","page","type-page","status-publish","hentry"],"_links":{"self":[{"href":"https:\/\/www.adrianwood.ch\/index.php?rest_route=\/wp\/v2\/pages\/3087","targetHints":{"allow":["GET"]}}],"collection":[{"href":"https:\/\/www.adrianwood.ch\/index.php?rest_route=\/wp\/v2\/pages"}],"about":[{"href":"https:\/\/www.adrianwood.ch\/index.php?rest_route=\/wp\/v2\/types\/page"}],"author":[{"embeddable":true,"href":"https:\/\/www.adrianwood.ch\/index.php?rest_route=\/wp\/v2\/users\/1"}],"replies":[{"embeddable":true,"href":"https:\/\/www.adrianwood.ch\/index.php?rest_route=%2Fwp%2Fv2%2Fcomments&post=3087"}],"version-history":[{"count":0,"href":"https:\/\/www.adrianwood.ch\/index.php?rest_route=\/wp\/v2\/pages\/3087\/revisions"}],"up":[{"embeddable":true,"href":"https:\/\/www.adrianwood.ch\/index.php?rest_route=\/wp\/v2\/pages\/3070"}],"wp:attachment":[{"href":"https:\/\/www.adrianwood.ch\/index.php?rest_route=%2Fwp%2Fv2%2Fmedia&parent=3087"}],"curies":[{"name":"wp","href":"https:\/\/api.w.org\/{rel}","templated":true}]}}