{"id":3184,"date":"2014-08-18T14:46:45","date_gmt":"2014-08-18T13:46:45","guid":{"rendered":"http:\/\/adrianwood.ch\/?page_id=3184"},"modified":"2014-08-18T14:46:45","modified_gmt":"2014-08-18T13:46:45","slug":"05-03-pico-del-teide","status":"publish","type":"page","link":"https:\/\/www.adrianwood.ch\/?page_id=3184","title":{"rendered":"05-03 Pico del Teide"},"content":{"rendered":"<h2>Samstag, 3. Mai, Pico Teide I, Telef\u00e9rico del Teide &#8211; Pico del Teide &#8211; Pico Veijo &#8211; Parador<\/h2>\n<p style=\"text-align: justify;\"><img decoding=\"async\" class=\"ngg-singlepic ngg-left\" src=\"http:\/\/adrianwood.ch\/wp-content\/gallery\/teneriffa11\/image001_r3.jpg\" alt=\"image001_r3\" \/><img decoding=\"async\" class=\"ngg-singlepic ngg-left\" src=\"http:\/\/adrianwood.ch\/wp-content\/gallery\/teneriffa11\/image002_r3.jpg\" alt=\"image002_r3\" \/>P\u00fcnktlich um 09:00 Uhr chauffierte uns Jonathan via das St\u00e4dtchen La Orotava Richtung Talstation der Telef\u00e9rico del Teide. Jonathan ist ein Meister des sanften Fahrens. Die Strecke ist vergleichbar mit unseren Passtrassen, nur etwas schmaler. Durch Kiefernw\u00e4lder ging die Fahrt stetig bergauf und auch vorbei an der ber\u00fchmten Steinrosette, die wir auf der R\u00fcckfahrt noch bewundern und fotografieren durften. Um 10:25 Uhr erreichten wir die Talstation, welche auf 2356m liegt. Der Parque Nacional del Teide bietet Wanderer Hochgebirge und Vulkanw\u00fcsten. Bei idealen Wetterbedingungen musste J\u00f6rg ermitteln wer beide Wege mit der Seilbahn, respektive den Abstieg zu Fuss machen wollte. Nach diversen Missverst\u00e4ndnissen und Korrekturen (siehe auch Bericht Ji\u0159\u00ed), konnten wir um 11:00 Uhr die Seilbahn besteigen und los ging unsere Grand Tour. Die Bahn brauchte ca. 10 Minuten um uns auf 3555m zu hieven.<br \/>\n<img decoding=\"async\" class=\"ngg-singlepic ngg-left\" src=\"http:\/\/adrianwood.ch\/wp-content\/gallery\/teneriffa11\/image003_r7.jpg\" alt=\"image003_r7\" \/><img decoding=\"async\" class=\"ngg-singlepic ngg-left\" src=\"http:\/\/adrianwood.ch\/wp-content\/gallery\/teneriffa11\/image004_r3.jpg\" alt=\"image004_r3\" \/>Da t\u00e4glich lediglich einige Hundert Leute auf den Pico d\u00fcrfen muss eine Bewilligung fr\u00fch genug beantragt werden. Bei der Anfrage f\u00fcr die Bewilligung musste J\u00f6rg etwas schummeln und best\u00e4tigen, dass er alle Teilnehmer kennt. Zudem Jeder bergm\u00e4ssig ausger\u00fcstet und f\u00e4hig ist den Pico zu besteigen. Zus\u00e4tzlich wird ein Zeitfenster definiert, denn der Platz auf dem Gipfel ist relativ klein und es k\u00f6nnen h\u00f6chstens 40-50 Leute die Aussicht geniessen. Um den Aufstieg in Angriff zu nehmen, erfolgte zuerst eine genaue Kontrolle mit Pr\u00fcfung der Identit\u00e4tskarte. Erst jetzt d\u00fcrfen die letzten 163m Aufstieg begonnen werden. Um 11:15 Uhr konnte das Abenteuer los gehen. Der Weg ist perfekt angelegt und f\u00fchrte durch Basaltgestein Richtung Pico. Ab und zu stinkte es nach einer alt vertrauten Umgebung, n\u00e4mlich dem Labor. Es tritt an gewissen Stellen Schwefelwasserstoff aus und dieses stinkt nach faulen Eiern. An anderen Punkten tritt heisser Wasserdampf aus und da ist Vorsicht geboten, denn Brandblasen k\u00f6nnen beim Abstieg hinderlich sein.<br \/>\n<img decoding=\"async\" class=\"ngg-singlepic ngg-left\" src=\"http:\/\/adrianwood.ch\/wp-content\/gallery\/teneriffa11\/image005_r7.jpg\" alt=\"image005_r7\" \/><img decoding=\"async\" class=\"ngg-singlepic ngg-left\" src=\"http:\/\/adrianwood.ch\/wp-content\/gallery\/teneriffa11\/image006_r3.jpg\" alt=\"image006_r3\" \/>Nach 20 Minuten erreichte ich den Gipfel und konnte ein herrliches Panorama geniessen. Angeblich sollten vom Teide aus die restlichen 6 Kanareninseln zu sehen sein, was laut J\u00f6rg geographisch nicht m\u00f6glich ist. Gran Canaria, La Palma, La Comera und El Hierro konnten wir sehen, Fuerteventura und Lanzarote hingegen sind nicht zu sehen. Um 12:00 Uhr hatten alle den Aufstieg geschafft und da kann ich nur sagen Chapeau. Der Sauerstoffgehalt ist auf 3718m H\u00f6he schon niedriger und die Atmung geht etwas schwerer. Aber wie man sieht, k\u00f6nnen Gl\u00fcckshormone praktisch alles kompensieren.<br \/>\nNachtr\u00e4glich nochmals herzliche Gratulation unserem Teamsenior (Insider kennen ihn). Nach Gipfelk\u00fcsschen etwas Verpflegung und minutenlangem Ah\u2019s und Oh\u2019s sind wir auf dem gleichen Weg zur Seilbahn abgestiegen. Um 12.30 Uhr erreichten wir diese und jetzt wurde in 2 Gruppen aufgeteilt. Diejenigen die mit J\u00f6rg den Abstieg zu Fuss machen wollten gingen voraus und die Seilbahnbenutzer gingen mit Marion bis zum Aussichtspunkt auf den Pico Viejo.<br \/>\n<img decoding=\"async\" class=\"ngg-singlepic ngg-left\" src=\"http:\/\/adrianwood.ch\/wp-content\/gallery\/teneriffa11\/image007_r3.jpg\" alt=\"image007_r3\" \/><img decoding=\"async\" class=\"ngg-singlepic ngg-left\" src=\"http:\/\/adrianwood.ch\/wp-content\/gallery\/teneriffa11\/image008_r3.jpg\" alt=\"image008_r3\" \/>Ab hier sagte die Gruppe von J\u00f6rg adios und ab ging die Post Richtung Krater des Pico Viejo (3135m). \u00dcber Basaltlavastr\u00f6me, vorbei an Lavabomben und durch Bimssteinfelder mussten wir noch einen kurzen Aufstieg bew\u00e4ltigen um in den Krater des Viejo zu schauen. Laut Wikipedia betr\u00e4gt der Durchmesser 800m und die Tiefe bis 250m.<br \/>\n<img decoding=\"async\" class=\"ngg-singlepic ngg-left\" src=\"http:\/\/adrianwood.ch\/wp-content\/gallery\/teneriffa11\/image009_r3.jpg\" alt=\"image009_r3\" \/><img decoding=\"async\" class=\"ngg-singlepic ngg-left\" src=\"http:\/\/adrianwood.ch\/wp-content\/gallery\/teneriffa11\/image010_r3.jpg\" alt=\"image010_r3\" \/><img decoding=\"async\" class=\"ngg-singlepic ngg-left\" src=\"http:\/\/adrianwood.ch\/wp-content\/gallery\/teneriffa11\/image011_r3.jpg\" alt=\"image011_r3\" \/>Der Kraterrand ist noch vollst\u00e4ndig erhalten, was bei alten Kratern (letzter Ausbruch vor \u00fcber 100000 Jahren) scheinbar nicht allzu oft vorkommt. Weiter durch die Lavaw\u00fcsten ging der Abstieg von statten, wobei ab 3000m wieder etwas Vegetation vorhanden war. Schon von weiten konnten die herrlichen Roques de Garcia gesehen werden und sogar unser Reisebus. Nur der Abstieg dauerte immer noch gute 2 Stunden. Etwa 40 Minuten oberhalb unseres Zieles durfte eine Vorhut selbst\u00e4ndig weiter absteigen mit dem Hinweis auf der Route 3, die Roques de Garcia weiter zu gehen.<br \/>\n<img decoding=\"async\" class=\"ngg-singlepic ngg-left\" src=\"http:\/\/adrianwood.ch\/wp-content\/gallery\/teneriffa11\/image012_r7.jpg\" alt=\"image012_r7\" \/>J\u00f6rg machte den Schluss der \u201eAbsteiger\u201c und trieb die Leute mit der Peitsche den Steilhang hinunter. Diese Steinmassive sind schon eindr\u00fccklich und zeigen bei der Umrundung von jeder Seite ein anderes Gebilde. Hier noch ein Hinweis aus Wikipedia. Haupts\u00e4chlich werden die Roques de Garc\u00eda von pyroklastischen Sedimenten und Laven wie auch von klastischen Sedimenten wie Brekzien, Sandstein und Konglomeraten gebildet. Um 17:50 Uhr erreichten wir das Ziel Parador und wurden im Restaurant mit einem k\u00fchlen und erfrischenden Bier empfangen. Herzlichen Dank an die Spenderin Brigitte D..<br \/>\n<img decoding=\"async\" class=\"ngg-singlepic ngg-left\" src=\"http:\/\/adrianwood.ch\/wp-content\/gallery\/teneriffa11\/image013_r3.jpg\" alt=\"image013_r3\" \/><img decoding=\"async\" class=\"ngg-singlepic ngg-left\" src=\"http:\/\/adrianwood.ch\/wp-content\/gallery\/teneriffa11\/image014_r3.jpg\" alt=\"image014_r3\" \/>Nach und nach trafen in kleinen Gruppen die restlichen tapferen Mitstreiter ein. Diese wurden nicht nur mit Bier, sondern auch mit einem bewundernden Applaus begr\u00fcsst. Mit J\u00f6rg zusammen waren die \u201eAlpinisten\u201c fast 1700m abgestiegen Um 18:40 Uhr wurde zur R\u00fcckfahrt gestartet. Vom Parador fuhren wir an der Talstation der Seilbahn vorbei und wie am Morgen auf der gleichen Route retour.<br \/>\n<img decoding=\"async\" class=\"ngg-singlepic ngg-left\" src=\"http:\/\/adrianwood.ch\/wp-content\/gallery\/teneriffa11\/image015_r3.jpg\" alt=\"image015_r3\" \/>Bei der Steinrosette durften wir das versprochene Foto machen. Man kann kaum glauben, dass da nicht mit menschlicher Hand nachgeholfen wurde. Ein Bildhauer h\u00e4tte dies nicht besser machen k\u00f6nnen. Danach ging es directo nach Puerto de la Cruz. Da wir kurz nach 20 Uhr ankamen und wir das erste freie Nachtessen hatten, gingen Einige direkt ins Hotel und verpflegten sich aus den Essreserven. Ein anderer Teil schloss sich Marion und J\u00f6rg an, die ein Fischrestaurant aufsuchten. Anna und ich gingen zum Chinesen und hatten ein herrliches Men\u00fc f\u00fcr 2 Personen mit einem feinen Weisswein. Ein sch\u00f6ner Abschluss f\u00fcr einen unvergesslichen und tollen Tag.<br \/>\nNoch ein paar Zahlen f\u00fcr die Statistiker. Wir waren 29 Teilnehmer mit Marion und J\u00f6rg als Leiter. 14 T.<br \/>\nmachten mit J\u00f6rg den Abstieg und 15 T. waren mit Marion unterwegs (siehe Bericht Ji\u0159\u00ed Pavel).<br \/>\nP.S. Well done Adrian, mit Deiner gr\u00e4sslichen Erk\u00e4ltung und dem hartn\u00e4ckigen Husten war der Abstieg sicher alles andere als ein Zucker schlecken! Peter Sutter<\/p>\n<h2>Samstag, 3. Mai, Pico Teide II, Telef\u00e9rico del Teide &#8211; Pico del Teide, Parador &#8211; Roques de Garcia<\/h2>\n<p>Der Auf- und Abstieg des Pico Teide erfolgte teilweise auf zwei Gruppen verteilt: w\u00e4hrend alle Teilnehmer mit der Gondelbahn auf 3&#8217;555m hochgefahren und dann zum Gipfel aufgestiegen sind, erfolgten die Abstiege nicht gleich. 14 Leute, alles Feinde langer Abstiege, haben sich entschieden den R\u00fcckweg zum Parador (Bier und Bus zur\u00fcck) mit der Talfahrt der Bahn anzutreten; die anst\u00e4ndigen Wanderer hatten vor, nach Besteigung des Gipfels zu Fuss abzusteigen.<br \/>\nDer Gesamtablauf des Ausfluges sowie die Anfahrt zur Talstation der Bahn auf Pico Teide sind bereits im Bericht von Peter Sutter bestens beschrieben. Gegenstand dieser Notiz sind daher nur Abl\u00e4ufe in der bequemen Gruppe (angef\u00fchrt von Marion). Es werden nur Zeit- und Wegabl\u00e4ufe in dieser Gruppe (mit Milestones) schematisch festgehalten.<br \/>\nDie Talstation der Bahn wird erfolgreich erst\u00fcrmt, Jorge besorgt den beiden Gruppen entsprechende Anzahl der Einfach- bzw. Retourbillette (f\u00fcr uns etwas ungewohnt als &#8220;rauf- bzw. runter&#8221; bezeichnet) &#8211; nach der Verteilung der Billette stimmt deren Anzahl allerdings nicht ganz&#8230;<br \/>\n<img decoding=\"async\" class=\"ngg-singlepic ngg-left\" src=\"http:\/\/adrianwood.ch\/wp-content\/gallery\/teneriffa11\/image016_r3.jpg\" alt=\"image016_r3\" \/>Nach weiteren und wenig \u00fcbersichtlichen &#8220;Raufs und Runters&#8221; an der Kasse der Bahn geht es aber doch endlich los:<br \/>\nKabine rauf 11:00<br \/>\nStart zum Gipfel 11:15<br \/>\n3718m erreicht 12:00<br \/>\nZur\u00fcck obere Station 12:30<br \/>\nAusblick Pico Viejo 13:00<br \/>\nAbmarsch Gruppe 1 13:40<br \/>\nZur\u00fcck obere Station 14:00<br \/>\nKabine wieder unten 14:15<br \/>\nWas hier passiert: Rainer verliert seinen schwarzen Hut \u00fcber das Gel\u00e4nder ins Gel\u00e4nde! (Schuldig ist allein der Wind). Erfolglose Versuche Marions diesen mit einem Stab <img decoding=\"async\" class=\"ngg-singlepic ngg-left\" src=\"http:\/\/adrianwood.ch\/wp-content\/gallery\/teneriffa11\/image017_r3.jpg\" alt=\"image017_r3\" \/>(aus dem Bus, ohne Haken) zu hieven, alle anderen schauen intensiv zu. Ein junger Bergsteiger erscheint als Deux ex machina und bringt (manuell) den Hut,<br \/>\nmuchas gracias, se\u00f1or!<br \/>\nEs folgen dann noch:<br \/>\nAb Richtung Roques 15:00<br \/>\nRoques de Garcia 15:30<br \/>\nHier findet ein sehr sch\u00f6ner Rundgang statt und die M\u00f6glichkeit einige weitere Fototermine zu realisieren. Free download eines audio guides aus den wissenschaftlich zusammengestellten Panels auf einen iPhone erm\u00f6glicht uns zus\u00e4tzlich einige interessante geologisch \u2013 physikalische Infos \u00fcber die faszinierenden Ausblicke&#8230;<br \/>\nweiterhin geht es:<br \/>\nzu Fuss zum Parador 16:00<br \/>\nHier folgt ein polytoxikomaner Konsum von Muffins, Caf\u00e9 und Bier, bis zur Ankunft der ersten Kollegen aus der Gruppe 1, ab 18:00<br \/>\nAbfahrt Bus (Puerto) 18:40 P.S. Anfang, Abstieg der Gruppe 1, Wertung und Abschluss: s. Bericht Peter Sutter<br \/>\nJi\u0159\u00ed Pavel<\/p>\n<p><img decoding=\"async\" class=\"ngg-singlepic ngg-left\" src=\"http:\/\/adrianwood.ch\/wp-content\/gallery\/teneriffa11\/image018_r7.jpg\" alt=\"image018_r7\" \/><\/p>\n","protected":false},"excerpt":{"rendered":"<p>Samstag, 3. Mai, Pico Teide I, Telef\u00e9rico del Teide &#8211; Pico del Teide &#8211; Pico Veijo &#8211; Parador P\u00fcnktlich um 09:00 Uhr chauffierte uns Jonathan via das St\u00e4dtchen La Orotava Richtung Talstation der Telef\u00e9rico del Teide. Jonathan ist ein Meister des sanften Fahrens. Die Strecke ist vergleichbar mit unseren Passtrassen, nur etwas schmaler. Durch Kiefernw\u00e4lder &hellip; <a href=\"https:\/\/www.adrianwood.ch\/?page_id=3184\" class=\"more-link\">Continue reading <span class=\"screen-reader-text\">05-03 Pico del Teide<\/span> <span class=\"meta-nav\">&rarr;<\/span><\/a><\/p>\n","protected":false},"author":1,"featured_media":0,"parent":3070,"menu_order":2482,"comment_status":"closed","ping_status":"closed","template":"","meta":{"ngg_post_thumbnail":0,"footnotes":""},"class_list":["post-3184","page","type-page","status-publish","hentry"],"_links":{"self":[{"href":"https:\/\/www.adrianwood.ch\/index.php?rest_route=\/wp\/v2\/pages\/3184","targetHints":{"allow":["GET"]}}],"collection":[{"href":"https:\/\/www.adrianwood.ch\/index.php?rest_route=\/wp\/v2\/pages"}],"about":[{"href":"https:\/\/www.adrianwood.ch\/index.php?rest_route=\/wp\/v2\/types\/page"}],"author":[{"embeddable":true,"href":"https:\/\/www.adrianwood.ch\/index.php?rest_route=\/wp\/v2\/users\/1"}],"replies":[{"embeddable":true,"href":"https:\/\/www.adrianwood.ch\/index.php?rest_route=%2Fwp%2Fv2%2Fcomments&post=3184"}],"version-history":[{"count":0,"href":"https:\/\/www.adrianwood.ch\/index.php?rest_route=\/wp\/v2\/pages\/3184\/revisions"}],"up":[{"embeddable":true,"href":"https:\/\/www.adrianwood.ch\/index.php?rest_route=\/wp\/v2\/pages\/3070"}],"wp:attachment":[{"href":"https:\/\/www.adrianwood.ch\/index.php?rest_route=%2Fwp%2Fv2%2Fmedia&parent=3184"}],"curies":[{"name":"wp","href":"https:\/\/api.w.org\/{rel}","templated":true}]}}