{"id":3245,"date":"2014-08-19T09:57:13","date_gmt":"2014-08-19T08:57:13","guid":{"rendered":"http:\/\/adrianwood.ch\/?page_id=3245"},"modified":"2014-08-19T09:57:13","modified_gmt":"2014-08-19T08:57:13","slug":"05-06-la-laguna","status":"publish","type":"page","link":"https:\/\/www.adrianwood.ch\/?page_id=3245","title":{"rendered":"05-06 La Laguna"},"content":{"rendered":"<h2>Dienstag, 6. Mai, La Laguna<\/h2>\n<p style=\"text-align: justify;\">Da wir heute von Puerto de la Cruz nach Punta del Hidalgo dislozieren, nehmen wir unser Gep\u00e4ck mit. Marion hat schon avisiert, dass wir ev. eine andere Tour machen werden, weil das Wetter in der vorgesehenen Region ziemlich unbest\u00e4ndig sei. So beschloss sie, dass wir zum Mirador Pico del Ingles fahren und dort entscheiden, was machbar ist. Bald schon kamen wir in die Nebelzone und es blies ein st\u00fcrmischer Wind. Die Tour, die dann anstand, war ein Abstieg von 980 m, was 10 von uns aus diversen Gr\u00fcnden (H\u00fcfte, Knie, Fuss, Zeh und sonstiges) nicht lockte. Marion wollte uns mit dem Bus nach Santa Cruz fahren lassen, um dort zu spazieren. Ich schlug vor, dass wir uns La Laguna, die alte Hauptstadt und seit 1999 Weltkulturerbe der UNESCO, ansehen und sp\u00e4ter zum Treffpunkt mit den Wanderern fahren.<br \/>\nUm 10.30 h erreichten wir San Cristobal de la Laguna und vereinbarten mit dem Chauffeur Weiterfahrt um 14.00 h. Wir begaben uns sofort zum Tourist Office, welches im Haus des Generalkapit\u00e4ns Diego de Alvarado-Bracamonte aus dem 17. Jh. untergebracht ist. Da die n\u00e4chste F\u00fchrung auf Deutsch erst um 12.00 h stattfand, meldeten wir uns f\u00fcr die franz\u00f6sische um 11.30 h an. Man empfahl uns, vorher noch die Kathedrale zu besuchen, da diese nicht gezeigt wird. Sie befindet sich in der Mitte des historischen Zentrums und stammt von 1511, wurde allerdings mehrmals zerst\u00f6rt und ist heute eine eher moderne Stilmischung.<\/p>\n<p style=\"text-align: justify;\"><img decoding=\"async\" class=\"ngg-singlepic ngg-left\" src=\"http:\/\/adrianwood.ch\/wp-content\/gallery\/teneriffa16\/image001_r3.jpg\" alt=\"image001_r3\" \/><img decoding=\"async\" class=\"ngg-singlepic ngg-left\" src=\"http:\/\/adrianwood.ch\/wp-content\/gallery\/teneriffa16\/image003_r3.jpg\" alt=\"image003_r3\" \/>Um 11.30 h nahm uns Noemi, unser Guide, in Empfang und erkl\u00e4rte uns den Ursprung der Stadt im Jahr 1500, als der Gouverneur Fernandez de Lugo den Plan f\u00fcr die mittels einer Schnur angelegten parallelen Strassen, die zusammen mit engen Querstrassen ein kariertes Brett bilden sollten. Dazwischen befinden sich offene Fl\u00e4chen f\u00fcr Pl\u00e4tze, Parks und Kirchen. La Laguna ist in eine Unter- und Oberstadt geteilt, die Unterstadt war damals den Nobeln vorbehalten, gew\u00f6hliche Leute hatten h\u00f6chstens als Dienstpersonal Zugang und mussten in der Oberstadt wohnen! Der Standort der Stadt ergab sich aus einem grossen See (gen\u00fcgend Wasser) und in einigem Abstand vom Meer, wegen der damals h\u00e4ufigen Piraten\u00fcberf\u00e4lle. Wir besuchen mit Noemi w\u00e4hrend einer guten Stunde mehrere der einzigartigen Pal\u00e4ste, die immer \u00fcber wunderbare Patios verf\u00fcgen und in denen heute Beh\u00f6rden, oder wie im Lercaro Palast ein Museum f\u00fcr Geschichte und Archiv von Teneriffa untergebracht sind.<br \/>\n<img decoding=\"async\" class=\"ngg-singlepic ngg-left\" src=\"http:\/\/adrianwood.ch\/wp-content\/gallery\/teneriffa16\/image005_r3.jpg\" alt=\"image005_r3\" \/><img decoding=\"async\" class=\"ngg-singlepic ngg-left\" src=\"http:\/\/adrianwood.ch\/wp-content\/gallery\/teneriffa16\/image007_r3.jpg\" alt=\"image007_r3\" \/>Noemi hat uns nicht nur auf die verwendeten Materialien wie Lavagestein verschiedener Regionen, wertvolle H\u00f6lzer und Kacheln tw. aus Portugal importiert, hingewiesen, sondern auch auf Kuriosit\u00e4ten, wie z.B. in der Casa Montana ein Urinal aus Lavagestein direkt hinter der Eingangst\u00fcre. Der Salazar-Palast, fr\u00fcher Sitz des Bischofs, brannte 2006 fast vollst\u00e4ndig aus. Um den Status &#8220;Weltkulturerbe&#8221; zu behalten, musste die Fassade wieder originalgetreu aufgebaut werden.<br \/>\n<img decoding=\"async\" class=\"ngg-singlepic ngg-left\" src=\"http:\/\/adrianwood.ch\/wp-content\/gallery\/teneriffa16\/image009_r3.jpg\" alt=\"image009_r3\" \/><img decoding=\"async\" class=\"ngg-singlepic ngg-left\" src=\"http:\/\/adrianwood.ch\/wp-content\/gallery\/teneriffa16\/image011_r3.jpg\" alt=\"image011_r3\" \/>Die Zeit verging wie im Fluge und leider verabschiedete sich Noemi von uns beim Kloster San Augustin, in dem sich einige Zeit die Universit\u00e4t und sp\u00e4ter die einzige Sekundarschule der Kanaren befand.<br \/>\nEs stand uns noch ca. 1 Std. bis zur Abfahrt zur Verf\u00fcgung, die wir individuell nutzten, um noch andere Pal\u00e4ste dieser faszinierenden Stadt anzusehen. Man k\u00f6nnte gut einen ganzen Tag dort verbringen. Zum Schluss sei noch das Kloster Sta Catalina erw\u00e4hnt, in welchem heute 7 Nonnen leben.<br \/>\n<img decoding=\"async\" class=\"ngg-singlepic ngg-left\" src=\"http:\/\/adrianwood.ch\/wp-content\/gallery\/teneriffa16\/image015_r3.jpg\" alt=\"image015_r3\" \/><img decoding=\"async\" class=\"ngg-singlepic ngg-left\" src=\"http:\/\/adrianwood.ch\/wp-content\/gallery\/teneriffa16\/image017_r3.jpg\" alt=\"image017_r3\" \/><img decoding=\"async\" class=\"ngg-singlepic ngg-left\" src=\"http:\/\/adrianwood.ch\/wp-content\/gallery\/teneriffa16\/image013_r3.jpg\" alt=\"image013_r3\" \/>Knappe 10 Minuten blieben zum Kaffeetrinken vor Abfahrt des Buses. Nach einer knappen halben Stunde Fahrt erreichten wir den Treffpunkt mit den Wanderern, welche etwa 20 Min. sp\u00e4ter auch eintrafen. Gemeinsam setzten wir die Fahrt nach Punta del Hidalgo fort zu dem wundersch\u00f6nen Hotel Spa Oceano, wo wir uns in den Pool oder ins Meerwasserbecken st\u00fcrzen konnten, bevor uns ein opulentes B\u00fcffet serviert wurde.<br \/>\nMit unseren Erz\u00e4hlungen \u00fcber die Sehensw\u00fcrdigkeiten animierten wir einige andere Teilnehmer, sich in den n\u00e4chsten Tagen La Laguna auf eigene Faust anzusehen &#8211; und alle waren begeistert! Nicht nur Wandern, auch Kultur kann zwischendurch Spass machen!<br \/>\nVerena Ceresoli<\/p>\n<p>&nbsp;<\/p>\n","protected":false},"excerpt":{"rendered":"<p>Dienstag, 6. Mai, La Laguna Da wir heute von Puerto de la Cruz nach Punta del Hidalgo dislozieren, nehmen wir unser Gep\u00e4ck mit. Marion hat schon avisiert, dass wir ev. eine andere Tour machen werden, weil das Wetter in der vorgesehenen Region ziemlich unbest\u00e4ndig sei. So beschloss sie, dass wir zum Mirador Pico del Ingles &hellip; <a href=\"https:\/\/www.adrianwood.ch\/?page_id=3245\" class=\"more-link\">Continue reading <span class=\"screen-reader-text\">05-06 La Laguna<\/span> <span class=\"meta-nav\">&rarr;<\/span><\/a><\/p>\n","protected":false},"author":1,"featured_media":0,"parent":3070,"menu_order":2488,"comment_status":"closed","ping_status":"closed","template":"","meta":{"ngg_post_thumbnail":0,"footnotes":""},"class_list":["post-3245","page","type-page","status-publish","hentry"],"_links":{"self":[{"href":"https:\/\/www.adrianwood.ch\/index.php?rest_route=\/wp\/v2\/pages\/3245","targetHints":{"allow":["GET"]}}],"collection":[{"href":"https:\/\/www.adrianwood.ch\/index.php?rest_route=\/wp\/v2\/pages"}],"about":[{"href":"https:\/\/www.adrianwood.ch\/index.php?rest_route=\/wp\/v2\/types\/page"}],"author":[{"embeddable":true,"href":"https:\/\/www.adrianwood.ch\/index.php?rest_route=\/wp\/v2\/users\/1"}],"replies":[{"embeddable":true,"href":"https:\/\/www.adrianwood.ch\/index.php?rest_route=%2Fwp%2Fv2%2Fcomments&post=3245"}],"version-history":[{"count":0,"href":"https:\/\/www.adrianwood.ch\/index.php?rest_route=\/wp\/v2\/pages\/3245\/revisions"}],"up":[{"embeddable":true,"href":"https:\/\/www.adrianwood.ch\/index.php?rest_route=\/wp\/v2\/pages\/3070"}],"wp:attachment":[{"href":"https:\/\/www.adrianwood.ch\/index.php?rest_route=%2Fwp%2Fv2%2Fmedia&parent=3245"}],"curies":[{"name":"wp","href":"https:\/\/api.w.org\/{rel}","templated":true}]}}