{"id":3909,"date":"2015-04-02T14:05:07","date_gmt":"2015-04-02T13:05:07","guid":{"rendered":"http:\/\/adrianwood.ch\/?page_id=3909"},"modified":"2015-04-02T14:05:07","modified_gmt":"2015-04-02T13:05:07","slug":"04-30-ravello","status":"publish","type":"page","link":"https:\/\/www.adrianwood.ch\/?page_id=3909","title":{"rendered":"04-30 Ravello"},"content":{"rendered":"<h2>30.April, Maiori-Minori-Ravello-Atrani-Amalfi<\/h2>\n<p style=\"text-align: justify;\">Die Touristik-Manager der Amalfi-Region haben offensichtlich ein Spezialabkommen mit Petrus. Die nasse Wetterprognose f\u00fcr S\u00fcditalien, die Jean-Francois mitgebracht hatte, sollte sich f\u00fcr uns \u2013 gottseidank \u2013 nicht erf\u00fcllen, sie hatte aber doch den grossen Vorteil, dass Adrian die urspr\u00fcnglich f\u00fcr den ersten Tag vorgesehene Gewaltstour (&#8220;Erchie\/Cetara \u2013 Santuario dell\u2019Avvocata 873m. \u2013 Maiori, 5.5 Std.&#8221;) nicht durchf\u00fchrte, sondern die k\u00fcrzere Variante (&#8220;Maiori \u2013 (Ravello \u2013) Amalfi, 450m. 3.75 Std.&#8221;) w\u00e4hlte. Und das war gut so. Aber, lieber der Reihe nach.<br \/>\n<img decoding=\"async\" class=\"ngg-singlepic ngg-left\" src=\"http:\/\/adrianwood.ch\/wp-content\/gallery\/amalfi04\/image001.png\" alt=\"image001\" \/>Fr\u00fchst\u00fcck im &#8220;Hotel Amalfi&#8221; war auf 8:00 angesagt, im 5. Stock, der Lift liess auf sich warten, aber das Warten lohnte sich, denn das Fr\u00fchst\u00fccksbuffet liess keine W\u00fcnsche offen: Tee, Kaffee, Juices, Cornflakes, Schinken, K\u00e4se, Yoghurt, Dolce &#8230; und anschliessend noch die Aussicht von der Terrasse: auf den Dom, das Meer und \u2013 gegen Norden &#8211; auf die steil ragenden Berge, unser morgiges Wanderziel. Die Berggipfel sind allerdings in einen dichten Wolkenkranz geh\u00fcllt. Also hat die Wetterprognose nicht ganz Unrecht.<br \/>\nDer R\u00fcckweg ins Zimmer gestaltet sich interessant. Ich verzichte auf den Lift \u2013 es geht ja nur abw\u00e4rts \u2013 und steige die Treppe hinab. N\u00e4chster Stock links- Sackgasse. Zur\u00fcck- hinaus auf die Aussentreppe \u2013 zwei Stockwerke abw\u00e4rts \u2013 hinein &#8211; nach rechts \u2013 Sackgasse. Zur\u00fcck, Treppe hinab- Hurrah ich bin angelangt.<br \/>\n<img decoding=\"async\" class=\"ngg-singlepic ngg-right\" src=\"http:\/\/adrianwood.ch\/wp-content\/gallery\/amalfi04\/image004.gif\" alt=\"image004\" \/>Abmarsch vom Hotel um 9 Uhr \u2013 der Bus f\u00e4hrt erst um 10 Uhr. Das Busticket muss man in einem &#8220;Tabacchi&#8221; kaufen und im Bus entwerten (es kostet nur 1 Euro und ist eine Stunde lang g\u00fcltig \u2013 mein Gott, in einer Stunde k\u00f6nnten wir in Salerno sein! &#8220;Denkste!&#8221;, sagt der Berliner).<br \/>\nDie Sonne scheint, wir schlendern zum Hafen, bewundern im Vorbeigehen den Brunnen am Domplatz mit seinen wasserspendenden Frauenb\u00fcsten und steigen in den Bus, der p\u00fcnktlich abf\u00e4hrt. Er f\u00e4hrt z\u00fcgig 500 m, dann steckt er im ersten Stau und gleich darauf im zweiten und im dritten usw. So erreichen wir gl\u00fccklich nach einer halben Stunde das 5 km entfernte Maiori.<br \/>\nWir starten unsere Wanderung an der Strandpromenade, ziehen die Hauptstrasse (&#8220;Via Corso Reginna&#8221;) hinauf und beginnen den Treppenweg hinaufzusteigen &#8230; und steigen &#8230; und steigen&#8230;. Ich habe die Stufen nicht gez\u00e4hlt. Aber wenn man eine mittlere Stufenh\u00f6he von 20 cm annimmt, feststellt, dass Maiori ca. 10m \u00fcber Meeresniveau liegt und der h\u00f6chste Punkt heute bei 380 m (Ravello, Piazza del Duomo) liegt, dann sind wir am Ende des Tages 1850 Stufen hinauf- (und nachher nat\u00fcrlich wieder hinunter-) -gestiegen. Mindestens! Denn dazwischen sind wir noch ein paar Mal hinauf und hinunter. z.B. nach Minori \u2013 also nochmal 500 Stufen dazu!<\/p>\n<p style=\"text-align: justify;\"><img decoding=\"async\" class=\"ngg-singlepic ngg-left\" src=\"http:\/\/adrianwood.ch\/wp-content\/gallery\/amalfi04\/image005.png\" alt=\"image005\" \/>Die Wandertreppe ist wirklich bemerkenswert. Bei jeder Verschnaufpause Aussicht auf das blaue Meer, auf die D\u00f6rfer die sich an den Steilh\u00e4ngen emporhangeln und die Berge deren Gipfel in Wolkenkragen<br \/>\neingeh\u00fcllt sind. Rechts und links geht&#8217;s steil hinauf und hinunter, auf beiden Seiten Unmengen von Zitronenb\u00e4umen, die gleichzeitig Fr\u00fcchte und Bl\u00fcten tragen, die ganzen Felder abgedeckt mit schwarzen Netzen. Ob diese Netze Insekten oder Hagel fernhalten sollen oder zur Reifung der Fr\u00fcchte beitragen\u2013 man h\u00f6rte verschiedene Meinungen.<br \/>\nNach ca. 170 Hm Treppenhinaufsteigen geht&#8217;s Treppen hinunter nach Minori. Es ist mittlerweile halb Zw\u00f6lf geworden \u2013 Zeit f\u00fcr einen kurzen Kaffeehalt in dem heimeligen D\u00f6rfchen.<br \/>\nUnd wieder geht&#8217;s hinauf, durch Obst und Gem\u00fcseg\u00e4rten, die den ganzen Berg hinauf als Terrassen angelegt sind, bis Torello, wo die meisten auf dem kleinen Pl\u00e4tzli neben der Kirche ein kurzes Mittags-<br \/>\nPicknick abhalten und einige eine halbe Stunde weiter laufen nach Ravello, dort versprechen einige Restaurants mehr kulinarische Anreize.<br \/>\n<img decoding=\"async\" class=\"ngg-singlepic ngg-right\" src=\"http:\/\/adrianwood.ch\/wp-content\/gallery\/amalfi04\/image007.png\" alt=\"image007\" \/>Auch wir steigen bald nach Ravello hinauf, es ist ein h\u00fcbsches St\u00e4dtchen. Fr\u00fcher war es scheinbar mit Amalfi zusammen die gr\u00f6sste Stadt der Region. Davon zeugen auch der imposante Dom und viele grossartige Patrizierh\u00e4user. Wir spazieren herum, geniessen Glace mit Aussicht auf die vorbeiziehenden Touristenscharen und von einer kleinen Aussichtsterrasse &#8211; wo ein junger Kater am trainieren ist &#8211; auf die Landschaft rundum. Wir schlendern die schmalen G\u00e4sslein hinunter, bewundern die Hausnummern, die als Keramikpl\u00e4ttli ausgef\u00fchrt sind, werfen Blicke in die Parks und die Auslagen der Keramik-Souvenirshops, kurz \u2013 wir geniessen die Ferien.<\/p>\n<p>Um 15:00 Uhr ist Abmarsch f\u00fcr diejenigen, die noch in Ravello verblieben sind, einige Gr\u00fcpplein sind schon fr\u00fcher Richtung Amalfi gezogen. Daniel versucht noch in einem bewundernswerten Spurt den Bus zu erwischen, doch dieser startet mit grossem Vorsprung und verschwindet.<br \/>\n<img decoding=\"async\" class=\"ngg-singlepic ngg-left\" src=\"http:\/\/adrianwood.ch\/wp-content\/gallery\/amalfi04\/image009.jpg\" alt=\"image009\" \/>Der Abstieg ist interessant. Am Ende von Ravello laufen wir auf einem schmalen Weg, der sich eng an den Berg schmiegt, unter dem &#8220;Santuario S.Cosma&#8221; vorbei und an H\u00e4usern, die aussehen, als w\u00e4ren sie an die senkrechte Felswand geklebt. Sie sind zum Teil in H\u00f6hlen gebaut. Und dann folgen ?? Was wohl?? Richtig! Stufen und Stufen und&#8230;. Bislang war im Club immer von den Steintreppen nach Morcote, die wir 1994 hinunterstiegen, als Rekord-Treppen-Abstieg die Rede. Damit ist jetzt Schluss!<br \/>\nKurz bevor wir Atrani erreichen, warnt ein Schild vor &#8220;Crollo parapetto&#8221;. Kurzes Bl\u00e4tter im Dicc -&gt; &#8220;Einsturz&#8221;+&#8221;Br\u00fcstung&#8221;. Huh! Aber das zerrissene Absperrband l\u00e4sst vermuten, dass man trotzdem durchkommt. Und richtig, an einer Stelle ist wirklich eine Baustelle, wo die Seitenwand durch einen Felssturz lochab geschickt wurde, aber wir winden und klettern uns durch die Bauger\u00fcste und gelangen problemlos nach Atrani.<\/p>\n<p><img decoding=\"async\" class=\"ngg-singlepic ngg-right\" src=\"http:\/\/adrianwood.ch\/wp-content\/gallery\/amalfi04\/image011.png\" alt=\"image011\" \/>Und weil Adrian in unserem Gr\u00fcpplein ist, landen wir blitzartig am Strand. Und dort? Richtig! Innert Minuten pl\u00e4tschern er und Vreni im Mittelmeer. Susanne und Marlene tauchen auch auf und, nachdem Adrian und Vreni wieder trocken sind, verschiebt man sich 200 m nach Norden, wo an einem kleinen Platz ein Ristorante &#8220;Uusestuelete&#8221; gemacht hat. Dort sitzen schon einige von uns und wir feiern Wiedersehen. Und der Bert bestellt ein..? Richtig! &#8220;Nastro Azzurro&#8221;!<br \/>\nUnd dann kommt die letzte Etappe. Ein paar Treppen hinauf \u2013 Kinderspiel \u2013 ein paar Treppen hinunter &#8211; kaum erw\u00e4hnenswert \u2013 wir sind zur\u00fcck in Amalfi! Duschen im Hotel und auf ins &#8220;Ristorante Il Teatro&#8221;. Dort hat Adrian f\u00fcr uns alle ein gemeinsames Nachtessen organisiert, es war wirklich sehr fein und gem\u00fctlich. Der ganze Tag war eine wundersch\u00f6ne Einleitung zu Adrians Amalfi-Wanderwoche, an der jeder Tag Neues und Interessantes bot. Herzlichen Dank Adrian!<br \/>\nBert<\/p>\n","protected":false},"excerpt":{"rendered":"<p>30.April, Maiori-Minori-Ravello-Atrani-Amalfi Die Touristik-Manager der Amalfi-Region haben offensichtlich ein Spezialabkommen mit Petrus. Die nasse Wetterprognose f\u00fcr S\u00fcditalien, die Jean-Francois mitgebracht hatte, sollte sich f\u00fcr uns \u2013 gottseidank \u2013 nicht erf\u00fcllen, sie hatte aber doch den grossen Vorteil, dass Adrian die urspr\u00fcnglich f\u00fcr den ersten Tag vorgesehene Gewaltstour (&#8220;Erchie\/Cetara \u2013 Santuario dell\u2019Avvocata 873m. \u2013 Maiori, 5.5 &hellip; <a href=\"https:\/\/www.adrianwood.ch\/?page_id=3909\" class=\"more-link\">Continue reading <span class=\"screen-reader-text\">04-30 Ravello<\/span> <span class=\"meta-nav\">&rarr;<\/span><\/a><\/p>\n","protected":false},"author":1,"featured_media":0,"parent":1193,"menu_order":2242,"comment_status":"closed","ping_status":"closed","template":"","meta":{"ngg_post_thumbnail":0,"footnotes":""},"class_list":["post-3909","page","type-page","status-publish","hentry"],"_links":{"self":[{"href":"https:\/\/www.adrianwood.ch\/index.php?rest_route=\/wp\/v2\/pages\/3909","targetHints":{"allow":["GET"]}}],"collection":[{"href":"https:\/\/www.adrianwood.ch\/index.php?rest_route=\/wp\/v2\/pages"}],"about":[{"href":"https:\/\/www.adrianwood.ch\/index.php?rest_route=\/wp\/v2\/types\/page"}],"author":[{"embeddable":true,"href":"https:\/\/www.adrianwood.ch\/index.php?rest_route=\/wp\/v2\/users\/1"}],"replies":[{"embeddable":true,"href":"https:\/\/www.adrianwood.ch\/index.php?rest_route=%2Fwp%2Fv2%2Fcomments&post=3909"}],"version-history":[{"count":0,"href":"https:\/\/www.adrianwood.ch\/index.php?rest_route=\/wp\/v2\/pages\/3909\/revisions"}],"up":[{"embeddable":true,"href":"https:\/\/www.adrianwood.ch\/index.php?rest_route=\/wp\/v2\/pages\/1193"}],"wp:attachment":[{"href":"https:\/\/www.adrianwood.ch\/index.php?rest_route=%2Fwp%2Fv2%2Fmedia&parent=3909"}],"curies":[{"name":"wp","href":"https:\/\/api.w.org\/{rel}","templated":true}]}}