{"id":792,"date":"2011-02-05T10:07:39","date_gmt":"2011-02-05T09:07:39","guid":{"rendered":"http:\/\/adrianwood.ch\/"},"modified":"2019-11-02T20:32:43","modified_gmt":"2019-11-02T20:32:43","slug":"2008-04-kreta","status":"publish","type":"page","link":"https:\/\/www.adrianwood.ch\/?page_id=792","title":{"rendered":"2008-04 Kreta"},"content":{"rendered":"<figure id=\"attachment_871\" aria-describedby=\"caption-attachment-871\" style=\"width: 730px\" class=\"wp-caption alignleft\"><a href=\"http:\/\/adrianwood.ch\/club-holidays\/2008-04-kreta\/dscn1555_1\/\" rel=\"attachment wp-att-871\"><img loading=\"lazy\" decoding=\"async\" class=\"size-full wp-image-871\" title=\"DSCN1555_1\" src=\"http:\/\/adrianwood.ch\/wp-content\/uploads\/2011\/02\/DSCN1555_1.jpg\" alt=\"der S\u00fcdlichste Punkt Europas auf Gavdos\" width=\"730\" height=\"547\"><\/a><figcaption id=\"caption-attachment-871\" class=\"wp-caption-text\">der S\u00fcdlichste Punkt Europas auf Gavdos<\/figcaption><\/figure>\n<h2>26.April \u2013 11.Mai 2008, S\u00fcd Kreta und Gavdos<\/h2>\n<p>Kreta, im Griechischen \u201ei kr\u00edti\u201c, die Wiege Europas, die Insel des D\u00e4dalus und Ikarus, einer Jahrtausende w\u00e4hrenden Kulturgeschichte, der alten Olivenhaine und der Zitrusplantagen, des griechischen Kaffees und des Tsikudi\u00e1, der tiefen Schluchten und schneebedeckten Gipfel, der wei\u00dfen Sandstr\u00e4nde und schroffen Felsenw\u00e4nde, der G\u00e4nsegeier und Bl\u00fctenteppiche im Fr\u00fchjahr \u2013 die Insel Kreta hat tausend Gesichter. Sie bietet allen etwas, den Badeurlaubern, den Einsamkeitssuchenden, den Kulturbeflissenen und nicht zuletzt den Naturfreunden. Es sind die vielen Gegens\u00e4tze, die diese Insel so interessant machen. Die Einsamkeit der Landschaft, wo oft tagelang au\u00dfer einem Sch\u00e4fer kein Mensch unterwegs ist, und dann wieder das lebendige Treiben in den St\u00e4dten und D\u00f6rfern.Kreta ist mit 8288 km\u00b2 die gr\u00f6\u00dfte aller griechischen Inseln. Sie besitzt eine L\u00e4nge von 260 km und ist zwischen 12 und 56 km breit. Nach Sizilien, Sardinien, Zypern und Korsika ist sie die f\u00fcnfgr\u00f6sste Insel des Mittelmeeres. Sie liegt auf der geographischen Breite nordafrikanischer St\u00e4dte und ist somit Europas s\u00fcdlichster Punkt, sieht man einmal von der kleinen vorgelagerten Insel G\u00e1vdos ab. Die S\u00fcdk\u00fcste von Kreta ist weitgehend Steilk\u00fcste. Sandstr\u00e4nde gibt es dort relativ selten, zum Beispiel in Paleoch\u00f3ra, Plakias und Agia Galini; andere wiederum liegen so viele unbequeme Fahrstunden von den Flugh\u00e4fen entfernt oder haben so wenige Fremdenzimmer, dass sie deswegen noch in keinem Veranstaltungskatalog zu finden sind: Elafonisios etwa oder Agios Pavlos.Die Wanderungen f\u00fchren uns durch die unterschiedlichsten Regionen der Insel: von den flachen K\u00fcstenzonen aus geht es hinein in das H\u00fcgelland zu versteckten Bergd\u00f6rfern und hinaus in die gro\u00dfen und oft unzug\u00e4nglichen Gebirgsregionen. Tiefeingeschnittene Schluchten f\u00fchren uns wieder hinab zu den Steilk\u00fcsten, zu bezaubernden Buchten und einsamen kleinen Kirchen. Meist sind es die gro\u00dfartigen Gipfelrundblicke, die uns daran erinnern, dass wir uns auf einer Insel befinden wo der Horizont mit dem Meer zu einer fernen blauen Linie verschmilzt. Die Verbindung von Gebirge und Meer ist wohl das Reizvollste an Kreta, und so zieht es uns auch immer wieder hinab zum Meer, zu kleinen Fischerd\u00f6rfern, zu Tavernen, Bars und Kafen\u00eda.<\/p>\n<h3><a href=\"http:\/\/www.adrianwood.ch\/?page_id=977\">Inhalt<\/a><\/h3>\nngg_shortcode_0_placeholder\n","protected":false},"excerpt":{"rendered":"<p>26.April \u2013 11.Mai 2008, S\u00fcd Kreta und Gavdos Kreta, im Griechischen \u201ei kr\u00edti\u201c, die Wiege Europas, die Insel des D\u00e4dalus und Ikarus, einer Jahrtausende w\u00e4hrenden Kulturgeschichte, der alten Olivenhaine und der Zitrusplantagen, des griechischen Kaffees und des Tsikudi\u00e1, der tiefen Schluchten und schneebedeckten Gipfel, der wei\u00dfen Sandstr\u00e4nde und schroffen Felsenw\u00e4nde, der G\u00e4nsegeier und Bl\u00fctenteppiche im &hellip; <a href=\"https:\/\/www.adrianwood.ch\/?page_id=792\" class=\"more-link\">Continue reading <span class=\"screen-reader-text\">2008-04 Kreta<\/span> <span class=\"meta-nav\">&rarr;<\/span><\/a><\/p>\n","protected":false},"author":1,"featured_media":0,"parent":20756,"menu_order":228,"comment_status":"closed","ping_status":"closed","template":"","meta":{"ngg_post_thumbnail":0,"footnotes":""},"class_list":["post-792","page","type-page","status-publish","hentry"],"_links":{"self":[{"href":"https:\/\/www.adrianwood.ch\/index.php?rest_route=\/wp\/v2\/pages\/792","targetHints":{"allow":["GET"]}}],"collection":[{"href":"https:\/\/www.adrianwood.ch\/index.php?rest_route=\/wp\/v2\/pages"}],"about":[{"href":"https:\/\/www.adrianwood.ch\/index.php?rest_route=\/wp\/v2\/types\/page"}],"author":[{"embeddable":true,"href":"https:\/\/www.adrianwood.ch\/index.php?rest_route=\/wp\/v2\/users\/1"}],"replies":[{"embeddable":true,"href":"https:\/\/www.adrianwood.ch\/index.php?rest_route=%2Fwp%2Fv2%2Fcomments&post=792"}],"version-history":[{"count":2,"href":"https:\/\/www.adrianwood.ch\/index.php?rest_route=\/wp\/v2\/pages\/792\/revisions"}],"predecessor-version":[{"id":20761,"href":"https:\/\/www.adrianwood.ch\/index.php?rest_route=\/wp\/v2\/pages\/792\/revisions\/20761"}],"up":[{"embeddable":true,"href":"https:\/\/www.adrianwood.ch\/index.php?rest_route=\/wp\/v2\/pages\/20756"}],"wp:attachment":[{"href":"https:\/\/www.adrianwood.ch\/index.php?rest_route=%2Fwp%2Fv2%2Fmedia&parent=792"}],"curies":[{"name":"wp","href":"https:\/\/api.w.org\/{rel}","templated":true}]}}