{"id":8546,"date":"2016-07-03T17:07:08","date_gmt":"2016-07-03T17:07:08","guid":{"rendered":"http:\/\/www.adrianwood.ch\/?page_id=8546"},"modified":"2016-07-13T18:08:16","modified_gmt":"2016-07-13T18:08:16","slug":"05-16-mljet","status":"publish","type":"page","link":"https:\/\/www.adrianwood.ch\/?page_id=8546","title":{"rendered":"05-16 Mljet"},"content":{"rendered":"<p class=\"Normal-P\" style=\"margin-bottom: 6pt; text-align: justify; text-justify: inter-ideograph; direction: ltr; unicode-bidi: normal;\"><span class=\"Normal-H\"><span style=\"font-family: Times New Roman; font-weight: bold;\">Montag, <\/span><span style=\"font-family: Times New Roman; font-weight: bold;\">1<\/span><span style=\"font-family: Times New Roman; font-weight: bold;\">6.5.2016<\/span><span style=\"font-family: Times New Roman; font-weight: bold;\">, <\/span><span style=\"font-family: Times New Roman; font-weight: bold;\">Vo<\/span><span style=\"font-family: Times New Roman; font-weight: bold;\">n Kor<\/span><span style=\"font-family: Times New Roman; font-weight: bold;\">\u010d<\/span><span style=\"font-family: Times New Roman; font-weight: bold;\">ula nach <\/span><span style=\"font-family: Times New Roman; font-weight: bold;\">Pomena auf der Insel Mljet<\/span><\/span><\/p>\n<table class=\"TableGrid-T\" style=\"border-collapse: collapse;\" cellspacing=\"0\">\n<tbody>\n<tr class=\"-R\">\n<td class=\"-C\" style=\"width: 492.7pt; border: none windowtext 0pt;\" colspan=\"2\">\n<p class=\"Normal-P\" style=\"margin-bottom: 6pt; text-align: justify; text-justify: inter-ideograph; direction: ltr; unicode-bidi: normal;\"><span class=\"Normal-H\"><span style=\"font-family: Times New Roman;\">Um ca. 7.30 h fr\u00fchst\u00fccken wir noch auf der Mystic und fahren bei leicht ged\u00fcnter See zur Insel Mljet. Es ist auf Deck recht k\u00fchl und windig. Gegen 10h empf\u00e4ngt uns der Nationalpark Mljet mit einem freundlichen Dobrodo<\/span><span style=\"font-family: Times New Roman;\">\u0161<\/span><span style=\"font-family: Times New Roman;\">li.<\/span><\/span><\/p>\n<\/td>\n<\/tr>\n<tr class=\"-R\">\n<td class=\"-C\" style=\"width: 246.65pt; border: none windowtext 0pt;\">\n<p class=\"Normal-P\" style=\"margin-bottom: 6pt; text-align: justify; text-justify: inter-ideograph; direction: ltr; unicode-bidi: normal;\"><span class=\"Normal-H\"><span style=\"font-family: Times New Roman;\"><img loading=\"lazy\" decoding=\"async\" class=\"\" src=\"http:\/\/www.adrianwood.ch\/wp-content\/uploads\/2016\/07\/1467565566_image1.jpeg\" width=\"346\" height=\"231\" data-link=\"\" \/><\/span><\/span><\/p>\n<\/td>\n<td class=\"-C\" style=\"width: 246.05pt; border: none windowtext 0pt;\">\n<p class=\"Normal-P\" style=\"margin-bottom: 6pt; text-align: justify; text-justify: inter-ideograph; direction: ltr; unicode-bidi: normal;\"><span class=\"Normal-H\"><span style=\"font-family: Times New Roman;\"><img loading=\"lazy\" decoding=\"async\" class=\"\" src=\"http:\/\/www.adrianwood.ch\/wp-content\/uploads\/2016\/07\/1467565566_image2.jpeg\" width=\"346\" height=\"231\" data-link=\"\" \/><\/span><\/span><\/p>\n<\/td>\n<\/tr>\n<tr class=\"-R\">\n<td class=\"-C\" style=\"width: 492.7pt; border: none windowtext 0pt;\" colspan=\"2\">\n<p class=\"Normal-P\" style=\"margin-bottom: 6pt; text-align: justify; text-justify: inter-ideograph; direction: ltr; unicode-bidi: normal;\"><span class=\"Normal-H\"><span style=\"font-family: Times New Roman;\">Die Insel Mljet ist ein bergiges Naturreservat, deren westlicher Teil 1960 wegen seiner einzigartigen Landschaft zum Nationalpark erkl\u00e4rt wurde. Zusammen mit dem Hafengebiet umfasst der Park 5375 ha. Mehr als 90% der Parkinsel ist mit der Aleppo Pinie, mit Steineichen und wie an der Adriak\u00fcste mit Maquis bewachsen. Das kleine und grosse Seensystem stellt ein besonderes geologisches und ozeanographisches Karst-Ph\u00e4nomen dar. In den gesch\u00fctzten Buchten Sap<\/span><span style=\"font-family: Times New Roman;\">\u010dunari im Osten und Blace im \u00e4ussersten Westen liegen die miteinander nur durch einen schmalen Kanal mit dem Meer verbundenen Salzwasserseen malo jezero und veliko jezero. Da die Wassertemperatur in den Seen um 2 Grad h\u00f6her liegen soll als im Meer, freue ich mich schon auf das Baden sollten wir sp\u00e4ter an den Gestaden vorbeikommen. <\/span><\/span><\/p>\n<\/td>\n<\/tr>\n<tr class=\"-R\">\n<td class=\"-C\" style=\"width: 246.65pt; border: none windowtext 0pt;\">\n<p class=\"Normal-P\" style=\"margin-bottom: 6pt; text-align: justify; text-justify: inter-ideograph; direction: ltr; unicode-bidi: normal;\"><span class=\"Normal-H\"><span style=\"font-family: Times New Roman;\"><img loading=\"lazy\" decoding=\"async\" class=\"\" src=\"http:\/\/www.adrianwood.ch\/wp-content\/uploads\/2016\/07\/1467565566_image3.jpeg\" width=\"346\" height=\"230\" data-link=\"\" \/><\/span><\/span><\/p>\n<\/td>\n<td class=\"-C\" style=\"width: 246.05pt; border: none windowtext 0pt;\">\n<p class=\"Normal-P\" style=\"margin-bottom: 6pt; text-align: justify; text-justify: inter-ideograph; direction: ltr; unicode-bidi: normal;\"><span class=\"Normal-H\"><span style=\"font-family: Times New Roman;\"><img loading=\"lazy\" decoding=\"async\" class=\"\" src=\"http:\/\/www.adrianwood.ch\/wp-content\/uploads\/2016\/07\/1467565566_image4.jpeg\" width=\"346\" height=\"231\" data-link=\"\" \/><\/span><\/span><\/p>\n<\/td>\n<\/tr>\n<tr class=\"-R\">\n<td class=\"-C\" style=\"width: 492.7pt; border: none windowtext 0pt;\" colspan=\"2\">\n<p class=\"Normal-P\" style=\"margin-bottom: 6pt; text-align: justify; text-justify: inter-ideograph; direction: ltr; unicode-bidi: normal;\"><span class=\"Normal-H\"><span style=\"font-family: Times New Roman;\">Vorerst machen wir uns aber auf den 12 km langen Rundweg und biegen ab zum Montokuc auf 256 m. Auf der Anh\u00f6he geniessen wir in aller Ruhe unser Picknick und beim steilen Abstieg den Anblick und den Duft der Pinien und die Ausblicke auf das in der Ferne blitzende T\u00fcrkisblau der Seen mit ihren sattgr\u00fcnen Inseln.<\/span><span style=\"font-family: Times New Roman;\"> Am Talgrund erreichen wir die Br\u00fccke von Mali Most, die wir \u00fcberqueren und uns ein sch\u00f6nes<\/span><\/span><\/p>\n<\/td>\n<\/tr>\n<tr class=\"-R\">\n<td class=\"-C\" style=\"width: 246.65pt; border: none windowtext 0pt;\">\n<p class=\"Normal-P\" style=\"margin-bottom: 6pt; text-align: justify; text-justify: inter-ideograph; direction: ltr; unicode-bidi: normal;\"><span class=\"Normal-H\"><span style=\"font-family: Times New Roman;\"><img loading=\"lazy\" decoding=\"async\" class=\"\" src=\"http:\/\/www.adrianwood.ch\/wp-content\/uploads\/2016\/07\/1467565566_image5.jpeg\" width=\"346\" height=\"230\" data-link=\"\" \/><\/span><\/span><\/p>\n<\/td>\n<td class=\"-C\" style=\"width: 246.05pt; border: none windowtext 0pt;\">\n<p class=\"Normal-P\" style=\"margin-bottom: 6pt; text-align: justify; text-justify: inter-ideograph; direction: ltr; unicode-bidi: normal;\"><span class=\"Normal-H\"><span style=\"font-family: Times New Roman;\"><img loading=\"lazy\" decoding=\"async\" class=\"\" src=\"http:\/\/www.adrianwood.ch\/wp-content\/uploads\/2016\/07\/1467565566_image6.jpeg\" width=\"346\" height=\"231\" data-link=\"\" \/><\/span><\/span><\/p>\n<\/td>\n<\/tr>\n<tr class=\"-R\">\n<td class=\"-C\" style=\"width: 246.65pt; border: none windowtext 0pt;\">\n<p class=\"Normal-P\" style=\"margin-bottom: 6pt; text-align: justify; text-justify: inter-ideograph; direction: ltr; unicode-bidi: normal;\"><span class=\"Normal-H\"><span style=\"font-family: Times New Roman;\"><img loading=\"lazy\" decoding=\"async\" class=\"\" src=\"http:\/\/www.adrianwood.ch\/wp-content\/uploads\/2016\/07\/1467565566_image7.jpeg\" width=\"346\" height=\"230\" data-link=\"\" \/><\/span><\/span><\/p>\n<\/td>\n<td class=\"-C\" style=\"width: 246.05pt; border: none windowtext 0pt;\">\n<p class=\"Normal-P\" style=\"margin-bottom: 6pt; text-align: justify; text-justify: inter-ideograph; direction: ltr; unicode-bidi: normal;\"><span class=\"Normal-H\"><span style=\"font-family: Times New Roman;\"><img loading=\"lazy\" decoding=\"async\" class=\"\" src=\"http:\/\/www.adrianwood.ch\/wp-content\/uploads\/2016\/07\/1467565566_image8.jpeg\" width=\"346\" height=\"231\" data-link=\"\" \/><\/span><\/span><\/p>\n<\/td>\n<\/tr>\n<tr class=\"-R\">\n<td class=\"-C\" style=\"width: 492.7pt; border: none windowtext 0pt;\" colspan=\"2\">\n<p class=\"Normal-P\" style=\"margin-bottom: 6pt; text-align: justify; text-justify: inter-ideograph; direction: ltr; unicode-bidi: normal;\"><span class=\"Normal-H\"><span style=\"font-family: Times New Roman;\">Badepl\u00e4tzchen suchen.<\/span><span style=\"font-family: Times New Roman;\">Ein paar wenige der schnelleren Truppe rekeln sich nach dem Schwimmen in der Sonne und machen sich sogleich wieder auf den Weg. So sind Susanne, Brigitte, Herbert und Adrian alleine, um auszuprobieren ob wir uns ins k\u00fchle kristallklare Nass wagen sollen. \u00dcberwinden m\u00fcssen wir uns schon, aber, wenn man erst mal drin ist\u2026 Die etwas heftige Erfrischung macht sich durch ein Prickeln auf der Haut bemerkbar, doch die Sonne w\u00e4rmt rasch.<\/span><\/span><\/p>\n<\/td>\n<\/tr>\n<tr class=\"-R\">\n<td class=\"-C\" style=\"width: 246.65pt; border: none windowtext 0pt;\">\n<p class=\"Normal-P\" style=\"margin-bottom: 6pt; text-align: justify; text-justify: inter-ideograph; direction: ltr; unicode-bidi: normal;\"><span class=\"Normal-H\"><span style=\"font-family: Times New Roman;\"><img loading=\"lazy\" decoding=\"async\" class=\"\" src=\"http:\/\/www.adrianwood.ch\/wp-content\/uploads\/2016\/07\/1467565566_image9.jpeg\" width=\"346\" height=\"230\" data-link=\"\" \/><\/span><\/span><\/p>\n<\/td>\n<td class=\"-C\" style=\"width: 246.05pt; border: none windowtext 0pt;\">\n<p class=\"Normal-P\" style=\"margin-bottom: 6pt; text-align: justify; text-justify: inter-ideograph; direction: ltr; unicode-bidi: normal;\"><span class=\"Normal-H\"><span style=\"font-family: Times New Roman;\"><img loading=\"lazy\" decoding=\"async\" class=\"\" src=\"http:\/\/www.adrianwood.ch\/wp-content\/uploads\/2016\/07\/1467565566_image10.jpeg\" width=\"346\" height=\"231\" data-link=\"\" \/><\/span><\/span><\/p>\n<\/td>\n<\/tr>\n<tr class=\"-R\">\n<td class=\"-C\" style=\"width: 492.7pt; border: none windowtext 0pt;\" colspan=\"2\">\n<p class=\"Normal-P\" style=\"margin-bottom: 6pt; text-align: justify; text-justify: inter-ideograph; direction: ltr; unicode-bidi: normal;\"><span class=\"Normal-H\"><span style=\"font-family: Times New Roman;\">Bei der Fortsetzung unseres Uferweges f\u00e4llt der Blick auf d<\/span><span style=\"font-family: Times New Roman;\">ie malerische kleine Insel St. Marija in der Mitte des grossen Sees (veliko jezero) auf der gegen\u00fcber liegenden Seite. Sie ist die Heimat eines ehemaligen Benediktinerklosters mit Kirche aus dem 12. Jh., das Wahrzeichen von Mljet. In einem St\u00e4nder am Ufer entdecken wir pl\u00f6tzlich eine Fahne, mit der winken soll, wer ein Boot zum \u00dcbersetzen herbeirufen m\u00f6chte. Adrian l\u00e4sst den Wimpel im Wind flattern, schon kommt das Schiffchen, das uns kostenlos auf der Insel absetzt. Wir genehmigen uns ein Eis und einen wunderbaren Weisswein als Ap\u00e9ro. Nach der Besichtigung des Klosters werden wir 17.45 h wieder ans andere Ufer gebracht, wo wir den Weg Richtung Pomena im Nordwesten, das die Ausflugsschiffe anfahren, fortsetzen. Gegen 19 h sind wir wieder zur\u00fcck auf unserem Wanderkreuzer und lassen uns das Abendessen munden.<\/span><\/span><\/p>\n<\/td>\n<\/tr>\n<tr class=\"-R\">\n<td class=\"-C\" style=\"width: 246.65pt; border: none windowtext 0pt;\">\n<p class=\"Normal-P\" style=\"margin-bottom: 6pt; text-align: justify; text-justify: inter-ideograph; direction: ltr; unicode-bidi: normal;\"><span class=\"Normal-H\"><span style=\"font-family: Times New Roman;\"><img loading=\"lazy\" decoding=\"async\" class=\"\" src=\"http:\/\/www.adrianwood.ch\/wp-content\/uploads\/2016\/07\/1467565566_image11.jpeg\" width=\"346\" height=\"230\" data-link=\"\" \/><\/span><\/span><\/p>\n<\/td>\n<td class=\"-C\" style=\"width: 246.05pt; border: none windowtext 0pt;\">\n<p class=\"Normal-P\" style=\"margin-bottom: 6pt; text-align: justify; text-justify: inter-ideograph; direction: ltr; unicode-bidi: normal;\"><span class=\"Normal-H\"><span style=\"font-family: Times New Roman;\"><img loading=\"lazy\" decoding=\"async\" class=\"\" src=\"http:\/\/www.adrianwood.ch\/wp-content\/uploads\/2016\/07\/1467565566_image12.jpeg\" width=\"346\" height=\"231\" data-link=\"\" \/><\/span><\/span><\/p>\n<\/td>\n<\/tr>\n<tr class=\"-R\">\n<td class=\"-C\" style=\"width: 492.7pt; border: none windowtext 0pt;\" colspan=\"2\">\n<p class=\"Normal-P\" style=\"margin-bottom: 6pt; text-align: justify; text-justify: inter-ideograph; direction: ltr; unicode-bidi: normal;\"><span class=\"Normal-H\">\u00a0<span style=\"font-family: Times New Roman;\">Wem die Augen nicht zufallen, leistet sich zum Abschluss einen etwas windigen und k\u00fchlen Abendspaziergang und ein Bierchen in einer gesch\u00fctzten Ecke im Hafen von Pomena.<\/span><\/span><\/p>\n<p class=\"Normal-P\" style=\"margin-bottom: 6pt; text-align: justify; text-justify: inter-ideograph; direction: ltr; unicode-bidi: normal;\"><span class=\"Normal-H\"><span style=\"font-family: Times New Roman;\">Ein Dank an unseren Orgnisator und die freundlichen Mitwanderer, die mir so viele herrliche Erinnerungen beschert haben. <\/span><span style=\"font-family: Times New Roman;\">Brigitte D.<\/span><\/span><\/p>\n<\/td>\n<\/tr>\n<tr class=\"-R\">\n<td class=\"-C\" style=\"width: 246.65pt; border: none windowtext 0pt;\"><\/td>\n<td class=\"-C\" style=\"width: 246.05pt; border: none windowtext 0pt;\">\n<p class=\"Normal-P\" style=\"margin-bottom: 6pt; text-align: justify; text-justify: inter-ideograph; direction: ltr; unicode-bidi: normal;\"><span class=\"Normal-H\">\u00a0<\/span><\/p>\n<\/td>\n<\/tr>\n<tr class=\"-R\">\n<td class=\"-C\" style=\"width: 492.7pt; border: none windowtext 0pt;\" colspan=\"2\">\n<p class=\"Normal-P\" style=\"margin-bottom: 6pt; text-align: justify; text-justify: inter-ideograph; direction: ltr; unicode-bidi: normal;\"><span class=\"Normal-H\"><span style=\"font-family: Times New Roman;\"><img loading=\"lazy\" decoding=\"async\" class=\"\" src=\"http:\/\/www.adrianwood.ch\/wp-content\/uploads\/2016\/07\/1467565566_image13.jpeg\" width=\"730\" height=\"457\" data-link=\"\" \/><\/span><\/span><\/p>\n<\/td>\n<\/tr>\n<tr class=\"-R\">\n<td class=\"-C\" style=\"width: 246.65pt; border: none windowtext 0pt;\">\n<p class=\"Normal-P\" style=\"margin-bottom: 6pt; text-align: justify; text-justify: inter-ideograph; direction: ltr; unicode-bidi: normal;\"><span class=\"Normal-H\">\u00a0<\/span><\/p>\n<\/td>\n<td class=\"-C\" style=\"width: 246.05pt; border: none windowtext 0pt;\">\n<p class=\"Normal-P\" style=\"margin-bottom: 6pt; text-align: justify; text-justify: inter-ideograph; direction: ltr; unicode-bidi: normal;\"><span class=\"Normal-H\">\u00a0<\/span><\/p>\n<\/td>\n<\/tr>\n<tr class=\"-R\">\n<td class=\"-C\" style=\"width: 492.7pt; border: none windowtext 0pt;\" colspan=\"2\">\n<p class=\"Normal-P\" style=\"margin-bottom: 6pt; text-align: justify; text-justify: inter-ideograph; direction: ltr; unicode-bidi: normal;\"><span class=\"Normal-H\"><span style=\"font-family: Times New Roman;\"><img loading=\"lazy\" decoding=\"async\" class=\"\" src=\"http:\/\/www.adrianwood.ch\/wp-content\/uploads\/2016\/07\/1467565566_image14.jpeg\" width=\"733\" height=\"398\" data-link=\"\" \/><\/span><\/span><\/p>\n<\/td>\n<\/tr>\n<p><!-- [if !supportMisalignedColumns]--><\/tbody>\n<\/table>\n","protected":false},"excerpt":{"rendered":"<p>Montag, 16.5.2016, Von Kor\u010dula nach Pomena auf der Insel Mljet Um ca. 7.30 h fr\u00fchst\u00fccken wir noch auf der Mystic und fahren bei leicht ged\u00fcnter See zur Insel Mljet. Es ist auf Deck recht k\u00fchl und windig. Gegen 10h empf\u00e4ngt uns der Nationalpark Mljet mit einem freundlichen Dobrodo\u0161li. Die Insel Mljet ist ein bergiges Naturreservat, &hellip; <a href=\"https:\/\/www.adrianwood.ch\/?page_id=8546\" class=\"more-link\">Continue reading <span class=\"screen-reader-text\">05-16 Mljet<\/span> <span class=\"meta-nav\">&rarr;<\/span><\/a><\/p>\n","protected":false},"author":1,"featured_media":0,"parent":8415,"menu_order":2536,"comment_status":"closed","ping_status":"closed","template":"","meta":{"ngg_post_thumbnail":0,"footnotes":""},"class_list":["post-8546","page","type-page","status-publish","hentry"],"_links":{"self":[{"href":"https:\/\/www.adrianwood.ch\/index.php?rest_route=\/wp\/v2\/pages\/8546","targetHints":{"allow":["GET"]}}],"collection":[{"href":"https:\/\/www.adrianwood.ch\/index.php?rest_route=\/wp\/v2\/pages"}],"about":[{"href":"https:\/\/www.adrianwood.ch\/index.php?rest_route=\/wp\/v2\/types\/page"}],"author":[{"embeddable":true,"href":"https:\/\/www.adrianwood.ch\/index.php?rest_route=\/wp\/v2\/users\/1"}],"replies":[{"embeddable":true,"href":"https:\/\/www.adrianwood.ch\/index.php?rest_route=%2Fwp%2Fv2%2Fcomments&post=8546"}],"version-history":[{"count":6,"href":"https:\/\/www.adrianwood.ch\/index.php?rest_route=\/wp\/v2\/pages\/8546\/revisions"}],"predecessor-version":[{"id":8804,"href":"https:\/\/www.adrianwood.ch\/index.php?rest_route=\/wp\/v2\/pages\/8546\/revisions\/8804"}],"up":[{"embeddable":true,"href":"https:\/\/www.adrianwood.ch\/index.php?rest_route=\/wp\/v2\/pages\/8415"}],"wp:attachment":[{"href":"https:\/\/www.adrianwood.ch\/index.php?rest_route=%2Fwp%2Fv2%2Fmedia&parent=8546"}],"curies":[{"name":"wp","href":"https:\/\/api.w.org\/{rel}","templated":true}]}}