{"id":8646,"date":"2016-07-05T20:59:11","date_gmt":"2016-07-05T20:59:11","guid":{"rendered":"http:\/\/www.adrianwood.ch\/?page_id=8646"},"modified":"2016-07-05T21:04:06","modified_gmt":"2016-07-05T21:04:06","slug":"05-21-krupa-canyon","status":"publish","type":"page","link":"https:\/\/www.adrianwood.ch\/?page_id=8646","title":{"rendered":"05-21 Krupa Canyon"},"content":{"rendered":"<p class=\"Normal-P\" style=\"margin-bottom: 6pt; text-align: justify; text-justify: inter-ideograph; direction: ltr; unicode-bidi: normal;\"><span class=\"Normal-H\"><span style=\"color: #000000;\"><span style=\"font-weight: bold; font-size: 11pt;\">Sa<\/span><span style=\"font-weight: bold; font-size: 11pt;\">mstag,<\/span><span style=\"font-weight: bold; font-size: 11pt;\"> 21. 05. 2016<\/span><span style=\"font-weight: bold; font-size: 11pt;\">, <\/span><\/span><span style=\"font-weight: bold; color: #000000; font-size: 11pt;\">Transfer mit dem Bus von Trogir \u00fcber Zadar, Krupa-Canyon, Kloster Krupa und Karstquelle, bis Biha\u0107 in Bosnien-Herzegowina.<\/span><\/span><\/p>\n<p class=\"VorformatierterText-P\" style=\"margin-bottom: 6pt; text-align: justify; text-justify: inter-ideograph; direction: ltr; unicode-bidi: normal;\">\n<table class=\"TableNormal-T\" style=\"width: 745px; border-collapse: collapse; height: 3117px;\" cellspacing=\"0\">\n<tbody>\n<tr class=\"-R\">\n<td class=\"-C\" style=\"width: 494.45pt; background-color: transparent;\" colspan=\"2\">\n<p class=\"VorformatierterText-P\" style=\"margin-bottom: 6pt; text-align: justify; text-justify: inter-ideograph; direction: ltr; unicode-bidi: normal;\"><span class=\"VorformatierterText-H\"><span style=\"font-family: Times New Roman; font-size: 11pt;\">07.00 Uhr Fr\u00fchst\u00fcck, Adrian war aussergew\u00f6hnlich fr\u00fch anwesend und gleich hatte ich die \u201eehrenvolle\u201c Aufgabe den Tagesbericht zu schreiben. Eigentlich wollte ich absagen, da ich mich nach den Kroatien-Ferien auf die Betreuer Funktion in Mariastein vorbereiten musste.<\/span><\/span><span class=\"VorformatierterText-H\"><span style=\"font-family: Times New Roman; font-size: 11pt;\">Das letzte Fr\u00fchst\u00fcck auf dem Schiff. Wie fast jeden Morgen gab es den \u00fcblichen Kampf um Schwarztee-Beutel, stichfestem Joghurt, oder die Suche nach den M\u00fcesliteller, die man manchmal vom Nachbartisch holen musste. Gelegentlich gab es auch ein Malheur mit den speziellen Kaffeekannen, es sah danach wie nach einer Kaffee-Schlacht aus.<\/span><\/span><\/p>\n<p class=\"VorformatierterText-P\" style=\"margin-bottom: 6pt; text-align: justify; text-justify: inter-ideograph; direction: ltr; unicode-bidi: normal;\"><span class=\"VorformatierterText-H\"><span style=\"font-family: Times New Roman; font-size: 11pt;\">\u201eMS Mystic\u201c, unser Schiff hat uns eine Woche wunderbar beherbergt. Heute musste wir Abschied nehmen. Das Gep\u00e4ck sollte um 08.30 Uhr von Bord sein, denn am Mittag wurden neue G\u00e4ste erwartet. Der Bus kam p\u00fcnktlich, das Gep\u00e4ck war schnell eingeladen. Wir konnten starten. Der Samstags Verkehr in Trogir, war beachtlich. Ruhig wurde es auf der kostenpflichtigen Autobahn, das ist die j\u00fcngste Autobahn von Kroatien, sie wurde 2005 fertig gestellt. Finanziert von mehreren europ\u00e4ischen L\u00e4ndern. 9.22 Uhr waren wir auf der Autobahn und es sind noch 103 km bis Zadar. Unsere Reiseleiterin Mina hat uns einiges \u00fcber Land und Leute von Kroatien erz\u00e4hlt.<\/span><\/span><\/p>\n<\/td>\n<\/tr>\n<tr class=\"-R\">\n<td class=\"-C\" style=\"width: 246.4pt; background-color: transparent;\">\n<p class=\"VorformatierterText-P\" style=\"margin-bottom: 6pt; text-align: justify; text-justify: inter-ideograph; direction: ltr; unicode-bidi: normal;\"><span class=\"VorformatierterText-H\"><span style=\"font-family: Times New Roman; font-size: 11pt;\"><img decoding=\"async\" class=\"\" style=\"width: 351px; height: 235px;\" src=\"http:\/\/www.adrianwood.ch\/wp-content\/uploads\/2016\/07\/1467752245_image1.jpeg\" \/><\/span><\/span><\/p>\n<\/td>\n<td class=\"-C\" style=\"width: 248.05pt; background-color: transparent;\">\n<p class=\"VorformatierterText-P\" style=\"margin-bottom: 6pt; text-align: justify; text-justify: inter-ideograph; direction: ltr; unicode-bidi: normal;\"><span class=\"VorformatierterText-H\"><span style=\"font-family: Times New Roman; font-size: 11pt;\"><img decoding=\"async\" class=\"\" style=\"width: 344px; height: 230px;\" src=\"http:\/\/www.adrianwood.ch\/wp-content\/uploads\/2016\/07\/1467752245_image2.jpeg\" \/><\/span><\/span><\/p>\n<\/td>\n<\/tr>\n<tr class=\"-R\">\n<td class=\"-C\" style=\"width: 494.45pt; background-color: transparent;\" colspan=\"2\">\n<p class=\"VorformatierterText-P\" style=\"margin-bottom: 6pt; text-align: justify; text-justify: inter-ideograph; direction: ltr; unicode-bidi: normal;\"><span class=\"VorformatierterText-H\"><span style=\"font-family: Times New Roman; font-size: 11pt;\">10.50 Uhr waren wir in Zadar, einer Stadt mit ca. 80 000 Einwohnern. Der Bus hat uns beim Lichtspiel-Monument ausgeladen. Das ist Zadars Gruss an die Sonne. Das Werk besteht aus Solarmodulen, die tags\u00fcber die Energie der Sonne speichern. Dank dieser gespeicherten Sonnenenergie k\u00f6nnen die Lichter zum Rhythmus der Wellen nachts lustig tanzen. Wir sind ein St\u00fcck dem Meer entlang gegangen. Es war ein sch\u00f6ner Sonnentag. Das Wetter k\u00f6nnte nicht besser, das Meer nicht blauer sein. An der wundersch\u00f6nen <\/span><span style=\"font-family: Times New Roman; font-size: 11pt;\">zweigeschossige Rundkirche des heiligen Donatus sind wir nur vorbei geeilt. Im<\/span><span style=\"font-family: Times New Roman; font-size: 11pt;\"> Schnellschritt ging es ins Zentrum bis zum Narodni Platz. Hier hatten wir eine halbe Stunde Zeit. Zadar ist eine sch\u00f6ne Stadt, es gibt viele sch\u00f6ne St\u00e4dte an der K\u00fcste von Kroatien. Die Zeit war knapp, es war sehr warm und alle suchten den Schatten. Die Stadt war mit Menschen gef\u00fcllt. Ich denke es waren alle froh, als wir wieder in den Bus einsteigen konnten. <\/span><\/span><\/p>\n<\/td>\n<\/tr>\n<tr class=\"-R\">\n<td class=\"-C\" style=\"width: 246.4pt; background-color: transparent;\">\n<p class=\"VorformatierterText-P\" style=\"margin-bottom: 6pt; text-align: justify; text-justify: inter-ideograph; direction: ltr; unicode-bidi: normal;\"><span class=\"VorformatierterText-H\"><span style=\"font-family: Times New Roman; font-size: 11pt;\"><img decoding=\"async\" class=\"\" style=\"width: 351px; height: 235px;\" src=\"http:\/\/www.adrianwood.ch\/wp-content\/uploads\/2016\/07\/1467752245_image3.jpeg\" \/><\/span><\/span><\/p>\n<\/td>\n<td class=\"-C\" style=\"width: 248.05pt; background-color: transparent;\">\n<p class=\"VorformatierterText-P\" style=\"margin-bottom: 6pt; text-align: justify; text-justify: inter-ideograph; direction: ltr; unicode-bidi: normal;\"><span class=\"VorformatierterText-H\"><span style=\"font-family: Times New Roman; font-size: 11pt;\"><img decoding=\"async\" class=\"\" style=\"width: 348px; height: 233px;\" src=\"http:\/\/www.adrianwood.ch\/wp-content\/uploads\/2016\/07\/1467752245_image4.jpeg\" \/><\/span><\/span><\/p>\n<\/td>\n<\/tr>\n<tr class=\"-R\">\n<td class=\"-C\" style=\"width: 494.45pt; background-color: transparent;\" colspan=\"2\">\n<p class=\"Normal-P\" style=\"margin-bottom: 6pt; text-align: justify; text-justify: inter-ideograph; direction: ltr; unicode-bidi: normal;\"><span class=\"Normal-H\"><span style=\"; font-size: 11pt;\">Nun ging die Busfahrt in Richtung <\/span><span style=\"; font-size: 11pt;\">Velebit. Der Velebit Gebirgszug l\u00e4uft mit seinen 145 km L\u00e4nge der K\u00fcstenregion Kroatiens entlang. Die \u201eber\u00fcchtigte Bora\u201c (ein kalter Fallwind), hat in diesem Teil der Adria ihren Ursprung. <\/span><span style=\"; font-size: 11pt;\">In Kroatien hat es viele Fl\u00fcsse und Wasserlandschaften. Wir haben heute den Fluss Krupa an <\/span><span style=\"; font-size: 11pt;\">drei verschiedenen Stellen besucht. Zuerst machten wir eine recht lange Wanderung hinunter zum <\/span><span style=\"; color: #000000; font-size: 11pt;\">Krupa-Canyon.<\/span><span style=\"; font-size: 11pt;\"> In vielen Kaskaden wirft sich das Wasser sch\u00e4umend \u00fcber die Klippen.<\/span><\/span><\/p>\n<\/td>\n<\/tr>\n<tr class=\"-R\">\n<td class=\"-C\" style=\"width: 246.4pt; background-color: transparent;\">\n<p class=\"VorformatierterText-P\" style=\"margin-bottom: 6pt; text-align: justify; text-justify: inter-ideograph; direction: ltr; unicode-bidi: normal;\"><span class=\"VorformatierterText-H\"><span style=\"font-family: Times New Roman; font-size: 11pt;\"><img decoding=\"async\" class=\"\" style=\"width: 350px; height: 234px;\" src=\"http:\/\/www.adrianwood.ch\/wp-content\/uploads\/2016\/07\/1467752245_image5.jpeg\" \/><\/span><\/span><\/p>\n<\/td>\n<td class=\"-C\" style=\"width: 248.05pt; background-color: transparent;\">\n<p class=\"VorformatierterText-P\" style=\"margin-bottom: 6pt; text-align: justify; text-justify: inter-ideograph; direction: ltr; unicode-bidi: normal;\"><span class=\"VorformatierterText-H\"><span style=\"font-family: Times New Roman; font-size: 11pt;\"><img decoding=\"async\" class=\"\" style=\"width: 350px; height: 234px;\" src=\"http:\/\/www.adrianwood.ch\/wp-content\/uploads\/2016\/07\/1467752245_image6.jpeg\" \/><\/span><\/span><\/p>\n<\/td>\n<\/tr>\n<tr class=\"-R\">\n<td class=\"-C\" style=\"width: 246.4pt; background-color: transparent;\">\n<p class=\"VorformatierterText-P\" style=\"margin-bottom: 6pt; text-align: justify; text-justify: inter-ideograph; direction: ltr; unicode-bidi: normal;\"><span class=\"VorformatierterText-H\"><span style=\"font-family: Times New Roman; font-size: 11pt;\"><img decoding=\"async\" class=\"\" style=\"width: 350px; height: 234px;\" src=\"http:\/\/www.adrianwood.ch\/wp-content\/uploads\/2016\/07\/1467752245_image7.jpeg\" \/><\/span><\/span><\/p>\n<\/td>\n<td class=\"-C\" style=\"width: 248.05pt; background-color: transparent;\">\n<p class=\"VorformatierterText-P\" style=\"margin-bottom: 6pt; text-align: justify; text-justify: inter-ideograph; direction: ltr; unicode-bidi: normal;\"><span class=\"VorformatierterText-H\"><span style=\"font-family: Times New Roman; font-size: 11pt;\"><img decoding=\"async\" class=\"\" style=\"width: 350px; height: 234px;\" src=\"http:\/\/www.adrianwood.ch\/wp-content\/uploads\/2016\/07\/1467752245_image8.jpeg\" \/><\/span><\/span><\/p>\n<\/td>\n<\/tr>\n<tr class=\"-R\">\n<td class=\"-C\" style=\"width: 494.45pt; background-color: transparent;\" colspan=\"2\">\n<p class=\"VorformatierterText-P\" style=\"margin-bottom: 6pt; text-align: justify; text-justify: inter-ideograph; direction: ltr; unicode-bidi: normal;\"><span class=\"VorformatierterText-H\"><span style=\"font-family: Times New Roman; font-size: 11pt;\">Das Kloster Krupa liegt am gleichnamigen Fluss, auch da haben wir Halt gemacht und dem Kloster einen Besuch abgestattet. Es wurde 1317 von serbischen M\u00f6nchen aus Bosnien gegr\u00fcndet. Es ist das \u00e4lteste serbische Gotteshaus auf dem Gebiet Kroatiens. Die Fresken im Kloster sind aus dem 14 Jahrhundert.<\/span><\/span><\/p>\n<\/td>\n<\/tr>\n<tr class=\"-R\">\n<td class=\"-C\" style=\"width: 246.4pt; background-color: transparent;\">\n<p class=\"VorformatierterText-P\" style=\"margin-bottom: 6pt; text-align: justify; text-justify: inter-ideograph; direction: ltr; unicode-bidi: normal;\"><span class=\"VorformatierterText-H\"><span style=\"font-family: Times New Roman; font-size: 11pt;\"><img decoding=\"async\" class=\"\" style=\"width: 350px; height: 234px;\" src=\"http:\/\/www.adrianwood.ch\/wp-content\/uploads\/2016\/07\/1467752245_image9.jpeg\" \/><\/span><\/span><\/p>\n<\/td>\n<td class=\"-C\" style=\"width: 248.05pt; background-color: transparent;\">\n<p class=\"VorformatierterText-P\" style=\"margin-bottom: 6pt; text-align: justify; text-justify: inter-ideograph; direction: ltr; unicode-bidi: normal;\"><span class=\"VorformatierterText-H\"><span style=\"font-family: Times New Roman; font-size: 11pt;\"><img decoding=\"async\" class=\"\" style=\"width: 351px; height: 235px;\" src=\"http:\/\/www.adrianwood.ch\/wp-content\/uploads\/2016\/07\/1467752245_image10.jpeg\" \/><\/span><\/span><\/p>\n<\/td>\n<\/tr>\n<tr class=\"-R\">\n<td class=\"-C\" style=\"width: 494.45pt; background-color: transparent;\" colspan=\"2\">\n<p class=\"VorformatierterText-P\" style=\"margin-bottom: 6pt; text-align: justify; text-justify: inter-ideograph; direction: ltr; unicode-bidi: normal;\"><span class=\"VorformatierterText-H\"><span style=\"font-family: Times New Roman; font-size: 11pt;\">Erst danach sind wir mit dem Bus zur Krupa Quelle gefahren. Es war schon 17.15 Uhr als wir los marschierten. Wir gingen gesch\u00e4tzte 15 Min. Die Karstquelle hat mich beeindruckt, sie ist sehr ergiebig. Das Wasser sprudelt stark zwischen vielen Felsenbl\u00f6cken heraus. Das Wasser ist sehr gut, wir haben es vor Ort abgef\u00fcllt und getrunken. Um 18.00 U<\/span><span style=\"font-family: Times New Roman; font-size: 11pt;\">hr waren alle wieder beim Bus. Nun begann die lange Reise nach <\/span><span style=\"font-family: Times New Roman; color: #000000; font-size: 11pt;\">Biha\u0107 in Bosnien-Herzegowina.<\/span><span style=\"font-family: Times New Roman; font-size: 11pt;\"> Um 20.40 Uhr waren wir beim Hotel und um 21.15 Uhr gab es das Nachtessen am grossen Hochzeitstisch.<\/span><\/span><\/p>\n<p class=\"VorformatierterText-P\" style=\"margin-bottom: 6pt; text-align: justify; text-justify: inter-ideograph; direction: ltr; unicode-bidi: normal;\"><span class=\"VorformatierterText-H\"><span style=\"font-family: Times New Roman; font-size: 11pt; text-decoration: underline; color: gray;\">Zusammenfassung:<\/span><\/span><\/p>\n<p class=\"VorformatierterText-P\" style=\"text-align: justify; text-justify: inter-ideograph; direction: ltr; unicode-bidi: normal;\"><span class=\"VorformatierterText-H\"><span style=\"font-family: Times New Roman; font-size: 11pt;\">Zuerst eine schnelle Stadtbesichtigung in Zadar, dann ein langer Spaziergang bis zum <\/span><span style=\"font-family: Times New Roman; color: #000000; font-size: 11pt;\">Krupa-Canyon hinunter<\/span><span style=\"font-family: Times New Roman; font-size: 11pt;\"> und wieder hinauf. \u00dcberquerung dieser langen Br\u00fccke \u00fcber den Krupa-Fluss. Hier hatten wir unseren Mittagshalt mit Picknick, einen l\u00e4ngeren Aufenthalt h\u00e4tte mir gut gefallen. Beim R\u00fcckweg wurde Gabi von Felix vermisst und wieder gefunden!<\/span><\/span><\/p>\n<\/td>\n<\/tr>\n<tr class=\"-R\">\n<td class=\"-C\" style=\"width: 494.45pt; background-color: transparent;\" colspan=\"2\">\n<p class=\"VorformatierterText-P\" style=\"margin-bottom: 6pt; text-align: justify; text-justify: inter-ideograph; direction: ltr; unicode-bidi: normal;\"><span class=\"VorformatierterText-H\"><span style=\"font-family: Times New Roman; font-size: 11pt;\">Dann ging es zum Kloster Krupa. Zuletzt zur Karstquelle der Krupa. Noch zu erw\u00e4hnen die lange Busfahrt in 2 verschiedenen Bussen. Der Grenz\u00fcbergang nach Bosnien war auch noch speziell. Wir mussten einzeln an 2 verschiedenen Kontrollh\u00e4uschen unseren Ausweis zeigen. Schengen l\u00e4sst gr\u00fcssen!<\/span><\/span><\/p>\n<p class=\"Normal-P\" style=\"margin-bottom: 6pt; text-align: justify; text-justify: inter-ideograph; direction: ltr; unicode-bidi: normal;\"><span class=\"Normal-H\"><span style=\"; font-size: 11pt;\">Das Hotel Emporium in Bihac\/ Bosnien war unser Hotel f\u00fcr 2 N\u00e4chte. Bihac bedeutet ohne Kreuz. Es ist eine moslemische Stadt.<\/span><\/span><\/p>\n<p class=\"Normal-P\" style=\"margin-bottom: 6pt; text-align: justify; text-justify: inter-ideograph; direction: ltr; unicode-bidi: normal;\"><span class=\"Normal-H\"><span style=\"; font-size: 11pt;\">Ein erlebnisreicher, langer Tag haben wir, wie immer gut \u00fcberstanden. Danke an die ganze Gruppe und an Adrian.<\/span><span style=\"; font-size: 11pt;\">\u00a0\u00a0\u00a0 <\/span><span style=\"; font-size: 11pt;\">Brigitte H.<\/span><\/span><\/p>\n<\/td>\n<\/tr>\n<tr class=\"-R\">\n<td class=\"-C\" style=\"width: 494.45pt; background-color: transparent;\" colspan=\"2\">\n<p class=\"VorformatierterText-P\" style=\"margin-bottom: 6pt; text-align: justify; text-justify: inter-ideograph; direction: ltr; unicode-bidi: normal;\"><span class=\"VorformatierterText-H\"><span style=\"font-family: Times New Roman; font-size: 11pt;\"><img decoding=\"async\" class=\"\" style=\"width: 724px; height: 489px;\" src=\"http:\/\/www.adrianwood.ch\/wp-content\/uploads\/2016\/07\/1467752245_image11.jpeg\" \/><\/span><\/span><\/p>\n<\/td>\n<\/tr>\n<tr class=\"-R\">\n<td class=\"-C\" style=\"width: 494.45pt; background-color: transparent;\" colspan=\"2\">\n<p class=\"VorformatierterText-P\" style=\"margin-bottom: 6pt; text-align: justify; text-justify: inter-ideograph; direction: ltr; unicode-bidi: normal;\"><span class=\"VorformatierterText-H\"><span style=\"font-family: Times New Roman; font-size: 11pt;\"><img decoding=\"async\" class=\"\" style=\"width: 737px; height: 383px;\" src=\"http:\/\/www.adrianwood.ch\/wp-content\/uploads\/2016\/07\/1467752245_image12.jpeg\" \/><\/span><\/span><\/p>\n<\/td>\n<\/tr>\n<p><!-- [if !supportMisalignedColumns]--><\/tbody>\n<\/table>\n","protected":false},"excerpt":{"rendered":"<p>Samstag, 21. 05. 2016, Transfer mit dem Bus von Trogir \u00fcber Zadar, Krupa-Canyon, Kloster Krupa und Karstquelle, bis Biha\u0107 in Bosnien-Herzegowina. 07.00 Uhr Fr\u00fchst\u00fcck, Adrian war aussergew\u00f6hnlich fr\u00fch anwesend und gleich hatte ich die \u201eehrenvolle\u201c Aufgabe den Tagesbericht zu schreiben. Eigentlich wollte ich absagen, da ich mich nach den Kroatien-Ferien auf die Betreuer Funktion in &hellip; <a href=\"https:\/\/www.adrianwood.ch\/?page_id=8646\" class=\"more-link\">Continue reading <span class=\"screen-reader-text\">05-21 Krupa Canyon<\/span> <span class=\"meta-nav\">&rarr;<\/span><\/a><\/p>\n","protected":false},"author":1,"featured_media":0,"parent":8415,"menu_order":2542,"comment_status":"closed","ping_status":"closed","template":"","meta":{"ngg_post_thumbnail":0,"footnotes":""},"class_list":["post-8646","page","type-page","status-publish","hentry"],"_links":{"self":[{"href":"https:\/\/www.adrianwood.ch\/index.php?rest_route=\/wp\/v2\/pages\/8646","targetHints":{"allow":["GET"]}}],"collection":[{"href":"https:\/\/www.adrianwood.ch\/index.php?rest_route=\/wp\/v2\/pages"}],"about":[{"href":"https:\/\/www.adrianwood.ch\/index.php?rest_route=\/wp\/v2\/types\/page"}],"author":[{"embeddable":true,"href":"https:\/\/www.adrianwood.ch\/index.php?rest_route=\/wp\/v2\/users\/1"}],"replies":[{"embeddable":true,"href":"https:\/\/www.adrianwood.ch\/index.php?rest_route=%2Fwp%2Fv2%2Fcomments&post=8646"}],"version-history":[{"count":3,"href":"https:\/\/www.adrianwood.ch\/index.php?rest_route=\/wp\/v2\/pages\/8646\/revisions"}],"predecessor-version":[{"id":8660,"href":"https:\/\/www.adrianwood.ch\/index.php?rest_route=\/wp\/v2\/pages\/8646\/revisions\/8660"}],"up":[{"embeddable":true,"href":"https:\/\/www.adrianwood.ch\/index.php?rest_route=\/wp\/v2\/pages\/8415"}],"wp:attachment":[{"href":"https:\/\/www.adrianwood.ch\/index.php?rest_route=%2Fwp%2Fv2%2Fmedia&parent=8646"}],"curies":[{"name":"wp","href":"https:\/\/api.w.org\/{rel}","templated":true}]}}