{"id":8663,"date":"2016-07-05T21:21:08","date_gmt":"2016-07-05T21:21:08","guid":{"rendered":"http:\/\/www.adrianwood.ch\/?page_id=8663"},"modified":"2016-07-05T21:25:31","modified_gmt":"2016-07-05T21:25:31","slug":"05-22-plitvicer-seen","status":"publish","type":"page","link":"https:\/\/www.adrianwood.ch\/?page_id=8663","title":{"rendered":"05-22 Plitvicer Seen"},"content":{"rendered":"<p class=\"Normal-P\" style=\"direction: ltr; unicode-bidi: normal;\"><span class=\"Normal-H\"><span style=\"font-family: Times New Roman; font-weight: bold;\">Sonntag, 22. Mai 2016<\/span><span style=\"font-family: Times New Roman; font-weight: bold;\">, Plitvicer Seen<\/span><\/span><\/p>\n<table class=\"TableGrid-T\" style=\"border-collapse: collapse; height: 2811px;\" width=\"713\" cellspacing=\"0\">\n<tbody>\n<tr class=\"-R\">\n<td class=\"-C\" style=\"width: 492.7pt; border: none windowtext 0pt;\" colspan=\"2\">\n<p class=\"Normal-P\" style=\"margin-bottom: 6pt; text-align: justify; text-justify: inter-ideograph; direction: ltr; unicode-bidi: normal;\"><span class=\"Normal-H\"><span style=\"font-family: Times New Roman;\">Heute ist einer der H\u00f6hepunkte unserer Kroatienreise: Der Besuch der Plitvicer Seen, dazu kommt auch ein wundersch\u00f6ner, wolkenloser Tag. Um 9 Uhr verlassen wir mit dem Bus \u201eJimmy\u201c das Hotel in Bihac. Vorbei an bunten H\u00e4usern und Moscheen mit spitzen Minaretten geht es zum einsam in der Landschaft gelegenen Grenz\u00fcbergang Bosnien-Kroatien. Wir m\u00fcssen den Bus verlassen und im G\u00e4nsemarsch zum Zollh\u00e4uschen von Bosnien, wo Gesichts- und Ausweiskontrolle stattfinden. Beim Zollh\u00e4uschen von Kroatien etwas lockerer, nur noch Ausweiskontrolle. Bei der Weiterfahrt zu den Seen beobachten wir in der Waldlandschaft viele B\u00e4ume mit braunen Bl\u00e4ttern. Es sind angeblich Hainbuchen, die durch einen K\u00e4lteeinbruch gelitten haben.<\/span><\/span><\/p>\n<\/td>\n<\/tr>\n<tr class=\"-R\">\n<td class=\"-C\" style=\"width: 246.15pt; border: none windowtext 0pt;\">\n<p class=\"Normal-P\" style=\"margin-bottom: 6pt; text-align: justify; text-justify: inter-ideograph; direction: ltr; unicode-bidi: normal;\"><span class=\"Normal-H\"><span style=\"font-family: Times New Roman;\"><img loading=\"lazy\" decoding=\"async\" class=\"\" src=\"http:\/\/www.adrianwood.ch\/wp-content\/uploads\/2016\/07\/1467753561_image1.jpeg\" width=\"355\" height=\"236\" data-link=\"\" \/><\/span><\/span><\/p>\n<\/td>\n<td class=\"-C\" style=\"width: 246.55pt; border: none windowtext 0pt;\">\n<p class=\"Normal-P\" style=\"margin-bottom: 6pt; text-align: justify; text-justify: inter-ideograph; direction: ltr; unicode-bidi: normal;\"><span class=\"Normal-H\"><span style=\"font-family: Times New Roman;\"><img loading=\"lazy\" decoding=\"async\" class=\"\" src=\"http:\/\/www.adrianwood.ch\/wp-content\/uploads\/2016\/07\/1467753561_image2.jpeg\" width=\"357\" height=\"238\" data-link=\"\" \/><\/span><\/span><\/p>\n<\/td>\n<\/tr>\n<tr class=\"-R\">\n<td class=\"-C\" style=\"width: 492.7pt; border: none windowtext 0pt;\" colspan=\"2\">\n<p class=\"Normal-P\" style=\"margin-bottom: 6pt; text-align: justify; text-justify: inter-ideograph; direction: ltr; unicode-bidi: normal;\"><span class=\"Normal-H\"><span style=\"font-family: Times New Roman;\">Um 10 Uhr sind wir am Eingang zur Seenlandschaft. Von unserer Wanderleiterin Mina und durch einen Flyer erhalten wir detaillierte Angaben \u00fcber die einzigartige Seenlandschaft. Es seien hier nur ein paar kurze Angaben gemacht: 1949 zum Nationalpark erkl\u00e4rt, 1979 ins UNESCO Weltnaturerbe aufgenommen. 12 kleinere Seen, 4 gr\u00f6ssere. J\u00e4hrlich werden die Seen von \u00fcber 1 Million Touristen besucht. Bei 200 Besuchstagen pro Jahr ergibt dies im Schnitt 5000 Personen im Tag. Bei unserem Besuch bei diesem sch\u00f6nen Wetter und einem Sonntag waren es gewiss einige mehr.<\/span><\/span><\/p>\n<\/td>\n<\/tr>\n<tr class=\"-R\">\n<td class=\"-C\" style=\"width: 246.15pt; border: none windowtext 0pt;\">\n<p class=\"Normal-P\" style=\"margin-bottom: 6pt; text-align: justify; text-justify: inter-ideograph; direction: ltr; unicode-bidi: normal;\"><span class=\"Normal-H\"><span style=\"font-family: Times New Roman;\"><img loading=\"lazy\" decoding=\"async\" class=\"\" src=\"http:\/\/www.adrianwood.ch\/wp-content\/uploads\/2016\/07\/1467753561_image3.jpeg\" width=\"346\" height=\"231\" data-link=\"\" \/><\/span><\/span><\/p>\n<\/td>\n<td class=\"-C\" style=\"width: 246.55pt; border: none windowtext 0pt;\">\n<p class=\"Normal-P\" style=\"margin-bottom: 6pt; text-align: justify; text-justify: inter-ideograph; direction: ltr; unicode-bidi: normal;\"><span class=\"Normal-H\"><span style=\"font-family: Times New Roman;\"><img loading=\"lazy\" decoding=\"async\" class=\"\" src=\"http:\/\/www.adrianwood.ch\/wp-content\/uploads\/2016\/07\/1467753561_image4.jpeg\" width=\"344\" height=\"229\" data-link=\"\" \/><\/span><\/span><\/p>\n<\/td>\n<\/tr>\n<tr class=\"-R\">\n<td class=\"-C\" style=\"width: 492.7pt; border: none windowtext 0pt;\" colspan=\"2\">\n<p class=\"Normal-P\" style=\"margin-bottom: 6pt; text-align: justify; text-justify: inter-ideograph; direction: ltr; unicode-bidi: normal;\"><span class=\"Normal-H\"><span style=\"font-family: Times New Roman;\">Die Seen sind terrassenf\u00f6rmig angeordnet. Vom jeweils oberen See fliesst das Wasser als Wasserfall in den n\u00e4chst untern. Wir verlassen den rummeligen Eingangsbereich und sind schon nach etwa 100 m oberhalb der t\u00fcrkisfarbenen Seen. Weit unten ergiesst sich ein hoher und grosser Wasserfall in einen See, ein grossartiges Schauspiel. Wir sind nat\u00fcrlich nicht die einzigen, die dieses tolle Sujet fotografieren wollen und es braucht etwas Ellbogeneinsatz, damit man zwischen den vielen Asiaten zum knipsen kommt.<\/span><span style=\"font-family: Times New Roman;\">Der Wanderweg senkt sich langsam auf die Seen-H\u00f6he. Immer wieder Ausblick auf See, Wasserfall oder kleine Fl\u00fcsse.<\/span><\/span><\/p>\n<\/td>\n<\/tr>\n<tr class=\"-R\">\n<td class=\"-C\" style=\"width: 246.15pt; border: none windowtext 0pt;\">\n<p class=\"Normal-P\" style=\"margin-bottom: 6pt; text-align: justify; text-justify: inter-ideograph; direction: ltr; unicode-bidi: normal;\"><span class=\"Normal-H\"><span style=\"font-family: Times New Roman;\"><img loading=\"lazy\" decoding=\"async\" class=\"\" src=\"http:\/\/www.adrianwood.ch\/wp-content\/uploads\/2016\/07\/1467753561_image5.jpeg\" width=\"346\" height=\"231\" data-link=\"\" \/><\/span><\/span><\/p>\n<\/td>\n<td class=\"-C\" style=\"width: 246.55pt; border: none windowtext 0pt;\">\n<p class=\"Normal-P\" style=\"margin-bottom: 6pt; text-align: justify; text-justify: inter-ideograph; direction: ltr; unicode-bidi: normal;\"><span class=\"Normal-H\"><span style=\"font-family: Times New Roman;\"><img loading=\"lazy\" decoding=\"async\" class=\"\" src=\"http:\/\/www.adrianwood.ch\/wp-content\/uploads\/2016\/07\/1467753561_image6.jpeg\" width=\"346\" height=\"230\" data-link=\"\" \/><\/span><\/span><\/p>\n<\/td>\n<\/tr>\n<tr class=\"-R\">\n<td class=\"-C\" style=\"width: 492.7pt; border: none windowtext 0pt;\" colspan=\"2\">\n<p class=\"Normal-P\" style=\"margin-bottom: 6pt; text-align: justify; text-justify: inter-ideograph; direction: ltr; unicode-bidi: normal;\"><span class=\"Normal-H\"><span style=\"font-family: Times New Roman;\">Unsere Wandergruppe zerf\u00e4llt hin und wieder in Einzelteile und Mina muss schauen, dass wir jeweils wieder zusammen kommen. Nun kommt ein grosser Rastplatz mit Picknick-M\u00f6glichkeit und Selfservice-B\u00fcffet. Weiter geht es nun mittels Schiff \u00fcber einen gr\u00f6sseren See. Nach etwa 15 Minuten warten, sind wir an der Reihe im 100-pl\u00e4tzigen Boot mit Akku-Antrieb. Wir landen am andern Ufer direkt bei einem Wasserfall. Die Wanderung geht jetzt h\u00e4ufig auf Holzstegen weiter. Ueber die Seen, zwischen den Seen, \u00fcber Wasserf\u00e4llen, unterhalb von Wasserf\u00e4llen, man kommt aus dem Staunen nicht hinaus und ist sehr beindruckt, was die Natur so alles zu wege bringt.<\/span><\/span><\/p>\n<\/td>\n<\/tr>\n<tr class=\"-R\">\n<td class=\"-C\" style=\"width: 246.15pt; border: none windowtext 0pt;\">\n<p class=\"Normal-P\" style=\"margin-bottom: 6pt; text-align: justify; text-justify: inter-ideograph; direction: ltr; unicode-bidi: normal;\"><span class=\"Normal-H\"><span style=\"font-family: Times New Roman;\"><img loading=\"lazy\" decoding=\"async\" class=\"\" src=\"http:\/\/www.adrianwood.ch\/wp-content\/uploads\/2016\/07\/1467753561_image7.jpeg\" width=\"346\" height=\"231\" data-link=\"\" \/><\/span><\/span><\/p>\n<\/td>\n<td class=\"-C\" style=\"width: 246.55pt; border: none windowtext 0pt;\">\n<p class=\"Normal-P\" style=\"margin-bottom: 6pt; text-align: justify; text-justify: inter-ideograph; direction: ltr; unicode-bidi: normal;\"><span class=\"Normal-H\"><span style=\"font-family: Times New Roman;\"><img loading=\"lazy\" decoding=\"async\" class=\"\" src=\"http:\/\/www.adrianwood.ch\/wp-content\/uploads\/2016\/07\/1467753561_image8.jpeg\" width=\"346\" height=\"230\" data-link=\"\" \/><\/span><\/span><\/p>\n<\/td>\n<\/tr>\n<tr class=\"-R\">\n<td class=\"-C\" style=\"width: 492.7pt; border: none windowtext 0pt;\" colspan=\"2\">\n<p class=\"Normal-P\" style=\"margin-bottom: 6pt; text-align: justify; text-justify: inter-ideograph; direction: ltr; unicode-bidi: normal;\"><span class=\"Normal-H\"><span style=\"font-family: Times New Roman;\">Jetzt geht es aber profan dem Ende unseres Besuches zu. Der Parkbus mit zwei Anh\u00e4ngern f\u00e4hrt uns zum Ausgang. Nach einer Erfrischung in einer gr\u00f6sseren Hotelanlage aus der Tito-Zeit bringt uns \u201eJimmy\u201c \u00fcber die Grenze zur\u00fcck nach Bihac. Diejenigen die wollen, k\u00f6nnen mit Mina die Stadt besichtigen. Vor dem Zerfallskrieg ca. 70`000 Einwohner, jetzt noch ca. 50`000.<\/span><\/span><\/p>\n<\/td>\n<\/tr>\n<tr class=\"-R\">\n<td class=\"-C\" style=\"width: 246.15pt; border: none windowtext 0pt;\">\n<p class=\"Normal-P\" style=\"margin-bottom: 5pt; text-align: justify; text-justify: inter-ideograph; direction: ltr; unicode-bidi: normal;\"><span class=\"Normal-H\"><span style=\"font-family: Times New Roman;\"><img loading=\"lazy\" decoding=\"async\" class=\"\" src=\"http:\/\/www.adrianwood.ch\/wp-content\/uploads\/2016\/07\/1467753561_image9.jpeg\" width=\"346\" height=\"231\" data-link=\"\" \/><\/span><\/span><\/p>\n<\/td>\n<td class=\"-C\" style=\"width: 246.55pt; border: none windowtext 0pt;\">\n<p class=\"Normal-P\" style=\"margin-bottom: 6pt; text-align: justify; text-justify: inter-ideograph; direction: ltr; unicode-bidi: normal;\"><span class=\"Normal-H\"><span style=\"font-family: Times New Roman;\"><img loading=\"lazy\" decoding=\"async\" class=\"\" src=\"http:\/\/www.adrianwood.ch\/wp-content\/uploads\/2016\/07\/1467753561_image10.jpeg\" width=\"346\" height=\"230\" data-link=\"\" \/><\/span><\/span><\/p>\n<\/td>\n<\/tr>\n<tr class=\"-R\">\n<td class=\"-C\" style=\"width: 492.7pt; border: none windowtext 0pt;\" colspan=\"2\">\n<p class=\"Normal-P\" style=\"margin-bottom: 6pt; text-align: justify; text-justify: inter-ideograph; direction: ltr; unicode-bidi: normal;\"><span class=\"Normal-H\"><span style=\"font-family: Times New Roman;\">Buntes Gemisch unterschiedlicher Geb\u00e4ude, alte, halbalte aus der Kommunistenzeit, einige auch vernachl\u00e4ssigt. Im Zentrum eine alte Moschee, die fr\u00fcher als gotische Kirche im Betrieb war. Anstelle des Glockenturms ist ein Minarett angebaut. In einem Park steht noch der neuromanische Turm einer weiteren ehemaligen Kirche. Der Kirchenbau ist bis auf ein Rest von Grundmauern nicht mehr vorhanden. Weiter ist zu sehen ein muslimisches Mausoleum und ein mittelalterliches Turmgeb\u00e4ude, das jetzt als Museum dient. Am Ufer zum sch\u00f6nen Fluss Una stehen Bronzegedenktafel zur osmanischen Eroberung und Bek\u00e4mpfung der Nazideutschen.<\/span><\/span><\/p>\n<p class=\"Normal-P\" style=\"margin-bottom: 6pt; text-align: justify; text-justify: inter-ideograph; direction: ltr; unicode-bidi: normal;\"><span class=\"Normal-H\"><span style=\"font-family: Times New Roman;\">Durch einen Park fliesst zudem ganz idylisch ein Wasserkanal. Nach der kurzen Stadtbesichtigung geht es mit \u201eJimmy\u201c etwas ausserhalb der Stadt zu einem romantisch am Fluss gelegenen Restaurant. Hier tafeln wir bei untergehender Sonne. Die musikalische Unterhaltung des Live-Trios wurde schon nach kurzer Zeit eingestellt, der Bass war f\u00fcr uns zu laut. Das Essen war jedoch vorz\u00fcgli<\/span><span style=\"font-family: Times New Roman;\">ch, es gab grillierte Forelle.<\/span><\/span><\/p>\n<p class=\"Normal-P\" style=\"margin-bottom: 6pt; text-align: justify; text-justify: inter-ideograph; direction: ltr; unicode-bidi: normal;\"><span class=\"Normal-H\"><span style=\"font-family: Times New Roman;\">Felix &amp; Gaby<\/span><\/span><\/p>\n<\/td>\n<\/tr>\n<tr class=\"-R\">\n<td class=\"-C\" style=\"width: 492.7pt; border: none windowtext 0pt;\" colspan=\"2\">\n<p class=\"Normal-P\" style=\"margin-bottom: 6pt; text-align: justify; text-justify: inter-ideograph; direction: ltr; unicode-bidi: normal;\"><span class=\"Normal-H\"><span style=\"font-family: Times New Roman;\"><img loading=\"lazy\" decoding=\"async\" class=\"\" src=\"http:\/\/www.adrianwood.ch\/wp-content\/uploads\/2016\/07\/1467753561_image11.jpg\" width=\"726\" height=\"543\" data-link=\"\" \/><\/span><\/span><\/p>\n<\/td>\n<\/tr>\n<\/tbody>\n<\/table>\n","protected":false},"excerpt":{"rendered":"<p>Sonntag, 22. Mai 2016, Plitvicer Seen Heute ist einer der H\u00f6hepunkte unserer Kroatienreise: Der Besuch der Plitvicer Seen, dazu kommt auch ein wundersch\u00f6ner, wolkenloser Tag. Um 9 Uhr verlassen wir mit dem Bus \u201eJimmy\u201c das Hotel in Bihac. Vorbei an bunten H\u00e4usern und Moscheen mit spitzen Minaretten geht es zum einsam in der Landschaft gelegenen &hellip; <a href=\"https:\/\/www.adrianwood.ch\/?page_id=8663\" class=\"more-link\">Continue reading <span class=\"screen-reader-text\">05-22 Plitvicer Seen<\/span> <span class=\"meta-nav\">&rarr;<\/span><\/a><\/p>\n","protected":false},"author":1,"featured_media":0,"parent":8415,"menu_order":2543,"comment_status":"closed","ping_status":"closed","template":"","meta":{"ngg_post_thumbnail":0,"footnotes":""},"class_list":["post-8663","page","type-page","status-publish","hentry"],"_links":{"self":[{"href":"https:\/\/www.adrianwood.ch\/index.php?rest_route=\/wp\/v2\/pages\/8663","targetHints":{"allow":["GET"]}}],"collection":[{"href":"https:\/\/www.adrianwood.ch\/index.php?rest_route=\/wp\/v2\/pages"}],"about":[{"href":"https:\/\/www.adrianwood.ch\/index.php?rest_route=\/wp\/v2\/types\/page"}],"author":[{"embeddable":true,"href":"https:\/\/www.adrianwood.ch\/index.php?rest_route=\/wp\/v2\/users\/1"}],"replies":[{"embeddable":true,"href":"https:\/\/www.adrianwood.ch\/index.php?rest_route=%2Fwp%2Fv2%2Fcomments&post=8663"}],"version-history":[{"count":5,"href":"https:\/\/www.adrianwood.ch\/index.php?rest_route=\/wp\/v2\/pages\/8663\/revisions"}],"predecessor-version":[{"id":8814,"href":"https:\/\/www.adrianwood.ch\/index.php?rest_route=\/wp\/v2\/pages\/8663\/revisions\/8814"}],"up":[{"embeddable":true,"href":"https:\/\/www.adrianwood.ch\/index.php?rest_route=\/wp\/v2\/pages\/8415"}],"wp:attachment":[{"href":"https:\/\/www.adrianwood.ch\/index.php?rest_route=%2Fwp%2Fv2%2Fmedia&parent=8663"}],"curies":[{"name":"wp","href":"https:\/\/api.w.org\/{rel}","templated":true}]}}