{"id":9802,"date":"2016-08-04T16:47:25","date_gmt":"2016-08-04T16:47:25","guid":{"rendered":"http:\/\/www.adrianwood.ch\/?page_id=9802"},"modified":"2016-08-04T16:50:22","modified_gmt":"2016-08-04T16:50:22","slug":"04-29-pico-benjenado","status":"publish","type":"page","link":"https:\/\/www.adrianwood.ch\/?page_id=9802","title":{"rendered":"04-29 Pico Benjenado"},"content":{"rendered":"<h2 class=\"Normal-P\" style=\"margin-bottom: 6pt; text-align: justify; text-justify: inter-ideograph; direction: ltr; unicode-bidi: normal;\"><span class=\"Normal-H\"><span style=\"font-weight: bold; font-size: 11pt; color: gray;\">29.April, Pico Bejenado<\/span><span style=\"font-size: 11pt;\">.<\/span><\/span><\/h2>\n<table class=\"TableGrid-T\" style=\"border-collapse: collapse;\" cellspacing=\"0\">\n<tbody>\n<tr class=\"-R\">\n<td class=\"-C\" style=\"width: 464.3pt; border: none windowtext 0pt;\" colspan=\"2\">\n<p class=\"Normal-P\" style=\"margin-bottom: 6pt; text-align: justify; text-justify: inter-ideograph; direction: ltr; unicode-bidi: normal;\"><span class=\"Normal-H\"><span style=\"font-size: 11pt;\">Nach dem langen ersten Reisetag erwache ich schon im Mo<\/span><span style=\"font-size: 11pt;\">rgengrauen in unserer Bungalow-<\/span><span style=\"font-size: 11pt;\">Anlage &#8220;Sonvida&#8221;. Wie fr\u00fch ist es wohl? Ich schaue schl\u00e4frig auf meine Armbanduhr, aber ohne meine Brille ist es noch zu dunkel um die Zeit ablesen zu k\u00f6nnen. Noch m\u00fcde setze ich aus Neugier im Halbdunkel meine Brille auf. Was??? Meine Armbanduhr zeigt zehn nach sieben! Wir sind am Vortag eben nicht nur s\u00fcdlich, sondern auch weit nach Westen geflogen, haben aber unsere Uhr nur um eine Stunde zur\u00fcckstellen m\u00fcssen. Deshalb so sp\u00e4te Morgend\u00e4mmerung! Also nichts wie auf. Beim Gang zum Badezimmer geht auch Brigittes T\u00fcre auf, wir sind zu viert im Bungalow, und schlaftrunken wankt sie zielstrebig zur Kaffemaschine und setzt diese in Gang. Das verbreitet bald gute D\u00fcfte und weckt die Lebensgeister. Auf der sch\u00f6nen Veranda bauen wir ein Fr\u00fchst\u00fccksbuffet auf, und bald geniessen wir auch die ersten Sonnenstrahlen. Aber wir m\u00fcssen vorw\u00e4rts machen, um neun Uhr ist Besammlung beim Bus! <\/span><\/span><\/p>\n<\/td>\n<\/tr>\n<tr class=\"-R\">\n<td class=\"-C\" style=\"width: 464.3pt; border: none windowtext 0pt;\" colspan=\"2\">\n<p class=\"Normal-P\" style=\"margin-bottom: 6pt; text-align: justify; text-justify: inter-ideograph; direction: ltr; unicode-bidi: normal;\"><span class=\"Normal-H\"><span style=\"font-size: 11pt;\">Unser Chauffeur erweist sich als nicht gerade hilfsbereit und wartet ganz oben im Dorf, auf der Hauptstrasse, auf uns. Dies heisst gut zwanzig Minuten Aufstieg zum wartenden Bus. Es brauchte \u00fcbrigens \u00dcberredungskunst, ihn f\u00fcr die folgenden Tage zu bewegen uns jeweils weiter unten abzuholen. Wir fahren auf der Strasse vom Vortag zur\u00fcck \u00fcber Los Llanos hinaus bis nach El Paso hinauf, wo wir dann links auf eine kleine Nebenstrasse in Richtung des kleinen Weilers Valencia abzweigen. Durch Bananenplantagen im unteren Teil und Weinberge steigt die Strasse bis auf knapp 1100m H\u00f6he an. In einem Waldst\u00fcck endet jedoch der Teerbelag der Strasse, was den Busfahrer sogleich veranlasst anzuhalten und uns vorzeitig aussteigen zu lassen: wir hatten gehofft er w\u00fcrde noch etwas weiter fahren. Also halt zus\u00e4tzlicher Marsch von etwa 25 Minuten auf der guten jedoch ungeteerten Strasse bis zum Wald-Rastplatz &#8220;Pista de Valencia&#8221;. <\/span><\/span><\/p>\n<\/td>\n<\/tr>\n<tr class=\"-R\">\n<td class=\"-C\" style=\"width: 232.15pt; border: none windowtext 0pt;\">\n<p class=\"Normal-P\" style=\"margin-bottom: 6pt; text-align: justify; text-justify: inter-ideograph; direction: ltr; unicode-bidi: normal;\"><span class=\"Normal-H\"><span style=\"font-size: 11pt;\"><img loading=\"lazy\" decoding=\"async\" class=\"\" src=\"http:\/\/www.adrianwood.ch\/wp-content\/uploads\/2016\/08\/1470329118_image1.jpeg\" width=\"346\" height=\"230\" data-link=\"\" \/><\/span><\/span><\/p>\n<\/td>\n<td class=\"-C\" style=\"width: 232.15pt; border: none windowtext 0pt;\">\n<p class=\"Normal-P\" style=\"margin-bottom: 6pt; text-align: center; direction: ltr; unicode-bidi: normal;\"><span class=\"Normal-H\"><span style=\"font-size: 11pt;\"><img loading=\"lazy\" decoding=\"async\" class=\"\" src=\"http:\/\/www.adrianwood.ch\/wp-content\/uploads\/2016\/08\/1470329118_image2.jpeg\" width=\"173\" height=\"231\" data-link=\"\" \/><\/span><\/span><\/p>\n<\/td>\n<\/tr>\n<tr class=\"-R\">\n<td class=\"-C\" style=\"width: 464.3pt; border: none windowtext 0pt;\" colspan=\"2\">\n<p class=\"Normal-P\" style=\"margin-bottom: 6pt; text-align: justify; text-justify: inter-ideograph; direction: ltr; unicode-bidi: normal;\"><span class=\"Normal-H\"><span style=\"font-size: 11pt;\">Hier am Rastplatz weist uns der Wanderwegweiser auf einen guten Bergweg, welcher uns durch Pinienwald, im unteren Teil sanft ansteigend, Richtung Pico Bejenado, 1854 m \u00fc.M., f\u00fchrt. Dieser Pinienwald gef\u00e4llt uns. Die Kanarischen Pinien haben besonders lange Nadeln, und sp\u00e4ter werden wir lernen, dass diese weitgehend waldbrandresistenten und auf den Kanaren endemischen Pinien mit den sch\u00f6ngezeichneten Baumrinden f\u00fcr den Wasserhaushalt der Insel von entscheidender Bedeutung sind. Die besonders langen Nadeln kondensieren n\u00e4mlich Wasser aus dem auf dieser H\u00f6he h\u00e4ufigen Nebel und lassen dieses Kondenswasser auf den Boden tropfen, und zwar etwa zehnmal soviel, als der Baum selber verbraucht! Auch haben diese B\u00e4ume die F\u00e4higkeit, nach einem Waldbrand Nadeln direkt aus dem Stamm heraus zu bilden und so den Brand zu \u00fcberleben bis nach einigen Jahren wieder<\/span><span style=\"font-size: 11pt;\"> neue \u00c4ste nachgewachsen sind.<\/span><\/span><\/p>\n<\/td>\n<\/tr>\n<tr class=\"-R\">\n<td class=\"-C\" style=\"width: 232.15pt; border: none windowtext 0pt;\">\n<p class=\"Normal-P\" style=\"margin-bottom: 6pt; text-align: justify; text-justify: inter-ideograph; direction: ltr; unicode-bidi: normal;\"><span class=\"Normal-H\"><span style=\"font-size: 11pt;\"><img loading=\"lazy\" decoding=\"async\" class=\"\" src=\"http:\/\/www.adrianwood.ch\/wp-content\/uploads\/2016\/08\/1470329118_image3.jpeg\" width=\"347\" height=\"229\" data-link=\"\" \/><\/span><\/span><\/p>\n<\/td>\n<td class=\"-C\" style=\"width: 232.15pt; border: none windowtext 0pt;\">\n<p class=\"Normal-P\" style=\"margin-bottom: 6pt; direction: ltr; unicode-bidi: normal;\"><span class=\"Normal-H\"><span style=\"font-size: 11pt;\"><img loading=\"lazy\" decoding=\"async\" class=\"\" src=\"http:\/\/www.adrianwood.ch\/wp-content\/uploads\/2016\/08\/1470329118_image4.jpeg\" width=\"347\" height=\"229\" data-link=\"\" \/><\/span><\/span><\/p>\n<\/td>\n<\/tr>\n<tr class=\"-R\">\n<td class=\"-C\" style=\"width: 464.3pt; border: none windowtext 0pt;\" colspan=\"2\">\n<p class=\"Normal-P\" style=\"margin-bottom: 6pt; text-align: justify; text-justify: inter-ideograph; direction: ltr; unicode-bidi: normal;\"><span class=\"Normal-H\"><span style=\"font-size: 11pt;\">Nach vielleicht einer halben Stunde Aufstieg stossen wir auf eine kleine Abzweigung welche uns auf <\/span><span style=\"font-size: 11pt;\">kurzem Weg zu heute eingehagten Petroglyphen-Zeichnungen f\u00fchrt. Diese Petroglyphen stammen von den Guanchen, den heute ausgestorbenen Ureinwohnern von La Palma vor der endg\u00fcltigen Eroberung der Insel durch die Spanier anno 1493. Leider zeigten die damaligen Spanier keinerlei Interesse f\u00fcr die Kultur der Guanchen und metzelten die damaligen Ureinwohner der Insel als &#8220;Heiden&#8221; kurzerhand nieder. Dehalb weiss man heute kaum mehr etwas \u00fcber die Kultur der Guanchen, auch deren Herkunft, vermutlich aus Nordafrika, ist nicht genau gekl\u00e4rt. \u00dcber die Bedeutung der mittels Stein auf Fels <\/span><span style=\"font-size: 11pt;\">gemeisselten r\u00e4tselhaften Zeichen, spiralige und kreisf\u00f6rmige, kann man heutzutage lediglich mehr oder weniger plausible Theorien aufstellen.<\/span><\/span><\/p>\n<\/td>\n<\/tr>\n<tr class=\"-R\">\n<td class=\"-C\" style=\"width: 232.15pt; border: none windowtext 0pt;\">\n<p class=\"Normal-P\" style=\"margin-bottom: 6pt; text-align: justify; text-justify: inter-ideograph; direction: ltr; unicode-bidi: normal;\"><span class=\"Normal-H\"><span style=\"font-size: 11pt;\"><img loading=\"lazy\" decoding=\"async\" class=\"\" src=\"http:\/\/www.adrianwood.ch\/wp-content\/uploads\/2016\/08\/1470329118_image5.jpeg\" width=\"347\" height=\"229\" data-link=\"\" \/><\/span><\/span><\/p>\n<\/td>\n<td class=\"-C\" style=\"width: 232.15pt; border: none windowtext 0pt;\">\n<p class=\"Normal-P\" style=\"margin-bottom: 6pt; text-align: justify; text-justify: inter-ideograph; direction: ltr; unicode-bidi: normal;\"><span class=\"Normal-H\"><span style=\"font-size: 11pt;\"><img loading=\"lazy\" decoding=\"async\" class=\"\" src=\"http:\/\/www.adrianwood.ch\/wp-content\/uploads\/2016\/08\/1470329118_image6.jpeg\" width=\"346\" height=\"230\" data-link=\"\" \/><\/span><\/span><\/p>\n<\/td>\n<\/tr>\n<tr class=\"-R\">\n<td class=\"-C\" style=\"width: 464.3pt; border: none windowtext 0pt;\" colspan=\"2\">\n<p class=\"Normal-P\" style=\"margin-bottom: 6pt; text-align: justify; text-justify: inter-ideograph; direction: ltr; unicode-bidi: normal;\"><span class=\"Normal-H\"><span style=\"font-size: 11pt;\">W\u00e4hrend wir h\u00f6hersteigen schiebt sich Seenebel unter uns in das breite Tal von Los Llanos. In der Ferne taucht in der reinen H\u00f6henluft der 3718 m hohe Gipfel des Teide von Teneriffa auf, gut 200 km Luftlinie von uns entfernt! Auch die obersten H\u00f6henz\u00fcge der beiden weiteren Nachbarinseln Gomera und Hierro werden am Horizont aus der tieferen Wolkenschicht heraus sichtbar<\/span><span style=\"font-size: 11pt;\">.<\/span><\/span><\/p>\n<\/td>\n<\/tr>\n<tr class=\"-R\">\n<td class=\"-C\" style=\"width: 232.15pt; border: none windowtext 0pt;\">\n<p class=\"Normal-P\" style=\"margin-bottom: 6pt; text-align: justify; text-justify: inter-ideograph; direction: ltr; unicode-bidi: normal;\"><span class=\"Normal-H\"><span style=\"font-size: 11pt;\"><img loading=\"lazy\" decoding=\"async\" class=\"\" src=\"http:\/\/www.adrianwood.ch\/wp-content\/uploads\/2016\/08\/1470329118_image7.jpeg\" width=\"347\" height=\"229\" data-link=\"\" \/><\/span><\/span><\/p>\n<\/td>\n<td class=\"-C\" style=\"width: 232.15pt; border: none windowtext 0pt;\">\n<p class=\"Normal-P\" style=\"margin-bottom: 6pt; text-align: justify; text-justify: inter-ideograph; direction: ltr; unicode-bidi: normal;\"><span class=\"Normal-H\"><span style=\"font-size: 11pt;\"><img loading=\"lazy\" decoding=\"async\" class=\"\" src=\"http:\/\/www.adrianwood.ch\/wp-content\/uploads\/2016\/08\/1470329118_image8.jpeg\" width=\"347\" height=\"229\" data-link=\"\" \/><\/span><\/span><\/p>\n<\/td>\n<\/tr>\n<tr class=\"-R\">\n<td class=\"-C\" style=\"width: 464.3pt; border: none windowtext 0pt;\" colspan=\"2\">\n<p class=\"Normal-P\" style=\"margin-bottom: 6pt; text-align: justify; text-justify: inter-ideograph; direction: ltr; unicode-bidi: normal;\"><span class=\"Normal-H\"><span style=\"font-size: 11pt;\">Nach gut einer Stunde nicht zu steilen Aufstiegs erreichen wir einen Sattel, wo wir zum erstenmal in <\/span><span style=\"font-size: 11pt;\">die riesige Caldera de Taburiente hinunterblicken k\u00f6nnen. Welch atemberaubender Anblick! Eigentlich ist die Caldera kein Krater, wie man urspr\u00fcnglich meinte, sondern der riesige Talkessel wurde allein durch Wasserkraft und Einst\u00fcrze, die das Gebiet ausgeh\u00f6hlt haben, im Laufe der Zeit gebildet. Die bizarren Felsen bestehen jedoch durchwegs aus meist weichem vulkanischen Gestein.<\/span><\/span><\/p>\n<\/td>\n<\/tr>\n<tr class=\"-R\">\n<td class=\"-C\" style=\"width: 232.15pt; border: none windowtext 0pt;\">\n<p class=\"Normal-P\" style=\"margin-bottom: 6pt; text-align: justify; text-justify: inter-ideograph; direction: ltr; unicode-bidi: normal;\"><span class=\"Normal-H\"><span style=\"font-size: 11pt;\"><img loading=\"lazy\" decoding=\"async\" class=\"\" src=\"http:\/\/www.adrianwood.ch\/wp-content\/uploads\/2016\/08\/1470329118_image9.jpeg\" width=\"347\" height=\"259\" data-link=\"\" \/><\/span><\/span><\/p>\n<\/td>\n<td class=\"-C\" style=\"width: 232.15pt; border: none windowtext 0pt;\">\n<p class=\"Normal-P\" style=\"margin-bottom: 6pt; text-align: justify; text-justify: inter-ideograph; direction: ltr; unicode-bidi: normal;\"><span class=\"Normal-H\"><span style=\"font-size: 11pt;\"><img loading=\"lazy\" decoding=\"async\" class=\"\" src=\"http:\/\/www.adrianwood.ch\/wp-content\/uploads\/2016\/08\/1470329118_image10.jpeg\" width=\"347\" height=\"229\" data-link=\"\" \/><\/span><\/span><\/p>\n<\/td>\n<\/tr>\n<tr class=\"-R\">\n<td class=\"-C\" style=\"width: 464.3pt; border: none windowtext 0pt;\" colspan=\"2\">\n<p class=\"Normal-P\" style=\"margin-bottom: 6pt; text-align: justify; text-justify: inter-ideograph; direction: ltr; unicode-bidi: normal;\"><span class=\"Normal-H\"><span style=\"font-size: 11pt;\">Wir machen eine Trinkpause und Adrian motiviert uns damit, dass es zum Gipfel nun nicht mehr weit sei. Das stimmt nicht ganz, der Weg wird steiler, und wir brauchen noch eine gute Stunde bis zum Gipfel, den wir um halb eins, nach total etwa 2 \u00bd Stunden Aufstieg, erreichen. Die M\u00fche wird mehr als belohnt! Der Pico Bejenado ist ein markanter freistehender Gipfel, 1854 m hoch, am rechten Ende <\/span><span style=\"font-size: 11pt;\">des &#8216;Krater&#8217;bogens vom Talausgang der Caldera aus gesehen. Der riesige Kessel der Caldera \u00f6ffnet sich in einer gewaltigen und langen Schlucht nach Puerto de Tazacorte, nordwestlich von Los Llanos. Diese Schlucht werden wir an einem anderen Tag noch durchwandern. Man kann sich an den Felsen und der wilden Landschaft der Caldera kaum sattsehen, aber auch die weiten Ausblicke bis zu den Bergspitzen von Teneriffa, Gomera und Hierro faszinieren. Wir machen eine ausgiebige Mittagspause bei sch\u00f6nstem Wetter und steigen dann auf dem gleichen Weg zur\u00fcck wieder ab. Der Busfahrer erwartet uns wiederum am Ende des geteerten Abschnittes. In Los Llanos, dem Hauptort der Westk\u00fcste, haben wir dann noch eine Stunde Zeit Proviant f\u00fcr die kommenden Tage einzukaufen, sich im Ort kurz umzusehen, oder auf der Plaza de Espa\u00f1a ein Bier oder ein Caf\u00e9 Cortado zu genehmigen.<\/span><\/span><\/p>\n<p class=\"Normal-P\" style=\"text-align: justify; text-justify: inter-ideograph; direction: ltr; unicode-bidi: normal;\"><span class=\"Normal-H\"><span style=\"font-size: 11pt;\">Ein sehr sch\u00f6ner Tag, ohne schwerwiegendes Ereignis, glaubte ich&#8230;<\/span><span style=\"font-size: 11pt;\">Leider passierte am Abend aber doch noch ein Missgeschick. Adrian f\u00fchrte f\u00fcnf von uns \u2013 wir waren mit Adrian zu sechst im F\u00fcnfpl\u00e4tzer Mietauto<\/span><span style=\"font-size: 11pt;\">(!) \u2013 vor dem Nachtessen noch an einen etwas abgelegeneren Strand beim nahe gelegenen Puerto Naos. Beim Abstieg vom Parkplatz oberhalb der Klippe zum Strand war \u00e4rgerlicherweise im untersten Teil die an sich gute Treppe, welche zum schwarzen Lavastrand hinunterf\u00fchrte, an einer Stelle weggesp\u00fclt. Ausgerechnet an dieser etwas heikleren Stelle strauchelte dann Daniel so ungl\u00fccklich in die Felsbrocken unmittelbar vor dem Strand, dass er mit vielen Sch\u00fcrfungen und Prellungen und einem stark blutenden &#8220;Loch im Bein&#8221; zum &#8216;Centro de Salud&#8217;, zur\u00fcck nach Los Llanos, gebracht werden musste. F\u00fcr die restlichen Wanderungen war Daniel nun leider weitgehend ausser Gefecht, aber er hatte grosses Gl\u00fcck im Ungl\u00fcck, er verletzte sich nicht in schwerwiegender Weise und nichts war gebrochen oder verstaucht. Auch schaffte er nach einer notwendigen Pause am Strand und notd\u00fcrftiger Erstversorgung den Wiederaufstieg zum Auto selbst, sonst h\u00e4tten wir wohl den Rettungsdienst alarmieren m\u00fcssen. So ging der Tag dann doch noch mit einer kleinen Aufregung zu Ende, aber Daniel ging nach eigener Aussage die folgenden Tage recht gerne zum Centro de Salud zum neu verbinden, die Krankenschwestern dort sollen ihm sehr sympathisch gewesen sein.<\/span><\/span><\/p>\n<p class=\"Normal-P\" style=\"text-align: justify; text-justify: inter-ideograph; direction: ltr; unicode-bidi: normal;\"><span class=\"Normal-H\"><span style=\"font-size: 11pt;\">Ren\u00e9<\/span><\/span><\/p>\n<\/td>\n<\/tr>\n<p><!-- [if !supportMisalignedColumns]--><\/tbody>\n<\/table>\n","protected":false},"excerpt":{"rendered":"<p>29.April, Pico Bejenado. Nach dem langen ersten Reisetag erwache ich schon im Morgengrauen in unserer Bungalow-Anlage &#8220;Sonvida&#8221;. Wie fr\u00fch ist es wohl? Ich schaue schl\u00e4frig auf meine Armbanduhr, aber ohne meine Brille ist es noch zu dunkel um die Zeit ablesen zu k\u00f6nnen. Noch m\u00fcde setze ich aus Neugier im Halbdunkel meine Brille auf. Was??? &hellip; <a href=\"https:\/\/www.adrianwood.ch\/?page_id=9802\" class=\"more-link\">Continue reading <span class=\"screen-reader-text\">04-29 Pico Benjenado<\/span> <span class=\"meta-nav\">&rarr;<\/span><\/a><\/p>\n","protected":false},"author":1,"featured_media":0,"parent":9478,"menu_order":2223,"comment_status":"closed","ping_status":"closed","template":"","meta":{"ngg_post_thumbnail":0,"footnotes":""},"class_list":["post-9802","page","type-page","status-publish","hentry"],"_links":{"self":[{"href":"https:\/\/www.adrianwood.ch\/index.php?rest_route=\/wp\/v2\/pages\/9802","targetHints":{"allow":["GET"]}}],"collection":[{"href":"https:\/\/www.adrianwood.ch\/index.php?rest_route=\/wp\/v2\/pages"}],"about":[{"href":"https:\/\/www.adrianwood.ch\/index.php?rest_route=\/wp\/v2\/types\/page"}],"author":[{"embeddable":true,"href":"https:\/\/www.adrianwood.ch\/index.php?rest_route=\/wp\/v2\/users\/1"}],"replies":[{"embeddable":true,"href":"https:\/\/www.adrianwood.ch\/index.php?rest_route=%2Fwp%2Fv2%2Fcomments&post=9802"}],"version-history":[{"count":3,"href":"https:\/\/www.adrianwood.ch\/index.php?rest_route=\/wp\/v2\/pages\/9802\/revisions"}],"predecessor-version":[{"id":9814,"href":"https:\/\/www.adrianwood.ch\/index.php?rest_route=\/wp\/v2\/pages\/9802\/revisions\/9814"}],"up":[{"embeddable":true,"href":"https:\/\/www.adrianwood.ch\/index.php?rest_route=\/wp\/v2\/pages\/9478"}],"wp:attachment":[{"href":"https:\/\/www.adrianwood.ch\/index.php?rest_route=%2Fwp%2Fv2%2Fmedia&parent=9802"}],"curies":[{"name":"wp","href":"https:\/\/api.w.org\/{rel}","templated":true}]}}